{"id":20,"date":"2022-05-24T14:38:13","date_gmt":"2022-05-24T18:38:13","guid":{"rendered":"http:\/\/portfolio-pre.uqac.ca\/gabarit\/?page_id=20"},"modified":"2026-01-26T11:48:11","modified_gmt":"2026-01-26T16:48:11","slug":"publications","status":"publish","type":"page","link":"https:\/\/portfolio.uqac.ca\/anniedumont\/publications\/","title":{"rendered":"Publications"},"content":{"rendered":"<h1>Articles<\/h1>\n<p><strong>Dumont<\/strong>, A., Lanct\u00f4t, N. &amp; Turcotte, M. (2025). De l\u2019agentivit\u00e9 du quotidien \u00e0 l\u2019agentivit\u00e9 strat\u00e9gique des jeunes femmes qu\u00e9b\u00e9coises en sortie de placement. <em>Soci\u00e9t\u00e9s et Jeunesses en difficult\u00e9, 33. <a href=\"https:\/\/journals.openedition.org\/sejed\/13877\">https:\/\/journals.openedition.org\/sejed\/13877<\/a>\u00a0<\/em><\/p>\n<p><strong>Dumont, <\/strong>A., Couvrette, A., &amp; Paquette, G. (2024). Toujours plus\u00a0: les aspirations des jeunes m\u00e8res en situation de vuln\u00e9rabilit\u00e9. <em>Revue Jeunes et Soci\u00e9t\u00e9, 7(2), 81-110. <a href=\"https:\/\/rjs.inrs.ca\/index.php\/rjs\/article\/view\/310\/191\">https:\/\/rjs.inrs.ca\/index.php\/rjs\/article\/view\/310\/191<\/a><\/em><\/p>\n<p><strong>Dumont<\/strong>, A., Lessard, G., Alvarez-Lizotte, P., Pellerin, A., &amp; Lapierre, S. (2022). L\u2019agentivit\u00e9 des jeunes expos\u00e9s \u00e0 la violence conjugale soutenue par la m\u00e9thode du calendrier historique de vie. <em>Enf<\/em><em>ances, Familles, G\u00e9n\u00e9rations<\/em>. no.41.\u00a0<a href=\"https:\/\/journals.openedition.org\/efg\/14672\">https:\/\/journals.openedition.org\/efg\/14672<\/a><\/p>\n<p><strong>\u00a0<\/strong><strong>Dumont<\/strong>, A., Lanct\u00f4t, N., &amp; Paquette, G. (2022). \u201cI had a shitty past; I want a great future.\u201d: Hopes and fears of vulnerable adolescent girls on the verge of leaving care. <em>Children and Youth Services Review, 134. <a href=\"https:\/\/doi.org\/10.1016\/j.childyouth.2022.106374\">https:\/\/doi.org\/10.1016\/j.childyouth.2022.106374<\/a><\/em><\/p>\n<p>Lessard, G., <strong>Dumont<\/strong>, A., Alvarez-Lizotte, P., Bisson, S.M., Bourassa, C., &amp; Roy, V. (2021). Exposure to Intimate Partner Violence: Perceived Links with Other Victimizations and the Severity of Violence by Young Adults in Quebec. <em>Open Journal of Social Sciences<\/em>, 9(6), Rep\u00e9r\u00e9 \u00e0 <a href=\"https:\/\/www.scirp.org\/journal\/paper%20information.aspx?paperid=109866\">https:\/\/www.scirp.org\/journal\/paper information.aspx?paperid=109866<\/a><\/p>\n<p><strong>Dumont<\/strong>, A., &amp; Lessard, G. (2020). Exposition \u00e0 la violence conjugale\u00a0: regards de jeunes adultes sur leur parcours de vie. <em>Revue Jeunes et Soci\u00e9t\u00e9<\/em>, 5(2), 146-167. Rep\u00e9r\u00e9 \u00e0\u00a0<a href=\"https:\/\/rjs.inrs.ca\/index.php\/rjs\/article\/view\/232\/153\">https:\/\/rjs.inrs.ca\/index.php\/rjs\/article\/view\/232\/153<\/a><\/p>\n<p>Alvarez-Lizotte, P., Bisson M.S., Lessard, G., <strong>Dumont<\/strong>, A., Bourassa, C., &amp; Roy, V. (2020). Young Adults\u2019 Viewpoints Concerning Helpful Factors When Living in an IPV Context. <em>Children and Youth services review<\/em>. Rep\u00e9r\u00e9 \u00e0 <a href=\"https:\/\/doi.org\/10.1016\/j.childyouth.2020.105722\">https:\/\/doi.org\/10.1016\/j.childyouth.2020.105722<\/a><\/p>\n<p><strong>Dumont<\/strong>, A., &amp; Lessard, G. (2020). Young Adults Exposed to Intimate Partner Violence in Childhood: Qualitative Meanings to this Experience. <em>Journal of Family Violence<\/em>, 35(8), 781-792. Rep\u00e9r\u00e9 \u00e0\u00a0<a href=\"https:\/\/link.springer.com\/article\/10.1007\/s10896-019-00100-z\">https:\/\/link.springer.com\/article\/10.1007\/s10896-019-00100-z<\/a><\/p>\n<p>Lessard, G., Bourassa, C., Roy, V., <strong>Dumont<\/strong>, A., Bisson, S.M., &amp; Alvarez-Lizotte, P. (2020). L\u2019influence per\u00e7ue de l\u2019exposition \u00e0 la violence conjugale sur les relations significatives des jeunes concern\u00e9s\u00a0: une perspective temporelle. Enfance, Famille et G\u00e9n\u00e9rations, 36. Rep\u00e9r\u00e9 \u00e0 <a href=\"https:\/\/journals.openedition.org\/efg\/11109\">https:\/\/journals.openedition.org\/efg\/11109<\/a><\/p>\n<p>Lessard, G., L\u00e9vesque, S., Lavergne, C., <strong>D<\/strong><strong>umont<\/strong>, A., Alvarez-Lizotte, P., Meunier, V., &amp; Bisson, S.M. (2020). How Adolescents, Mothers, and Fathers Qualitatively Describe Their Experiences of Co-Occurrent Problems: Intimate Partner Violence, Mental Health, and Substance Use. <em>Journal of Interpersonal Violence<\/em>. Rep\u00e9r\u00e9 \u00e0 <a href=\"https:\/\/pubmed.ncbi.nlm.nih.gov\/32024419\/\">https:\/\/pubmed.ncbi.nlm.nih.gov\/32024419\/<\/a><\/p>\n<p>Lessard, G., Lavergne, C., L\u00e9vesque, S., <strong>Dumont<\/strong>, A., Alvarez-Lizotte, P., Meunier, V., &amp; Bisson, S.M. (2020). Mieux r\u00e9pondre aux besoins complexes des familles confront\u00e9es \u00e0 la cooccurrence de violence conjugale et d\u2019un probl\u00e8me de sant\u00e9 mentale ou de consommation. <em>Revue canadienne de sant\u00e9 mentale communautaire<\/em>, 39(1), 39-63.<\/p>\n<p><strong>Dumont<\/strong>, A. (2017). Les points de vue de personnes expos\u00e9es \u00e0 la violence conjugale : complexit\u00e9 et importance de ce domaine d\u2019\u00e9tude. <em>Revue canadienne de service social, <\/em>34(1), 17-31. Rep\u00e9r\u00e9 \u00e0\u00a0<a href=\"https:\/\/www.erudit.org\/fr\/revues\/cswr\/2017-v34-n1-cswr03182\/1040999ar.pdf\">https:\/\/www.erudit.org\/fr\/revues\/cswr\/2017-v34-n1-cswr03182\/1040999ar.pdf<\/a><\/p>\n<p>Soares Bidarra, Z., Lessard, G., &amp; <strong>Dumont<\/strong>, A. (2016). Cooccurrence of Intimate Partner Violence and Child Sexual Abuse: Prevalence, risk factors and related issues. <em>Child Abuse &amp; Neglect, 55, 10-21.<\/em><\/p>\n<p><strong>Dumont<\/strong>, A., Lessard, G., Cyr, K., Chamberland, C. &amp; Cl\u00e9ment, M.-E. (2014). L\u2019exposition \u00e0 la violence familiale. Effets du cumul d\u2019autres formes de violence. <em>Criminologie<\/em>, 47(1), 149-166.<\/p>\n<p><strong>Dumont<\/strong>, A., Lessard, G., Delisle, R., Mathieu, K., Paradis, F., St-Hilaire, P., &amp; M\u00e9nard, J. (2012). Les enjeux de la sensibilisation des enfants \u00e0 l\u2019exposition \u00e0 la violence conjugale. <em>Intervention<\/em>, 136, 59-67.<\/p>\n<p>Lessard, G., Flynn, C., Turcotte, P., Juneau, L., Delisle, R., Meunier, V., Godin, M.-F., Alcedo, Y., &amp; <strong>Dumont<\/strong>, A. (2012). Violence conjugale, maltraitance et garde des enfants\u00a0: des controverses vers l\u2019\u00e9mergence d\u2019une pratique novatrice, <em>Recherche Qualitative<\/em>, 31(2), 25-51.<\/p>\n<h1>Chapitres de livre<\/h1>\n<p>Lavergne, C., Cl\u00e9ment, M.-E., Lessard, G., H\u00e9lie, S., L\u00e9vesque, S., <strong>Dumont<\/strong>, A., &amp; Alvarez-Lizotte, P. (2021). Violence conjugale et probl\u00e8mes parentaux de consommation ou de sant\u00e9 mentale\u00a0: facteurs de vuln\u00e9rabilit\u00e9 associ\u00e9s et exp\u00e9rience des familles. Dans M. Boily, G. Pich\u00e9 et S. Bourque (\u00e9d.), <em>Parentalit\u00e9 et probl\u00e8mes de sant\u00e9 mentale<\/em>. Qu\u00e9bec\u00a0: Presses de l\u2019Universit\u00e9 du Qu\u00e9bec.<\/p>\n<p>Alvarez-Lizotte, P.,Lavergne, C., <strong>Dumont<\/strong>, A.,\u00a0Lessard, G.\u00a0et L\u00e9vesque, S. (2020) L\u2019importance accord\u00e9e \u00e0 la parole des jeunes expos\u00e9s \u00e0 la violence conjugale\u00a0:\u00a0\u00e0 la poursuite d\u2019un \u00e9quilibre entre le principe \u00e9thique de protection du bien-\u00eatre et de justice. Dans I. C\u00f4t\u00e9, K. Lavoie et\u00a0R.-P. Trottier-Cyr,\u00a0<em>La m\u00e9thodologie de recherche centr\u00e9e sur l&#8217;enfant : recueillir et restituer la parole des enfants et des adolescent.e.s<\/em>. Qu\u00e9bec, Canada : Presses de l&#8217;Universit\u00e9 Laval.<\/p>\n<p>Lessard, G., Hamelin Brabant, L., Bisson, S.M., Alvarez-Lizotte, P., &amp; <strong>Dumont<\/strong>, A. (2019). L\u2019exposition \u00e0 la violence conjugale. Dans S. Dufour et M.-E. Cl\u00e9ment (\u00e9d.), La violence \u00e0 l\u2019\u00e9gard des enfants en milieu familial (2<sup>e<\/sup> \u00e9dition). Anjou\u00a0: \u00c9ditions CEC.<\/p>\n<p><strong>\u00a0<\/strong><strong>Dumont<\/strong>, A. &amp; Flynn, C. (2016). Les enfants et les adolescents expos\u00e9s \u00e0 la violence\u00a0: Une analyse centr\u00e9e sur la victime? Dans S. Lapierre, G. Lessard &amp; L. Hamelin-Brabant (Eds.), <em>Les violences dans la vie des enfants et des adolescents\u00a0: Enjeux th\u00e9oriques, m\u00e9thodologiques et sociaux.<\/em> Qu\u00e9bec\u00a0: Presses de l\u2019Universit\u00e9 du Qu\u00e9bec.<\/p>\n<h1>Autres publications<\/h1>\n<p>Bisson, S. M., Lessard, G., Alvarez-Lizotte, P., <strong>Dumont<\/strong>, A., Bourassa, C., &amp; Roy, V. (2020) Points de vue de jeunes adultes concernant les facteurs aidants en contexte d\u2019exposition \u00e0 la violence conjugale. Fiche synth\u00e8se recherche, no. 27, RAIV.<\/p>\n<p><strong>Dumont<\/strong>, A. (2020). <em>Exposition \u00e0 la violence conjugale : construction du sens donn\u00e9 \u00e0 cette exp\u00e9rience par de jeunes adultes<\/em>. Th\u00e8se de doctorat, \u00c9cole de travail social. Universit\u00e9 Laval.<\/p>\n<p><strong>Dumont<\/strong>, A. (2018) <em>Violence conjugale et probl\u00e8mes associ\u00e9s\u00a0: recommandations d\u2019expertes de divers milieux de pratique s\u2019appuyant sur des r\u00e9sultats de recherche<\/em>. Fiche synergie recherche \/ pratique. Rep\u00e9r\u00e9e \u00e0 <a href=\"https:\/\/www.criviff.qc.ca\/sites\/criviff.qc.ca\/files\/synergie_no7_2018_0.pdf\">https:\/\/www.criviff.qc.ca\/sites\/criviff.qc.ca\/files\/synergie_no7_2018_0.pdf<\/a><\/p>\n<p>Lessard, G., Lavergne, C., L\u00e9vesque, S., <strong>Dumont<\/strong>, A., Alvarez-Lizotte, A., Cl\u00e9ment, M.-E., H\u00e9lie, S., Cousineau, M.-M., ainsi que 9 partenaires et 14 collaborateurs (2018). <em>Maternit\u00e9 et paternit\u00e9 en contexte de violence conjugale\u00a0: probl\u00e9matiques associ\u00e9es et enjeux de concertation<\/em>. Rapport final pr\u00e9sent\u00e9 au FRQSC\/MSSS dans le cadre des Actions concert\u00e9es \u2013 Programme de recherche sur la violence conjugale.<\/p>\n<p><strong>Dumont<\/strong>, A., Alvarez-Lizotte, P., Bousquet, M.-A., Cherif, J., Ellington, L., Huot, M., &amp; Plante, N. (2016). Actes du 8<sup>e<\/sup> colloque \u00e9tudiant du Centre de recherche interdisciplinaire sur la violence familiale et la violence faite aux femmes (Qu\u00e9bec, novembre 2015). Qu\u00e9bec\u00a0: Centre de recherche interdisciplinaire sur la violence familiale et la violence faite aux femmes<\/p>\n<p>Flynn, C., &amp;\u00a0<strong>Dumont<\/strong>, A. (2016). Neutralit\u00e9 de la chercheure ou honn\u00eatet\u00e9 intellectuelle? Deux \u00e9tudes de cas en recherche interpr\u00e9tative. Dans Dumont, A., Alvarez-Lizotte, P., Bousquet, M.-A., Cherif, J., Ellington, L., Huot, M., &amp; Plante, N. (Eds).\u00a0<em>Actes du 8<sup>e<\/sup>\u00a0colloque \u00e9tudiant du Centre de recherche interdisciplinaire sur la violence familiale et la violence faite aux femmes<\/em>\u00a0(Qu\u00e9bec, novembre 2015). Qu\u00e9bec\u00a0: Centre de recherche interdisciplinaire sur la violence familiale et la violence faite aux femmes<\/p>\n<p><strong>Dumont<\/strong>, A. (2015). <em>La th\u00e9orie du parcours de vie dans la recherche en violence conjugale<\/em>. Fiche synth\u00e8se \u2013 M\u00e9thodologie. Rep\u00e9r\u00e9e \u00e0 <a href=\"https:\/\/trajetvi.ca\/publication\/fiche-synthese-methodologie-la-theorie-du-parcours-de-vie-et-la-violence-conjugale\">https:\/\/trajetvi.ca\/publication\/fiche-synthese-methodologie-la-theorie-du-parcours-de-vie-et-la-violence-conjugale<\/a><\/p>\n<p><strong>Dumont<\/strong>, A. (2012). <em>La polyvictimisation comme variable mod\u00e9ratrice des cons\u00e9quences de l\u2019exposition \u00e0 la violence familiale<\/em>. M\u00e9moire de maitrise, \u00c9cole de service social. Universit\u00e9 Laval.<\/p>\n<p><strong>Dumont<\/strong>, A., Delisle, R., Mathieu, K., Lessard, G., St-Hilaire, P., Paradis, F., &amp; M\u00e9nard, J. (2012). <em>L\u2019exposition \u00e0 la violence conjugale\u00a0: les d\u00e9fis d\u2019en parler de fa\u00e7on s\u00e9curitaire aux enfants<\/em>. Qu\u00e9bec\u00a0: Table Carrefour Violence conjugale Qu\u00e9bec M\u00e9tro.<\/p>\n<p><strong>Dumont<\/strong>, A. (2011). <em>Violence conjugale et mauvais traitements\u00a0: vers un alignement des plan\u00e8tes<\/em>. Fiche synth\u00e8se \u2013 Connaissances, no.7, CRI-VIFF.<\/p>\n<p><strong>\u00a0<\/strong><\/p>\n<p>&nbsp;<\/p>\n<p>&nbsp;<\/p>\n<p>&nbsp;<\/p>\n<p>&nbsp;<\/p>\n<p>&nbsp;<\/p>\n<p>&nbsp;<\/p>\n<p>&nbsp;<\/p>\n<p>&nbsp;<\/p>\n","protected":false},"excerpt":{"rendered":"<p>Articles Dumont, A., Lanct\u00f4t, N. &amp; Turcotte, M. (2025). De l\u2019agentivit\u00e9 du quotidien \u00e0 l\u2019agentivit\u00e9 strat\u00e9gique des jeunes femmes qu\u00e9b\u00e9coises en sortie de placement. Soci\u00e9t\u00e9s et Jeunesses en difficult\u00e9, 33. https:\/\/journals.openedition.org\/sejed\/13877\u00a0 Dumont, A., Couvrette, A., &amp; Paquette, G. (2024). Toujours plus\u00a0: les aspirations des jeunes m\u00e8res en situation de vuln\u00e9rabilit\u00e9. Revue Jeunes et Soci\u00e9t\u00e9, 7(2), &hellip; <a href=\"https:\/\/portfolio.uqac.ca\/anniedumont\/publications\/\" class=\"more-link\">Continuer la lecture de <span class=\"screen-reader-text\">Publications<\/span>  <span class=\"meta-nav\">&rarr;<\/span><\/a><\/p>\n","protected":false},"author":89,"featured_media":0,"parent":0,"menu_order":0,"comment_status":"closed","ping_status":"closed","template":"","meta":{"footnotes":""},"tags":[],"_links":{"self":[{"href":"https:\/\/portfolio.uqac.ca\/anniedumont\/wp-json\/wp\/v2\/pages\/20"}],"collection":[{"href":"https:\/\/portfolio.uqac.ca\/anniedumont\/wp-json\/wp\/v2\/pages"}],"about":[{"href":"https:\/\/portfolio.uqac.ca\/anniedumont\/wp-json\/wp\/v2\/types\/page"}],"author":[{"embeddable":true,"href":"https:\/\/portfolio.uqac.ca\/anniedumont\/wp-json\/wp\/v2\/users\/89"}],"replies":[{"embeddable":true,"href":"https:\/\/portfolio.uqac.ca\/anniedumont\/wp-json\/wp\/v2\/comments?post=20"}],"version-history":[{"count":40,"href":"https:\/\/portfolio.uqac.ca\/anniedumont\/wp-json\/wp\/v2\/pages\/20\/revisions"}],"predecessor-version":[{"id":270,"href":"https:\/\/portfolio.uqac.ca\/anniedumont\/wp-json\/wp\/v2\/pages\/20\/revisions\/270"}],"wp:attachment":[{"href":"https:\/\/portfolio.uqac.ca\/anniedumont\/wp-json\/wp\/v2\/media?parent=20"}],"wp:term":[{"taxonomy":"post_tag","embeddable":true,"href":"https:\/\/portfolio.uqac.ca\/anniedumont\/wp-json\/wp\/v2\/tags?post=20"}],"curies":[{"name":"wp","href":"https:\/\/api.w.org\/{rel}","templated":true}]}}