{"id":25,"date":"2022-05-24T14:38:13","date_gmt":"2022-05-24T18:38:13","guid":{"rendered":"http:\/\/portfolio-pre.uqac.ca\/gabarit\/?page_id=25"},"modified":"2026-01-26T12:01:59","modified_gmt":"2026-01-26T17:01:59","slug":"communications","status":"publish","type":"page","link":"https:\/\/portfolio.uqac.ca\/anniedumont\/communications\/","title":{"rendered":"Communications"},"content":{"rendered":"<h1>Conf\u00e9rences avec arbitrage &#8211; premi\u00e8re autrice<\/h1>\n<p><strong>Dumont<\/strong>, A. (2024). Les d\u00e9fis de l&#8217;agentivit\u00e9 pour les jeunes femmes en sortie de placement. Communication faite dans le cadre des webinaires La transition \u00e0 la vie adulte des jeunes avec exp\u00e9rience de placement organis\u00e9 par le r\u00e9seau CANTRAC et la Ligue pour le bien-\u00eatre de l&#8217;enfance du Canada, 6 novembre 2024.<\/p>\n<p><strong>Dumont<\/strong>, A., Lanct\u00f4t, N., Turcotte, M. &amp; Flynn, C. (2023).\u00a0 Agency of Young Women with a Residential Care Experience during the Transition to Adulthood. Communication faite dans le cadre du colloque de la Society for Study of Emergent Adulthood, San Diego, 17 juin 2023.<\/p>\n<p><strong>Dumont<\/strong>, A., Lanct\u00f4t, N., &amp; Turcotte, M. (2023). Regard sur l&#8217;agentivit\u00e9 de jeunes femmes avec un v\u00e9cu de placement durant la transition \u00e0 la vie adulte. Communication libre faite dans le cadre de l&#8217;ACFAS, Montr\u00e9al [en ligne]. 8 au 12 mai 2023.<\/p>\n<p><strong>Dumont<\/strong>, A., Mathieu, K., &amp; Tremblay, J.-J. (2022). Exposition \u00e0 la violence conjugale: enjeux de pr\u00e9vention et cr\u00e9ation d&#8217;outils novateurs s&#8217;adressant aux enfants. Communication faite dans le cadre du Forum: Agressions sexuelles &#8211; Violence conjugale. En ligne. 4 mai 2022<\/p>\n<p><strong>Dumont<\/strong>, A, &amp; Lessard, G. (2018). <em>Exposure to Intimate Partner Violence in Childhood: What Does it Mean for Young Adults Now?<\/em> Communication pr\u00e9sent\u00e9e dans le cadre de l\u2019International Family Violence and Child Victimization Research Conference, Portsmouth, New Hampshire. 16 juillet 2018.<\/p>\n<p><strong>Dumont<\/strong>, A., &amp; Lessard, G. (2018). <em>Cross Searches on Life Courses of Young Adults Exposed to Intimate Partner Violence<\/em>. Communication pr\u00e9sent\u00e9e dans le cadre du ResilienceCon 2018, Nashville, Tennessee. 30 avril 2018.<\/p>\n<p><strong>Dumont<\/strong>, A. &amp; Lessard, G. (2016). <em>Pertinence de l\u2019int\u00e9r\u00eat port\u00e9 \u00e0 la signification subjective de la violence conjugale pour les jeunes adultes y \u00e9tant expos\u00e9s dans l\u2019enfance ou l\u2019adolescence<\/em>. Communication faite dans le cadre du colloque Sortie de la violence conjugale\u00a0: trajectoires de violence et de recherche d\u2019aide des femmes de l\u2019ACFAS. 11 mai 2016.<\/p>\n<p><strong>Dumont<\/strong>, A. (2015). <em>L\u2019addition de violence et ses effets sur les enfants expos\u00e9s \u00e0 la violence familiale<\/em>. Communication faite dans le cadre du 37<sup>e<\/sup> Congr\u00e8s biennale de la Soci\u00e9t\u00e9 de Criminologie du Qu\u00e9bec. 29 octobre 2015.<\/p>\n<p><strong>Dumont<\/strong>, A., &amp; Lessard, G. (2015). <em>Contribution of life course theory to the understanding of intimate partner violence<\/em>. Communication faite dans le cadre du European Conference on Domestic Violence, Belfast. 7 septembre 2015.<\/p>\n<p><strong>Dumont<\/strong>, A. &amp; Lessard, G. (2012). <em>La polyvictimisation et ses effets sur les jeunes expos\u00e9s \u00e0 la violence familiale<\/em>. Communication faite dans le cadre du 80e congr\u00e8s de l\u2019ACFAS. 11 mai 2012.<\/p>\n<h1>Conf\u00e9rences \u00e0 titre d&#8217;invit\u00e9e &#8211; premi\u00e8re autrice<\/h1>\n<p><strong>Dumont<\/strong>, A. (2025). <em>Faciliter l&#8217;entr\u00e9e dans la vie adulte: Red\u00e9finir l&#8217;agentivit\u00e9 des jeunes en situation de vuln\u00e9rabilit\u00e9<\/em>. Pr\u00e9sentation faite dans le cadre du colloque VISAJ, Saguenay. 27 mars 2025.<\/p>\n<p><strong>Dumont<\/strong>, A. (2024). <em>Approche narrative: application de la th\u00e9orie du parcours de vie<\/em>. Communication faite dans le cadre du cours M\u00e9thodes de recherche qualitative (SVS-7004) \u00e0 la maitrise en travail social. Universit\u00e9 Laval. 22 f\u00e9vrier 2024.<\/p>\n<p><strong>Dumont<\/strong>, A. (2024).\u00a0<em>Pr\u00e9vention de l&#8217;exposition \u00e0 la violence conjugale: pr\u00e9sentation des r\u00e9sultats issus de la recherche-cr\u00e9ation<\/em>. Communication faite dans le cours Violence conjugale et familiale (SVS-7010) \u00e0 la maitrise en travail social. Universit\u00e9 Laval. 2 f\u00e9vrier 2024<\/p>\n<p><strong>Dumont<\/strong>, A. (2022).\u00a0<em>Application de la th\u00e9orie du parcours de vie<\/em>. Communication faite dans le cadre du cours M\u00e9thodes de recherche qualitative (SVS 7004) \u00e0 la maitrise en travail social, Universit\u00e9 Laval. 24 f\u00e9vrier 2022.<\/p>\n<p><strong>Dumont<\/strong>, A. (2020). <em>Les parcours de vie. Concepts et principes appliqu\u00e9s \u00e0 une \u00e9tude aupr\u00e8s de jeunes adultes expos\u00e9s \u00e0 la violence conjugale<\/em>. Communication faite dans le cadre du Midi-GRISE. 18 juin 2020.<\/p>\n<p><strong>\u00a0<\/strong><strong>Dumont<\/strong>, A., &amp; Mathieu, Kathy (2017). <em>Enjeux de la pr\u00e9vention de la violence conjugale aupr\u00e8s des enfants expos\u00e9s \u00e0 la violence conjugale<\/em>. Communication faite dans le cadre de l\u2019Universit\u00e9 d\u2019\u00e9t\u00e9 Trajetvi. 24 ao\u00fbt 2017.<\/p>\n<p><strong>Dumont<\/strong>, A. (2017). <em>Pratiques de pr\u00e9vention et d\u2019accompagnement des enfants victimes de violences conjugales\u00a0: outils et m\u00e9thodes<\/em>. Communication faite dans le cadre du Colloque sur l\u2019impact des violences conjugales sur les enfants, Martinique. 31 mars 2017.<\/p>\n<p><strong>Dumont<\/strong>, A. &amp; Lessard, G. (2017). <em>Transmission interg\u00e9n\u00e9rationnelle de la violence conjugale<\/em>. Communication faite \u00e0 la Table Carrefour Violence conjugale Qu\u00e9bec-M\u00e9tro. 2 f\u00e9vrier 2017.<\/p>\n<p><strong>Dumont<\/strong>, A. &amp; Germain, A.-S. (2016). <em>Atelier pratique sur les enjeux de concertation<\/em>. Communication faite dans le cadre de l\u2019Universit\u00e9 d\u2019\u00e9t\u00e9 Trajetvi. 25 ao\u00fbt 2016.<\/p>\n<p><strong>Dumont<\/strong>, A. (2015). <em>Exposition \u00e0 la violence conjugale et th\u00e9orie du parcours de vie<\/em>. Communication faite dans le cours SVS-3002 Analyse des probl\u00e8mes sociaux. 8 octobre 2015.<\/p>\n<p><strong>Dumont<\/strong>, A. (2015). <em>L\u2019utilisation du parcours de vie en violence conjugale<\/em>. Communication faite dans le cadre de la rencontre annuelle de la cellule \u00ab\u00a0Trajectoires\u00a0\u00bb de Trajetvi. 16 mars 2015.<\/p>\n<p><strong>Dumont<\/strong>, A. (2014). <em>Compr\u00e9hension de la violence conjugale des jeunes de 18 \u00e0 25 ans et th\u00e9orie du parcours de vie<\/em>. Communication faite dans le cadre du 7<sup>e<\/sup> colloque \u00e9tudiant du CRI-VIFF. 14 novembre 2014.<\/p>\n<p><strong>Dumont<\/strong>, A. (2014). <em>Les d\u00e9fis et les enjeux de la recherche en partenariat<\/em>. Communication faite dans le cadre de la table ronde organis\u00e9e par le CRI-VIFF. 4 avril 2014.<\/p>\n<p><strong>Dumont<\/strong>, A. (2013). <em>L\u2019analyse quantitative<\/em>. Communication faite dans le cadre du cours SVS-3000 Recherche appliqu\u00e9e \u00e0 l\u2019intervention. Mars 2013<\/p>\n<p><strong>Dumont<\/strong>, A. &amp; Lessard, G. (2012). <em>La polyvictimisation et ses effets sur les jeunes expos\u00e9s \u00e0 la violence familiale<\/em>. Communication faite dans le cadre du 5e\u00a0 colloque \u00e9tudiant du CRI-VIFF. 20 avril 2012.<\/p>\n","protected":false},"excerpt":{"rendered":"<p>Conf\u00e9rences avec arbitrage &#8211; premi\u00e8re autrice Dumont, A. (2024). Les d\u00e9fis de l&#8217;agentivit\u00e9 pour les jeunes femmes en sortie de placement. Communication faite dans le cadre des webinaires La transition \u00e0 la vie adulte des jeunes avec exp\u00e9rience de placement organis\u00e9 par le r\u00e9seau CANTRAC et la Ligue pour le bien-\u00eatre de l&#8217;enfance du Canada, &hellip; <a href=\"https:\/\/portfolio.uqac.ca\/anniedumont\/communications\/\" class=\"more-link\">Continuer la lecture de <span class=\"screen-reader-text\">Communications<\/span>  <span class=\"meta-nav\">&rarr;<\/span><\/a><\/p>\n","protected":false},"author":89,"featured_media":0,"parent":0,"menu_order":0,"comment_status":"closed","ping_status":"closed","template":"","meta":{"footnotes":""},"tags":[],"_links":{"self":[{"href":"https:\/\/portfolio.uqac.ca\/anniedumont\/wp-json\/wp\/v2\/pages\/25"}],"collection":[{"href":"https:\/\/portfolio.uqac.ca\/anniedumont\/wp-json\/wp\/v2\/pages"}],"about":[{"href":"https:\/\/portfolio.uqac.ca\/anniedumont\/wp-json\/wp\/v2\/types\/page"}],"author":[{"embeddable":true,"href":"https:\/\/portfolio.uqac.ca\/anniedumont\/wp-json\/wp\/v2\/users\/89"}],"replies":[{"embeddable":true,"href":"https:\/\/portfolio.uqac.ca\/anniedumont\/wp-json\/wp\/v2\/comments?post=25"}],"version-history":[{"count":16,"href":"https:\/\/portfolio.uqac.ca\/anniedumont\/wp-json\/wp\/v2\/pages\/25\/revisions"}],"predecessor-version":[{"id":273,"href":"https:\/\/portfolio.uqac.ca\/anniedumont\/wp-json\/wp\/v2\/pages\/25\/revisions\/273"}],"wp:attachment":[{"href":"https:\/\/portfolio.uqac.ca\/anniedumont\/wp-json\/wp\/v2\/media?parent=25"}],"wp:term":[{"taxonomy":"post_tag","embeddable":true,"href":"https:\/\/portfolio.uqac.ca\/anniedumont\/wp-json\/wp\/v2\/tags?post=25"}],"curies":[{"name":"wp","href":"https:\/\/api.w.org\/{rel}","templated":true}]}}