{"id":27,"date":"2022-05-24T14:38:13","date_gmt":"2022-05-24T18:38:13","guid":{"rendered":"http:\/\/portfolio-pre.uqac.ca\/gabarit\/?page_id=27"},"modified":"2023-05-16T16:15:02","modified_gmt":"2023-05-16T20:15:02","slug":"curriculum-vitae","status":"publish","type":"page","link":"https:\/\/portfolio.uqac.ca\/anniedumont\/curriculum-vitae\/","title":{"rendered":"Curriculum vitae"},"content":{"rendered":"<h2>Poste acad\u00e9mique<\/h2>\n<p>2021 &#8211;\u00a0 \u00a0 \u00a0 \u00a0Professeure &#8211; Unit\u00e9 d&#8217;enseignement en travail social, D\u00e9partement des sciences humaines et sociales, Universit\u00e9 du Qu\u00e9bec \u00e0 Chicoutimi<\/p>\n<h2><strong>Dipl\u00f4mes<\/strong><\/h2>\n<p>2021\u00a0 \u00a0DESS de 3e cycle de perfectionnement en recherche &#8211; carri\u00e8re scientifique en milieu universitaire, Universit\u00e9 de Sherbrooke<\/p>\n<p>2020 &#8211; 2021\u00a0 \u00a0 Stage postdoctoral en psycho\u00e9ducation, Universit\u00e9 de Sherbrooke<\/p>\n<p>2020\u00a0 Doctorat en travail social, Universit\u00e9 Laval<\/p>\n<p>2012 Maitrise en travail social, Universit\u00e9 Laval<\/p>\n<p>2003 Baccalaur\u00e9at en travail social, Universit\u00e9 Laval<\/p>\n<h2><strong> Distinctions et bourses<br \/>\n<\/strong><\/h2>\n<p>2021-2023\u00a0 \u00a0Bourse postdoctorale du Fonds de recherche du Qu\u00e9bec \u2013 Soci\u00e9t\u00e9 et culture (obtenue et d\u00e9clin\u00e9e) (90\u00a0000$)<\/p>\n<p>2020-2021\u00a0 \u00a0Bourse de stage postdoctoral en psycho\u00e9ducation (60\u00a0000$)\u00a0Chaire de recherche du Canada sur le placement et la r\u00e9adaptation des filles en difficult\u00e9<\/p>\n<p>2019\u00a0 Bourse d\u2019aide \u00e0 la diplomation de l\u2019\u00c9quipe Violence\u00a0 \u00a0 \u00a0 \u00a0 \u00a0 \u00a0 \u00a0 \u00a0 \u00a0 \u00a0 conjugale\u00a0: acteurs en contexte et pratiques novatrices (2500$)<\/p>\n<p>2018 Bourse de l\u2019\u00c9quipe de recherche en violence conjugale\u00a0: Acteurs en contexte et pratiques novatrices pour pr\u00e9sentation dans un colloque international (1 500$)<\/p>\n<p>2016 Premi\u00e8re place du Concours \u00e9tudiant de la\u00a0 \u00a0 \u00a0 \u00a0 \u00a0 \u00a0 \u00a0 \u00a0 \u00a0 \u00a0 \u00a0 \u00a0 \u00a0 \u00a0 \u00a0 \u00a0 \u00a0 \u00a0 \u00a0 \u00a0 Revue canadienne de service social, Volet francophone pour l\u2019article <em>Les points de vue de personnes expos\u00e9es <\/em><em>\u00e0 la violence conjugale : complexit\u00e9 et importance de ce domaine d\u2019\u00e9tude<\/em><\/p>\n<p><em>\u00a0<\/em>2016 Bourse d\u2019excellence de l\u2019\u00c9quipe Violence conjugale\u00a0: acteurs en contexte et pratiques novatrices (doctorat) (5 000$)<\/p>\n<p>2014-2015 Bourse d\u2019excellence au doctorat du Fond facultaire\u00a0 \u00a0 \u00a0 \u00a0 \u00a0 \u00a0 d\u2019enseignement et de recherche (12\u00a0000$)<\/p>\n<p>2014 Bourse\u00a0d\u2019excellence aux \u00e9tudes gradu\u00e9es des Fonds\u00a0 \u00a0 \u00a0 \u00a0 \u00a0 \u00a0 \u00a0 \u00a0 \u00a0 \u00a0 \u00a0 \u00a0 Francine-Ouellet (2\u00a0500$)<\/p>\n<p>2013-2017 Bourse de doctorat du CRSH (80\u00a0000$)<\/p>\n<p>2013-2016 Bourses de soutien \u00e0 la scolarit\u00e9 doctorale\u00a0 \u00a0 \u00a0 \u00a0 \u00a0 \u00a0 \u00a0 \u00a0 \u00a0 \u00a0 \u00a0 \u00a0 \u00a0 \u00a0 \u00a0 Facult\u00e9 des sciences sociales, Universit\u00e9 Laval (8 450$)<\/p>\n<p>2013 Bourse de doctorat du FRQSC (obtenue et d\u00e9clin\u00e9e) (80\u00a0000$)<\/p>\n<p>2011 Bourse d\u2019excellence du Centre de recherche\u00a0 \u00a0 \u00a0 \u00a0 \u00a0 \u00a0 \u00a0 \u00a0 \u00a0 \u00a0 \u00a0 \u00a0 \u00a0 \u00a0 \u00a0 \u00a0 \u00a0 \u00a0 \u00a0 \u00a0 interdisciplinaire sur la violence familiale et la violence faite aux femmes (CRI-VIFF) (maitrise) (2\u00a0500$)<\/p>\n<h2><strong>Services \u00e0 la collectivit\u00e9<\/strong><\/h2>\n<p>Pr\u00e9sidente de la Collective et membre du comit\u00e9 des ressources humaines du CALACS Rive-Sud<\/p>\n<p>&nbsp;<\/p>\n","protected":false},"excerpt":{"rendered":"<p>Poste acad\u00e9mique 2021 &#8211;\u00a0 \u00a0 \u00a0 \u00a0Professeure &#8211; Unit\u00e9 d&#8217;enseignement en travail social, D\u00e9partement des sciences humaines et sociales, Universit\u00e9 du Qu\u00e9bec \u00e0 Chicoutimi Dipl\u00f4mes 2021\u00a0 \u00a0DESS de 3e cycle de perfectionnement en recherche &#8211; carri\u00e8re scientifique en milieu universitaire, Universit\u00e9 de Sherbrooke 2020 &#8211; 2021\u00a0 \u00a0 Stage postdoctoral en psycho\u00e9ducation, Universit\u00e9 de Sherbrooke 2020\u00a0 &hellip; <a href=\"https:\/\/portfolio.uqac.ca\/anniedumont\/curriculum-vitae\/\" class=\"more-link\">Continuer la lecture de <span class=\"screen-reader-text\">Curriculum vitae<\/span>  <span class=\"meta-nav\">&rarr;<\/span><\/a><\/p>\n","protected":false},"author":89,"featured_media":0,"parent":0,"menu_order":0,"comment_status":"closed","ping_status":"closed","template":"","meta":{"footnotes":""},"tags":[],"_links":{"self":[{"href":"https:\/\/portfolio.uqac.ca\/anniedumont\/wp-json\/wp\/v2\/pages\/27"}],"collection":[{"href":"https:\/\/portfolio.uqac.ca\/anniedumont\/wp-json\/wp\/v2\/pages"}],"about":[{"href":"https:\/\/portfolio.uqac.ca\/anniedumont\/wp-json\/wp\/v2\/types\/page"}],"author":[{"embeddable":true,"href":"https:\/\/portfolio.uqac.ca\/anniedumont\/wp-json\/wp\/v2\/users\/89"}],"replies":[{"embeddable":true,"href":"https:\/\/portfolio.uqac.ca\/anniedumont\/wp-json\/wp\/v2\/comments?post=27"}],"version-history":[{"count":11,"href":"https:\/\/portfolio.uqac.ca\/anniedumont\/wp-json\/wp\/v2\/pages\/27\/revisions"}],"predecessor-version":[{"id":234,"href":"https:\/\/portfolio.uqac.ca\/anniedumont\/wp-json\/wp\/v2\/pages\/27\/revisions\/234"}],"wp:attachment":[{"href":"https:\/\/portfolio.uqac.ca\/anniedumont\/wp-json\/wp\/v2\/media?parent=27"}],"wp:term":[{"taxonomy":"post_tag","embeddable":true,"href":"https:\/\/portfolio.uqac.ca\/anniedumont\/wp-json\/wp\/v2\/tags?post=27"}],"curies":[{"name":"wp","href":"https:\/\/api.w.org\/{rel}","templated":true}]}}