{"id":19,"date":"2024-11-11T20:13:16","date_gmt":"2024-11-11T19:13:16","guid":{"rendered":"https:\/\/portfolio-temp.uqac.ca\/camillejutrasdupont\/?page_id=19"},"modified":"2025-01-27T16:41:30","modified_gmt":"2025-01-27T15:41:30","slug":"presentation","status":"publish","type":"page","link":"https:\/\/portfolio.uqac.ca\/camillejutras\/","title":{"rendered":"Pr\u00e9sentation"},"content":{"rendered":"<h2>Camille Jutras<\/h2>\n<p>Professeure au D\u00e9partement des sciences de l&#8217;\u00e9ducation<\/p>\n<p>Orthop\u00e9dagogue de formation, la professeure Jutras a \u0153uvr\u00e9 \u00e0 la formation g\u00e9n\u00e9rale des jeunes et des adultes ainsi qu\u2019en formation professionnelle avant d\u2019entamer son doctorat en \u00e9ducation \u00e0 l\u2019Universit\u00e9 du Qu\u00e9bec \u00e0 Montr\u00e9al. Sa th\u00e8se porte sur la validation des retomb\u00e9es associ\u00e9es \u00e0 un programme de soutien en lecture intitul\u00e9 \u00ab\u2009Lire pour apprendre\u2009\u00bb sur la compr\u00e9hension en lecture et sur l\u2019autor\u00e9gulation des apprentissages d\u2019\u00e9l\u00e8ves r\u00e9alisant une formation professionnelle de niveau secondaire. Dans ses recherches, elle s\u2019int\u00e9resse plus particuli\u00e8rement aux diff\u00e9rents facteurs susceptibles d\u2019influencer la r\u00e9alisation d\u2019une formation menant \u00e0 l\u2019exercice d\u2019un m\u00e9tier sp\u00e9cialis\u00e9 ou semi-sp\u00e9cialis\u00e9.<\/p>\n<h2>Champs d&#8217;int\u00e9r\u00eat<\/h2>\n<ul>\n<li>Formation professionnelle du secondaire<\/li>\n<li>Parcours de formation ax\u00e9s sur l\u2019emploi<\/li>\n<li>Difficult\u00e9s d\u2019adaptation et d\u2019apprentissage<\/li>\n<li>Autor\u00e9gulation des apprentissages<\/li>\n<li>Strat\u00e9gies d\u2019apprentissage<\/li>\n<li>Motivation scolaire<\/li>\n<li>Enseignement individualis\u00e9<\/li>\n<\/ul>\n","protected":false},"excerpt":{"rendered":"<p>Camille Jutras Professeure au D\u00e9partement des sciences de l&#8217;\u00e9ducation Orthop\u00e9dagogue de formation, la professeure Jutras a \u0153uvr\u00e9 \u00e0 la formation g\u00e9n\u00e9rale des jeunes et des adultes ainsi qu\u2019en formation professionnelle avant d\u2019entamer son doctorat en \u00e9ducation \u00e0 l\u2019Universit\u00e9 du Qu\u00e9bec \u00e0 Montr\u00e9al. Sa th\u00e8se porte sur la validation des retomb\u00e9es associ\u00e9es \u00e0 un programme de &hellip; <a href=\"https:\/\/portfolio.uqac.ca\/camillejutras\/\" class=\"more-link\">Continuer la lecture de <span class=\"screen-reader-text\">Pr\u00e9sentation<\/span>  <span class=\"meta-nav\">&rarr;<\/span><\/a><\/p>\n","protected":false},"author":89,"featured_media":0,"parent":0,"menu_order":0,"comment_status":"closed","ping_status":"closed","template":"","meta":{"footnotes":""},"tags":[],"_links":{"self":[{"href":"https:\/\/portfolio.uqac.ca\/camillejutras\/wp-json\/wp\/v2\/pages\/19"}],"collection":[{"href":"https:\/\/portfolio.uqac.ca\/camillejutras\/wp-json\/wp\/v2\/pages"}],"about":[{"href":"https:\/\/portfolio.uqac.ca\/camillejutras\/wp-json\/wp\/v2\/types\/page"}],"author":[{"embeddable":true,"href":"https:\/\/portfolio.uqac.ca\/camillejutras\/wp-json\/wp\/v2\/users\/89"}],"replies":[{"embeddable":true,"href":"https:\/\/portfolio.uqac.ca\/camillejutras\/wp-json\/wp\/v2\/comments?post=19"}],"version-history":[{"count":2,"href":"https:\/\/portfolio.uqac.ca\/camillejutras\/wp-json\/wp\/v2\/pages\/19\/revisions"}],"predecessor-version":[{"id":44,"href":"https:\/\/portfolio.uqac.ca\/camillejutras\/wp-json\/wp\/v2\/pages\/19\/revisions\/44"}],"wp:attachment":[{"href":"https:\/\/portfolio.uqac.ca\/camillejutras\/wp-json\/wp\/v2\/media?parent=19"}],"wp:term":[{"taxonomy":"post_tag","embeddable":true,"href":"https:\/\/portfolio.uqac.ca\/camillejutras\/wp-json\/wp\/v2\/tags?post=19"}],"curies":[{"name":"wp","href":"https:\/\/api.w.org\/{rel}","templated":true}]}}