{"id":239,"date":"2020-02-28T14:14:46","date_gmt":"2020-02-28T19:14:46","guid":{"rendered":"http:\/\/portfolio-pre.uqac.ca\/catherineflynn\/?page_id=239"},"modified":"2020-02-28T14:14:46","modified_gmt":"2020-02-28T19:14:46","slug":"ouvrages-collectifs","status":"publish","type":"page","link":"https:\/\/portfolio.uqac.ca\/catherineflynn\/ouvrages-collectifs\/","title":{"rendered":"Ouvrages collectifs"},"content":{"rendered":"<p>Dumont, A. et <strong>Flynn, C<\/strong>.\u00a0 (2016) \u00abLes enfants et les adolescents expos\u00e9s \u00e0 la violence: Une analyse centr\u00e9e sur la victime?\u00bb, dans Lapierre, S. Lessard,G. et Hamelin Brabant, L. <em>Enfants, adolescents, violence et soci\u00e9t\u00e9, <\/em>Qu\u00e9bec<em>, <\/em>Presses de l\u2019Universit\u00e9 du Qu\u00e9bec.<\/p>\n<p><strong>Flynn, C<\/strong>. et Brassard, R. (2012) \u00abLa maternit\u00e9 autochtone en contexte de violence structurelle: entre rep\u00e8res culturels, n\u00e9gociations et h\u00e9g\u00e9monie\u00bb, dans Lapierre, S. et Damant, D. <em>Regards critiques sur la maternit\u00e9 dans diff\u00e9rents contextes sociaux, <\/em>Qu\u00e9bec, Presses de l\u2019Universit\u00e9 du Qu\u00e9bec.<\/p>\n<p>Bourassa, C., Robinson, J., Lessard, G., Turcotte, P., Lavergne, C., Damant, D. et <strong>Flynn, C<\/strong>. (2008) \u00abLa maternit\u00e9 et la paternit\u00e9 en contexte de violence conjugale\u00bb, dans Parent, C. <em>Visages multiple de la parentalit\u00e9, <\/em>Qu\u00e9bec, Presses de l\u2019Universit\u00e9 du Qu\u00e9bec.<\/p>\n","protected":false},"excerpt":{"rendered":"<p>Dumont, A. et Flynn, C.\u00a0 (2016) \u00abLes enfants et les adolescents expos\u00e9s \u00e0 la violence: Une analyse centr\u00e9e sur la victime?\u00bb, dans Lapierre, S. Lessard,G. et Hamelin Brabant, L. Enfants, adolescents, violence et soci\u00e9t\u00e9, Qu\u00e9bec, Presses de l\u2019Universit\u00e9 du Qu\u00e9bec. Flynn, C. et Brassard, R. (2012) \u00abLa maternit\u00e9 autochtone en contexte de violence structurelle: entre &hellip; <a href=\"https:\/\/portfolio.uqac.ca\/catherineflynn\/ouvrages-collectifs\/\" class=\"more-link\">Continuer la lecture de <span class=\"screen-reader-text\">Ouvrages collectifs<\/span>  <span class=\"meta-nav\">&rarr;<\/span><\/a><\/p>\n","protected":false},"author":282,"featured_media":0,"parent":0,"menu_order":0,"comment_status":"closed","ping_status":"closed","template":"","meta":{"footnotes":""},"tags":[],"_links":{"self":[{"href":"https:\/\/portfolio.uqac.ca\/catherineflynn\/wp-json\/wp\/v2\/pages\/239"}],"collection":[{"href":"https:\/\/portfolio.uqac.ca\/catherineflynn\/wp-json\/wp\/v2\/pages"}],"about":[{"href":"https:\/\/portfolio.uqac.ca\/catherineflynn\/wp-json\/wp\/v2\/types\/page"}],"author":[{"embeddable":true,"href":"https:\/\/portfolio.uqac.ca\/catherineflynn\/wp-json\/wp\/v2\/users\/282"}],"replies":[{"embeddable":true,"href":"https:\/\/portfolio.uqac.ca\/catherineflynn\/wp-json\/wp\/v2\/comments?post=239"}],"version-history":[{"count":1,"href":"https:\/\/portfolio.uqac.ca\/catherineflynn\/wp-json\/wp\/v2\/pages\/239\/revisions"}],"predecessor-version":[{"id":240,"href":"https:\/\/portfolio.uqac.ca\/catherineflynn\/wp-json\/wp\/v2\/pages\/239\/revisions\/240"}],"wp:attachment":[{"href":"https:\/\/portfolio.uqac.ca\/catherineflynn\/wp-json\/wp\/v2\/media?parent=239"}],"wp:term":[{"taxonomy":"post_tag","embeddable":true,"href":"https:\/\/portfolio.uqac.ca\/catherineflynn\/wp-json\/wp\/v2\/tags?post=239"}],"curies":[{"name":"wp","href":"https:\/\/api.w.org\/{rel}","templated":true}]}}