{"id":211,"date":"2020-07-13T09:56:30","date_gmt":"2020-07-13T13:56:30","guid":{"rendered":"http:\/\/portfolio-pre.uqac.ca\/christianebergeronleclerc\/?page_id=211"},"modified":"2020-07-13T10:00:18","modified_gmt":"2020-07-13T14:00:18","slug":"capsules-videos","status":"publish","type":"page","link":"https:\/\/portfolio.uqac.ca\/christianebergeronleclerc\/capsules-videos\/","title":{"rendered":"Capsules vid\u00e9os"},"content":{"rendered":"<div class=\"n1l5q3vz\">\n<ul>\n<li class=\"l9j0dhe7 stjgntxs ni8dbmo4\">COVID-19 | Capsule no.28 | <strong>Les cons\u00e9quences de la pand\u00e9mie sur la sant\u00e9 mentale<\/strong><\/li>\n<\/ul>\n<\/div>\n<div class=\"l9j0dhe7 stjgntxs ni8dbmo4\"><\/div>\n<div class=\"l9j0dhe7 stjgntxs ni8dbmo4\">\n<div id=\"fb-root\"><\/div>\n<p><script async defer crossorigin=\"anonymous\" src=\"https:\/\/connect.facebook.net\/fr_CA\/sdk.js#xfbml=1&#038;version=v7.0\" nonce=\"VkdXhiXN\"><\/script><\/p>\n<div class=\"fb-video\" data-href=\"https:\/\/www.facebook.com\/CISD.UQAC\/videos\/581661702488304\/\" data-show-text=\"false\" data-width=\"\">\n<blockquote cite=\"https:\/\/developers.facebook.com\/CISD.UQAC\/videos\/581661702488304\/\" class=\"fb-xfbml-parse-ignore\"><p><a href=\"https:\/\/developers.facebook.com\/CISD.UQAC\/videos\/581661702488304\/\">COVID-19 | Les cons\u00e9quences de la pand\u00e9mie sur la sant\u00e9 mentale (capsule no.28 )<\/a><\/p>\n<p>COVID-19 | Capsule no.28<\/p>\n<p>Publi\u00e9 par <a href=\"https:\/\/www.facebook.com\/CISD.UQAC\/\">Centre intersectoriel en sant\u00e9 durable &#8211; UQAC<\/a> sur Mardi 9 juin 2020<\/p><\/blockquote>\n<\/div>\n<p>&nbsp;<\/p>\n<ul>\n<li>Comit\u00e9 de p\u00e9dagogie universitaire (CPU) UQAC |<strong>\u00a0Oser l\u2019accompagnement p\u00e9dagogique<\/strong><\/li>\n<\/ul>\n<p class=\"title style-scope ytd-video-primary-info-renderer\">\n<p><a href=\"https:\/\/www.youtube.com\/watch?v=sAzhIxTRuCw&#038;feature=emb_title\">https:\/\/www.youtube.com\/watch?v=sAzhIxTRuCw&amp;feature=emb_title<\/a><\/p>\n<\/div>\n<div class=\"buofh1pr owomucta n1l5q3vz cxmmr5t8 enqfppq2 hcukyx3x hihg3u9x ggxiycxj qv66sw1b\"><\/div>\n","protected":false},"excerpt":{"rendered":"<p>COVID-19 | Capsule no.28 | Les cons\u00e9quences de la pand\u00e9mie sur la sant\u00e9 mentale COVID-19 | Les cons\u00e9quences de la pand\u00e9mie sur la sant\u00e9 mentale (capsule no.28 ) COVID-19 | Capsule no.28 Publi\u00e9 par Centre intersectoriel en sant\u00e9 durable &#8211; UQAC sur Mardi 9 juin 2020 &nbsp; Comit\u00e9 de p\u00e9dagogie universitaire (CPU) UQAC |\u00a0Oser l\u2019accompagnement &hellip; <a href=\"https:\/\/portfolio.uqac.ca\/christianebergeronleclerc\/capsules-videos\/\" class=\"more-link\">Continuer la lecture de <span class=\"screen-reader-text\">Capsules vid\u00e9os<\/span>  <span class=\"meta-nav\">&rarr;<\/span><\/a><\/p>\n","protected":false},"author":282,"featured_media":0,"parent":0,"menu_order":0,"comment_status":"closed","ping_status":"closed","template":"","meta":{"footnotes":""},"tags":[],"_links":{"self":[{"href":"https:\/\/portfolio.uqac.ca\/christianebergeronleclerc\/wp-json\/wp\/v2\/pages\/211"}],"collection":[{"href":"https:\/\/portfolio.uqac.ca\/christianebergeronleclerc\/wp-json\/wp\/v2\/pages"}],"about":[{"href":"https:\/\/portfolio.uqac.ca\/christianebergeronleclerc\/wp-json\/wp\/v2\/types\/page"}],"author":[{"embeddable":true,"href":"https:\/\/portfolio.uqac.ca\/christianebergeronleclerc\/wp-json\/wp\/v2\/users\/282"}],"replies":[{"embeddable":true,"href":"https:\/\/portfolio.uqac.ca\/christianebergeronleclerc\/wp-json\/wp\/v2\/comments?post=211"}],"version-history":[{"count":4,"href":"https:\/\/portfolio.uqac.ca\/christianebergeronleclerc\/wp-json\/wp\/v2\/pages\/211\/revisions"}],"predecessor-version":[{"id":213,"href":"https:\/\/portfolio.uqac.ca\/christianebergeronleclerc\/wp-json\/wp\/v2\/pages\/211\/revisions\/213"}],"wp:attachment":[{"href":"https:\/\/portfolio.uqac.ca\/christianebergeronleclerc\/wp-json\/wp\/v2\/media?parent=211"}],"wp:term":[{"taxonomy":"post_tag","embeddable":true,"href":"https:\/\/portfolio.uqac.ca\/christianebergeronleclerc\/wp-json\/wp\/v2\/tags?post=211"}],"curies":[{"name":"wp","href":"https:\/\/api.w.org\/{rel}","templated":true}]}}