{"id":4,"date":"2024-08-20T14:47:35","date_gmt":"2024-08-20T18:47:35","guid":{"rendered":"http:\/\/portfolio-pre.uqac.ca\/gabarit\/?page_id=4"},"modified":"2025-11-25T15:53:01","modified_gmt":"2025-11-25T20:53:01","slug":"presentatio","status":"publish","type":"page","link":"https:\/\/portfolio.uqac.ca\/edithbreton\/","title":{"rendered":"Pr\u00e9sentation"},"content":{"rendered":"<h2>\u00c9dith Breton<\/h2>\n<p>Professeure au D\u00e9partement des\u00a0sciences fondamentales<\/p>\n<p>Ma programmation de recherche vise \u00e0 mieux comprendre comment les facteurs biologiques, psychologiques, sociaux et environnementaux interagissent pour fa\u00e7onner la sant\u00e9 mentale, avec un int\u00e9r\u00eat particulier pour les troubles de l&#8217;alimentation, les trajectoires des jeunes et la sant\u00e9 de la femme. J\u2019int\u00e8gre des donn\u00e9es (\u00e9pi)g\u00e9n\u00e9tiques,\u00a0 cliniques et d\u00e9veloppementales \u00e0 des approches participatives et intersectorielles, en collaboration \u00e9troite avec les milieux communautaires et cliniques du Saguenay\u2013Lac-Saint-Jean. Que ce soit par l\u2019\u00e9tude des profils de m\u00e9thylation de l\u2019ADN, le suivi longitudinal de jeunes lors de transitions d\u00e9veloppementales ou la cr\u00e9ation d\u2019espaces nature-sant\u00e9 stimulants, ma d\u00e9marche vise \u00e0 rapprocher les sciences psychiatriques de ce qui compte concr\u00e8tement pour les personnes et les communaut\u00e9s vivant en r\u00e9gion \u00e9loign\u00e9e ou rurale.<\/p>\n<p>Avant de rejoindre l\u2019UQAC, j\u2019ai compl\u00e9t\u00e9 un doctorat portant sur le d\u00e9veloppement des troubles de l&#8217;alimentation, au d\u00e9partement de psychiatrie de l\u2019Universit\u00e9 de Montr\u00e9al et au CHU Sainte-Justine. J\u2019ai ensuite poursuivi au postdoctorat \u00e0 l\u2019Universit\u00e9 d\u2019Oslo, o\u00f9 mes travaux combinaient des approches de g\u00e9nomique et de neuro-imagerie afin de mieux comprendre les troubles mentaux, \u00e0 partir de larges banques de donn\u00e9es.<\/p>\n<p>Je suis disponible pour superviser des \u00e9tudiant.es \u00e0 tous les cycles de formation, notamment \u00e0 la maitrise en sant\u00e9 durable (et autres!). N&#8217;h\u00e9sitez pas \u00e0 me contacter en me faisant parvenir votre CV et ce qui vous motive.<\/p>\n<h2>Champs d&#8217;int\u00e9r\u00eat<\/h2>\n<ul>\n<li>Sant\u00e9 mentale des enfants et adolescent.e.s<\/li>\n<li>Troubles de l&#8217;alimentation<\/li>\n<li>G\u00e9n\u00e9tique et \u00e9pig\u00e9n\u00e9tique<\/li>\n<li>Comportements alimentaires<\/li>\n<li>Neurobiologie<\/li>\n<li>Sant\u00e9 de la femme<\/li>\n<li>Psychiatrie de pr\u00e9cision<\/li>\n<li>Horticulture et sant\u00e9 mentale<\/li>\n<\/ul>\n","protected":false},"excerpt":{"rendered":"<p>\u00c9dith Breton Professeure au D\u00e9partement des\u00a0sciences fondamentales Ma programmation de recherche vise \u00e0 mieux comprendre comment les facteurs biologiques, psychologiques, sociaux et environnementaux interagissent pour fa\u00e7onner la sant\u00e9 mentale, avec un int\u00e9r\u00eat particulier pour les troubles de l&#8217;alimentation, les trajectoires des jeunes et la sant\u00e9 de la femme. J\u2019int\u00e8gre des donn\u00e9es (\u00e9pi)g\u00e9n\u00e9tiques,\u00a0 cliniques et d\u00e9veloppementales &hellip; <a href=\"https:\/\/portfolio.uqac.ca\/edithbreton\/\" class=\"more-link\">Continuer la lecture de <span class=\"screen-reader-text\">Pr\u00e9sentation<\/span>  <span class=\"meta-nav\">&rarr;<\/span><\/a><\/p>\n","protected":false},"author":89,"featured_media":0,"parent":0,"menu_order":0,"comment_status":"closed","ping_status":"closed","template":"","meta":{"footnotes":""},"tags":[],"_links":{"self":[{"href":"https:\/\/portfolio.uqac.ca\/edithbreton\/wp-json\/wp\/v2\/pages\/4"}],"collection":[{"href":"https:\/\/portfolio.uqac.ca\/edithbreton\/wp-json\/wp\/v2\/pages"}],"about":[{"href":"https:\/\/portfolio.uqac.ca\/edithbreton\/wp-json\/wp\/v2\/types\/page"}],"author":[{"embeddable":true,"href":"https:\/\/portfolio.uqac.ca\/edithbreton\/wp-json\/wp\/v2\/users\/89"}],"replies":[{"embeddable":true,"href":"https:\/\/portfolio.uqac.ca\/edithbreton\/wp-json\/wp\/v2\/comments?post=4"}],"version-history":[{"count":17,"href":"https:\/\/portfolio.uqac.ca\/edithbreton\/wp-json\/wp\/v2\/pages\/4\/revisions"}],"predecessor-version":[{"id":197,"href":"https:\/\/portfolio.uqac.ca\/edithbreton\/wp-json\/wp\/v2\/pages\/4\/revisions\/197"}],"wp:attachment":[{"href":"https:\/\/portfolio.uqac.ca\/edithbreton\/wp-json\/wp\/v2\/media?parent=4"}],"wp:term":[{"taxonomy":"post_tag","embeddable":true,"href":"https:\/\/portfolio.uqac.ca\/edithbreton\/wp-json\/wp\/v2\/tags?post=4"}],"curies":[{"name":"wp","href":"https:\/\/api.w.org\/{rel}","templated":true}]}}