{"id":177,"date":"2021-03-18T11:40:10","date_gmt":"2021-03-18T15:40:10","guid":{"rendered":"http:\/\/portfolio-pre.uqac.ca\/ericjean\/?page_id=177"},"modified":"2021-03-18T11:43:06","modified_gmt":"2021-03-18T15:43:06","slug":"diffusion-dans-les-medias","status":"publish","type":"page","link":"https:\/\/portfolio.uqac.ca\/ericjean\/diffusion-dans-les-medias\/","title":{"rendered":"M\u00e9dias"},"content":{"rendered":"<p>Jean, Eric (2019, 15 avril). Jouer en entreprise, s\u00e9rieusement? Article paru dans le journal <em>Le Quotidien<\/em>, 46(135) pp. 8, 9.<\/p>\n<p>Jean, Eric (2018, 13 mai). Lego Serious Play : des petits blocs pour stimuler vos r\u00e9unions. <em>Les ann\u00e9es lumi\u00e8re<\/em>. Reportage de Chantal Srivastava \u00e0 ICI Premi\u00e8re, Radio-Canada, Chicoutimi.<\/p>\n<p>Jean, Eric, Hallegatte, D. (2017, 24 mai). R\u00e9tro, boulot, la nostalgie 2.0 et Lego Serious Play. Entrevue avec Doris Larouche diffus\u00e9e dans le cadre de l\u2019\u00e9mission matinale de Radio-Canada <em>Caf\u00e9, boulot, dodo<\/em> lors de la conf\u00e9rence publique de l\u2019universit\u00e9 populaire de l\u2019UQAC, Chicoutimi, 8\u00a0h\u00a023.<\/p>\n<p>Jean, Eric (2007, 8 janvier). Rediffusion de l\u2019entrevue radio avec Jean-Pierre Girard sur le th\u00e8me du travail (Faut-il travailler dans la vie?) \u00e0 la radio de Radio-Canada Saguenay. \u00c9mission <em>L\u2019heure de pointe<\/em>, Chicoutimi, 16\u00a0h\u00a030.<\/p>\n<p>Jean, Eric (2007, 19 f\u00e9vrier). Conciliation travail-famille : La gestion des conflits int\u00e9resse \u00c9ric Jean. Article paru dans le journal <em>Le Quotidien<\/em>, pp. 8, 9.<\/p>\n","protected":false},"excerpt":{"rendered":"<p>Jean, Eric (2019, 15 avril). Jouer en entreprise, s\u00e9rieusement? Article paru dans le journal Le Quotidien, 46(135) pp. 8, 9. Jean, Eric (2018, 13 mai). Lego Serious Play : des petits blocs pour stimuler vos r\u00e9unions. Les ann\u00e9es lumi\u00e8re. Reportage de Chantal Srivastava \u00e0 ICI Premi\u00e8re, Radio-Canada, Chicoutimi. Jean, Eric, Hallegatte, D. (2017, 24 mai). &hellip; <a href=\"https:\/\/portfolio.uqac.ca\/ericjean\/diffusion-dans-les-medias\/\" class=\"more-link\">Continuer la lecture de <span class=\"screen-reader-text\">M\u00e9dias<\/span>  <span class=\"meta-nav\">&rarr;<\/span><\/a><\/p>\n","protected":false},"author":128,"featured_media":0,"parent":0,"menu_order":0,"comment_status":"closed","ping_status":"closed","template":"","meta":{"footnotes":""},"tags":[],"_links":{"self":[{"href":"https:\/\/portfolio.uqac.ca\/ericjean\/wp-json\/wp\/v2\/pages\/177"}],"collection":[{"href":"https:\/\/portfolio.uqac.ca\/ericjean\/wp-json\/wp\/v2\/pages"}],"about":[{"href":"https:\/\/portfolio.uqac.ca\/ericjean\/wp-json\/wp\/v2\/types\/page"}],"author":[{"embeddable":true,"href":"https:\/\/portfolio.uqac.ca\/ericjean\/wp-json\/wp\/v2\/users\/128"}],"replies":[{"embeddable":true,"href":"https:\/\/portfolio.uqac.ca\/ericjean\/wp-json\/wp\/v2\/comments?post=177"}],"version-history":[{"count":2,"href":"https:\/\/portfolio.uqac.ca\/ericjean\/wp-json\/wp\/v2\/pages\/177\/revisions"}],"predecessor-version":[{"id":182,"href":"https:\/\/portfolio.uqac.ca\/ericjean\/wp-json\/wp\/v2\/pages\/177\/revisions\/182"}],"wp:attachment":[{"href":"https:\/\/portfolio.uqac.ca\/ericjean\/wp-json\/wp\/v2\/media?parent=177"}],"wp:term":[{"taxonomy":"post_tag","embeddable":true,"href":"https:\/\/portfolio.uqac.ca\/ericjean\/wp-json\/wp\/v2\/tags?post=177"}],"curies":[{"name":"wp","href":"https:\/\/api.w.org\/{rel}","templated":true}]}}