{"id":207,"date":"2021-08-25T08:00:51","date_gmt":"2021-08-25T12:00:51","guid":{"rendered":"http:\/\/portfolio-pre.uqac.ca\/etienneroygregoire\/?page_id=207"},"modified":"2021-08-25T08:00:51","modified_gmt":"2021-08-25T12:00:51","slug":"interventions-dans-lespace-public","status":"publish","type":"page","link":"https:\/\/portfolio.uqac.ca\/etienneroygregoire\/interventions-dans-lespace-public\/","title":{"rendered":"Interventions dans l&#8217;espace public"},"content":{"rendered":"<ul>\n<li>M\u00e9moire soumis au Comit\u00e9 sur la libert\u00e9 acad\u00e9mique de l\u2019Universit\u00e9 d\u2019Ottawa, 4 juin.<\/li>\n<li>\u00ab\u00a0Appel \u00e0 l\u2019action des universitaires canadiens adress\u00e9 au Gouvernement du Canada relativement aux violations des droits humains en Colombie\u00bb, lettre ouverte cosign\u00e9e avec 234 autres universitaires canadiens, 8 juin\u00a0: <a href=\"https:\/\/ovcd.org\/2021\/06\/08\/call-to-action-colombia\/\">https:\/\/ovcd.org\/2021\/06\/08\/call-to-action-colombia\/<\/a>.<\/li>\n<li>Article d\u2019opinion publi\u00e9e dans <em>Le Devoir<\/em>: \u00ab\u00a0Dialoguer avec les Autochtones\u00a0\u00bb, <em>Devoir de philo<\/em>, 14 mars\u00a0: <a href=\"https:\/\/www.ledevoir.com\/societe\/le-devoir-de-philo-histoire\/574936\/dialoguer-avec-les-autochtones\">www.ledevoir.com\/societe\/le-devoir-de-philo-histoire\/574936\/dialoguer-avec-les-autochtones<\/a>.<\/li>\n<li>Lettre ouverte collective publi\u00e9e dans <em>Le Devoir<\/em> (2019). \u00ab\u00a0De s\u00e9rieuses questions sur l\u2019ombudsman canadien\u00a0\u00bb, co-sign\u00e9e avec M.-D. Langlois et 8 autres personnes, 29 juin\u00a0: <a href=\"https:\/\/www.ledevoir.com\/opinion\/idees\/557726\/responsabilite-des-entreprises-extractives-de-serieuses-questions-sur-l-ombudsman-canadien\">www.ledevoir.com\/opinion\/idees\/557726\/responsabilite-des-entreprises-extractives-de-serieuses-questions-sur-l-ombudsman-canadien<\/a>.<\/li>\n<li>Interview\u00e9 par <em>Radio Canada Internacional<\/em> (2013). \u00ab\u00a0El general y el genocidio: El caso R\u00edos Mont\u00a0\u00bb [Le g\u00e9n\u00e9ral et le g\u00e9nocide\u00a0: le cas R\u00edos Montt], reportage par Martin Movilla diffus\u00e9 le 13 juin\u00a0: <a href=\"https:\/\/www.rcinet.ca\/es\/2013\/06\/13\/5894\/\">www.rcinet.ca\/es\/2013\/06\/13\/5894\/<\/a>.<\/li>\n<li>Interview\u00e9 par <em>Associated Press<\/em>. \u00ab\u00a0L\u2019ancien dictateur R\u00edos Montt a pass\u00e9 sa premi\u00e8re journ\u00e9e en cellule\u00a0\u00bb, reportage de Sonia P\u00e9rez D\u00edaz, publi\u00e9 dans <em>La Presse<\/em>, <em>Le Devoir<\/em>, <em>Journal M\u00e9tro<\/em> et <em>TV5<\/em>, dat\u00e9 du 11 juin\u00a0: <a href=\"https:\/\/www.lapresse.ca\/international\/amerique-latine\/201305\/11\/01-4649987-lancien-dictateur-montt-a-passe-sa-premiere-journee-en-cellule.php\">www.lapresse.ca\/international\/amerique-latine\/201305\/11\/01-4649987-lancien-dictateur-montt-a-passe-sa-premiere-journee-en-cellule.php<\/a>.<\/li>\n<li>Interview\u00e9 par <em>Le Devoir<\/em>. \u00ab\u00a0La difficile convalescence du Guatemala\u00a0\u00bb, reportage de Marie-Pier Frappier publi\u00e9 le 24 avril\u00a0: <a href=\"https:\/\/www.ledevoir.com\/international\/actualites-internationales\/376798\/la-difficile-convalescence-du-guatemala\">www.ledevoir.com\/international\/actualites-internationales\/376798\/la-difficile-convalescence-du-guatemala<\/a>.<\/li>\n<li>Interview\u00e9 par <em>CKUT 90.3 FM<\/em>. \u00ab\u00a0Interview par<strong> Clara Guellf <\/strong>avec \u00c9tienne Roy Gr\u00e9goire, membre du conseil d\u2019administration du Projet d\u2019Accompagnement Qu\u00e9bec-Guatemala, quelques jours apr\u00e8s l\u2019ouverture du proc\u00e8s pour g\u00e9nocide au Guatemala\u00a0\u00bb, publi\u00e9 le 28 mars\u00a0: <a href=\"https:\/\/ckutmorningafter.wordpress.com\/2013\/03\/28\/lendemain-de-la-veille-28-mars-2013\/\">ckutmorningafter.wordpress.com\/2013\/03\/28\/lendemain-de-la-veille-28-mars-2013\/<\/a>.<\/li>\n<li>Interview\u00e9 par <em>Radio Canada Internacional<\/em>. \u00ab\u00a0Proceso por genocidio contra ex-dictador guatemalteco R\u00edos Montt\u00a0\u00bb [Proc\u00e8s pour g\u00e9nocide contre l\u2019ancien dictateur guat\u00e9malt\u00e8que R\u00edos Montt], reportage de M. Movilla diffus\u00e9 le 31 janvier\u00a0: <a href=\"https:\/\/www.rcinet.ca\/espagnol\/en-cartelera\/entrevistas-2012\/16-45_2013-01-31-proceso-por-genocidio-contra-el-ex-dictador-guatemalteco-efrain-rios-montt\/\">www.rcinet.ca\/espagnol\/en-cartelera\/entrevistas-2012\/16-45_2013-01-31-proceso-por-genocidio-contra-el-ex-dictador-guatemalteco-efrain-rios-montt\/<\/a>.<\/li>\n<li>Interview\u00e9 par <em>Radio Canada Internacional<\/em>. \u00ab\u00a0El asesinato, en tierras guatemaltecas, del cantautor argentino Facundo Cabral y la situaci\u00f3n de violencia e inseguridad en Guatemala analizados por Etienne Roy-Gr\u00e9goire del Proyecto de Acompa\u00f1amiento Quebec Guatemala (PAQG)\u00a0\u00bb [Le meurtre, au Guatemala, de l\u2019auteur et interpr\u00e8te argentin Facundo Cabral et la situation de violence et d\u2019ins\u00e9curit\u00e9 analys\u00e9s par Etienne Roy Gr\u00e9goire du Projet Accompagnement Qu\u00e9bec-Guatemala], reportage par M. Movilla diffus\u00e9 le 20 juillet\u00a0: <a href=\"https:\/\/www.rcinet.ca\/espagnol\/archivo\/emision\/rci-nmtv\/archivos\/episode\/14-24_2011-08-03-noticias-18-07-2011\/\">www.rcinet.ca\/espagnol\/archivo\/emision\/rci-nmtv\/archivos\/episode\/14-24_2011-08-03-noticias-18-07-2011\/<\/a>.<\/li>\n<li>Interview\u00e9 par Productions R\u00e9alit\u00e9s Cach\u00e9es \/ PAQG \/ CAIG. <em>En toute solidarit\u00e9 \u2013 l\u2019accompagnement international au Guatemala<\/em>, un documentaire de Nicolas Bergeron, Canada, 50\u00a0min\u00a0: <a href=\"https:\/\/www.youtube.com\/watch?v=Tor4U_ZscFQ\">www.youtube.com\/watch?v=Tor4U_ZscFQ<\/a>.<\/li>\n<li><\/li>\n<\/ul>\n","protected":false},"excerpt":{"rendered":"<p>M\u00e9moire soumis au Comit\u00e9 sur la libert\u00e9 acad\u00e9mique de l\u2019Universit\u00e9 d\u2019Ottawa, 4 juin. \u00ab\u00a0Appel \u00e0 l\u2019action des universitaires canadiens adress\u00e9 au Gouvernement du Canada relativement aux violations des droits humains en Colombie\u00bb, lettre ouverte cosign\u00e9e avec 234 autres universitaires canadiens, 8 juin\u00a0: https:\/\/ovcd.org\/2021\/06\/08\/call-to-action-colombia\/. Article d\u2019opinion publi\u00e9e dans Le Devoir: \u00ab\u00a0Dialoguer avec les Autochtones\u00a0\u00bb, Devoir de &hellip; <a href=\"https:\/\/portfolio.uqac.ca\/etienneroygregoire\/interventions-dans-lespace-public\/\" class=\"more-link\">Continuer la lecture de <span class=\"screen-reader-text\">Interventions dans l&#8217;espace public<\/span>  <span class=\"meta-nav\">&rarr;<\/span><\/a><\/p>\n","protected":false},"author":282,"featured_media":0,"parent":0,"menu_order":0,"comment_status":"closed","ping_status":"closed","template":"","meta":{"footnotes":""},"tags":[],"_links":{"self":[{"href":"https:\/\/portfolio.uqac.ca\/etienneroygregoire\/wp-json\/wp\/v2\/pages\/207"}],"collection":[{"href":"https:\/\/portfolio.uqac.ca\/etienneroygregoire\/wp-json\/wp\/v2\/pages"}],"about":[{"href":"https:\/\/portfolio.uqac.ca\/etienneroygregoire\/wp-json\/wp\/v2\/types\/page"}],"author":[{"embeddable":true,"href":"https:\/\/portfolio.uqac.ca\/etienneroygregoire\/wp-json\/wp\/v2\/users\/282"}],"replies":[{"embeddable":true,"href":"https:\/\/portfolio.uqac.ca\/etienneroygregoire\/wp-json\/wp\/v2\/comments?post=207"}],"version-history":[{"count":1,"href":"https:\/\/portfolio.uqac.ca\/etienneroygregoire\/wp-json\/wp\/v2\/pages\/207\/revisions"}],"predecessor-version":[{"id":208,"href":"https:\/\/portfolio.uqac.ca\/etienneroygregoire\/wp-json\/wp\/v2\/pages\/207\/revisions\/208"}],"wp:attachment":[{"href":"https:\/\/portfolio.uqac.ca\/etienneroygregoire\/wp-json\/wp\/v2\/media?parent=207"}],"wp:term":[{"taxonomy":"post_tag","embeddable":true,"href":"https:\/\/portfolio.uqac.ca\/etienneroygregoire\/wp-json\/wp\/v2\/tags?post=207"}],"curies":[{"name":"wp","href":"https:\/\/api.w.org\/{rel}","templated":true}]}}