{"id":27,"date":"2021-06-17T13:37:33","date_gmt":"2021-06-17T17:37:33","guid":{"rendered":"http:\/\/portfolio-pre.uqac.ca\/gabarit\/?page_id=27"},"modified":"2021-08-25T07:59:33","modified_gmt":"2021-08-25T11:59:33","slug":"curriculum-vitae","status":"publish","type":"page","link":"https:\/\/portfolio.uqac.ca\/etienneroygregoire\/curriculum-vitae\/","title":{"rendered":"Curriculum vitae"},"content":{"rendered":"<h2><strong>Dipl\u00f4mes<\/strong><\/h2>\n<p><strong>2019-2021. Stage de recherche postdoctoral<\/strong><\/p>\n<p><strong>Facult\u00e9 de droit \/ Centre for Indigenous Conservation and Development Alternatives (CICADA), Universit\u00e9 McGill<\/strong><\/p>\n<p><strong>Centre Perelman de philosophie du droit, Universit\u00e9 libre de Bruxelles<\/strong><\/p>\n<p>Projet\u00a0:\u00a0\u00a0 <em>Que signifie \u00ab\u00a0dialoguer\u00a0\u00bb en contexte extractif? Trajectoire globale d\u2019une norme canadienne<\/em><\/p>\n<p><strong>\u00a0<\/strong><strong>2013-2019. Doctorat en science politique &#8211;\u00a0<\/strong><strong>Universit\u00e9 d\u2019Ottawa &#8211;<\/strong><\/p>\n<p>Majeure en politique compar\u00e9e et\u00a0 Mineure en pens\u00e9e politique (avec distinction)<\/p>\n<p>Th\u00e8se\u00a0:\u00a0 <em>\u00c9cosyst\u00e8mes normatifs miniers et communaut\u00e9s politiques en Colombie transitionnelle<\/em><\/p>\n<p><strong>\u00a0<\/strong><strong>2008-2011. Ma\u00eetrise en science politique &#8211;\u00a0<\/strong><strong>Universit\u00e9 du Qu\u00e9bec \u00e0 Montr\u00e9al (UQAM)<\/strong><\/p>\n<p>Sp\u00e9cialisation en Relations internationales et D\u00e9veloppement international<\/p>\n<p>M\u00e9moire\u00a0:\u00a0 <em>Gouvernance du secteur minier et enjeux de coh\u00e9rence dans la politique \u00e9trang\u00e8re canadienne concernant des pays en situation de conflit et post-conflit en Am\u00e9rique latine\u00a0<\/em><\/p>\n<p><strong>1998-2001. Baccalaur\u00e9at en anthropologie &#8211;\u00a0<\/strong><strong>Universit\u00e9 de Montr\u00e9al<\/strong><\/p>\n<p>Sp\u00e9cialisation en ethnographie, \u00e9tudes autochtones et linguistique<\/p>\n<p><strong>\u00a0\u00a0\u00a0\u00a0\u00a0\u00a0\u00a0\u00a0<\/strong><strong><br \/>\nDistinctions et bourses<br \/>\n<\/strong><\/p>\n<ul>\n<li><strong>Prix de la meilleure th\u00e8se <\/strong>(2020): Association canadienne d\u2019\u00e9tudes latinoam\u00e9ricaines et cara\u00efbe (AC\u00c9LAC);<\/li>\n<li><strong>Prix Bora Laskin pour la recherche sur les droits de la personne <\/strong>(2020)<\/li>\n<li><strong>Bourse postdoctorale <\/strong>(2019-2021)<\/li>\n<li><strong>Bourse de m\u00e9rite du doyen <\/strong>(2019): Facult\u00e9 d\u2019\u00e9tudes sup\u00e9rieures et postdoctorales (FESP), Universit\u00e9 d\u2019Ottawa;<\/li>\n<li><strong>Prix du meilleur article pour un chercheur \u00e9mergent <\/strong>(2018): AC\u00c9LAC \u2013 pour Roy Gr\u00e9goire et Monz\u00f3n (2017), \u00ab\u00a0Institutionalising Corporate Social Responsibility in Colombia\u2019s extractive sector: disciplining society, destabilising enforcement?\u00a0\u00bb, <em>Canadian Journal of Development Studies<\/em> \/ <em>Revue canadienne d\u2019\u00e9tudes du d\u00e9veloppement<\/em> 38:2;<\/li>\n<li><strong>Bourse doctorale Joseph-Armand Bombardier <\/strong>(2015-2018): CRSH;<\/li>\n<li><strong>Bourse doctorale <\/strong>(2013-2018): Universit\u00e9 d\u2019Ottawa;<\/li>\n<li><strong>Suppl\u00e9ment doctoral M. Smith pour \u00e9tudes \u00e0 l\u2019\u00e9tranger <\/strong>(2016-2017): CRSH ;<\/li>\n<li><strong>Bourse de recherches internationales <\/strong>(2016-2017): Trois bourses octroy\u00e9es par la Facult\u00e9 d\u2019\u00e9tudes sup\u00e9rieures et postdoctorales (FESP), Universit\u00e9 d\u2019Ottawa;<\/li>\n<li><strong>Bourse doctorale <\/strong>(2013-2016): FRQSC ;<\/li>\n<li><strong>Inscription au Tableau d\u2019honneur <\/strong>(en 2009 et 2010): Facult\u00e9 de science politique et de droit (FSPD), UQAM;<\/li>\n<li><strong>Sept bourse d\u2019excellence de l\u2019UQAM<\/strong> (2008-2010): Fondation de l\u2019UQAM (2); FSPD (2); UQAM (2); Service des relations internationales (1) .<\/li>\n<\/ul>\n<h2><strong> Affiliations professionnelles<\/strong><\/h2>\n<ul>\n<li>Association canadienne droit et soci\u00e9t\u00e9 (ACDS);<\/li>\n<li>Association canadienne des \u00e9tudes latinoam\u00e9ricaines et cara\u00efbes (AC\u00c9LAC);<\/li>\n<li>Association canadienne de science politique (ACSP);<\/li>\n<li>International Sociological Association (ISA);<\/li>\n<li>Latin American Studies Association (LASA).<\/li>\n<\/ul>\n<h2><strong><br \/>\nVolontariat et Activit\u00e9s<\/strong><\/h2>\n<ul>\n<li><strong>Membre de l\u2019assembl\u00e9e <\/strong>(2017-pr\u00e9sent): Instituto Popular de Capacitaci\u00f3n [Institut populaire de formation], Medellin, Colombie.<\/li>\n<li><strong>Membre du conseil d\u2019administration et membre b\u00e9n\u00e9vole\u00a0<\/strong>: Projet Accompagnement Qu\u00e9bec-Guatemala (PAQG).\n<ul>\n<li>Administrateur\u00a0: 2011-2012; 2019-pr\u00e9sent;<\/li>\n<li>Membre du comit\u00e9 de formation\u00a0: 2007-2013; 2019-pr\u00e9sent;<\/li>\n<li>Vice-pr\u00e9sident\u00a0: 2010;<\/li>\n<li>Pr\u00e9sident\u00a0: 2007-2009;<\/li>\n<li>Membre b\u00e9n\u00e9vole depuis 1997.<\/li>\n<\/ul>\n<\/li>\n<li><strong>Observateur de droits humains <\/strong>(2001 &#8211; Guatemala): Projet Accompagnement Qu\u00e9bec-Guatemala \/ Coordination internationale de l\u2019accompagnement international au Guatemala. D\u00e9ploy\u00e9 dans des communaut\u00e9s maya-ixils (d\u00e9partement du Quich\u00e9) pour fournir un accompagnement de protection aupr\u00e8s de t\u00e9moins impliqu\u00e9s dans des proc\u00e9dures nationales et internationales pour g\u00e9nocide, crimes de guerre et crimes contre l\u2019humanit\u00e9.<\/li>\n<\/ul>\n","protected":false},"excerpt":{"rendered":"<p>Dipl\u00f4mes 2019-2021. Stage de recherche postdoctoral Facult\u00e9 de droit \/ Centre for Indigenous Conservation and Development Alternatives (CICADA), Universit\u00e9 McGill Centre Perelman de philosophie du droit, Universit\u00e9 libre de Bruxelles Projet\u00a0:\u00a0\u00a0 Que signifie \u00ab\u00a0dialoguer\u00a0\u00bb en contexte extractif? Trajectoire globale d\u2019une norme canadienne \u00a02013-2019. Doctorat en science politique &#8211;\u00a0Universit\u00e9 d\u2019Ottawa &#8211; Majeure en politique compar\u00e9e et\u00a0 &hellip; <a href=\"https:\/\/portfolio.uqac.ca\/etienneroygregoire\/curriculum-vitae\/\" class=\"more-link\">Continuer la lecture de <span class=\"screen-reader-text\">Curriculum vitae<\/span>  <span class=\"meta-nav\">&rarr;<\/span><\/a><\/p>\n","protected":false},"author":89,"featured_media":0,"parent":0,"menu_order":0,"comment_status":"closed","ping_status":"closed","template":"","meta":{"footnotes":""},"tags":[],"_links":{"self":[{"href":"https:\/\/portfolio.uqac.ca\/etienneroygregoire\/wp-json\/wp\/v2\/pages\/27"}],"collection":[{"href":"https:\/\/portfolio.uqac.ca\/etienneroygregoire\/wp-json\/wp\/v2\/pages"}],"about":[{"href":"https:\/\/portfolio.uqac.ca\/etienneroygregoire\/wp-json\/wp\/v2\/types\/page"}],"author":[{"embeddable":true,"href":"https:\/\/portfolio.uqac.ca\/etienneroygregoire\/wp-json\/wp\/v2\/users\/89"}],"replies":[{"embeddable":true,"href":"https:\/\/portfolio.uqac.ca\/etienneroygregoire\/wp-json\/wp\/v2\/comments?post=27"}],"version-history":[{"count":7,"href":"https:\/\/portfolio.uqac.ca\/etienneroygregoire\/wp-json\/wp\/v2\/pages\/27\/revisions"}],"predecessor-version":[{"id":205,"href":"https:\/\/portfolio.uqac.ca\/etienneroygregoire\/wp-json\/wp\/v2\/pages\/27\/revisions\/205"}],"wp:attachment":[{"href":"https:\/\/portfolio.uqac.ca\/etienneroygregoire\/wp-json\/wp\/v2\/media?parent=27"}],"wp:term":[{"taxonomy":"post_tag","embeddable":true,"href":"https:\/\/portfolio.uqac.ca\/etienneroygregoire\/wp-json\/wp\/v2\/tags?post=27"}],"curies":[{"name":"wp","href":"https:\/\/api.w.org\/{rel}","templated":true}]}}