{"id":20,"date":"2012-07-23T20:20:59","date_gmt":"2012-07-23T20:20:59","guid":{"rendered":"http:\/\/portfolio-pre.uqac.ca\/gabarit\/?page_id=20"},"modified":"2025-12-13T12:04:15","modified_gmt":"2025-12-13T17:04:15","slug":"publications","status":"publish","type":"page","link":"https:\/\/portfolio.uqac.ca\/francoisguerard\/publications\/","title":{"rendered":"Publications"},"content":{"rendered":"<h2><strong>Livres<\/strong><\/h2>\n<p>(1996 ) <i>Histoire de la sant\u00e9 au Qu\u00e9bec, <\/i>Montr\u00e9al, Bor\u00e9al, 124\u00a0p.<\/p>\n<p>(2023) <em>Fils de conqu\u00e9rants. Chanter le Saguenay\u2014Lac-Saint-Jean avant 1960<\/em>, Les \u00e9ditions Saguenayensia,<\/p>\n<h2><strong>Articles de revues et chapitres de livres soumis \u00e0 des comit\u00e9s de lecture<br \/>\n<\/strong><\/h2>\n<p>(Automne 2025) \u00ab\u00a0Tchi-Tchi, C\u0153ur de maman et I\u2019ll Sing You a Thousand Love Songs : collections de partitions et go\u00fbts \u00e9litaires en chanson au Saguenay\u2013Lac-Saint-Jean, 1920-1950\u00a0\u00bb, <em>Mens<\/em>, vol. XXVI, no 1.<\/p>\n<p>(Automne 2025) \u00ab Un royaume d\u2019esp\u00e9rances : naissance et \u00e9volution du r\u00e9gionalisme saguen\u00e9en (1850-1940), <em>Mens<\/em>, vol. XXVI, no 1, p. 13-68, p. 107-147.<\/p>\n<p class=\"lment1col\">(printemps 2023) \u00ab Les strat\u00e9gies du pseudonyme dans <em>Le Progr\u00e8s du Saguenay<\/em>, 1918-1943, <em>Mens<\/em>, Volume 23, num\u00e9ro 2, p. 121-154.<\/p>\n<p class=\"lment1col\">(2022) \u00ab\u00a0Chanter le Saguenay\u2014Lac-Saint-Jean avant 1950\u00a0\u00bb, <i>Mens<\/i>, volume 22, nos 1-2, Automne 2021, Hiver 2022, p. 65\u201396.<\/p>\n<p class=\"lment1col\">(Avril 2021 ) Martin Petitclerc, Yvan Rousseau et Fran\u00e7ois Gu\u00e9rard, \u00abFaire chambre \u00e0 part. Patients indigents et payants dans les h\u00f4pitaux g\u00e9n\u00e9raux de Montr\u00e9al en 1911\u00a0\u00bb, <i>The Canadian Historical Review<\/i>, https:\/\/doi.org\/10.3138\/chr-2020-0029.<\/p>\n<p class=\"lment1col\">(2020) \u00ab\u00a0L\u2019\u00e9volution r\u00e9cente des nouvelles inscriptions aux baccalaur\u00e9ats en histoire au Qu\u00e9bec\u00a0\u00bb, <i>Bulletin d\u2019histoire politique<\/i>, 29, 1.<\/p>\n<p class=\"lment1col\">(2019) en collab. avec Genevi\u00e8ve Nootens, Pierre-Andr\u00e9 Tremblay et H\u00e9l\u00e8ne V\u00e9zina,<span lang=\"EN-US\">\u00ab\u00a0Introduction\u00a0\u00bb, dans Genevi\u00e8ve Nootens et H\u00e9l\u00e8ne V\u00e9zina, <i>Explorer le social. M\u00e9langes en l\u2019honneur de G\u00e9rard Bouchard<\/i>, Presses de l\u2019Universit\u00e9 Laval, 318\u00a0p.<\/span><\/p>\n<p>(2015) co-auteur avec Aline Charles, \u00ab\u00a0Portrait d\u2019une institution oubli\u00e9e\u00a0: l\u2019h\u00f4pital priv\u00e9 \u00e0 but lucratif, 1900-1960\u00a0\u00bb,\u00a0<em>Bulletin canadien d\u2019histoire de la m\u00e9decine, <\/em>32, 1, 2015, p. 101-122.<\/p>\n<p>(2015) \u00ab\u00a0Dominances et \u00e9mergences en histoire des pratiques de sant\u00e9 au Qu\u00e9bec\u00a0: les th\u00e9matiques et approches actuelles\u00a0\u00bb, dans Alexandre Klein et S\u00e9verine Parayre, dir., <i>Une histoire des pratiques de sant\u00e9 (XVIII<sup>e<\/sup>-XX<sup>e<\/sup> si\u00e8cles). \u00c9tat des lieux, comparatif et m\u00e9thodologies des recherches francophones<\/i>, Qu\u00e9bec, Presses de l&#8217;Universit\u00e9 Laval, p. 17-35.<b><\/b><\/p>\n<p>(2014) \u00ab\u00a0L\u2019\u00e9mergence de politiques nutritionnelles au Qu\u00e9bec, 1936-1977\u00a0\u00bb, <em>Revue d\u2019histoire de l\u2019Am\u00e9rique fran\u00e7aise<\/em>, 67, 2, p.\u00a0165-192.<\/p>\n<p>(2014) Gu\u00e9rard, Fran\u00e7ois, \u00abLa ville et l\u2019h\u00f4pital\u00bb, Qu\u00e9bec, CIEQ (coll. Les chantiers de l\u2019Atlas historique du Qu\u00e9bec : Le fait urbain, 2014, 24 p.\u00a0<a title=\"L'h\u00f4pital et la ville\" href=\"https:\/\/atlas.cieq.ca\/le-fait-urbain\/la-ville-et-l-hopital.html\" target=\"_blank\" rel=\"noopener\">https:\/\/atlas.cieq.ca\/index.php?page=FGuerard2<\/a><\/p>\n<p>(2014) \u00ab\u00a0Les associations d&#8217;h\u00f4pitaux au Qu\u00e9bec, 1926-1966\u00a0\u00bb dans J\u00e9r\u00f4me Boivin et St\u00e9phane Savard, dir., <i>De la repr\u00e9sentation \u00e0 la manifestation. Groupes de pression et enjeux politiques au Qu\u00e9bec, 19<sup>e<\/sup> et 20<sup>e<\/sup> si\u00e8cles<\/i>. Qu\u00e9bec, Septentrion, p. 136-164.<\/p>\n<div class=\"page\" title=\"Page 1\">\n<div class=\"section\">\n<div class=\"layoutArea\">\n<div class=\"column\">\n<p>(2013) Gu\u00e9rard, Fran\u00e7ois, \u00abLa prise en charge \u00e9tatique de l\u2019hygi\u00e8ne publique et des services curatifs : deux parcours distincts\u00bb, Qu\u00e9bec, CIEQ (coll. Les chantiers de l\u2019Atlas historique du Qu\u00e9bec : L\u2019\u00c9tat au Qu\u00e9bec, 2013, 18 p.\u00a0<a title=\"Sant\u00e9 et \u00c9tat\" href=\"https:\/\/atlas.cieq.ca\/l-etat\/la-prise-en-charge-etatique-de-l-hygiene-publique-et-des-services-curatifs-deux-parcours-distincts.html\" target=\"_blank\" rel=\"noopener\">https:\/\/atlas.cieq.ca\/index.php?page=FGuerard<\/a><\/p>\n<\/div>\n<\/div>\n<\/div>\n<\/div>\n<p>(2013) Rousseau, Yvan et Fran\u00e7ois Gu\u00e9rard, \u00ab\u00a0Les familles et leurs conditions de vie\u00a0: un fragile enracinement\u00a0\u00bb (Chapitre 7), dans Claude Bellavance, Yvan Rousseau et Jean Roy (dir.), <i>Histoire du Centre-du-Qu\u00e9bec<\/i>, Qu\u00e9bec, Les Presses de l\u2019Universit\u00e9 Laval, coll. \u00ab Les r\u00e9gions du Qu\u00e9bec\u00a0\u00bb.<\/p>\n<p>(2013) Gu\u00e9rard, Fran\u00e7ois et Yvan Rousseau, \u00ab\u00a0La sant\u00e9 et l\u2019assistance: naissance d\u2019une institution publique\u00a0\u00bb (Chapitre 13), dans Claude Bellavance, Yvan Rousseau et Jean Roy (dir.), <i>Histoire du Centre-du-Qu\u00e9bec<\/i>, Qu\u00e9bec, Les Presses de l\u2019Universit\u00e9 Laval, coll. \u00ab Les r\u00e9gions du Qu\u00e9bec\u00a0\u00bb.<\/p>\n<p>(2013) Gu\u00e9rard, Fran\u00e7ois, \u00ab\u00a0La r\u00e9gionalisation et la centralisation des services sociosanitaires \u00bb (section du Chapitre 19), dans Claude Bellavance, Yvan Rousseau et Jean Roy (dir.),\u00a0<i>Histoire du Centre-du-Qu\u00e9bec<\/i>, Qu\u00e9bec, Les Presses de l\u2019Universit\u00e9 Laval, coll. \u00ab Les r\u00e9gions du Qu\u00e9bec\u00a0\u00bb.<\/p>\n<p>(Printemps 2012) \u00ab\u00a0Les populations hospitalis\u00e9es \u00e0 l&#8217;H\u00f4tel-Dieu de Qu\u00e9bec et \u00e0 l&#8217;H\u00f4tel-Dieu Saint-Vallier de Chicoutimi de 1881 \u00e0 1942, <i>Cahiers qu\u00e9b\u00e9cois de d\u00e9mographie<\/i>, vol. 41, no 1, p. 55-85.<\/p>\n<p>(2012) En collaboration avec Aline Charles, \u00ab\u00a0The Partnerships between the State and For-profit Hospitals in Quebec, 1961-1975: A Disappointing Experiment\u00a0\u00bb, dans <i>Making Medicare: New Perspectives on the History of Medicare in Canada<\/i>, Gregory P. Marchildon, dir., University of Toronto Press, p. 249-274.<b><\/b><\/p>\n<p>(2012) En collaboration avec Aline Charles, \u00ab\u00a0Les religieuses hospitali\u00e8res du Qu\u00e9bec au XX<sup>e<\/sup> si\u00e8cle\u00a0: une main-d\u2019\u0153uvre active \u00e0 l\u2019\u00e9chelle internationale\u00a0\u00bb, chap. 4 dans Marie-Claude Thifault, dir., <i>L&#8217;incontournable caste des femmes. Histoire des services de sant\u00e9 au Qu\u00e9bec et au Canada<\/i>, Presses de l&#8217;Universit\u00e9 d&#8217;Ottawa, p.\u00a081-93.<\/p>\n<p>(Automne 2010) \u00ab\u00a0Le syst\u00e8me de sant\u00e9 au Qu\u00e9bec\u00a0\u00bb, article dans FRANQUS, le <i>Dictionnaire g\u00e9n\u00e9ral du fran\u00e7ais standard en usage au Qu\u00e9bec<\/i>, Encyclop\u00e9die en ligne, Universit\u00e9 de Sherbrooke.<\/p>\n<p>(Automne 2009) En collab. avec Aline Charles, \u00ab\u00a0L\u2019\u00c9tat et l\u2019h\u00f4pital \u00e0 but lucratif au Qu\u00e9bec, 1961-1975: une exp\u00e9rience d\u00e9cevante de partenariat\u00a0\u00bb<i>, Canadian Bulletin of Medical History \/ Bulletin canadien d&#8217;histoire de la m\u00e9decine<\/i>, 26, 2, 2009, p.\u00a0499-526.<\/p>\n<p>(Hiver 2006) En collab. avec Yvan Rousseau, \u00ab\u00a0Le march\u00e9 de la maladie: soins hospitaliers et assurances au Qu\u00e9bec, 1939-1961\u00a0\u00bb, <i>Revue d&#8217;histoire de l&#8217;Am\u00e9rique fran\u00e7aise<\/i>, 59, 3, p.\u00a0293-329.<\/p>\n<p>(2004) Textes sur la sant\u00e9 et les services sociaux dans Ren\u00e9 Hardy et Normand S\u00e9guin, dir., <i>Histoire de la Mauricie<\/i>, Institut qu\u00e9b\u00e9cois de recherche sur la culture et Presses de l\u2019Universit\u00e9 Laval, p. 420-422, 424-426, 763-775, 1010-1015.<\/p>\n<p>(2003) en collab. avec Aline Charles et Yvan Rousseau, \u00ab\u00a0L\u2019\u00c9glise, les assureurs et l\u2019acc\u00e8s aux soins hospitaliers au Qu\u00e9bec, 1939-1960\u00a0\u00bb, <i>\u00c9tudes d\u2019histoire religieuse<\/i>, 69\u00a0:\u00a029-49.<\/p>\n<p>(Automne 2002) en collab. avec France Normand, \u00ab\u00a0Du local au global\u00a0: appr\u00e9hender la ville dans ses espaces relationnels\u00a0\u00bb dans Claude Bellavance et Marc Saint-Hilaire, dir., <i>Le ph\u00e9nom\u00e8ne urbain au Qu\u00e9bec. \u00c9chelles, approches et mat\u00e9riaux<\/i>, p. 29-36.<\/p>\n<p>(Automne 2001) \u00ab<b>\u00a0<\/b>L\u2019hygi\u00e8ne publique et le recul de la mortalit\u00e9 infantile, Trois-Rivi\u00e8res de 1895 \u00e0 1939<b>\u00a0<\/b>\u00bb, <i>Cahiers qu\u00e9b\u00e9cois de d\u00e9mographie,<\/i> 30, 2\u00a0: 231-259.<\/p>\n<p>(Automne 2000) \u00ab\u00a0L\u2019histoire urbaine au Qu\u00e9bec\u00a0: la recherche r\u00e9cente \u00e0 la ma\u00eetrise et au doctorat\u00a0\u00bb, <i>Revue d&#8217;histoire de l&#8217;Am\u00e9rique fran\u00e7ais,<\/i> 54, 2\u00a0: 247-268.<\/p>\n<p>(Novembre 2000) \u00ab\u00a0L\u2019histoire de la sant\u00e9 au Qu\u00e9bec\u00a0: filiations et sp\u00e9cificit\u00e9s\u00a0\u00bb, <i>Bulletin canadien d&#8217;histoire de la m\u00e9decine\/Canadian Bulletin of Medical history, <\/i>17, 1-2\u00a0: 55-72.<\/p>\n<p>(\u00c9t\u00e9 1999) \u00ab\u00a0Ville et sant\u00e9 au Qu\u00e9bec\u00a0: un bilan de la recherche historique\u00a0\u00bb, <i>Revue d&#8217;histoire de l&#8217;Am\u00e9rique fran\u00e7aise, <\/i>53, 1\u00a0: 19-45.<b> <\/b><\/p>\n<p>(1998) \u00ab\u00a0La formation des grands appareils sanitaires\u00a0\u00bb, dans Normand S\u00e9guin, dir., <i>Atlas historique du Qu\u00e9bec. L&#8217;institution m\u00e9dicale, <\/i>Qu\u00e9bec, Presses de l&#8217;Universit\u00e9 Laval\u00a0: 75-115.<\/p>\n<p>(Printemps-automne 1997) \u00ab\u00a0L\u2019\u00c9tat, l\u2019\u00c9glise et la sant\u00e9 au Qu\u00e9bec de 1887 \u00e0 1939\u00a0\u00bb, <i>Cahiers d\u2019histoire, <\/i>17, 1-2\u00a0: 76-94.<b> <\/b><\/p>\n<p>(\u00c9t\u00e9 1996) \u00ab\u00a0L\u2019hygi\u00e8ne publique au Qu\u00e9bec de 1887 \u00e0 1939\u00a0: centralisation, normalisation et m\u00e9dicalisation\u00a0\u00bb, <i>Recherches sociographiques,<\/i>\u00a0: 203-227.<b> <\/b><\/p>\n<p>(Hiver 1995) \u00ab\u00a0Les principaux intervenants dans l&#8217;\u00e9volution du syst\u00e8me hospitalier en Mauricie, 1889-1939\u00a0\u00bb, <i>Revue d&#8217;histoire de l&#8217;Am\u00e9rique fran\u00e7aise, <\/i>48, 3\u00a0: 375-401.<b> <\/b><\/p>\n<p>(Automne 1993) \u00ab\u00a0La sant\u00e9 publique dans deux villes du Qu\u00e9bec de 1887 \u00e0 1939:<b> <\/b>Trois-Rivi\u00e8res et Shawinigan\u00a0\u00bb, <i>Bulletin du regroupement des chercheurs-chercheures en histoire des travailleurs et travailleuses du Qu\u00e9bec, <\/i>19, 3: 19-21.<b> <\/b><\/p>\n<p>(1993) <i>La sant\u00e9 publique dans deux villes du Qu\u00e9bec de 1887 \u00e0 1939. Trois-Rivi\u00e8res et Shawinigan, <\/i>th\u00e8se de doctorat, Universit\u00e9 du Qu\u00e9bec \u00e0 Montr\u00e9al, 525\u00a0p.<\/p>\n<p>(Printemps 1993) En collab. avec Claude Bellavance,<b> <\/b>\u00ab\u00a0S\u00e9gr\u00e9gation r\u00e9sidentielle et morphologie urbaine, le cas de Shawinigan, 1925-1947\u00a0\u00bb,<i> Revue d&#8217;histoire de l&#8217;Am\u00e9rique fran\u00e7aise, <\/i>46, 4, p. 577-605.<\/p>\n<p>(\u00c9t\u00e9 1988) \u00ab\u00a0Les notables trifluviens au dernier tiers du XIX<sup>e<\/sup> si\u00e8cle, strat\u00e9gies matrimoniales et pratiques distinctives dans un contexte d&#8217;urbanisation\u00a0\u00bb, <i>Revue d&#8217;histoire de l&#8217;Am\u00e9rique fran\u00e7aise, <\/i>42, 1\u00a0: 27-46.<\/p>\n<h2><strong>Publications sur Internet et outils informatiques de recherche<\/strong><\/h2>\n<p>(Automne 2010) En collab. avec\u00a0 Johanne Daigle et Th\u00e9r\u00e8se Hamel, <i>Na\u00eetre et grandir \u00e0 Qu\u00e9bec, 1850-1950<\/i>. Site h\u00e9berg\u00e9 par le CIEQ (<a href=\"https:\/\/expong.cieq.ca\">https:\/\/expong.cieq.ca<\/a>).<\/p>\n<p>(Automne 2010) <i>Les h\u00f4pitaux du Qu\u00e9bec en chiffres, 1914-1961<\/i>. Base de donn\u00e9es en ligne donnant acc\u00e8s \u00e0 plus de 45\u00a0000 fiches de d\u00e9pouillement d&#8217;informations statistiques sur tous les h\u00f4pitaux du Qu\u00e9bec. (<a href=\"https:\/\/hopitauxqc.cieq.ca\">https:\/\/hopitauxqc.cieq.ca<\/a>)<\/p>\n<p>(Automne 2010) <i>L&#8217;hygi\u00e8ne publique \u00e0 Trois-Rivi\u00e8res et \u00e0 Shawinigan, 1890-1945. <\/i>Base de donn\u00e9es en ligne livrant une partie des fiches de d\u00e9pouillement utilis\u00e9es lors de la th\u00e8se de doctorat de l&#8217;auteur. (<a href=\"https:\/\/hygienetrsh.cieq.ca\">https:\/\/hygienetrsh.cieq.ca<\/a>)<\/p>\n<p>(Automne 2010) <i>OD-CIEQ Outil documentaire<\/i>, Membre de l&#8217;\u00e9quipe de conception et de r\u00e9alisation. Base de donn\u00e9es \u00e0 multiples usages pour les praticiens des sciences humaines.<\/p>\n<p>(\u00c9t\u00e9 2008) exposition virtuelle \u00e0 la Biblioth\u00e8que municipale Gabrielle-Roy de Qu\u00e9bec, en collaboration avec Th\u00e9r\u00e8se Hamel et Johanne Daigle de l\u2019Universit\u00e9 Laval, \u00ab\u00a0Na\u00eetre et Grandir \u00e0 Qu\u00e9bec, 1850-1950\u00a0\u00bb.<\/p>\n<p>(1999) En collab. avec Andr\u00e9 Paradis, MEDICUS QUEBECENSIS, sur le site Internet du CIEQ (www.cieq.uqtr.uquebec.ca). Base de donn\u00e9es qui recense les articles d\u2019auteurs qu\u00e9b\u00e9cois parus dans les revues m\u00e9dicales du Qu\u00e9bec au XIX<sup>e<\/sup> si\u00e8cle et qui peut \u00eatre interrog\u00e9e par les internautes.<\/p>\n<h2><b>Autres contributions\u00a0<\/b><b>(comptes rendus, articles dans revues sans comit\u00e9 de lecture, etc.)<\/b><\/h2>\n<p style=\"font-weight: 400\">(2026, accept\u00e9), \u00ab Des fanfares dans les rues, 1879-1945 \u00bb, <em>Saguenayensia.<\/em><\/p>\n<p style=\"font-weight: 400\">(2024,), \u00ab\u00a0Les concerts d\u2019artistes renomm\u00e9s au Saguenay\u2014Lac-Saint-Jean, premi\u00e8re moiti\u00e9 du XXe si\u00e8cle\u00bb, <em>Saguenayensia, vol. 65, no 3, p. 10-16.<\/em><\/p>\n<p style=\"font-weight: 400\">(2023), \u00ab\u00a0Des chameaux dans les rues : les cirques avant 1950\u00a0\u00bb, <em>Saguenayensia,\u00a0<\/em><span lang=\"FR\">volume 64, no 3, p.\u00a011-16.<\/span><\/p>\n<p style=\"font-weight: 400\">(2023) \u00ab\u00a0La grande offensive d\u2019hygi\u00e8ne publique de la d\u00e9cennie 1920\u00bb, <em>Saguenayensia, <\/em>64, 2, p.\u00a019-25.<\/p>\n<p style=\"font-weight: 400\">(2023) \u00ab\u00a0Le th\u00e9\u00e2tre amateur avant 1945\u00a0\u00bb, <em>Saguenayensia<\/em>, 64, 1, p. 20-26.<\/p>\n<p>(2022)\u00a0\u00ab Les premi\u00e8res d\u00e9cennies de l\u2019hygi\u00e8ne publique \u00e0 Shawinigan\u00bb, <em>Empreintes. Revue d\u2019histoire de la Mauricie et du Centre-du-Qu\u00e9bec<\/em>, p. 10-13.<\/p>\n<p>(2020) En collaboration avec Fran\u00e7ois-Olivier Dorais, \u00ab\u00a0Le coronavirus au miroir de l\u2019histoire : le cas de la grippe espagnole de 1918\u00a0\u00bb, dans Jacques Cherblanc, Fran\u00e7ois-Olivier Dorais, Catherine\u00a0 Tremblay\u00a0 et Sabrina Tremblay (dir),\u00a0<em>La Covid-19: un fait social total. Perspectives historiques, politiques, sociale et humaines<\/em>, Chicoutimi, GRIR, 2020, p. 17-26<\/p>\n<p>(2020) En collaboration avec \u00c9rik Langevin, \u00ab\u00a0M\u00e9moires de microbes en Nouvelle-France\u00a0\u00bb, dans Jacques Cherblanc, Fran\u00e7ois-Olivier Dorais, Catherine\u00a0 Tremblay\u00a0 et Sabrina Tremblay (dir),\u00a0<em>La Covid-19: un fait social total. Perspectives historiques, politiques, sociale et humaines<\/em>, Chicoutimi, GRIR, 2020, p. 7-16.<\/p>\n<p>(2019) Les sciences humaines et sociales \u00e0 l\u2019UQAC, <em>Saguenayensia<\/em>, Volume 60, num\u00e9ro 3, p. 43-45.<\/p>\n<p>(2019) L\u2019histoire a 50 ans\u2026 \u00e0 l\u2019UQAC, <em>Saguenayensia<\/em>, Volume 60, num\u00e9ro 3, 46-48.<\/p>\n<p>(2019) La rel\u00e8ve en sciences humaines et sociales \u00e0 l\u2019UQAC, <em>Saguenayensia<\/em>, Volume 60, num\u00e9ro 3, p. 74-75.<\/p>\n<p>(2015) \u00abL\u2019h\u00f4pital \u00ab\u00a0priv\u00e9\u00bb au Qu\u00e9bec et au Saguenay\u2014Lac-Saint-Jean\u00bb, <em>Saguenayensia<\/em>, 56, 3, p.\u00a017-22.<\/p>\n<p>(Automne 2010) Compte rendu du livre de St\u00e9phane-D. Perreault et Sylvie Pelletier,<i> L&#8217;Institut Raymond-Dewar et ses institutions d&#8217;origine: 160 ans d&#8217;histoire avec les personnes sourdes<\/i>, Qu\u00e9bec, Septentrion, 2010. Dans <i>Revue d&#8217;histoire de l&#8217;Am\u00e9rique fran\u00e7aise<\/i>, 64, 2, p.\u00a0131-134<i>.<\/i><\/p>\n<p>(Juillet-septembre 2009) \u00ab\u00a0Les patients hospitalis\u00e9s \u00e0 l\u2019H\u00f4tel-Dieu Saint-Vallier avant 1900\u00a0\u00bb, <i>Saguenayensia<\/i>, 51, 3, p. \u00a011-13.<\/p>\n<p>(2009) Compte rendu du livre de Thierry Nootens, <i>Fous, prodigues et ivrognes. Familles et d\u00e9viance \u00e0 Montr\u00e9al au XIXe si\u00e8cle<\/i>, Montr\u00e9al et Kingston, London, Ithaca, McGill-Queen\u2019s University Press, 2007. Dans <i>Bulletin of the History of Medicine<\/i>, vol. 82, no 4, hiver 2008, p. 951-952.<\/p>\n<p>(29 juin 2005) en collaboration avec Yvan Rousseau et Aline Charles, \u00ab\u00a0L\u2019assurance maladie priv\u00e9e: un extraordinaire retournement de l\u2019histoire\u00a0\u00bb,<i> Le Devoir, <\/i>(https:\/\/ledevoir.com\/2005\/06\/29\/85120.html)<\/p>\n<p>(Janvier-mars 2005) \u00ab\u00a0Un h\u00f4pital \u00ab pour des cas r\u00e9serv\u00e9s\u00a0\u00bb\u00a0: l\u2019H\u00f4pital Sainte-\u00c9lisabeth de Roberval\u00a0\u00bb, <i>Saguenayensia<\/i>, 47, 1, p. 77-83.<\/p>\n<p>(2005) Compte rendu du livre de Jean-Marie Cl\u00e9ment, <i>R\u00e9flexions pour l\u2019h\u00f4pital. Proximit\u00e9-coop\u00e9ration-pouvoirs<\/i>, <i>Canadian Bulletin of Medical History \/ Bulletin canadien d&#8217;histoire de la m\u00e9decine<\/i>, 22, 1, p. 199-200.<\/p>\n<p>(2005) Compte rendu du livre de Michel Litalien, <i>Dans la tourmente: deux h\u00f4pitaux militaires canadiens-fran\u00e7ais dans la\u00a0 France en guerre, 1915-1919<\/i>, dans <i>Scientia Canadensis<\/i>.<\/p>\n<p>(Janvier 2005) \u00ab\u00a0Entre charit\u00e9, march\u00e9 et s\u00e9curit\u00e9 sociale. La formation du dispositif hospitalier au Qu\u00e9bec avant 1960\u00a0\u00bb, conf\u00e9rence \u00e0 l&#8217;Unit\u00e9 de recherche du Complexe hospitalier de la Sagamie.<\/p>\n<p>(19 mars 2004) \u00ab\u00a0Le syst\u00e8me hospitalier qu\u00e9b\u00e9cois dans l\u2019impasse, 1939-1960\u00a0\u00bb, conf\u00e9rence \u00e0 l\u2019Unit\u00e9 de recherche du Complexe hospitalier de la Sagamie.<\/p>\n<p>(Sept.-d\u00e9c. 2002) Compte rendu du livre de Louise C\u00f4t\u00e9, <i>En garde! Les repr\u00e9sentations de la tuberculose au Qu\u00e9bec dans la premi\u00e8re moiti\u00e9 du XXe si\u00e8cle<\/i>, dans <i>Recherches sociographiques<\/i>, XLIII, 3\u00a0: 610-611.<\/p>\n<p>(2001) Compte rendu du livre de Beno\u00eet Gaumer, Georges Desrosiers et Othmar Keel, <i>Histoire du service de sant\u00e9 de la ville de Montr\u00e9al, 1875-1975<\/i>, \u00c9ditions de l\u2019IQRC, 2002, dans <i>Scientia Canadensis<\/i>, XXV: 97-101.<\/p>\n<p>(\u00c9t\u00e9 1999) \u00ab\u00a0La base de donn\u00e9es Medicus Quebecensis sur Internet\u00a0: une fen\u00eatre sur les articles de revues m\u00e9dicales qu\u00e9b\u00e9coises au XIX<sup>e<\/sup> si\u00e8cle\u00a0\u00bb, <i>Revue d&#8217;histoire de l&#8217;Am\u00e9rique fran\u00e7aise, <\/i>53, 1\u00a0: 121-122.<b> <\/b><\/p>\n<p>(1999) Tournage d&#8217;une \u00e9mission sur l&#8217;histoire du sanatorium antituberculeux de Trois-Rivi\u00e8res dans la s\u00e9rie &#8220;Attendez que je vous raconte&#8221; de T\u00e9l\u00e9-Qu\u00e9bec.<\/p>\n<p>(Novembre 1999) Pr\u00e9sentation du travail de cartographie assist\u00e9e par ordinateur devant le comit\u00e9 responsable de la synth\u00e8se r\u00e9gionale du Centre du Qu\u00e9bec de l\u2019Institut qu\u00e9b\u00e9cois de recherche sur la culture.<\/p>\n<p>(1998) Charg\u00e9 de dossier pour la pr\u00e9paration du livre\u00a0: Normand S\u00e9guin, dir. <i>Atlas historique du Qu\u00e9bec. L&#8217;institution m\u00e9dicale,<\/i> Qu\u00e9bec.<i>, <\/i>Presses de l&#8217;Universit\u00e9 Laval.<\/p>\n<p>(1997) Entrevue radiodiffus\u00e9e \u00e0 l&#8217;\u00e9mission &#8220;Signes des temps&#8221; de Radio-Canada avec R\u00e9ginald Martel qui y pr\u00e9sentait ma synth\u00e8se d\u2019<i>Histoire de la sant\u00e9 au Qu\u00e9bec<\/i> de la Nouvelle-France \u00e0 aujourd\u2019hui.<\/p>\n<p>(Printemps 1995) Compte rendu de Terry Neville, <i>The Royal Vic. The story of Montreal&#8217;s Royal Victoria Hospital 1894-1994<\/i> (Montr\u00e9al et Kingston, McGill Queen&#8217;s University Press, 1994) dans <i>Revue d&#8217;histoire de l&#8217;Am\u00e9rique fran\u00e7aise, <\/i>48, 4\u00a0: 588-590<i>.<\/i><\/p>\n<p>(Avril 1994) \u00ab\u00a0La sant\u00e9 publique dans deux villes du Qu\u00e9bec de 1887 \u00e0 1939\u00a0\u00bb, conf\u00e9rence pr\u00e9sent\u00e9e \u00e0 l&#8217;Universit\u00e9 de Montr\u00e9al.<\/p>\n<p>(Hiver 1986) En collab. avec Guy Tr\u00e9panier, \u00ab\u00a0Shawinigan: une ville n\u00e9e de l&#8217;industrie\u00a0\u00bb, <i>Continuit\u00e9, <\/i>30, p. 37-39.<\/p>\n","protected":false},"excerpt":{"rendered":"<p>Livres (1996 ) Histoire de la sant\u00e9 au Qu\u00e9bec, Montr\u00e9al, Bor\u00e9al, 124\u00a0p. (2023) Fils de conqu\u00e9rants. Chanter le Saguenay\u2014Lac-Saint-Jean avant 1960, Les \u00e9ditions Saguenayensia, Articles de revues et chapitres de livres soumis \u00e0 des comit\u00e9s de lecture (Automne 2025) \u00ab\u00a0Tchi-Tchi, C\u0153ur de maman et I\u2019ll Sing You a Thousand Love Songs : collections de partitions &hellip; <a href=\"https:\/\/portfolio.uqac.ca\/francoisguerard\/publications\/\" class=\"more-link\">Continuer la lecture de <span class=\"screen-reader-text\">Publications<\/span>  <span class=\"meta-nav\">&rarr;<\/span><\/a><\/p>\n","protected":false},"author":34,"featured_media":0,"parent":0,"menu_order":0,"comment_status":"closed","ping_status":"closed","template":"","meta":{"footnotes":""},"tags":[],"_links":{"self":[{"href":"https:\/\/portfolio.uqac.ca\/francoisguerard\/wp-json\/wp\/v2\/pages\/20"}],"collection":[{"href":"https:\/\/portfolio.uqac.ca\/francoisguerard\/wp-json\/wp\/v2\/pages"}],"about":[{"href":"https:\/\/portfolio.uqac.ca\/francoisguerard\/wp-json\/wp\/v2\/types\/page"}],"author":[{"embeddable":true,"href":"https:\/\/portfolio.uqac.ca\/francoisguerard\/wp-json\/wp\/v2\/users\/34"}],"replies":[{"embeddable":true,"href":"https:\/\/portfolio.uqac.ca\/francoisguerard\/wp-json\/wp\/v2\/comments?post=20"}],"version-history":[{"count":36,"href":"https:\/\/portfolio.uqac.ca\/francoisguerard\/wp-json\/wp\/v2\/pages\/20\/revisions"}],"predecessor-version":[{"id":217,"href":"https:\/\/portfolio.uqac.ca\/francoisguerard\/wp-json\/wp\/v2\/pages\/20\/revisions\/217"}],"wp:attachment":[{"href":"https:\/\/portfolio.uqac.ca\/francoisguerard\/wp-json\/wp\/v2\/media?parent=20"}],"wp:term":[{"taxonomy":"post_tag","embeddable":true,"href":"https:\/\/portfolio.uqac.ca\/francoisguerard\/wp-json\/wp\/v2\/tags?post=20"}],"curies":[{"name":"wp","href":"https:\/\/api.w.org\/{rel}","templated":true}]}}