{"id":25,"date":"2012-07-24T12:43:40","date_gmt":"2012-07-24T12:43:40","guid":{"rendered":"http:\/\/portfolio-pre.uqac.ca\/gabarit\/?page_id=25"},"modified":"2020-11-03T11:25:33","modified_gmt":"2020-11-03T16:25:33","slug":"communications","status":"publish","type":"page","link":"https:\/\/portfolio.uqac.ca\/francoisguerard\/communications\/","title":{"rendered":"COMMUNICATIONS"},"content":{"rendered":"<p class=\"NiveauB\">(Novembre 2019) \u00ab \u00c9volution des nouvelles inscriptions aux Baccalaur\u00e9ats en histoire au Qu\u00e9bec, 2007-2008 \u00e0 2018-2019 \u00bb, journ\u00e9e d\u2019\u00e9tudes \u00e0 Qu\u00e9bec, Les \u00e9tudes universitaires de 1er cycle en histoire au Qu\u00e9bec. Portrait, enjeux et perspective d\u2019avenir, 15 novembre 2019.<\/p>\n<p class=\"NiveauB\"><span lang=\"EN-US\">(Mars 2019) en collaboration avec Aline Charles et Yvan Rousseau, \u00ab\u00a0Entre hospices et manoirs de l\u2019\u00e2ge d\u2019or: le bien vieillir au Qu\u00e9bec \u2013 1921-1971\u00a0\u00bb, Universit\u00e9 du Qu\u00e9bec \u00e0 Montr\u00e9al, S\u00e9minaire du Centre d\u2019histoire des r\u00e9gulations sociales.<\/span><\/p>\n<p>(Novembre 2017) \u00abDu registre \u00e0 la carte\u00a0: recomposer les populations hospitalis\u00e9es avant la deuxi\u00e8me moiti\u00e9 du 20<sup>e<\/sup> si\u00e8cle\u00bb, dans le cadre des s\u00e9minaires interdisciplinaires <em>La sant\u00e9 en d\u00e9bat. Rencontres autour des recherches francophones en sciences humaines et sociales sur la sant\u00e9<\/em>, Universit\u00e9 du Qu\u00e9bec \u00e0 Montr\u00e9al, R\u00e9seau Qu\u00e9bec Sciences sociales et sant\u00e9 (Q3S).<\/p>\n<p>(Octobre 2015) en collab. avec Martin Petitclerc et Yvan Rousseau, \u00abL\u2019h\u00f4pital et ses patients au Qu\u00e9bec en p\u00e9riode de transition (1881-1911): une sociographie des populations hospitalis\u00e9es\u00bb, colloque Hospital\/H\u00f4pital organis\u00e9 \u00e0 Montr\u00e9al par McGill Institute for Health and Social Policy (IHSP) et Centre for the Interdisciplinary Research on Montreal (CIRM).<\/p>\n<p>(Mai 2015) \u00abPerturbations et tensions hospitali\u00e8res de 1945 \u00e0 1961 au Qu\u00e9bec : le pr\u00e9lude \u00e0 une grande r\u00e9forme\u00bb, communication \u00e0 l\u2019Universit\u00e9 de Rimouski, colloque <em>Les r\u00e9formes des syst\u00e8mes de sant\u00e9 entre discours, preuves et pratiques. Approches multidisciplinaires et empiriques<\/em>, ACFAS.<\/p>\n<p>(Mars 2015), \u00ab<em>\u00ab\u00a0You know what you eat you are\u00a0\u00bb<\/em>\u00a0: la parole nutritionnelle au Qu\u00e9bec de 1945 \u00e0 1980, vecteur de valeurs et de mod\u00e8les de vie\u00bb, conf\u00e9rence sur invitation du Centre interuniversitaire d\u2019\u00e9tudes qu\u00e9b\u00e9coises, Universit\u00e9 du Qu\u00e9bec \u00e0 Trois-Rivi\u00e8res.<\/p>\n<p>(Mai 2014) \u00ab Bonheur, beaut\u00e9, intelligence, \u00e9nergie, efficacit\u00e9&#8230; L&#8217;argumentaire en \u00e9ducation alimentaire au Qu\u00e9bec, 1930-1980\u00a0\u00bb, congr\u00e8s annuel de la Soci\u00e9t\u00e9 canadienne d&#8217;histoire de la m\u00e9decine, Brock University, St Catharines, Ontario.<\/p>\n<p>(Mai 2014) \u00ab\u00a0L&#8217;empreinte territoriale et la mise en r\u00e9seau de l&#8217;h\u00f4pital qu\u00e9b\u00e9cois\u00a0\u00bb, colloque Mobilit\u00e9 des savoirs et partage des pratiques\u00a0: de la pertinence des r\u00e9seaux en histoire de la sant\u00e9, Congr\u00e8s de l&#8217;ACFAS, Universit\u00e9 Concordia \u00e0 Montr\u00e9al.<\/p>\n<p>(F\u00e9vrier 2014) \u00ab L&#8217;\u00c9tat qu\u00e9b\u00e9cois et l&#8217;\u00e9volution du syst\u00e8me de sant\u00e9 au Qu\u00e9bec \u00bb, conf\u00e9rence dans le cadre des activit\u00e9s du Groupe de recherche et d&#8217;intervention r\u00e9gionales, Universit\u00e9 du Qu\u00e9bec \u00e0 Chicoutimi.<\/p>\n<p>(Juin 2013) \u00ab\u00a0La recherche et la bo\u00eete \u00e0 lunch: l&#8217;alimentation des Qu\u00e9b\u00e9cois de 1937 \u00e0 1975\u00a0\u00bb, communication \u00e0 l&#8217;universit\u00e9 de Guelph, Ontario, dans le cadre du colloque\u00a0 <em>Paysages d\u2019abondance et de manque : perspectives historiques sur la nourriture, la sant\u00e9 et l\u2019environnement au Canada<\/em>.<\/p>\n<p>(Juin 2013) \u00abL&#8217;\u00e9mergence de politiques nutritionnelles au Qu\u00e9bec de 1936 \u00e0 1977\u00a0\u00bb, communication \u00e0 l&#8217;universit\u00e9 de Victoria, Colombie-Britannique, dans le cadre du congr\u00e8s annuel de la Soci\u00e9t\u00e9 canadienne d&#8217;histoire de la m\u00e9decine.<\/p>\n<p>(Mai 2012) \u00ab\u00a0Dominances et \u00e9mergences en histoire des pratiques de sant\u00e9 au Qu\u00e9bec\u00a0: les th\u00e9matiques et approches actuelles\u00a0\u00bb, Conf\u00e9rence inaugurale du colloque <i>Histoire des pratiques de sant\u00e9 (18e\u00a0&#8211; 21e si\u00e8cles)\u00a0: nouveaux cadres, th\u00e8mes et approches<\/i><i><\/i>, ACFAS.<\/p>\n<p>(Mai 2011) \u00ab\u00a0L&#8217;unification des h\u00f4pitaux au Qu\u00e9bec, 1926-1966\u00a0\u00bb, au congr\u00e8s annuel de la Soci\u00e9t\u00e9 canadienne d&#8217;histoire de la m\u00e9decine tenu \u00e0 Fredericton, Nouveau-Brunswick.<\/p>\n<p>(Mars 2011) \u00ab\u00a0Les associations hospitali\u00e8res de 1930 \u00e0 1975\u00a0\u00bb, s\u00e9minaire ferm\u00e9 <i>Les groupes de pression au Qu\u00e9bec<\/i>, Universit\u00e9 Laval \u00e0 Qu\u00e9bec.<\/p>\n<p>(Juin 2010) \u00ab\u00a0Populations hospitali\u00e8res de 1881 \u00e0 1942, le cas de l&#8217;H\u00f4tel-Dieu de Qu\u00e9bec\u00a0\u00bb, colloque de la F\u00e9d\u00e9ration canadienne de d\u00e9mographie, <i>L\u2019\u00e9tude des populations du pass\u00e9\u00a0: Nouveaux d\u00e9veloppements et regards interdisciplinaires, <\/i>Universit\u00e9 Concordia.<\/p>\n<p>(17 octobre 2009), en collaboration avec Aline Charles, \u00ab\u00a0L&#8217;h\u00f4pital \u00e0 but lucratif au Qu\u00e9bec, 1850-1960\u00a0\u00bb, congr\u00e8s annuel de l&#8217;Institut d&#8217;histoire de l&#8217;Am\u00e9rique fran\u00e7aise tenu \u00e0 Montr\u00e9al. RSC<\/p>\n<p>(31 mai 2009), \u00ab\u00a0Perceptions et pratiques hospitali\u00e8res \u00e0 travers la correspondance de l\u2019H\u00f4tel-Dieu de Qu\u00e9bec, 1932-1935\u00a0\u00bb, congr\u00e8s annuel de la Soci\u00e9t\u00e9 canadienne d\u2019histoire de la m\u00e9decine tenu \u00e0 Ottawa.<\/p>\n<p>(1 juin 2008), en collaboration avec Aline Charles, \u00ab\u00a0L\u2019\u00c9tat et l\u2019H\u00f4pital \u00e0 but lucratif au Qu\u00e9bec, 1961-1976 : un partenariat ardu\u00a0\u00bb, congr\u00e8s annuel de la Soci\u00e9t\u00e9 canadienne d\u2019histoire de la m\u00e9decine tenu \u00e0 Vancouver<\/p>\n<p>(1 juin 2007) \u00ab\u00a0L\u2019acc\u00e8s \u00e0 l\u2019h\u00f4pital et la composition des client\u00e8les de 1881 \u00e0 1951\u00a0\u00bb, congr\u00e8s annuel de la Soci\u00e9t\u00e9 canadienne d\u2019histoire de la m\u00e9decine tenu \u00e0 Saskatoon.<\/p>\n<p>(Mai 2006) \u00ab\u00a0L\u2019h\u00f4pital priv\u00e9 \u00e0 but lucratif au Qu\u00e9bec, 1870-1972\u00a0\u00bb, congr\u00e8s annuel de la Soci\u00e9t\u00e9 canadienne d\u2019histoire de la m\u00e9decine tenu \u00e0 Toronto (Universit\u00e9 York), Ontario.<\/p>\n<p>(Oct. 2005) \u00ab Orchestrer l\u2019acc\u00e8s aux soins : l\u2019\u00c9tat et la distribution territoriale des services hospitaliers au Qu\u00e9bec, 1880-1960 \u00bb, congr\u00e8s annuel de l\u2019Institut d\u2019histoire de l\u2019Am\u00e9rique fran\u00e7aise.<\/p>\n<p>(Mai 2005) En collaboration avec Yvan Rousseau, \u00ab\u00a0Vingt ans de r\u00e9gime d\u2019assurance hospitalisation \u00e0 l\u2019am\u00e9ricaine au Qu\u00e9bec (1940-1960)\u00a0\u00bb, congr\u00e8s annuel de la Soci\u00e9t\u00e9 historique du Canada, London (Ontario).<\/p>\n<p>(Mars 2005) \u00ab\u00a0March\u00e9, h\u00f4pital et territoire au Qu\u00e9bec, 1880-1960\u00a0\u00bb, Universit\u00e9 du Qu\u00e9bec \u00e0 Chicoutimi, sur invitation du\u00a0 Groupe de recherche et d\u2019interventions r\u00e9gionales.<\/p>\n<p>(4 juin 2004) \u00ab\u00a0L\u2019h\u00f4pital et son milieu au Qu\u00e9bec, 1939-1960\u00a0\u00bb, communication au Congr\u00e8s de la Soci\u00e9t\u00e9 canadienne d\u2019histoire de la m\u00e9decine tenu \u00e0 Winnipeg, Manitoba, en juin 2004.<\/p>\n<p>(Mai 2000) Collab. avec France Normand, \u00ab\u00a0Du local au global\u00a0: appr\u00e9hender la ville dans ses espaces relationnels\u00a0\u00bb, \u00e0 un atelier scientifique du Centre interuniversitaire d\u2019\u00e9tudes qu\u00e9b\u00e9coises auquel ont particip\u00e9 des chercheurs de quatre universit\u00e9s. Publication pr\u00e9vue dans la collection \u00ab\u00a0Cheminements Conf\u00e9rences\u00a0\u00bb du Centre interuniversitaire d\u2019\u00e9tudes qu\u00e9b\u00e9coises. L\u2019exemple des h\u00f4pitaux \u00e9tait utilis\u00e9.<\/p>\n<p>(Mai-juin 2003) \u00ab\u00a0Le financement des h\u00f4pitaux g\u00e9n\u00e9raux au Qu\u00e9bec. Comment sortir de l\u2019impasse\u00a0\u00bb, au Congr\u00e8s de la Soci\u00e9t\u00e9 canadienne d\u2019histoire de la m\u00e9decine tenu \u00e0 Halifax, Nouvelle-\u00c9cosse, en mai-juin 2003.<\/p>\n<p>(Septembre 2002) Collab. avec Aline Charles et Yvan Rousseau, \u00ab\u00a0Le clerg\u00e9 catholique qu\u00e9b\u00e9cois et l\u2019assurance dans l\u2019apr\u00e8s-guerre : les dessous d\u2019un d\u00e9bat\u00a0\u00bb au congr\u00e8s annuel de la Soci\u00e9t\u00e9 canadienne d\u2019histoire de l\u2019\u00c9glise catholique, Universit\u00e9 du Qu\u00e9bec \u00e0 Trois-Rivi\u00e8res.<\/p>\n<p>(Mai 2001) \u00ab\u00a0Mortalit\u00e9 infantile et hygi\u00e8ne publique, Trois-Rivi\u00e8res de 1895 \u00e0 1939\u00a0\u00bb, au Congr\u00e8s de la Soci\u00e9t\u00e9 historique du Canada tenu \u00e0 Qu\u00e9bec, s\u00e9ance conjointe avec le Hannah Institute for the History of Medicine.<\/p>\n<p>(F\u00e9vrier 2001) \u00ab\u00a0Hygi\u00e8ne publique et mortalit\u00e9 infantile \u00e0 Trois-Rivi\u00e8res, 1890 \u00e0 1939\u00a0\u00bb au Centre interuniversitaire d\u2019\u00e9tudes qu\u00e9b\u00e9coises, Universit\u00e9 Laval.<\/p>\n<p>(Mai 2000) Collab. avec France Normand, \u00ab\u00a0Du local au global\u00a0: appr\u00e9hender la ville dans ses espaces relationnels\u00a0\u00bb, \u00e0 un atelier scientifique du Centre interuniversitaire d\u2019\u00e9tudes qu\u00e9b\u00e9coises auquel ont particip\u00e9 des chercheurs de quatre universit\u00e9s.<\/p>\n<p>(Novembre 1999) \u00ab\u00a0Filiations et sp\u00e9cificit\u00e9s de l&#8217;histoire de la sant\u00e9 au Qu\u00e9bec\u00a0: essai de g\u00e9n\u00e9alogie\u00a0\u00bb, au colloque <i>Canadian Medical History at the Millenium\u00a0: Past Accomplishments, Future Directions<\/i>, tenu \u00e0 York University de Toronto.<\/p>\n<p>(Octobre 1999) \u00ab\u00a0Dix ann\u00e9es de recherche en histoire urbaine au Qu\u00e9bec \u00a0: les m\u00e9moires de ma\u00eetrise et les th\u00e8ses de doctorat\u00a0\u00bb, au congr\u00e8s annuel de l&#8217;Institut d&#8217;histoire de l&#8217;Am\u00e9rique fran\u00e7aise tenu \u00e0 Trois-Rivi\u00e8res.<\/p>\n<p>(Juin 1999) \u00ab\u00a0La formation du dispositif hospitalier au Qu\u00e9bec de 1880 \u00e0 1940\u00a0\u00bb, au congr\u00e8s annuel de la Soci\u00e9t\u00e9 canadienne d&#8217;histoire de la m\u00e9decine \u00e0 Sherbrooke.<\/p>\n<p>(Octobre 1998) \u00ab\u00a0Ville et sant\u00e9\u00a0: un bilan de la recherche historique\u00a0\u00bb, communication pr\u00e9sent\u00e9e au congr\u00e8s de l\u2019Institut d\u2019histoire de l\u2019Am\u00e9rique fran\u00e7aise tenu sous le th\u00e8me \u00ab\u00a0M\u00e9decine, sant\u00e9 et soci\u00e9t\u00e9s\u00a0\u00bb \u00e0 Qu\u00e9bec.<\/p>\n<p>(Mai 1997) \u00ab\u00a0Les m\u00e9decins, l\u2019\u00c9tat et la formation du r\u00e9seau qu\u00e9b\u00e9cois de sanatoriums antituberculeux\u00a0\u00bb, communication pr\u00e9sent\u00e9e au colloque \u00ab\u00a0Les enjeux de la science, de la technologie et de la m\u00e9decine au Qu\u00e9bec et au Canada\u00a0: recherches historiques en cours\u00a0\u00bb, dans le cadre du congr\u00e8s annuel de l\u2019ACFAS.<\/p>\n<p>(Mars 1996) \u00ab\u00a0L\u2019\u00c9tat, l\u2019\u00c9glise et la sant\u00e9 au Qu\u00e9bec de 1887 \u00e0 1939\u00bb, communication pr\u00e9sent\u00e9e au colloque \u00ab\u00a0\u00c9tat, de nouvelles perspectives en histoire canadienne\u00a0\u00bb \u00e0 l\u2019Universit\u00e9 de Montr\u00e9al.<\/p>\n<p>(Ao\u00fbt 1995) \u00ab\u00a0L&#8217;hygi\u00e8ne publique au Qu\u00e9bec de 1887 \u00e0 1939\u00a0: centralisation, normalisation et m\u00e9dicalisation\u00a0\u00bb, communication pr\u00e9sent\u00e9e au 74e congr\u00e8s annuel de la Soci\u00e9t\u00e9 historique du Canada \u00e0 Montr\u00e9al.<\/p>\n<p>(Octobre 1994) \u00ab\u00a0Formation du syst\u00e8me hospitalier \u00e0 Trois-Rivi\u00e8res et \u00e0 Shawinigan de 1900 \u00e0 1939\u00a0\u00bb, communication pr\u00e9sent\u00e9e au 47e congr\u00e8s de l&#8217;Institut d&#8217;histoire de l&#8217;Am\u00e9rique fran\u00e7aise \u00e0 Chicoutimi.<\/p>\n<p>(Juin 1993) \u00ab\u00a0Les m\u00e9decins et les interventions de l&#8217;\u00c9tat dans le domaine sanitaire, Trois-Rivi\u00e8res et Shawinigan, de 1887 \u00e0 1939\u00a0\u00bb, communication pr\u00e9sent\u00e9e au congr\u00e8s annuel de la Soci\u00e9t\u00e9 canadienne d&#8217;histoire de la m\u00e9decine \u00e0 Ottawa.<\/p>\n","protected":false},"excerpt":{"rendered":"<p>(Novembre 2019) \u00ab \u00c9volution des nouvelles inscriptions aux Baccalaur\u00e9ats en histoire au Qu\u00e9bec, 2007-2008 \u00e0 2018-2019 \u00bb, journ\u00e9e d\u2019\u00e9tudes \u00e0 Qu\u00e9bec, Les \u00e9tudes universitaires de 1er cycle en histoire au Qu\u00e9bec. Portrait, enjeux et perspective d\u2019avenir, 15 novembre 2019. (Mars 2019) en collaboration avec Aline Charles et Yvan Rousseau, \u00ab\u00a0Entre hospices et manoirs de l\u2019\u00e2ge &hellip; <a href=\"https:\/\/portfolio.uqac.ca\/francoisguerard\/communications\/\" class=\"more-link\">Continuer la lecture de <span class=\"screen-reader-text\">COMMUNICATIONS<\/span>  <span class=\"meta-nav\">&rarr;<\/span><\/a><\/p>\n","protected":false},"author":34,"featured_media":0,"parent":0,"menu_order":0,"comment_status":"closed","ping_status":"closed","template":"","meta":{"footnotes":""},"tags":[],"_links":{"self":[{"href":"https:\/\/portfolio.uqac.ca\/francoisguerard\/wp-json\/wp\/v2\/pages\/25"}],"collection":[{"href":"https:\/\/portfolio.uqac.ca\/francoisguerard\/wp-json\/wp\/v2\/pages"}],"about":[{"href":"https:\/\/portfolio.uqac.ca\/francoisguerard\/wp-json\/wp\/v2\/types\/page"}],"author":[{"embeddable":true,"href":"https:\/\/portfolio.uqac.ca\/francoisguerard\/wp-json\/wp\/v2\/users\/34"}],"replies":[{"embeddable":true,"href":"https:\/\/portfolio.uqac.ca\/francoisguerard\/wp-json\/wp\/v2\/comments?post=25"}],"version-history":[{"count":17,"href":"https:\/\/portfolio.uqac.ca\/francoisguerard\/wp-json\/wp\/v2\/pages\/25\/revisions"}],"predecessor-version":[{"id":187,"href":"https:\/\/portfolio.uqac.ca\/francoisguerard\/wp-json\/wp\/v2\/pages\/25\/revisions\/187"}],"wp:attachment":[{"href":"https:\/\/portfolio.uqac.ca\/francoisguerard\/wp-json\/wp\/v2\/media?parent=25"}],"wp:term":[{"taxonomy":"post_tag","embeddable":true,"href":"https:\/\/portfolio.uqac.ca\/francoisguerard\/wp-json\/wp\/v2\/tags?post=25"}],"curies":[{"name":"wp","href":"https:\/\/api.w.org\/{rel}","templated":true}]}}