{"id":27,"date":"2012-07-24T12:57:18","date_gmt":"2012-07-24T12:57:18","guid":{"rendered":"http:\/\/portfolio-pre.uqac.ca\/gabarit\/?page_id=27"},"modified":"2025-05-01T11:34:06","modified_gmt":"2025-05-01T15:34:06","slug":"curriculum-vitae","status":"publish","type":"page","link":"https:\/\/portfolio.uqac.ca\/jacquescherblanc\/curriculum-vitae\/","title":{"rendered":"Curriculum vitae"},"content":{"rendered":"<h2>Professeur titulaire de socioanthropologie et d&#8217;\u00e9thique \u00e0 l&#8217;UQAC<\/h2>\n<h2><strong>Dipl\u00f4mes<\/strong><\/h2>\n<p><strong>PhD <\/strong>en sciences des religions, Universit\u00e9 du Qu\u00e9bec \u00e0 Montr\u00e9al. (Programme\u00a0offert conjointement par l&#8217;Universit\u00e9 du Qu\u00e9bec \u00e0 Montr\u00e9al, l&#8217;Universit\u00e9 Concordia et l&#8217;Universit\u00e9 Laval)<\/p>\n<p><strong>Doctorat <\/strong>en science politique, Ecole doctorale de Science Politique de Bordeaux (Universit\u00e9 Montesquieu-Bordeaux IV\/Sciences Po Bordeaux) &#8211; ED208.<\/p>\n<p><strong>Dipl\u00f4me d&#8217;\u00e9tudes approfondies\u00a0(DEA)<\/strong> en histoire, Universit\u00e9 Jean Moulin-Lyon III.<\/p>\n<p><strong>Ma\u00eetrise<\/strong> en histoire, Universit\u00e9 Jean Moulin-Lyon III.<\/p>\n<h2><strong><br \/>\nAffiliations professionnelles<\/strong><\/h2>\n<div class=\"page\" title=\"Page 4\">\n<div class=\"layoutArea\">\n<div class=\"column\">\n<p><em><strong>Membre de socie\u0301te\u0301s savantes<\/strong><\/em><br \/>\no <a href=\"https:\/\/www.americananthro.org\/\">American Anthropological Association<\/a><br \/>\no <a href=\"https:\/\/www.asanet.org\/\">American Sociological Association<\/a><br \/>\no <a href=\"https:\/\/www.aislf.org\/\">Association Internationale des Sociologues de Langue Franc\u0327aise<\/a><\/p>\n<p><em><strong>Chercheur r\u00e9gulier dans des\u00a0centres et r\u00e9seaux de recherche<\/strong><\/em><br \/>\no Centre de recherche interuniversitaire sur la formation et la profession enseignante de l&#8217;Universit\u00e9 du Qu\u00e9bec (<a href=\"https:\/\/crifpe-uq.ca\/\">CRIFPE-UQ<\/a>)<br \/>\no\u00a0Observatoire sur la sant\u00e9 mentale \u00e9tudiante en enseignement sup\u00e9rieur (OSM\u00c9ES)<br \/>\no\u00a0R\u00e9seau intersectoriel de recherche en sant\u00e9 de l&#8217;Universit\u00e9 du Qu\u00e9bec (<a href=\"https:\/\/risuq.uquebec.ca\/\">RISUQ<\/a>)<br \/>\no\u00a0R\u00e9seau qu\u00e9b\u00e9cois de recherche en soins palliatifs et de fin de vie (<a href=\"https:\/\/www.recherchesoinspalliatifs.ca\/\">RQSPAL<\/a>)<br \/>\no\u00a0Centre intersectoriel en sant\u00e9 durable\u00a0(<a href=\"https:\/\/www.uqac.ca\/santedurable\/\">CISD<\/a>)<\/p>\n<p><em><strong>Membre de comite\u0301s scientifiques<\/strong><\/em><br \/>\no\u00a0Centre international d&#8217;\u00e9tudes sur la mort (<a href=\"https:\/\/ciem-thanatologie.com\/\">CIEM<\/a>) &#8211; International Center for Death Studies (<a href=\"https:\/\/www.ciem-thanatologie.com\/en\/\">ICDS<\/a>)<br \/>\no Revue <a href=\"https:\/\/www.ciem-thanatologie.com\/la-revue-etudes-sur-la-mort\/les-sommaires-detudes-sur-la-mort\/\">E\u0301tudes sur la mort<\/a><\/p>\n<p>&nbsp;<\/p>\n<\/div>\n<\/div>\n<\/div>\n<h2><\/h2>\n","protected":false},"excerpt":{"rendered":"<p>Professeur titulaire de socioanthropologie et d&#8217;\u00e9thique \u00e0 l&#8217;UQAC Dipl\u00f4mes PhD en sciences des religions, Universit\u00e9 du Qu\u00e9bec \u00e0 Montr\u00e9al. (Programme\u00a0offert conjointement par l&#8217;Universit\u00e9 du Qu\u00e9bec \u00e0 Montr\u00e9al, l&#8217;Universit\u00e9 Concordia et l&#8217;Universit\u00e9 Laval) Doctorat en science politique, Ecole doctorale de Science Politique de Bordeaux (Universit\u00e9 Montesquieu-Bordeaux IV\/Sciences Po Bordeaux) &#8211; ED208. Dipl\u00f4me d&#8217;\u00e9tudes approfondies\u00a0(DEA) en histoire, &hellip; <a href=\"https:\/\/portfolio.uqac.ca\/jacquescherblanc\/curriculum-vitae\/\" class=\"more-link\">Continuer la lecture de <span class=\"screen-reader-text\">Curriculum vitae<\/span>  <span class=\"meta-nav\">&rarr;<\/span><\/a><\/p>\n","protected":false},"author":185,"featured_media":0,"parent":0,"menu_order":0,"comment_status":"closed","ping_status":"closed","template":"","meta":{"footnotes":""},"tags":[],"_links":{"self":[{"href":"https:\/\/portfolio.uqac.ca\/jacquescherblanc\/wp-json\/wp\/v2\/pages\/27"}],"collection":[{"href":"https:\/\/portfolio.uqac.ca\/jacquescherblanc\/wp-json\/wp\/v2\/pages"}],"about":[{"href":"https:\/\/portfolio.uqac.ca\/jacquescherblanc\/wp-json\/wp\/v2\/types\/page"}],"author":[{"embeddable":true,"href":"https:\/\/portfolio.uqac.ca\/jacquescherblanc\/wp-json\/wp\/v2\/users\/185"}],"replies":[{"embeddable":true,"href":"https:\/\/portfolio.uqac.ca\/jacquescherblanc\/wp-json\/wp\/v2\/comments?post=27"}],"version-history":[{"count":16,"href":"https:\/\/portfolio.uqac.ca\/jacquescherblanc\/wp-json\/wp\/v2\/pages\/27\/revisions"}],"predecessor-version":[{"id":330,"href":"https:\/\/portfolio.uqac.ca\/jacquescherblanc\/wp-json\/wp\/v2\/pages\/27\/revisions\/330"}],"wp:attachment":[{"href":"https:\/\/portfolio.uqac.ca\/jacquescherblanc\/wp-json\/wp\/v2\/media?parent=27"}],"wp:term":[{"taxonomy":"post_tag","embeddable":true,"href":"https:\/\/portfolio.uqac.ca\/jacquescherblanc\/wp-json\/wp\/v2\/tags?post=27"}],"curies":[{"name":"wp","href":"https:\/\/api.w.org\/{rel}","templated":true}]}}