{"id":4,"date":"2012-07-23T17:46:31","date_gmt":"2012-07-23T17:46:31","guid":{"rendered":"http:\/\/portfolio-pre.uqac.ca\/gabarit\/?page_id=4"},"modified":"2025-06-06T09:59:54","modified_gmt":"2025-06-06T13:59:54","slug":"presentatio","status":"publish","type":"page","link":"https:\/\/portfolio.uqac.ca\/jacquescherblanc\/","title":{"rendered":"Pr\u00e9sentation"},"content":{"rendered":"<p>Jacques Cherblanc, Ph.D., Docteur en science politique\u00a0(Institut d\u2019\u00e9tudes politiques de Bordeaux, France) et Docteur en sciences des religions (Universit\u00e9 du Qu\u00e9bec \u00e0 Montr\u00e9al \/ Concordia University \/ Universit\u00e9 Laval), est \u00e9galement dipl\u00f4m\u00e9 en histoire (ma\u00eetrise et Dipl\u00f4me d\u2019\u00e9tudes approfondies) de l\u2019Universit\u00e9 Jean Moulin \u2013 Lyon 3.<\/p>\n<p>Il est professeur titulaire au D\u00e9partement des sciences humaines et sociales de l\u2019Universit\u00e9 du Qu\u00e9bec \u00e0 Chicoutimi. Il est responsable du <a href=\"https:\/\/www.uqac.ca\/lerars\/\">Laboratoire d\u2019expertise et de recherche en anthropologie rituelle et symbolique<\/a>\u00a0(LERARS). Il travaille sur les enjeux \u00e9thiques de l\u2019int\u00e9gration de la m\u00e9ditation, du yoga et plus globalement des approches spirituelles en sant\u00e9 et services sociaux ainsi qu\u2019en \u00e9ducation. Il est sp\u00e9cialiste des programmes de Culture et citoyennet\u00e9 qu\u00e9b\u00e9coise et d\u2019\u00c9thique et culture religieuse.\u00a0Il a longtemps \u00e9tudi\u00e9 le Service d\u2019animation \u00e0 la vie spirituelle et \u00e0 l\u2019engagement communautaire.<\/p>\n<p>Il\u00a0m\u00e8ne actuellement\u00a0deux importants projets de recherche financ\u00e9s par les Instituts de Recherche en Sant\u00e9 du Canada.\u00a0Le premier vise \u00e0 \u00e9tudier le ph\u00e9nom\u00e8ne de l&#8217;orphelinage au Canada pour dresser un portrait de la sant\u00e9 (physique, mentale, sociale et spirituelle) et des besoins particuliers des jeunes qui ont v\u00e9cu le d\u00e9c\u00e8s de leur(s) parent(s) avant l&#8217;\u00e2ge de 25 ans (<a href=\"https:\/\/webapps.cihr-irsc.gc.ca\/decisions\/p\/project_details.html?applId=499119&amp;lang=fr\" target=\"_blank\" rel=\"noopener\">Projet Orphelins<\/a>). Le second projet est en train de se clore et visait \u00e0 \u00e9tudier les trajectoires de deuil en temps de pand\u00e9mie (<a href=\"https:\/\/www.covideuil.ca\/\">COVIDEUIL<\/a>).<\/p>\n<p>Jacques Cherblanc\u00a0s&#8217;int\u00e9resse \u00e9galement \u00e0\u00a0la sant\u00e9 mentale et \u00e0 l&#8217;accessibilit\u00e9 en milieu universitaire pour les membres (\u00e9tudiants et employ\u00e9s) de certains groupes d\u00e9sign\u00e9s comme vuln\u00e9rables (<a href=\"https:\/\/www.uqac.ca\/labvivant\/\">LabVivant<\/a>).<\/p>\n<p>Il a r\u00e9cemment codirig\u00e9\u00a0quatre\u00a0ouvrages\u00a0:<br \/>\n&#8211;\u00a0<a href=\"https:\/\/www.pulaval.com\/livres\/pedagogie-de-la-finitude-theories-et-pratiques\" target=\"_blank\" rel=\"noopener\">P\u00e9dagogie de la finitude: Th\u00e9ories et pratiques<\/a>, Presses de l&#8217;Universit\u00e9 Laval (2024);<br \/>\n&#8211;\u00a0<a href=\"https:\/\/www.puq.ca\/catalogue\/livres\/yoga-ecole-primaire-universite-4013.html\" target=\"_blank\" rel=\"noopener\">Le yoga de l&#8217;\u00e9cole primaire \u00e0 l&#8217;universit\u00e9. Pourquoi? Comment?<\/a>,\u00a0Presses de l&#8217;Universit\u00e9 du Qu\u00e9bec (2023);<br \/>\n&#8211;\u00a0<a href=\"https:\/\/www.alphil.com\/livres\/1272-1485-mort-et-deuils-en-milieux-scolaires-.html\">Mort et deuil en milieux scolaires. Regards pe\u0301dagogiques, cliniques et socioculturels<\/a>,\u00a0\u00c9ditions Alphil (2022);<br \/>\n&#8211;\u00a0<a href=\"https:\/\/www.puq.ca\/catalogue\/livres\/quand-deuil-complique-3887.html\">Quand le deuil se complique. Vari\u00e9t\u00e9 des manifestations et modes de gestion des complications du deuil<\/a>, Presses de l\u2019Universit\u00e9 du Qu\u00e9bec (2020).<\/p>\n<p>Il coordonne le volet qu\u00e9b\u00e9cois du portail <a href=\"https:\/\/lavielamortonenparle.fr\/\" target=\"_blank\" rel=\"noopener\">La vie, la mort&#8230; on en parle!<\/a>, qui vise \u00e0 fournir des rep\u00e8res et des outils pour accompagner des enfants et des adolescents confront\u00e9s \u00e0 la fin de vie, la mort et le deuil (<a href=\"https:\/\/www.youtube.com\/watch?v=K-krRythPHc\" target=\"_blank\" rel=\"noopener\">vid\u00e9o de pr\u00e9sentation<\/a>). Il est \u00e9galement tr\u00e8s impliqu\u00e9 dans le milieu communautaire, notamment en tant que pr\u00e9sident de <a href=\"https:\/\/www.deuil02passage.org\/\" target=\"_blank\" rel=\"noopener\">Deuil-02<\/a>.<\/p>\n<h2>Champs d&#8217;int\u00e9r\u00eat<\/h2>\n<p>Spiritualit\u00e9 et religion; Enfance et Jeunesse; Fin de vie, mort et deuil; Sant\u00e9 mentale positive;\u00a0\u00c9ducation globale; \u00c9thique\u00a0professionnelle; \u00c9thique de la sant\u00e9 et des services sociaux.<\/p>\n<h2>Chercheur r\u00e9gulier dans les infrastructures de recherche suivantes<\/h2>\n<ul>\n<li><a href=\"https:\/\/www.recherchesoinspalliatifs.ca\/\">R\u00e9seau qu\u00e9b\u00e9cois de recherche en soins palliatifs et de fin de vie (RQSPAL)<\/a><\/li>\n<li><a href=\"https:\/\/cares.inrs.ca\/\">R\u00e9seau Communaut\u00e9s rurales et \u00e9loign\u00e9es en sant\u00e9<\/a><a href=\"https:\/\/cares.inrs.ca\/\"> (CARES)<\/a><\/li>\n<li><a href=\"https:\/\/crifpe-uq.ca\/\">Centre de recherche interuniversitaire sur la formation et la profession enseignante de l\u2019Universit\u00e9 du Qu\u00e9bec\u00a0(CRIFPE-UQ)<\/a><\/li>\n<li><a href=\"https:\/\/ciem-thanatologie.com\/\">Centre international des \u00e9tudes sur la mort (CIEM)<\/a><\/li>\n<li><a href=\"https:\/\/cisd.uqac.ca\/\">Centre intersectoriel en sant\u00e9 durable (CISD)<\/a><\/li>\n<\/ul>\n<h2>Actualit\u00e9 m\u00e9diatique<\/h2>\n<p><a href=\"https:\/\/ici.radio-canada.ca\/ohdio\/premiere\/emissions\/cest-jamais-pareil\/segments\/rattrapage\/2088744\/une-allocation-pour-parents-endeuilles-bientot-disponible\" target=\"_blank\" rel=\"noopener\">Une allocation pour les parents endeuill\u00e9s bient\u00f4t disponible<\/a> [Entrevue radio].<br \/>\nRadio-Canada Premi\u00e8re \u2022 <em data-start=\"213\" data-end=\"234\">C\u2019est jamais pareil<\/em> &#8211; 5 juin 2025<\/p>\n<p><a href=\"https:\/\/ici.radio-canada.ca\/ohdio\/premiere\/emissions\/cest-jamais-pareil\/segments\/rattrapage\/2049265\/epreuve-perte-un-parent-pour-un-jeune-adulte\" target=\"_blank\" rel=\"noopener\"><em data-start=\"114\" data-end=\"170\">L\u2019\u00e9preuve de la perte d\u2019un parent pour un jeune adulte<\/em><\/a> [Entrevue radio]. Radio-Canada Premi\u00e8re \u2022 <em data-start=\"213\" data-end=\"234\">C\u2019est jamais pareil<\/em>\u00a0&#8211; 18 avril 2025<\/p>\n<p><a href=\"https:\/\/ici.radio-canada.ca\/ohdio\/premiere\/emissions\/panorama\/segments\/rattrapage\/1894298\/entrevue-jacques-cherblanc-rites-funeraires-et-endroits-publics\" target=\"_blank\" rel=\"noopener\">Un quai pour disperser les cendres des \u00eatres chers<\/a><br \/>\nRadio-Canada \u2022 <em>Panorama<\/em> &#8211; 30 octobre 2024<\/p>\n<p><a href=\"https:\/\/www.ladn.eu\/tech-a-suivre\/deadbot-comment-les-ia-sont-en-train-de-bouleverser-notre-rapport-a-la-mort\/\" target=\"_blank\" rel=\"noopener\"><em>Deadbot<\/em>\u00a0: comment les IA sont en train de bouleverser notre rapport \u00e0 la mort<\/a><br \/>\nAline Mayard, <em>L&#8217;ADN<\/em> &#8211; 16 octobre 2024<\/p>\n<p><a href=\"https:\/\/www.lenouvelliste.ca\/actualites\/le-fil-des-coops\/2024\/03\/30\/le-lexique-religieux-disparait-tranquillement-du-vocabulaire-TONZZ4FXTFATNNLDXPYX7CDAWI\/\">Le lexique religieux dispara\u00eet tranquillement du vocabulaire<br \/>\n<\/a>Myriam Arsenault, <em>Le Quotidien\u00a0<\/em>&amp;<em> Le Nouvelliste<\/em> \u2013 30 mars 2024<\/p>\n<p><a href=\"https:\/\/ici.radio-canada.ca\/nouvelle\/2053649\/service-police-guinee-bei\" target=\"_blank\" rel=\"noopener\">Une marche et une c\u00e9r\u00e9monie \u00e0 l\u2019UQAC en comm\u00e9moration des \u00e9v\u00e9nements du 28 novembre<br \/>\n<\/a>Radio-Canada\u00a0\u2022\u00a0 Le T\u00e9l\u00e9journal &#8211; 1er mars 2024<\/p>\n<p><a href=\"https:\/\/www.lequotidien.com\/actualites\/actualites-locales\/2024\/03\/01\/etudiant-abattu-en-novembre-hommage-et-commemoration-a-luqac-PM4Y3EG5ORDH7NKZMTC6AE2AVU\/\" target=\"_blank\" rel=\"noopener\">\u00c9tudiant abattu en novembre: hommage et comm\u00e9moration \u00e0 l\u2019UQAC<\/a><br \/>\nJean-Philippe Tremblay, <em>Le Quotidien<\/em> , 1er mars 2024<\/p>\n<p><a href=\"https:\/\/ici.radio-canada.ca\/ohdio\/premiere\/emissions\/place-publique\/episodes\/750496\/rattrapage-lundi-12-fevrier-2024\" target=\"_blank\" rel=\"noopener\">Comment vivre la Saint-Valentin en tant qu\u2019endeuill\u00e9?<br \/>\n<\/a><em>ICI premi\u00e8re<\/em>\u00a0<span class=\"text\">\u2022\u00a0\u00a0<\/span><span class=\"label\"><span class=\"text\">Place publique &#8211;\u00a0<\/span><\/span>12 f\u00e9vrier 2024<\/p>\n<div class=\"sc-16dtrbo-0 sc-16dtrbo-1 glGHex hcTvNW marquee media-info-marquee-title\">\n<div class=\"marquee-container\"><a href=\"https:\/\/ici.radio-canada.ca\/ohdio\/premiere\/emissions\/place-publique\/episodes\/750441\/rattrapage-mardi-28-novembre-2023\" target=\"_blank\" rel=\"noopener\"><span class=\"marquee-content\"><span class=\"marquee-text\"><span class=\"media-info-title\"><span class=\"text\">Qu\u2019est-ce que \u00e7a repr\u00e9sente, le deuil collectif envers Karl Tremblay?<\/span><\/span><\/span><\/span><\/a><\/div>\n<\/div>\n<div class=\"sc-16dtrbo-0 sc-16dtrbo-1 glGHex hcTvNW marquee media-info-marquee-subtitle\">\n<div class=\"marquee-container\"><span class=\"marquee-content\"><span class=\"marquee-text\"><span class=\"media-info-subtitle\"><span class=\"text\"><em>ICI Premi\u00e8re<\/em>\u00a0 \u2022\u00a0\u00a0<\/span><span class=\"label\"><span class=\"text\">Place publique &#8211; 28 novembre 2023<\/span><\/span><\/span><\/span><\/span><\/div>\n<div class=\"marquee-container\"><\/div>\n<div class=\"marquee-container\"><a href=\"https:\/\/www.lequotidien.com\/actualites\/actualites-locales\/2023\/11\/10\/1er-novembre-ou-1er-decembre-pour-les-decorations-de-noel-WHRSJSODJJFIBMQROHMKZNAVVY\/\" target=\"_blank\" rel=\"noopener\">Le 1er novembre ou le 1er d\u00e9cembre pour les d\u00e9corations de No\u00ebl?<\/a><\/div>\n<\/div>\n<p>Carolyne Labrie, <em>Le Quotidien<\/em>, 10 novembre 2023<\/p>\n<p><a title=\"https:\/\/uqac.benchurl.com\/c\/l?u=105CF62A&amp;e=172B7FD&amp;c=9D9D6&amp;t=0&amp;l=D5C44271&amp;email=IYnz4BoyU4MN5dgfwY%2BQCb1uVgek%2Fg2kSsovwQ8feSs%3D&amp;seq=1\" href=\"https:\/\/ici.radio-canada.ca\/ohdio\/premiere\/emissions\/cest-jamais-pareil\/episodes\/750208\/rattrapage-vendredi-10-novembre-2023\/6\" target=\"_blank\" rel=\"noopener\">La pratique du yoga de l\u2019enfance \u00e0 l\u2019\u00e2ge adulte<br \/>\n<\/a><span class=\"text\"><em>\u00c9mission\u00a0ICI Premi\u00e8re<\/em>\u00a0 \u2022\u00a0\u00a0<\/span><span class=\"label\"><span class=\"text\">Place publique &#8211;\u00a0<\/span><\/span> 10 novembre 2023<\/p>\n<p class=\"!font-display text-fluid1 leading-5 font-bold text-gray900 light:text-gray900 dark:text-gray100 break-words\"><a href=\"https:\/\/ici.radio-canada.ca\/nouvelle\/2021924\/funerailles-mort-deces-traditions-cremation\" target=\"_blank\" rel=\"noopener\">Comment les rituels fun\u00e9raires ont-ils chang\u00e9 au fil du temps?<\/a><br \/>\nReportage par Catherine Paradis, Radio-Canada, 29 octobre 2023.<\/p>\n<p><a href=\"https:\/\/www.youtube.com\/watch?v=Y1aQwj9gsIE\" target=\"_blank\" rel=\"noopener\">Du yoga \u00e0 l\u2019\u00e9cole comme outil acad\u00e9mique<\/a><br \/>\nReportage par Catherine Boucher, TVA Nouvelles, 22 octobre 2023.<\/p>\n<p><a href=\"https:\/\/bcove.video\/3SujhJW\">Ra\u00ebl QC<br \/>\n<\/a>Film documentaire par Arnaud Bouquet, diffus\u00e9 sur Vrai, 7 mars 2023<\/p>\n<p>&nbsp;<\/p>\n","protected":false},"excerpt":{"rendered":"<p>Jacques Cherblanc, Ph.D., Docteur en science politique\u00a0(Institut d\u2019\u00e9tudes politiques de Bordeaux, France) et Docteur en sciences des religions (Universit\u00e9 du Qu\u00e9bec \u00e0 Montr\u00e9al \/ Concordia University \/ Universit\u00e9 Laval), est \u00e9galement dipl\u00f4m\u00e9 en histoire (ma\u00eetrise et Dipl\u00f4me d\u2019\u00e9tudes approfondies) de l\u2019Universit\u00e9 Jean Moulin \u2013 Lyon 3. Il est professeur titulaire au D\u00e9partement des sciences humaines &hellip; <a href=\"https:\/\/portfolio.uqac.ca\/jacquescherblanc\/\" class=\"more-link\">Continuer la lecture de <span class=\"screen-reader-text\">Pr\u00e9sentation<\/span>  <span class=\"meta-nav\">&rarr;<\/span><\/a><\/p>\n","protected":false},"author":185,"featured_media":0,"parent":0,"menu_order":0,"comment_status":"closed","ping_status":"closed","template":"","meta":{"footnotes":""},"tags":[],"_links":{"self":[{"href":"https:\/\/portfolio.uqac.ca\/jacquescherblanc\/wp-json\/wp\/v2\/pages\/4"}],"collection":[{"href":"https:\/\/portfolio.uqac.ca\/jacquescherblanc\/wp-json\/wp\/v2\/pages"}],"about":[{"href":"https:\/\/portfolio.uqac.ca\/jacquescherblanc\/wp-json\/wp\/v2\/types\/page"}],"author":[{"embeddable":true,"href":"https:\/\/portfolio.uqac.ca\/jacquescherblanc\/wp-json\/wp\/v2\/users\/185"}],"replies":[{"embeddable":true,"href":"https:\/\/portfolio.uqac.ca\/jacquescherblanc\/wp-json\/wp\/v2\/comments?post=4"}],"version-history":[{"count":56,"href":"https:\/\/portfolio.uqac.ca\/jacquescherblanc\/wp-json\/wp\/v2\/pages\/4\/revisions"}],"predecessor-version":[{"id":334,"href":"https:\/\/portfolio.uqac.ca\/jacquescherblanc\/wp-json\/wp\/v2\/pages\/4\/revisions\/334"}],"wp:attachment":[{"href":"https:\/\/portfolio.uqac.ca\/jacquescherblanc\/wp-json\/wp\/v2\/media?parent=4"}],"wp:term":[{"taxonomy":"post_tag","embeddable":true,"href":"https:\/\/portfolio.uqac.ca\/jacquescherblanc\/wp-json\/wp\/v2\/tags?post=4"}],"curies":[{"name":"wp","href":"https:\/\/api.w.org\/{rel}","templated":true}]}}