{"id":20,"date":"2012-07-23T20:20:59","date_gmt":"2012-07-23T20:20:59","guid":{"rendered":"http:\/\/portfolio-pre.uqac.ca\/gabarit\/?page_id=20"},"modified":"2026-01-07T10:56:30","modified_gmt":"2026-01-07T15:56:30","slug":"publications","status":"publish","type":"page","link":"https:\/\/portfolio.uqac.ca\/jeannesimard\/publications\/","title":{"rendered":"Publications"},"content":{"rendered":"<p style=\"text-align: left\">(Liste s\u00e9lective)<\/p>\n<h2 style=\"text-align: justify\">\u00a0<strong>Articles<\/strong><\/h2>\n<p><span class=\"familyName\">Aubin<\/span>,\u00a0 F., <span class=\"familyName\">Mayer, J.<\/span> et <span class=\"familyName\">Simard, J. (2025). <\/span><span dir=\"ltr\">Bonnes pratiques et lancement d\u2019alerte : le cas de la l\u00e9gislation qu\u00e9b\u00e9coise.<\/span>\u00a0<em>\u00c9thique publique<\/em> [En ligne], vol. 27, n\u00b0 1-2 | 2025. <span dir=\"ltr\">URL<\/span>\u00a0: http:\/\/journals.openedition.org\/ethiquepublique\/9495\u00a0;\u00a0<span dir=\"ltr\">DOI<\/span>\u00a0: https:\/\/doi.org\/10.4000\/1597r<\/p>\n<p>Aubin, F., Mayer, J. et Simard, J. (2025). \u00c0 l\u2019intersection des lois relatives au lancement d\u2019alerte et \u00e0 la protection des sources journalistiques au Qu\u00e9bec : un test de proportionnalit\u00e9 n\u00e9cessaire pour l\u2019alerte publique \u00bb, (2025) 30-1 <i>Lex Electronica<\/i>, 32-77. En ligne : https:\/\/www.lex-electronica.org\/s\/3591.<\/p>\n<p>Simard, J., Mayer, J. et Aubin, F. (2024). Int\u00e9grit\u00e9 publique au Qu\u00e9bec : critiques et observations des modifications \u00e0 la Loi facilitant la divulgation d\u2019actes r\u00e9pr\u00e9hensibles \u00e0 l\u2019\u00e9gard des organismes publics et du projet de loi n\u00b0 53.\u00a0<em>Revue Organisations &amp; Territoires<\/em>,\u00a0<em>33<\/em>(2), 121\u2013151. <a href=\"https:\/\/doi.org\/10.1522\/revueot.v33n2.1803\">https:\/\/doi.org\/10.1522\/revueot.v33n2.1803<\/a><\/p>\n<p>Simard, J., Mayer, J. et Aubin, F. (2024). Int\u00e9grit\u00e9 publique au Canada : description, critiques et observations des r\u00e9formes propos\u00e9es par le projet de loi C-290 \u00e0 la Loi sur la protection des fonctionnaires divulgateurs d\u2019actes r\u00e9pr\u00e9hensibles.\u00a0<em>Revue Organisations &amp; Territoires<\/em>,\u00a0<em>33<\/em>(2), 152\u2013176. <a href=\"https:\/\/doi.org\/10.1522\/revueot.v33n2.1802\">https:\/\/doi.org\/10.1522\/revueot.v33n2.1802<\/a><\/p>\n<p>Aubin, F., Houle, S. et Simard, J. (2024). Les deux probl\u00e8mes publics de l\u2019affaire Robert.\u00a0<em>Revue Organisations &amp; Territoires<\/em>,\u00a0<em>33<\/em>(2), 177\u2013186. <a href=\"https:\/\/doi.org\/10.1522\/revueot.v33n2.1804\">https:\/\/doi.org\/10.1522\/revueot.v33n2.1804<\/a><\/p>\n<p>Simard, J. et Fines, L. (2024).\u00a0La criminalit\u00e9 \u00e9conomique : une analyse des dispositions normatives qu\u00e9b\u00e9coises sous l\u2019angle de la criminalit\u00e9 en col blanc. R<em>evue Organisations &amp; Territoires.<\/em>\u00a033(1), 73-102.\u00a0https:\/\/doi.org\/10.1522\/revueot.v33n1.1715<\/p>\n<p>Ouedraogo, S., Simard, J. et Desjardins, F. (2023). Enjeux contemporains de la s\u00e9curit\u00e9 alimentaire.\u00a0<i>Revue Organisations &amp; Territoires<\/i>.\u00a0<i>31<\/i>(3), V-VII. https:\/\/doi.org\/10.1522\/revueot.v31n3.1514<\/p>\n<p>Jeanne Simard et France Desjardins (2022).\u00a0La corruption internationale et nationale : une analyse des dispositions normatives canadiennes applicables dans les secteurs publics et priv\u00e9s.\u00a0<i>Revue Organisations &amp; Territoires<\/i>,\u00a0<i>31<\/i>(2), 111\u2013140. https:\/\/doi.org\/10.1522\/revueot.v31n2.1486<\/p>\n<p>Jeanne Simard, France Desjardins et Marc-Andr\u00e9 Morency (2021). La protection des lanceurs d\u2019alerte au Canada et au Qu\u00e9bec : un \u00e9tat des lieux. <em>Organisations et territoires<\/em>, <em>30<\/em>(2), 101-128.\u00a0https:\/\/doi.org\/10.1522\/revueot.v30n2.1355<\/p>\n<p style=\"text-align: justify\">Benoit Lapointe, Jeanne Simard, Marc-Andr\u00e9 Morency, Salmata Ouedraogo (2018).\u00a0\u00a0Les faits de corruption \u00e0 l\u2019\u00e9chelle internationale : le r\u00f4le des pouvoirs publics canadiens et des outils de soft law. <em>Organisations et territoires<\/em>, <em>27<\/em>(2), 49-73. https:\/\/doi.org\/10.1522\/revueot.v27n2.871<\/p>\n<p style=\"text-align: justify\">Imen Latrous, Marc-Andr\u00e9 Morency, Salmata Ouedraogo (2017). La gouvernance d&#8217;entreprise au Canada: un domaine en transition. Organisations et territoires ,\u00a0<em>26<\/em>(1-2), 25-43.<\/p>\n<p style=\"text-align: justify\">Jeanne Simard, Marc-Andr\u00e9 Morency, Catherine Larouche (2017), La direction d&#8217;\u00e9cole : entre droit, d\u00e9ontologie, morale et \u00e9thique, <em>\u00a0<a href=\"https:\/\/www.aderae.ca\/wp-content\/uploads\/2017\/12\/Revue_ERAdE_Vol1_No1_Simard_et_collab.pdf\">Revue ERADE<\/a><\/em>, <em>1<\/em>(1), 64-82.<\/p>\n<p style=\"text-align: justify\">Catherine-Ann Blackburn, Marc-Andr\u00e9 Morency, Jeanne Simard (2016). Strat\u00e9gies d\u00e9cisionnelles et gestion de projet: les contraintes en droit canadien, <a href=\"https:\/\/constellation.uqac.ca\/4227\/\"><span style=\"text-decoration: underline\">Organisations et territoires<\/span><\/a>, 25(1), 5-20.<\/p>\n<p style=\"text-align: justify\">Jeanne Simard, Marc-Andr\u00e9 Morency (2015), \u00abM\u00e9tamorphose des responsabilit\u00e9s en gestion: de la r\u00e9trospective \u00e0 la prospective\u00bb,\u00a0<a href=\"https:\/\/constellation.uqac.ca\/3186\/\"><span style=\"text-decoration: underline\">Organisations et territoires<\/span><\/a>, vol. 24, no 1, 19-38 .<\/p>\n<p style=\"text-align: justify\">Marc-Andr\u00e9 Morency, Jeanne Simard (2015), \u00abLa d\u00e9marche d\u00e9cisionnelle du gestionnaire en situation complexe : une mod\u00e9lisation\u00bb, <a href=\"https:\/\/constellation.uqac.ca\/3945\/\"><span style=\"text-decoration: underline\">Revue des sciences de la gestion<\/span><\/a>, no 271, 29-35.<\/p>\n<p style=\"text-align: justify\">Jeanne Simard, Marc-Andr\u00e9 Morency (2014), \u00abResponsabilit\u00e9 soci\u00e9tale des professionnels \u00e0 l&#8217;horizon du d\u00e9veloppement\u00bb, <a href=\"https:\/\/constellation.uqac.ca\/3248\/\"><span style=\"text-decoration: underline\">Organisations et territoires<\/span>,<\/a> vol. 23, no 1-2, 15-23.<\/p>\n<p style=\"text-align: justify\">Jeanne Simard, Marc-Andr\u00e9 Morency, Marilyne Simard, Manon Par\u00e9 (2014), \u00abISO 26000 : la nouvelle <em>lingua franca<\/em> de la responsabilit\u00e9 soci\u00e9tale ?\u00bb, <a href=\"https:\/\/constellation.uqac.ca\/3249\/\"><span style=\"text-decoration: underline\">Organisations et territoires<\/span><\/a>, vol. 22, no 3, 24-34.<\/p>\n<p style=\"text-align: justify\">Jeanne Simard, Marc-Andr\u00e9 Morency (2013), \u00abLa confiance vigilante: les instruments de la saine gouvernance\u00bb, <a href=\"https:\/\/constellation.uqac.ca\/3250\/\"><span style=\"text-decoration: underline\">Organisations et territoires<\/span><\/a>, vol. 21, no. 3, 19-28.<\/p>\n<p style=\"text-align: justify\">Jeanne Simard, Marc-Andr\u00e9 Morency et Catherine-Ann Blackburn (2012), \u00abObligations et responsabilit\u00e9s en mati\u00e8re de gestion de projet\u00bb,<a href=\"https:\/\/constellation.uqac.ca\/4443\/\"><span style=\"text-decoration: underline\"> La Revue Francophone du Management de Projet (CIBLE)<\/span><\/a>, no. 119, 2012, 4-10.<\/p>\n<p style=\"text-align: justify\">Jeanne Simard et Marc-Andre Morency (2011), \u00ab\u00a0l\u2019interpr\u00e9tation du droit par les juristes. La place de la d\u00e9lib\u00e9ration \u00e9thique<em>\u00bb<\/em>, <a href=\"https:\/\/www.erudit.org\/revue\/ateliers\/2011\/v6\/n2\/1008030ar.html?vue=resume\" target=\"_blank\" rel=\"noopener\"><span style=\"text-decoration: underline\">Les Ateliers de l&#8217;\u00e9thique \/ The Ethics Forum<\/span><\/a>, vol. 6, no. 2, automne 2011.<\/p>\n<p style=\"text-align: justify\">Jeanne Simard et Marc-Andr\u00e9 Morency (2011), \u00abRapports de voisinage et d\u00e9veloppement : la responsabilit\u00e9 sans faute selon la Cour supr\u00eame du Canada\u00bb,\u00a0<a href=\"https:\/\/constellation.uqac.ca\/3251\/\"><span style=\"text-decoration: underline\">Organisations et territoires<\/span><\/a>, vol. 20, no 2-3, 65-74.<\/p>\n<p style=\"text-align: justify\">Jeanne Simard et Marc-Andr\u00e9 Morency (2009), \u00abGouvernance et d\u00e9veloppement : les approches l\u00e9gislatives canadienne et qu\u00e9b\u00e9coise\u00bb,\u00a0<span style=\"text-decoration: underline\">Revue des sciences de la gestion<\/span>, no 239-240, 69-77.<\/p>\n<p style=\"text-align: justify\">Jeanne Simard et Marc-Andr\u00e9 Morency (2009), \u00abLa formation aux ordres sociaux et \u00e0 la d\u00e9lib\u00e9ration \u00e9thique : le praticien r\u00e9flexif et la gestion de probl\u00e8mes complexes \u00bb\u00a0<span style=\"text-decoration: underline\">Organisations et territoires<\/span>, vol. 18, n\u00ba 1.<\/p>\n<p style=\"text-align: justify\">Marc-Andr\u00e9 Morency, Jeanne Simard et Robert P\u00e9pin (2009), \u00abVers une consolidation de l\u2019encadrement des professionnels et de la protection du public au Qu\u00e9bec \u00bb\u00a0<a href=\"https:\/\/constellation.uqac.ca\/3247\/\"><span style=\"text-decoration: underline\">Revue \u00c9thique publique<\/span><\/a>, \u00c9dition Liber, vol. 11, n\u00ba 1.<\/p>\n<p style=\"text-align: justify\">Marc-Andr\u00e9 Morency et Jeanne Simard (2008), \u00ab L\u2019\u00e9volution du contrat en droit qu\u00e9b\u00e9cois : instrument d\u2019\u00e9quit\u00e9 ou d\u2019iniquit\u00e9 entre partenaires sociaux\u00bb,\u00a0<a href=\"https:\/\/constellation.uqac.ca\/3192\/\"><span style=\"text-decoration: underline\">Organisations et territoires<\/span><\/a>, vol. 17, n<sup>o<\/sup>\u00a02.<\/p>\n<p style=\"text-align: justify\">Marc-Andr\u00e9 Morency et Jeanne Simard (2007), \u00abR\u00e9gie d&#8217;entreprise et gouvernance collective comme \u00e9l\u00e9ments de la formation et de la r\u00e9partition du capital au Canada\u00bb,\u00a0<span style=\"text-decoration: underline\">Organisations et territoires<\/span>, vol. 16, n<sup>o<\/sup>\u00a02.<\/p>\n<p style=\"text-align: justify\">Marc-Andr\u00e9 Morency et Jeanne Simard (2006), \u00abLe r\u00f4le de fiduciaire des administrateurs de soci\u00e9t\u00e9s par actions et la responsabilit\u00e9 sociale des entreprises : la Cour supr\u00eame du Canada se prononce dans l\u2019affaire Peoples\u00bb <span style=\"text-decoration: underline\">Organisations et territoires<\/span>, vol. 15, no 1, 53-60.<\/p>\n<p style=\"text-align: justify\">Marc-Andr\u00e9 Morency et Jeanne Simard (2006), \u00abLe cadre d\u2019\u00e9thique dans l\u2019organisation : un processus de cr\u00e9ation soumis \u00e0 des contraintes \u00bb <span style=\"text-decoration: underline\">Ethica,<\/span> vol. 16, n<sup>o <\/sup>1, 11-33.<\/p>\n<p style=\"text-align: justify\">Marc-Andr\u00e9 Morency et Jeanne Simard et Robert P\u00e9pin (2006), \u00ab Le triple statut des professionnels salari\u00e9s et son impact sur l\u2019encadrement des praticiens r\u00e9flexifs \u00bb, <span style=\"text-decoration: underline\">Interventions<\/span>, n<sup>o<\/sup> 125, 194-203.<\/p>\n<p style=\"text-align: justify\">Marc-Andr\u00e9 Morency et Jeanne Simard (2005), \u00abLa responsabilit\u00e9 des intervenants : entre droit, d\u00e9ontologie et \u00e9thique\u00bb,\u00a0<span style=\"text-decoration: underline\">Interventions<\/span>, n\u00ba 122, 148- 157.<\/p>\n<p style=\"text-align: justify\">Roger de la Sablonni\u00e8re, Jeanne Simard et Marc-Andr\u00e9 Morency (2005), \u00abNouvelles approches documentaires dans la p\u00e9dagogie des sciences \u00e9conomiques et administratives \u00bb,<span style=\"text-decoration: underline\">\u00a0Documentation et biblioth\u00e8ques<\/span>, vol. 51, n\u00ba 3, 193-201.<\/p>\n<p style=\"text-align: justify\">Marc-Andr\u00e9 Morency et Jeanne Simard (2004), \u00abAux sources de la d\u00e9ontologie qu\u00e9b\u00e9coise : l&#8217;organisation entre la morale et le droit\u00bb, <span style=\"text-decoration: underline\">Organisations et territoires<\/span>, vol. 18, 63-70. Le document est disponible \u00e0 l\u2019adresse suivante :\u00a0<a href=\"https:\/\/sdeir1.uqac.ca\/document_13827401.html\">https:\/\/sdeir1.uqac.ca\/document_13827401.html<\/a><\/p>\n<p style=\"text-align: justify\">Marc-Andr\u00e9 Morency et Jeanne Simard (2003), \u00ab La responsabilit\u00e9 sociale des entreprises : vers un nouveau consensus canadien \u00bb, <span style=\"text-decoration: underline\">Organisations et territoires<\/span>, vol. 14, 101-108. Le document est disponible \u00e0 l\u2019adresse suivante :\u00a0<a href=\"https:\/\/sdeir.uqac.ca\/doc_numerique\/format\/PDF\/13827400.pdf\">https:\/\/sdeir.uqac.ca\/doc_numerique\/format\/PDF\/13827400.pdf<\/a><\/p>\n<p style=\"text-align: justify\">Jeanne Simard et Marc-Andr\u00e9 Morency (2002), \u00abDroit, d\u00e9ontologie et \u00e9thique : distinctions et applications en gestion\u00bb, <span style=\"text-decoration: underline\">Organisations et territoires<\/span>, vol. 11, 13-18. Le document est disponible \u00e0 l\u2019adresse suivante :\u00a0<a href=\"https:\/\/sdeir.uqac.ca\/doc_numerique\/format\/PDF\/13827399.pdf\">https:\/\/sdeir.uqac.ca\/doc_numerique\/format\/PDF\/13827399.pdf<\/a><\/p>\n<p style=\"text-align: justify\">Jeanne Simard (2001), \u00abL&#8217;interpr\u00e9tation l\u00e9gislative au Canada : la th\u00e9orie \u00e0 l&#8217;\u00e9preuve de la pratique\u00bb, <span style=\"text-decoration: underline\">Revue juridique Th\u00e9mis<\/span>, vol. 35, 549-661. Le document est disponible \u00e0 l\u2019adresse suivante :\u00a0<a href=\"https:\/\/sdeir1.uqac.ca\/document_13827398.html\">https:\/\/sdeir1.uqac.ca\/document_13827398.html<\/a><\/p>\n<h2 style=\"text-align: justify\">Articles dans les ouvrages collectifs<\/h2>\n<p><span style=\"font-weight: 400\">Simard, J. et Aubin, F. (2026). Les niveaux de responsabilit\u00e9 des lanceurs d&#8217;alerte : perspectives et enjeux pour les professionnels et les salari\u00e9s des organisations publiques. Dans Ivan Tchotourian, Jordan Mayer et Jade Laflamme (dir.), <em>Gouvernance des organisations et enjeux soci\u00e9taux. Une perspective d&#8217;\u00e9thique appliqu\u00e9e,<\/em> Qu\u00e9bec, Presses de l&#8217;Universit\u00e9 Laval (soumis et accept\u00e9, \u00e0 para\u00eetre au printemps 2026).<\/span><\/p>\n<p style=\"text-align: justify\">Jeanne Simard, Marc-Andr\u00e9 Morency, Jacinthe Douesnard et Laetitia Larouche (2019). Le syst\u00e8me \u00e9conomique mondialis\u00e9 et les d\u00e9sordres dans les organisations. Dans F.B. Malo, J.D. Thwaites et Y. Hall\u00e9e.\u00a0<em>L\u2019humain, plus qu&#8217;une ressource au coeur de la gestion (p. 258-285).\u00a0<\/em>Presses de l&#8217;Universit\u00e9 Laval.\u00a0https:\/\/doi.org\/10.2307\/j.ctv1g2471d.17<\/p>\n<p style=\"text-align: justify\">Jeanne Simard, Marc-Andr\u00e9 Morency (2015), \u00abL&#8217;\u00e9rosion de la confiance dans la gouvernance des organisations publiques et priv\u00e9es : la socialit\u00e9 en crise\u00bb, <span style=\"text-decoration: underline\">D\u00e9mocratie, gouvernance et participation citoyenne<\/span>, Michel Roche, Suzanne Tremblay (dir.),\u00a0Groupe de recherche et d&#8217;intervention r\u00e9gionales, Chicoutimi, Universit\u00e9 du Qu\u00e9bec \u00e0 Chicoutimi.<\/p>\n<p style=\"text-align: justify\">Jeanne Simard, Marc-Andr\u00e9 Morency (2014), \u00abProfessionnalisme et d\u00e9veloppement. Le probl\u00e8me des silos disciplinaires, normatifs, organisationnels et nationaux\u00bb, <span style=\"text-decoration: underline\">M\u00e9langes en l&#8217;honneur du professeur Nicole Decoopman. Les fronti\u00e8res du droit<\/span>, Morgane Daury-Fauvreau, Fran\u00e7ois H\u00e9not, Jos\u00e9 Lefebvre (dir.), Centre de droit priv\u00e9 et de sciences criminelles d&#8217;Amiens &#8211; CEPRISCA, Presses Universitaires de France &#8211; PUF.<\/p>\n<p style=\"text-align: justify\">Jeanne Simard et Marc-Andr\u00e9 Morency (2014), \u00abPerspectives pour la recherche et l&#8217;intervention en d\u00e9veloppement local et r\u00e9gional : le r\u00f4le des professionnels\u00bb, <span style=\"text-decoration: underline\">Enjeux th\u00e9oriques et pratiques en d\u00e9veloppement local et r\u00e9gional : 30 ans de recherche au GRIR,<\/span> Danielle Maltais, Suzanne Tremblay (dir.), Groupe de recherche et d&#8217;intervention r\u00e9gionales, Chicoutimi, Universit\u00e9 du Qu\u00e9bec \u00e0 Chicoutimi.<\/p>\n<p style=\"text-align: justify\">Jeanne Simard et Marc-Andr\u00e9 Morency (2013), \u00abD\u00e9cisions r\u00e9centes des l\u00e9gislateurs et des tribunaux en mati\u00e8re de gouvernance et de d\u00e9veloppement\u00bb, <span style=\"text-decoration: underline\">Penser le d\u00e9veloppement<\/span>, Pierre-Andr\u00e9 Tremblay, Suzanne Tremblay (dir.), Groupe de recherche et d&#8217;intervention r\u00e9gionales, Chicoutimi, Universit\u00e9 du Qu\u00e9bec \u00e0 Chicoutimi, 217-242.<\/p>\n<p style=\"text-align: justify\">Jeanne Simard et Marc-Andr\u00e9 Morency (2011), \u00abInterpr\u00e9tation des lois et cr\u00e9ation des normes : perspectives ouvertes dans l\u2019\u00e9tude multidisciplinaire du ph\u00e9nom\u00e8ne juridique\u00bb, <span style=\"text-decoration: underline\">Interpretatio non cessat : M\u00e9langes en l\u2019honneur de Pierre-Andr\u00e9 C\u00f4t\u00e9<\/span>, St\u00e9phane Beaulac, Mathieu Devinat (dir.), Montr\u00e9al, \u00c9ditions Yvon Blais.<\/p>\n<p style=\"text-align: justify\">Jeanne Simard et Marc-Andr\u00e9 Morency (2009), \u00abL\u2019interpr\u00e9tation musicale comme analogue \u00e0 l\u2019interpr\u00e9tation des lois : Herm\u00e8s rencontre Euterpe\u00bb,\u00a0<span style=\"text-decoration: underline\">Le texte mis \u00e0 nu<\/span>, Karim Benyekhlef (Dir.) Montr\u00e9al, \u00c9ditions Th\u00e9mis.<\/p>\n<p style=\"text-align: justify\">Marc-Andr\u00e9 Morency et Jeanne Simard (2003), \u00abDroit, d\u00e9ontologie et \u00e9thique : distinctions et applications en mati\u00e8re de gestion et de d\u00e9veloppement\u00bb,\u00a0num\u00e9ro sp\u00e9cial \u00e0 l&#8217;occasion du 20<sup>e<\/sup>\u00a0anniversaire du GRIR, Chicoutimi, Universit\u00e9 du Qu\u00e9bec \u00e0 Chicoutimi.<\/p>\n<h2 style=\"text-align: justify\"><strong>Monographies <\/strong><\/h2>\n<p style=\"text-align: justify\">Jeanne Simard, Marc-Andr\u00e9 Morency, Alexandre Boivin (2006), Commentaires sur le Code de d\u00e9ontologie des administrateurs agr\u00e9\u00e9s du Qu\u00e9bec, Chaire de responsabilit\u00e9 sociale et de d\u00e9veloppement durable, UQAM, 112 p. Le document est disponible \u00e0 l\u2019adresse suivante : <a href=\"https:\/\/www.crsdd.uqam.ca\/pdf\/pdfCahiersRecherche\/2006\/03-2006.pdf\">www.crsdd.uqam.ca\/pdf\/pdfCahiersRecherche\/2006\/03-2006.pdf<\/a><\/p>\n<p style=\"text-align: justify\">Jeanne Simard (1999), L&#8217;interpr\u00e9tation l\u00e9gislative au Canada : la th\u00e9orie \u00e0 l&#8217;\u00e9preuve de la pratique, Th\u00e8se de doctorat, Universit\u00e9 de Montr\u00e9al, 300 p.<\/p>\n<h2 style=\"text-align: justify\">Compte rendu<\/h2>\n<p>Jeanne Simard et Marc-Andr\u00e9 Morency (2018, octobre-d\u00e9cembre). [Compte-rendu du livre\u00a0<em>Les crimes environnementaux et l\u2019innocence pers\u00e9cutrice<\/em> par L. Fines], dans Robert, P. (2018). Notes bibliographiques. <em>Revue de science criminelle et de droit p\u00e9nal compar\u00e9<\/em>, <em>3<\/em>(3), 771-779 et 2019 dans la <em>Revue canadienne de criminologie et de justice p\u00e9nale<\/em> (Ottawa).<\/p>\n<p>Jeanne Simard et Marc-Andr\u00e9 Morency (2016). [Compte-rendu du livre\u00a0<em>Corruption et fiscalit\u00e9\u00a0: l\u2019entreprise face \u00e0 ses pratiques internationales\u00a0<\/em>par B. Lapointe], <em>Organisations &amp; Territoires<\/em>, 25(2), 81-82.<\/p>\n<p style=\"text-align: justify\">Jeanne\u00a0Simard (2013), [Compte rendu du livre\u00a0<i>Repenser la responsabilit\u00e9 sociale de l&#8217;entreprise : l&#8217;\u00e9cole de Montr\u00e9al<\/i>\u00a0par C. Gendron et B. Girard (dir.)],\u00a0<span style=\"text-decoration: underline\">Organisations &amp; territoires<\/span><i>, 22<\/i>(3), 93-94.<\/p>\n<h2 style=\"text-align: justify\"><strong>Chroniques dans les journaux et les bulletins professionnels <\/strong><\/h2>\n<p style=\"text-align: justify\">Jeanne Simard et Jacques Papy (2014), \u00abD\u00e9veloppement durable. Un terrain fertile \u00e0 la cr\u00e9ation de valeur\u00bb,<a href=\"https:\/\/www.adma.qc.ca\/Publications\/INFO_ADMA\/~\/media\/21526B0001AB4DB9B7267E742321864E.ashx\"> <span style=\"text-decoration: underline\">Info Adm.A<\/span>.<\/a>, vol. 4, n<sup>o<\/sup> 4, f\u00e9vrier 2014.<\/p>\n<p style=\"text-align: justify\">Jeanne Simard et Marc-Andr\u00e9 Morency (2013), \u00abLa confiance vigilante: les instruments de la saine gouvernance\u00bb, <a href=\"https:\/\/www.adma.qc.ca\/Publications\/INFO_ADMA\/Info%20Adm,-d-,A,-d-,_Avril_2013\/Chronique_Simard.aspx\">InfoAdmA<\/a>, vol. 3, no 3, avril 2013.<\/p>\n<p style=\"text-align: justify\">Jeanne Simard et Marc-Andr\u00e9 Morency (2012), \u00abL&#8217;administrateur agr\u00e9\u00e9 et le maintien de la confiance comme ciment de la socialit\u00e9\u00bb, <a href=\"https:\/\/www.adma.qc.ca\/Publications\/INFO_ADMA\/Info%20Adm,-d-,A,-d-,_Nov%202012\/Chronique_Jeanne%20Simard.aspx\" target=\"_blank\" rel=\"noopener\"><span style=\"text-decoration: underline\">Info Adm.A.<\/span><\/a>, vol. 2, no 9, novembre 2012.<\/p>\n<p style=\"text-align: justify\">Jeanne Simard et Marc-Andr\u00e9 Morency (2011), \u00abLa responsabilit\u00e9 sociale du gestionnaire professionnel\u00bb, <a href=\"https:\/\/www.adma.qc.ca\/Publications\/INFO_ADMA\/Info%20Adm,-d-,A,-d-,_Dec%202011\/Chronique%20Adm,-d-,A,-d-,%20-%20La%20responsabilite%20sociale%20du%20gestionnaire%20professionnel.aspx\"><span style=\"text-decoration: underline\">Info Adm.A.<\/span>,<\/a> n<sup>o <\/sup>3, d\u00e9cembre 2011.<\/p>\n<p style=\"text-align: justify\">Yos\u00e9line Leunens, Jeanne Simard et Marc-Andr\u00e9 Morency (2007), \u00abLes cercles de dialogue : une fa\u00e7on de se pr\u00e9parer \u00e0 aborder la complexit\u00e9\u00bb, <span style=\"text-decoration: underline\">Bulletin Dimension<\/span>, vol. 18, n<sup>o<\/sup> 3.<\/p>\n<p style=\"text-align: justify\">Bernard Brault, Farid Ben Hassel, Yos\u00e9line Leunens, Jeanne Simard (2007), \u00ab Synth\u00e8se de la Table ronde \u00bb, sp\u00e9cial Congr\u00e8s 2007 \u00ab Adm. A. : le titre incontournable! Pourquoi ?\u00bb, <span style=\"text-decoration: underline\">Bulletin Dimension<\/span>, vol. 18, n<sup>o<\/sup> 2, p. 13-14.<\/p>\n<p style=\"text-align: justify\">Marc-Andr\u00e9 Morency et Jeanne Simard, \u00abLa responsabilit\u00e9 sociale des entreprises \u00bb, Chronique entrepreneuriale, <span style=\"text-decoration: underline\">Le Quotidien<\/span>, 10 f\u00e9vrier 2004, p.11.<\/p>\n<p style=\"text-align: justify\">Marc-Andr\u00e9 Morency et Jeanne Simard (2004), \u00abLe r\u00f4le des mentors comme passeurs de normes et de valeurs : entre droit, d\u00e9ontologie, morale et \u00e9thique \u00bb, <span style=\"text-decoration: underline\">Actes du 5<sup>e<\/sup> Rendez-vous annuel : R\u00e9seau de mentorat de la Fondation de l\u2019entrepreneurship<\/span>, Chicoutimi, les 29, 30 juin et 1er juillet 2004.<\/p>\n<h2 style=\"text-align: justify\"><strong>Entretiens<\/strong><\/h2>\n<p>Simard, J. et Desjardins, F. (2018). L\u2019 entretien de Jeanne Simard et France Desjardins avec Simon Gagn\u00e9, directeur g\u00e9n\u00e9ral d\u2019Eur\u00eako!.\u00a0<i>Revue Organisations &amp; Territoires<\/i>,\u00a0<i>27<\/i>(2), 131-136. https:\/\/doi.org\/10.1522\/revueot.v27n2.880<\/p>\n<p>Ouedraogo, S., Simard, J. et Desjardins, F. (2019). Marcel Bouchard, propri\u00e9taire et chef de l\u2019Auberge des 21.\u00a0<i>Revue Organisations &amp; Territoires<\/i>,\u00a0<i>28<\/i>(2), 129-135. https:\/\/doi.org\/10.1522\/revueot.v28n2.1054<\/p>\n<p>Salmata Ouedraogo, Jeanne Simard et France Desjardins avec Marc-Urbain Proulx. <em>Organisations &amp; Territoires<\/em> (2019), <em>28<\/em>(3).<\/p>\n<p>Ouedraogo, S., Simard, J. et Desjardins, F. (2020). Ga\u00e9tan Tremblay, directeur g\u00e9n\u00e9ral de Voltam.\u00a0<i>Revue Organisations &amp; Territoires<\/i>,\u00a0<i>28<\/i>(3), 125-132. https:\/\/doi.org\/10.1522\/revueot.v28n3.1089<\/p>\n<p>Desjardins, F. et Simard, J. (2022). Jonathan Drolet, politologue, MBA, cogestionnaire du projet Maison M\u00e8re \u00e0 Baie-Saint-Paul.\u00a0<i>Revue Organisations &amp; Territoires<\/i>,\u00a0<i>31<\/i>(2), 141\u2013147. https:\/\/doi.org\/10.1522\/revueot.v31n2.1487<\/p>\n<p>Desjardins, F.\u00a0 et Simard, J. (2022). Sophie Dufour, avocate, MBA et CRHA Fondatrice de SD Standard et confondatrice de l\u2019espace de cotravail Le Bureau \u2013 Milieu d\u2019affaires.\u00a0<i>Revue Organisations &amp; Territoires<\/i>,\u00a0<i>31<\/i>(2), 149\u2013153. https:\/\/doi.org\/10.1522\/revueot.v31n2.1488<\/p>\n<p>Desjardins, F. et Simard, J. (2022). Julie Bouchard, professeure et chercheuse en neuropsychologie clinique: D\u00e9partement des sciences de la sant\u00e9, Universit\u00e9 du Qu\u00e9bec \u00e0 Chicoutimi.\u00a0<i>Revue Organisations &amp; Territoires<\/i>,\u00a0<i>30<\/i>(3), 157\u2013160. https:\/\/doi.org\/10.1522\/revueot.v30n3.1390<\/p>\n<p>Desjardins, F. et Simard, J. (2022). Carole Dionne, professeure en sciences infirmi\u00e8res: D\u00e9partement des sciences de la sant\u00e9, Universit\u00e9 du Qu\u00e9bec \u00e0 Chicoutimi.\u00a0<i>Revue Organisations &amp; Territoires<\/i>,\u00a0<i>30<\/i>(3), 153\u2013156. https:\/\/doi.org\/10.1522\/revueot.v30n3.1389<\/p>\n<p>Desjardins, F. et Simard, J. (2022). Juan-Luis Klein et Pierre-Andr\u00e9 Tremblay du projet Ateliers des savoirs partag\u00e9s.\u00a0<i>Revue Organisations &amp; Territoires<\/i>,\u00a0<i>31<\/i>(1), 155\u2013160. https:\/\/doi.org\/10.1522\/revueot.v31n1.1456<\/p>\n<p>Desjardins, F. et Simard, J. (2023). \u00c9milie Dufour, conseill\u00e8re en d\u00e9veloppement collectif chez Communagir.\u00a0<i>Revue Organisations &amp; Territoires<\/i>,\u00a0<i>31<\/i>(3), 151\u2013157. https:\/\/doi.org\/10.1522\/revueot.v31n3.1526<\/p>\n<p>Desjardins, F. et Simard, J. (2022). Caroline Dufresne, Conseill\u00e8re en transfert pour Territoires innovants en \u00e9conomie sociale et solidaire (TIESS).\u00a0<i>Revue Organisations &amp; Territoires<\/i>,\u00a0<i>31<\/i>(1), 161\u2013165.<\/p>\n<p>Desjardins, F., Ouedraogo, S. et Simard, J. . (2023). Lise Tremblay, directrice g\u00e9n\u00e9rale de la F\u00e9d\u00e9ration de l\u2019Union des producteurs agricoles du Saguenay-Lac-Saint-Jean.\u00a0<i>Revue Organisations &amp; Territoires<\/i>,\u00a0<i>32<\/i>(1), 135\u2013140. https:\/\/doi.org\/10.1522\/revueot.v32n1.1557<\/p>\n<p>Desjardins, F., Ouedraogo, S. et Simard, J. (2023). Isabelle T. Rivard, directrice du Cr\u00e9neau d\u2019excellence agroalimentaire Agrobor\u00e9al au Saguenay-Lac-Saint-Jean.\u00a0<i>Revue Organisations &amp; Territoires<\/i>,\u00a0<i>32<\/i>(1), 141\u2013146. https:\/\/doi.org\/10.1522\/revueot.v32n1.1558<\/p>\n<div id=\"citationOutput\">\n<div class=\"csl-bib-body\">\n<div class=\"csl-entry\">Simard, J. (2024). Serge Filion, urbaniste \u00e9m\u00e9rite.\u00a0<i>Revue Organisations &amp; Territoires<\/i>,\u00a0<i>32<\/i>(3), 238\u2013255. https:\/\/doi.org\/10.1522\/revueot.v32n3.1691<\/div>\n<\/div>\n<div><\/div>\n<div>Simard. J. (2025). Laurent Garneau, Consultant formateur en sant\u00e9 mentale au travail et responsable du secteur<br \/>\ncommunautaire au CPS 02 \u00e0 la retraite. <em>Revue Organisations &amp; Territoires<\/em>, 34(1), 257-273.<\/div>\n<\/div>\n","protected":false},"excerpt":{"rendered":"<p>(Liste s\u00e9lective) \u00a0Articles Aubin,\u00a0 F., Mayer, J. et Simard, J. (2025). Bonnes pratiques et lancement d\u2019alerte : le cas de la l\u00e9gislation qu\u00e9b\u00e9coise.\u00a0\u00c9thique publique [En ligne], vol. 27, n\u00b0 1-2 | 2025. URL\u00a0: http:\/\/journals.openedition.org\/ethiquepublique\/9495\u00a0;\u00a0DOI\u00a0: https:\/\/doi.org\/10.4000\/1597r Aubin, F., Mayer, J. et Simard, J. (2025). \u00c0 l\u2019intersection des lois relatives au lancement d\u2019alerte et \u00e0 la protection &hellip; <a href=\"https:\/\/portfolio.uqac.ca\/jeannesimard\/publications\/\" class=\"more-link\">Continuer la lecture de <span class=\"screen-reader-text\">Publications<\/span>  <span class=\"meta-nav\">&rarr;<\/span><\/a><\/p>\n","protected":false},"author":12,"featured_media":0,"parent":0,"menu_order":0,"comment_status":"closed","ping_status":"closed","template":"","meta":{"footnotes":""},"tags":[],"_links":{"self":[{"href":"https:\/\/portfolio.uqac.ca\/jeannesimard\/wp-json\/wp\/v2\/pages\/20"}],"collection":[{"href":"https:\/\/portfolio.uqac.ca\/jeannesimard\/wp-json\/wp\/v2\/pages"}],"about":[{"href":"https:\/\/portfolio.uqac.ca\/jeannesimard\/wp-json\/wp\/v2\/types\/page"}],"author":[{"embeddable":true,"href":"https:\/\/portfolio.uqac.ca\/jeannesimard\/wp-json\/wp\/v2\/users\/12"}],"replies":[{"embeddable":true,"href":"https:\/\/portfolio.uqac.ca\/jeannesimard\/wp-json\/wp\/v2\/comments?post=20"}],"version-history":[{"count":97,"href":"https:\/\/portfolio.uqac.ca\/jeannesimard\/wp-json\/wp\/v2\/pages\/20\/revisions"}],"predecessor-version":[{"id":287,"href":"https:\/\/portfolio.uqac.ca\/jeannesimard\/wp-json\/wp\/v2\/pages\/20\/revisions\/287"}],"wp:attachment":[{"href":"https:\/\/portfolio.uqac.ca\/jeannesimard\/wp-json\/wp\/v2\/media?parent=20"}],"wp:term":[{"taxonomy":"post_tag","embeddable":true,"href":"https:\/\/portfolio.uqac.ca\/jeannesimard\/wp-json\/wp\/v2\/tags?post=20"}],"curies":[{"name":"wp","href":"https:\/\/api.w.org\/{rel}","templated":true}]}}