{"id":25,"date":"2012-07-24T12:43:40","date_gmt":"2012-07-24T12:43:40","guid":{"rendered":"http:\/\/portfolio-pre.uqac.ca\/gabarit\/?page_id=25"},"modified":"2018-06-06T23:16:47","modified_gmt":"2018-06-07T03:16:47","slug":"communications","status":"publish","type":"page","link":"https:\/\/portfolio.uqac.ca\/jeannesimard\/communications\/","title":{"rendered":"Communications"},"content":{"rendered":"<p style=\"text-align: justify\">(Liste s\u00e9lective)<\/p>\n<p style=\"text-align: justify\">\u00ab L&#8217;interpr\u00e9tation l\u00e9gislative au Canada : les limites impos\u00e9es au juge lorsqu&#8217;il interpr\u00e8te la loi \u00bb, Fondation de l&#8217;Universit\u00e9 du Qu\u00e9bec \u00e0 Chicoutimi, Chicoutimi, 17 mars 2000.<\/p>\n<p style=\"text-align: justify\">\u00ab Pour exercer une gestion au-dessus de tout soup\u00e7on \u00bb, Soci\u00e9t\u00e9 canadienne des directeurs d&#8217;association (SCDA), Montr\u00e9al, 12 novembre 2002.<\/p>\n<p style=\"text-align: justify\">\u00ab Droit, d\u00e9ontologie et \u00e9thique : distinctions et applications en mati\u00e8re de gestion et de d\u00e9veloppement \u00bb, Colloque du 20<sup>e<\/sup> anniversaire du Groupe de recherche et d&#8217;intervention r\u00e9gionales, Chicoutimi, le 7 novembre 2003*.<\/p>\n<p style=\"text-align: justify\">Allocution prononc\u00e9e le 24 septembre 2003, devant les repr\u00e9sentants de l&#8217;Ordre des administrateurs agr\u00e9\u00e9s et de coll\u00e8gues, et publi\u00e9e dans l&#8217;UQACtualit\u00e9 le 7 octobre 2003.<\/p>\n<p style=\"text-align: justify\">\u00abLa responsabilit\u00e9 sociale de l&#8217;entreprise : vers une nouvelle perspective qu\u00e9b\u00e9coise \u00bb, Conf\u00e9rences scientifiques du DSEA, 27 f\u00e9vrier 2004*.<\/p>\n<p style=\"text-align: justify\">\u00ab Le r\u00f4le des mentors comme passeurs de normes et de valeurs : entre droit, d\u00e9ontologie, morale et \u00e9thique \u00bb, R\u00e9seau de mentorat de la Fondation de l\u2019entrepreneurship, 5<sup>e<\/sup> Rendez-vous annuel, Chicoutimi, le 30 juin 2004*.<\/p>\n<p style=\"text-align: justify\">\u00ab La responsabilit\u00e9 des intervenants : entre droit, d\u00e9ontologie et \u00e9thique \u00bb, Association canadienne pour l\u2019avancement des sciences (ACFAS), Chicoutimi, le 11 mai 2005*.<\/p>\n<p style=\"text-align: justify\">\u00ab Le r\u00f4le de fiduciaire des administrateurs de soci\u00e9t\u00e9s par actions et la responsabilit\u00e9 sociale des entreprises : la Cour supr\u00eame du Canada se prononce dans l\u2019affaire Peoples \u00bb, Association canadienne pour l\u2019avancement des sciences (ACFAS), Chicoutimi, le 12 mai 2005*.<\/p>\n<p style=\"text-align: justify\">\u00ab Le Code de d\u00e9ontologie des administrateurs agr\u00e9\u00e9s du Qu\u00e9bec \u00bb, Comit\u00e9 d\u2019inspection professionnelle de l\u2019Ordre des administrateurs agr\u00e9\u00e9s du Qu\u00e9bec, Montr\u00e9al, le 10 mars 2005.<\/p>\n<p style=\"text-align: justify\">\u00ab La formation de praticiens r\u00e9flexifs aux ordres sociaux et \u00e0 la d\u00e9lib\u00e9ration \u00e9thique\u00bb, Centre de droit des affaires et du commerce international, Universit\u00e9 de Montr\u00e9al, le 12 octobre 2005*.<\/p>\n<p style=\"text-align: justify\">\u00abDroit, d\u00e9ontologie, saine gestion et \u00e9thique : le cas des administrateurs professionnels au Qu\u00e9bec\u00bb, CEPRISCA, Facult\u00e9 de droit de l\u2019Universit\u00e9 Jules-Verne Picardie, Amiens, le 18 avril 2006*.<\/p>\n<p style=\"text-align: justify\">\u00ab L\u2019interpr\u00e9tation musicale comme analogue \u00e0 l\u2019interpr\u00e9tation des lois \u00bb, Centre de recherche en droit public, Facult\u00e9 de droit, Universit\u00e9 de Montr\u00e9al, le 21 novembre 2006.<\/p>\n<p style=\"text-align: justify\">\u00ab R\u00e9gie d&#8217;entreprise et gouvernance collective comme \u00e9l\u00e9ments de la formation et de la r\u00e9partition du capital au Canada \u00bb, Conf\u00e9rences scientifiques du DSEA, mars 2007*.<\/p>\n<p style=\"text-align: justify\">\u00ab Adm. A. : le titre incontournable! Pourquoi? \u00bb, Table ronde form\u00e9e de Bernard Brault, Farid Ben Hassel, Yos\u00e9line Leunens, Jeanne Simard, Ordre des administrateurs agr\u00e9\u00e9s du Qu\u00e9bec, La Malbaie, le 17 mai 2007.<\/p>\n<p style=\"text-align: justify\">\u00ab La formation aux ordres sociaux et \u00e0 la d\u00e9lib\u00e9ration \u00e9thique. Le praticien r\u00e9flexif et la gestion des probl\u00e8mes complexes \u00bb, Colloque sur l\u2019avenir de la formation en gestion, Chicoutimi, le 3 juin 2008*.<\/p>\n<p style=\"text-align: justify\">\u00ab \u00c9thique organisationnelle et gestion de la complexit\u00e9 \u00bb, Table ronde, Colloque sur la diversit\u00e9 culturelle en gestion : une approche comparative, Ordre des administrateurs agr\u00e9\u00e9s du Qu\u00e9bec, Montr\u00e9al, le 26 janvier 2011.<\/p>\n<p style=\"text-align: justify\">\u00ab\u00a0Gouvernance et d\u00e9veloppement. Prises de position r\u00e9centes des l\u00e9gislateurs et des tribunaux\u00a0\u00bb, Colloque du Groupe de recherche et d&#8217;intervention r\u00e9gionales, <em>Les Multiples facettes de la gouvernance<\/em>, Chicoutimi, le 20 avril 2012.<\/p>\n<p style=\"text-align: justify\">\u00abFaut-il craindre la professionnalisation ?\u00bb, Table ronde, Semaine des professionnels du 9 au 12 octobre 2012, <em>Le Qu\u00e9bec en 2012<\/em>, Conseil interprofessionnels, Centre des sciences de Montr\u00e9al, Montr\u00e9al, 11 octobre 2012.<\/p>\n<p style=\"text-align: justify\">\u00abL\u2019avenir de la recherche et de l&#8217;intervention en d\u00e9veloppement local et r\u00e9gional dans la prochaine d\u00e9cennie?\u00bb, Table ronde, Colloque du Groupe de recherche et d&#8217;intervention r\u00e9gionales,<em>\u00a0Le GRIR en action\u00a0: 30 ans de recherche et d\u2019expertise, <\/em>Chicoutimi, 1er mai 2013.<\/p>\n<p style=\"text-align: justify\">\u00abImplication du d\u00e9veloppement durable pour les administrateurs et dirigeants &#8211; Enjeux, perspectives et d\u00e9fis\u00a0\u00bb, <i>D\u00e9veloppement durable. Un terrain fertile \u00e0 la cr\u00e9ation de valeur<\/i>, Congr\u00e8s de l\u2019Ordre des administrateurs agr\u00e9\u00e9s du Qu\u00e9bec, Montr\u00e9al, 29 janvier 2014 (avec M. Jacques Papy).<\/p>\n<p style=\"text-align: justify\">\u00abLa perte de confiance dans la gouvernance des organisations publiques et priv\u00e9es\u00bb, s\u00e9minaire th\u00e9matique, <i>D\u00e9mocratie, gouvernance et participation citoyenne, <\/i>Groupe de recherche et d\u2019intervention r\u00e9gionales<i>, <\/i>Chicoutimi, 28 mars 2014.<\/p>\n<p style=\"text-align: justify\">\u00abLa mont\u00e9e des parties prenantes dans le droit et la d\u00e9ontologie: implications pour les gestionnaires de projet\u00bb, <em>Vers une meilleure approche des parties prenantes en contexte de projets<\/em>, 3e journ\u00e9e d&#8217;\u00e9change, Chicoutimi, 24 avril 2014.<\/p>\n<p style=\"text-align: justify\">\u00abGouvernance des organisations : les mod\u00e8les en conflit\u00bb, <em>Organisation du travail et risques psychologiques dans le domaine financier<\/em>, Rendez-vous et Conf\u00e9rences critiques, Laboratoire de recherche et d&#8217;intervention sur les incidents critiques en milieu de travail (ICMT), Chicoutimi, 1er d\u00e9cembre 2015.<\/p>\n<p style=\"text-align: justify\">\u00abLe syst\u00e8me \u00e9conomique mondialis\u00e9 et d\u00e9sordre dans les organisations\u00bb, 70e Congr\u00e8s des relations industrielles, <em>Virage ou d\u00e9rapages. La gestion des ressources humaines en questionnement dans une soci\u00e9t\u00e9 en mutation,<\/em> 4 mai 2017, Qu\u00e9bec, Mus\u00e9e de la civilisation (avec Mme Jacinthe Douesnard).<\/p>\n<p style=\"text-align: justify\">\u00abLe r\u00f4le de l&#8217;\u00e9thique et des divers ordres normatifs dans la gestion des organisations \u00e9ducatives en contexte de diversit\u00e9 sociale\u00bb <em>C\u00e9l\u00e9brer la diversit\u00e9 et l&#8217;\u00e9thique en administration de l&#8217;\u00e9ducation par la pens\u00e9e libre<\/em>, Association canadienne pour l\u2019avancement des sciences (ACFAS), 8 mai 2018, Chicoutimi, (avec Catherine Larouche).<\/p>\n<p style=\"text-align: justify\">* Communication donn\u00e9e avec le sociologue Marc-Andr\u00e9 Morency<\/p>\n<h2 style=\"text-align: justify\"><strong>Entrevues dans les journaux<\/strong><\/h2>\n<p style=\"text-align: justify\">Dave Ainsley, \u00ab\u00a0Recherche sur l\u2019\u00e9thique des entreprises. Morency et Me Simard clarifient des concepts\u00a0\u00bb <span style=\"text-decoration: underline\">Le Quotidien<\/span>, lundi le 30 octobre 2006, p. 8<\/p>\n<p style=\"text-align: justify\">Dave Ainsley, \u00ab\u00a0Soci\u00e9t\u00e9s par actions. Deux fa\u00e7ons de voir les choses\u00bb <span style=\"text-decoration: underline\">Le Quotidien<\/span>, lundi le 30 octobre 2006, p. 9<\/p>\n<p style=\"text-align: justify\">Laura L\u00e9vesque, \u00ab\u00a0Le LARIGO innove dans ses m\u00e9thodes de recherche. Comment lier les deux solitudes\u00a0\u00bb,\u00a0 <span style=\"text-decoration: underline\">Le Quotidien<\/span>, lundi le 26 janvier 2009, p. 12<\/p>\n<p style=\"text-align: justify\">Yves Ouellet, \u00ab\u00a0Le LARIGO\u00a0: la rencontre du droit et de l\u2019administration\u00a0\u00bb, <a href=\"https:\/\/www.uqac.ca\/medias\/revue\/uqac_en_revue_printemps10.pdf\" target=\"_blank\"><span style=\"text-decoration: underline\">UQAC en revue<\/span>,<\/a> vol. 7, no. 1, printemps 2010, p. 16-17.<\/p>\n<p style=\"text-align: justify\">Assia Kettani, \u00abEt dire qu\u2019Enron avait un code d\u2019\u00e9thique de 60 pages\u2026\u00bb, <a href=\"https:\/\/www.ledevoir.com\/societe\/actualites-en-societe\/360833\/et-dire-qu-enron-avait-un-code-d-ethique-de-60-pages\" target=\"_blank\"><span style=\"text-decoration: underline\">Le Devoir<\/span><\/a>, samedi le 7 octobre 2012.<\/p>\n","protected":false},"excerpt":{"rendered":"<p>(Liste s\u00e9lective) \u00ab L&#8217;interpr\u00e9tation l\u00e9gislative au Canada : les limites impos\u00e9es au juge lorsqu&#8217;il interpr\u00e8te la loi \u00bb, Fondation de l&#8217;Universit\u00e9 du Qu\u00e9bec \u00e0 Chicoutimi, Chicoutimi, 17 mars 2000. \u00ab Pour exercer une gestion au-dessus de tout soup\u00e7on \u00bb, Soci\u00e9t\u00e9 canadienne des directeurs d&#8217;association (SCDA), Montr\u00e9al, 12 novembre 2002. \u00ab Droit, d\u00e9ontologie et \u00e9thique : &hellip; <a href=\"https:\/\/portfolio.uqac.ca\/jeannesimard\/communications\/\" class=\"more-link\">Continuer la lecture de <span class=\"screen-reader-text\">Communications<\/span>  <span class=\"meta-nav\">&rarr;<\/span><\/a><\/p>\n","protected":false},"author":12,"featured_media":0,"parent":0,"menu_order":0,"comment_status":"closed","ping_status":"closed","template":"","meta":{"footnotes":""},"tags":[],"_links":{"self":[{"href":"https:\/\/portfolio.uqac.ca\/jeannesimard\/wp-json\/wp\/v2\/pages\/25"}],"collection":[{"href":"https:\/\/portfolio.uqac.ca\/jeannesimard\/wp-json\/wp\/v2\/pages"}],"about":[{"href":"https:\/\/portfolio.uqac.ca\/jeannesimard\/wp-json\/wp\/v2\/types\/page"}],"author":[{"embeddable":true,"href":"https:\/\/portfolio.uqac.ca\/jeannesimard\/wp-json\/wp\/v2\/users\/12"}],"replies":[{"embeddable":true,"href":"https:\/\/portfolio.uqac.ca\/jeannesimard\/wp-json\/wp\/v2\/comments?post=25"}],"version-history":[{"count":32,"href":"https:\/\/portfolio.uqac.ca\/jeannesimard\/wp-json\/wp\/v2\/pages\/25\/revisions"}],"predecessor-version":[{"id":256,"href":"https:\/\/portfolio.uqac.ca\/jeannesimard\/wp-json\/wp\/v2\/pages\/25\/revisions\/256"}],"wp:attachment":[{"href":"https:\/\/portfolio.uqac.ca\/jeannesimard\/wp-json\/wp\/v2\/media?parent=25"}],"wp:term":[{"taxonomy":"post_tag","embeddable":true,"href":"https:\/\/portfolio.uqac.ca\/jeannesimard\/wp-json\/wp\/v2\/tags?post=25"}],"curies":[{"name":"wp","href":"https:\/\/api.w.org\/{rel}","templated":true}]}}