{"id":27,"date":"2012-07-24T12:57:18","date_gmt":"2012-07-24T12:57:18","guid":{"rendered":"http:\/\/portfolio-pre.uqac.ca\/gabarit\/?page_id=27"},"modified":"2016-01-07T18:42:07","modified_gmt":"2016-01-07T23:42:07","slug":"curriculum-vitae","status":"publish","type":"page","link":"https:\/\/portfolio.uqac.ca\/jeannesimard\/curriculum-vitae\/","title":{"rendered":"Curriculum vitae"},"content":{"rendered":"<h2><strong>Dipl\u00f4mes<\/strong><\/h2>\n<p>LL.B. (Laval)<\/p>\n<p>LL.M. (Laval)<\/p>\n<p>LL.D. (Montr\u00e9al)<\/p>\n<h2><strong><br \/>\nDistinctions et bourses<br \/>\n<\/strong><\/h2>\n<p>Obtention du titre de Fellow Administrateur agr\u00e9\u00e9 (F. Adm.A.) (2012)<\/p>\n<p>Prix d&#8217;excellence en enseignement (volet r\u00e9alisation), du R\u00e9seau de l\u2019Universit\u00e9 du Qu\u00e9bec (2009)<\/p>\n<p>M\u00e9daille du m\u00e9rite du Conseil interprofessionnel du Qu\u00e9bec (2008)<\/p>\n<p>Bourse de doctorat, Facult\u00e9 de droit et Facult\u00e9 des \u00e9tudes sup\u00e9rieures, Universit\u00e9 de Montr\u00e9al (1996-1997)<\/p>\n<h2><strong><br \/>\nAffiliations professionnelles<\/strong><\/h2>\n<p>Membre du Barreau du Qu\u00e9bec<\/p>\n<p>Membre de l\u2019Ordre des administrateurs agr\u00e9\u00e9s du Qu\u00e9bec<\/p>\n<h2><strong><br \/>\nActivit\u00e9s<\/strong><\/h2>\n<p>Membre du Groupe de recherche et d\u2019intervention r\u00e9gionales (GRIR), Universit\u00e9 du Qu\u00e9bec \u00e0 Chicoutimi<\/p>\n<p>Membre du Laboratoire de recherche et d\u2019intervention en gouvernance des organisations (LARIGO)<\/p>\n","protected":false},"excerpt":{"rendered":"<p>Dipl\u00f4mes LL.B. (Laval) LL.M. (Laval) LL.D. (Montr\u00e9al) Distinctions et bourses Obtention du titre de Fellow Administrateur agr\u00e9\u00e9 (F. Adm.A.) (2012) Prix d&#8217;excellence en enseignement (volet r\u00e9alisation), du R\u00e9seau de l\u2019Universit\u00e9 du Qu\u00e9bec (2009) M\u00e9daille du m\u00e9rite du Conseil interprofessionnel du Qu\u00e9bec (2008) Bourse de doctorat, Facult\u00e9 de droit et Facult\u00e9 des \u00e9tudes sup\u00e9rieures, Universit\u00e9 de &hellip; <a href=\"https:\/\/portfolio.uqac.ca\/jeannesimard\/curriculum-vitae\/\" class=\"more-link\">Continuer la lecture de <span class=\"screen-reader-text\">Curriculum vitae<\/span>  <span class=\"meta-nav\">&rarr;<\/span><\/a><\/p>\n","protected":false},"author":12,"featured_media":0,"parent":0,"menu_order":0,"comment_status":"closed","ping_status":"closed","template":"","meta":{"footnotes":""},"tags":[],"_links":{"self":[{"href":"https:\/\/portfolio.uqac.ca\/jeannesimard\/wp-json\/wp\/v2\/pages\/27"}],"collection":[{"href":"https:\/\/portfolio.uqac.ca\/jeannesimard\/wp-json\/wp\/v2\/pages"}],"about":[{"href":"https:\/\/portfolio.uqac.ca\/jeannesimard\/wp-json\/wp\/v2\/types\/page"}],"author":[{"embeddable":true,"href":"https:\/\/portfolio.uqac.ca\/jeannesimard\/wp-json\/wp\/v2\/users\/12"}],"replies":[{"embeddable":true,"href":"https:\/\/portfolio.uqac.ca\/jeannesimard\/wp-json\/wp\/v2\/comments?post=27"}],"version-history":[{"count":8,"href":"https:\/\/portfolio.uqac.ca\/jeannesimard\/wp-json\/wp\/v2\/pages\/27\/revisions"}],"predecessor-version":[{"id":217,"href":"https:\/\/portfolio.uqac.ca\/jeannesimard\/wp-json\/wp\/v2\/pages\/27\/revisions\/217"}],"wp:attachment":[{"href":"https:\/\/portfolio.uqac.ca\/jeannesimard\/wp-json\/wp\/v2\/media?parent=27"}],"wp:term":[{"taxonomy":"post_tag","embeddable":true,"href":"https:\/\/portfolio.uqac.ca\/jeannesimard\/wp-json\/wp\/v2\/tags?post=27"}],"curies":[{"name":"wp","href":"https:\/\/api.w.org\/{rel}","templated":true}]}}