{"id":267,"date":"2020-12-27T21:50:27","date_gmt":"2020-12-28T02:50:27","guid":{"rendered":"http:\/\/portfolio-pre.uqac.ca\/karinecote\/?page_id=267"},"modified":"2026-04-22T22:49:39","modified_gmt":"2026-04-23T02:49:39","slug":"administration-et-comites","status":"publish","type":"page","link":"https:\/\/portfolio.uqac.ca\/karinecote\/administration-et-comites\/","title":{"rendered":"Administration\/comit\u00e9s"},"content":{"rendered":"<h2><strong>Administration, comit\u00e9s acad\u00e9miques et\u00a0<\/strong><strong>sociaux<\/strong><\/h2>\n<p>&nbsp;<\/p>\n<p><strong>Postes de direction Institutionnelle<\/strong><strong>\u00a0<\/strong><\/p>\n<table width=\"100%\">\n<tbody>\n<tr>\n<td width=\"9%\">2014-<\/td>\n<td width=\"90%\">Pr\u00e9sident du Comit\u00e9 d\u2019\u00e9lection du Syndicat des professeurs et professeurs, SPPUQAC<\/td>\n<\/tr>\n<tr>\n<td width=\"9%\">2011-2015<\/td>\n<td width=\"90%\">Directeur du programme de doctorat en psychologie, D\u00e9partement des sciences de la sant\u00e9 et de psychologie, UQAC (2 autres mandats)<strong>\u00a0<\/strong><\/td>\n<\/tr>\n<tr>\n<td width=\"9%\">2007-2009<\/td>\n<td width=\"90%\">Directeur du programme de doctorat et des programmes de ma\u00eetrise en psychologie, D\u00e9partement des sciences de la sant\u00e9 et de psychologie, Psychologie, UQAC (1 mandat)<strong>\u00a0<\/strong><\/td>\n<\/tr>\n<\/tbody>\n<\/table>\n<p><strong>\u00a0<\/strong><strong>Comit\u00e9s institutionnels (s\u00e9lectionn\u00e9s)<\/strong><strong>\u00a0<\/strong><\/p>\n<table width=\"100%\">\n<tbody>\n<tr>\n<td width=\"12%\">2021-<\/td>\n<td width=\"87%\">Membre du Comit\u00e9 institutionnel paritaire EDI (Equit\u00e9, Diversit\u00e9, Inclusion)<\/td>\n<\/tr>\n<tr>\n<td width=\"12%\">2020-<\/td>\n<td width=\"87%\">Consultante EDI (Equit\u00e9, Diversit\u00e9, Inclusion) pour le Syndicat des professeurs et professeurs, SPPUQAC<strong>\u00a0<\/strong><\/td>\n<\/tr>\n<tr>\n<td width=\"12%\">2015-2017<\/td>\n<td width=\"87%\">Membre du Comit\u00e9 d\u2019examen des all\u00e9gations d\u2019inconduite de l\u2019UQAC<\/td>\n<\/tr>\n<tr>\n<td width=\"12%\">2019-2020<\/td>\n<td width=\"87%\">Membre du Comit\u00e9 de n\u00e9gociation de la convention collective des professeurs<\/td>\n<\/tr>\n<tr>\n<td width=\"12%\">2015-2020<\/td>\n<td width=\"87%\">Membre du Comit\u00e9 scientifique de l&#8217;Universit\u00e9 populaire d&#8217;\u00e9t\u00e9 de l&#8217;UQAC<\/td>\n<\/tr>\n<tr>\n<td width=\"12%\">2014-<\/td>\n<td width=\"87%\">Pr\u00e9sident du Comit\u00e9 d\u2019\u00e9lection du Syndicat des professeurs et professeurs, SPPUQAC<\/td>\n<\/tr>\n<tr>\n<td width=\"12%\">2011-2014<\/td>\n<td width=\"87%\">Membre du Comit\u00e9 d\u2019\u00e9lection du Syndicat des professeurs et professeurs, SPPUQAC<\/td>\n<\/tr>\n<tr>\n<td width=\"12%\">2002-<\/td>\n<td width=\"87%\">Membre du Comit\u00e9 de Liaison Institutionnelle (CLI)<\/td>\n<\/tr>\n<tr>\n<td width=\"12%\">2014-2015<\/td>\n<td width=\"87%\">Membre du Comit\u00e9 de n\u00e9gociation de la convention collective des professeurs<\/td>\n<\/tr>\n<tr>\n<td width=\"12%\">2013-2016<\/td>\n<td width=\"87%\">Membre du Comit\u00e9 de cr\u00e9ation de l&#8217;Universit\u00e9 populaire d&#8217;\u00e9t\u00e9 UPOP de l&#8217;UQAC<\/td>\n<\/tr>\n<tr>\n<td width=\"12%\">2006-2015<\/td>\n<td width=\"87%\">Membre du Comit\u00e9 de pr\u00e9s\u00e9lection des bourses d\u2019\u00e9tudes sup\u00e9rieures du CRSH, ma\u00eetrise et doctorat (2006-2008; 2011-2015)<\/td>\n<\/tr>\n<tr>\n<td width=\"12%\">2009-2015<\/td>\n<td width=\"87%\">Membre r\u00e9gulier du Comit\u00e9 interne d\u2019\u00e9valuation des programmes aux cycles sup\u00e9rieurs, D\u00e9canat des \u00e9tudes sup\u00e9rieures et de la recherche<\/td>\n<\/tr>\n<tr>\n<td width=\"12%\">2012<\/td>\n<td width=\"87%\">Membre du Comit\u00e9 Test du projet pilote pour l\u2019utilisation du logiciel de d\u00e9tection de similitudes visant \u00e0 contrer le plagiat COMPILATIO<\/td>\n<\/tr>\n<tr>\n<td width=\"12%\">2012-2013<\/td>\n<td width=\"87%\">Membre du Comit\u00e9 consultatif et de pertinence pour le Projet d\u2019\u00e9laboration d\u2019un service de soutien en m\u00e9thodologie et statistiques Cap-stats au D\u00e9partement des sciences de la sant\u00e9 (DSS) de l\u2019Universit\u00e9 du Qu\u00e9bec \u00e0 Chicoutimi<\/td>\n<\/tr>\n<tr>\n<td width=\"12%\">2008-2012<\/td>\n<td width=\"87%\">Membre du Comit\u00e9 d\u2019attribution des bourses IRSC<\/td>\n<\/tr>\n<tr>\n<td width=\"12%\">2006-2008<\/td>\n<td width=\"87%\">Membre du Comit\u00e9 de s\u00e9lection des Bourses d\u2019excellence du mill\u00e9naire<\/td>\n<\/tr>\n<tr>\n<td width=\"12%\">2006-2007<\/td>\n<td width=\"87%\">Membre du Comit\u00e9 de s\u00e9lection pour le poste du Responsable de l\u2019aide financi\u00e8re<\/td>\n<\/tr>\n<tr>\n<td width=\"12%\">2003-2008<\/td>\n<td width=\"87%\">Membre du Comit\u00e9 d\u2019Attribution des Fonds de Recherche (CAFRE), D\u00e9canat des \u00e9tudes sup\u00e9rieures et de la recherche, exercice annuel<\/td>\n<\/tr>\n<tr>\n<td width=\"12%\">2002-2008<\/td>\n<td width=\"87%\">Membre du comit\u00e9 d\u2019\u00e9valuation annuelle des bourses d\u2019excellence de premier cycle de l\u2019Universit\u00e9 du Qu\u00e9bec \u00e0 Chicoutimi; Programme des donateurs priv\u00e9s<\/td>\n<\/tr>\n<\/tbody>\n<\/table>\n<p><strong>\u00a0<\/strong><strong>Comit\u00e9s d\u00e9partementaux et modulaires (s\u00e9lectionn\u00e9s)\u00a0<\/strong><strong>\u00a0<\/strong><\/p>\n<p>&nbsp;<\/p>\n<table width=\"100%\">\n<tbody>\n<tr>\n<td width=\"12%\">2020-<\/td>\n<td width=\"87%\">Membre du Comit\u00e9 de r\u00e9vision au D\u00e9partement des sciences de l\u2019\u00e9ducation<\/td>\n<\/tr>\n<tr>\n<td width=\"12%\">2020-<\/td>\n<td width=\"87%\">Membre du Comit\u00e9 d\u2019\u00e9valuation des professeurs du D\u00e9partement des sciences de la sant\u00e9<\/td>\n<\/tr>\n<tr>\n<td width=\"12%\">2019-<\/td>\n<td width=\"87%\">Membre du Comit\u00e9 de cr\u00e9ation d\u2019un programme de Ph.D. en psychologie \u00e0 l\u2019UQAC<\/td>\n<\/tr>\n<tr>\n<td width=\"12%\">2017-<\/td>\n<td width=\"87%\">Membre du Comit\u00e9 de Module d\u2019enseignement pr\u00e9scolaire et primaire<strong>\u00a0<\/strong><\/td>\n<\/tr>\n<tr>\n<td width=\"12%\">2017-<\/td>\n<td width=\"87%\">Membre du comit\u00e9 de Programme de Doctorat en Psychologie<strong>\u00a0<\/strong><\/td>\n<\/tr>\n<tr>\n<td width=\"12%\">2016-2017<\/td>\n<td width=\"87%\">Membre du Comit\u00e9 de r\u00e9vision du programme de doctorat en psychologie<strong>\u00a0<\/strong><\/td>\n<\/tr>\n<tr>\n<td width=\"12%\">2007 \u00e0 2017<\/td>\n<td width=\"87%\">Membre du Comit\u00e9 de s\u00e9lection des \u00e9tudiants pour l\u2019admission au Doctorat en psychologie<strong>\u00a0<\/strong><\/td>\n<\/tr>\n<tr>\n<td width=\"12%\">2015-2016<\/td>\n<td width=\"87%\">Membre du Comit\u00e9 d\u2019auto-\u00e9valuation du programme de doctorat en psychologie<strong>\u00a0<\/strong><\/td>\n<\/tr>\n<tr>\n<td width=\"12%\">2014-2015<\/td>\n<td width=\"87%\">Membre du Comit\u00e9 pour l\u2019\u00e9ducation interprofessionnelle<\/td>\n<\/tr>\n<tr>\n<td width=\"12%\">2013-2014<\/td>\n<td width=\"87%\">Membre du Comit\u00e9 d\u2019\u00e9valuation des professeurs du DSS<\/td>\n<\/tr>\n<tr>\n<td width=\"12%\">2013-2015<\/td>\n<td width=\"87%\">Pr\u00e9sidente du Comit\u00e9 d\u2019auto-\u00e9valuation du programme de doctorat en psychologie<\/td>\n<\/tr>\n<tr>\n<td width=\"12%\">2011-2019<\/td>\n<td width=\"87%\">Membre externe du Comit\u00e9 de s\u00e9lection pour tous les nouveaux postes de professeurs substituts et de professeurs r\u00e9guliers au D\u00e9partement des Sciences de l\u2019\u00c9ducation<strong>\u00a0<\/strong><\/td>\n<\/tr>\n<tr>\n<td width=\"12%\">2009-2015<\/td>\n<td width=\"87%\">Membre du Comit\u00e9 de s\u00e9lection des bourses du D\u00e9partement des sciences de l\u2019\u00e9ducation et de psychologie\/D\u00e9partement des sciences de la sant\u00e9<strong>\u00a0<\/strong><\/td>\n<\/tr>\n<tr>\n<td width=\"12%\">2007-2015<\/td>\n<td width=\"87%\">Directeur du programme de doctorat et de ma\u00eetrise en psychologie (2007-2009; 2011-2015)<strong>\u00a0<\/strong><\/td>\n<\/tr>\n<tr>\n<td width=\"12%\">2007-2015<\/td>\n<td width=\"87%\">Pr\u00e9sident du Comit\u00e9 de s\u00e9lection des \u00e9tudiants pour l\u2019admission au Doctorat en psychologie (2007-2009; 2010-2015)<\/td>\n<\/tr>\n<tr>\n<td width=\"12%\">2011<\/td>\n<td width=\"87%\">Membre du Comit\u00e9 de s\u00e9lection pour les postes de professeur en psychologie<\/td>\n<\/tr>\n<tr>\n<td width=\"12%\">2011<\/td>\n<td width=\"87%\">Membre du Comit\u00e9 de s\u00e9lection pour les postes de professeur r\u00e9gulier en sciences infirmi\u00e8res<strong>\u00a0<\/strong><\/td>\n<\/tr>\n<tr>\n<td width=\"12%\">2007-2013<\/td>\n<td width=\"87%\">Responsable de la pr\u00e9paration, de l\u2019organisation et de l\u2019animation des rencontres bimensuelles du corps professoral en psychologie (2007-2009; 2010-2013)<strong>\u00a0<\/strong><\/td>\n<\/tr>\n<tr>\n<td width=\"12%\">2005-2012<\/td>\n<td width=\"87%\">Membre du Comit\u00e9 de s\u00e9lection pour postes de professeurs en Travail social (2005-2008; 2011-2012)<strong>\u00a0<\/strong><\/td>\n<\/tr>\n<tr>\n<td width=\"12%\">2009-2010<\/td>\n<td width=\"87%\">Membre du Comit\u00e9 ad hoc sur l\u2019\u00e9valuation en ligne des enseignements<strong>\u00a0<\/strong><\/td>\n<\/tr>\n<tr>\n<td width=\"12%\">2006-2007<\/td>\n<td width=\"87%\">Pr\u00e9sident du dossier et de l\u2019\u00e9tude sur les Cr\u00e9neaux de recherche du D\u00e9partement des sciences de l\u2019\u00e9ducation et de psychologie<\/td>\n<\/tr>\n<tr>\n<td width=\"12%\">2004-2007<\/td>\n<td width=\"87%\">Membre du comit\u00e9 de Programmes de Ma\u00eetrise et de doctorat en Psychologie<\/td>\n<\/tr>\n<tr>\n<td width=\"12%\">2003-2008<\/td>\n<td width=\"87%\">Membre du comit\u00e9 de la recherche du D\u00e9partement des sciences de l\u2019\u00e9ducation et de psychologie<\/td>\n<\/tr>\n<tr>\n<td width=\"12%\">2003-2007<\/td>\n<td width=\"87%\">Membre du Comit\u00e9 d\u2019attribution des subventions PAIR-Volet 2\u00a0: Subvention d\u2019infrastructure aux d\u00e9partements (pr\u00e9sidente de 2004-2007)<\/td>\n<\/tr>\n<tr>\n<td width=\"12%\">2002-2007<\/td>\n<td width=\"87%\">Membre du Comit\u00e9 d\u2019\u00e9valuation et d\u2019attribution des bourses du Fonds de d\u00e9veloppement de l\u2019UQAC-DSEP<\/td>\n<\/tr>\n<tr>\n<td width=\"12%\">2002-2007<\/td>\n<td width=\"87%\">Membre du Comit\u00e9 des \u00e9tudes de cycles sup\u00e9rieurs et de la Recherche du DSEP<\/td>\n<\/tr>\n<tr>\n<td width=\"12%\">2002-2007<\/td>\n<td width=\"87%\">Membre du Comit\u00e9 de Gestion de la Clinique Universitaire de Psychologie (CUP)<\/td>\n<\/tr>\n<tr>\n<td width=\"12%\">2002-2005<\/td>\n<td width=\"87%\">Membre du Comit\u00e9 de Module de Psychologie<\/td>\n<\/tr>\n<tr>\n<td width=\"12%\">2002-2004<\/td>\n<td width=\"87%\">Membre du Comit\u00e9 de s\u00e9lection des \u00e9tudiants de doctorat en psychologie<\/td>\n<\/tr>\n<tr>\n<td width=\"12%\">2002-2003<\/td>\n<td width=\"87%\">Membre du Comit\u00e9 Social du DSEP<\/td>\n<\/tr>\n<\/tbody>\n<\/table>\n<p><strong>\u00a0<\/strong><strong>Comit\u00e9s d\u2019organismes ou de groupes sociaux (s\u00e9lectionn\u00e9s)<\/strong><strong>\u00a0<\/strong><\/p>\n<table width=\"100%\">\n<tbody>\n<tr>\n<td width=\"12%\">2020-<\/td>\n<td width=\"87%\">Membre d\u2019un groupe de suivi international sur les services de sant\u00e9 pour les jeunes victimes d\u2019exploitation sexuelle et de traite<strong>\u00a0<\/strong><\/td>\n<\/tr>\n<tr>\n<td width=\"12%\">2019-<\/td>\n<td width=\"87%\">Membre du Comit\u00e9 de coordination des ESPACES VIE -Communaut\u00e9 de veille strat\u00e9gique et de pratique de la Concertation des luttes contre l\u2019exploitation sexuelle (CLES)<strong>\u00a0<\/strong><\/td>\n<\/tr>\n<tr>\n<td width=\"12%\">2018-2020<\/td>\n<td width=\"87%\">Membre du Comit\u00e9 de travail sur la cr\u00e9ation d\u2019un corridor de services en exploitation sexuelle au Saguenay-Lac-St-Jean<strong>\u00a0<\/strong><\/td>\n<\/tr>\n<tr>\n<td width=\"12%\">2017-<\/td>\n<td width=\"87%\">Chef de file et Membre du r\u00e9seau pancanadien pour l\u2019\u00c9galit\u00e9 des genres\/Leader for Gender Equality Network Canada<strong>\u00a0<\/strong><\/td>\n<\/tr>\n<tr>\n<td width=\"12%\">2017-<\/td>\n<td width=\"87%\">Membre du Federal Budget Asks Committee, from Leaders participating in the Gender Equality Network Canada<strong>\u00a0<\/strong><\/td>\n<\/tr>\n<tr>\n<td width=\"12%\">2016-<\/td>\n<td width=\"87%\">Membre de ESPACES VIE-Communaut\u00e9 de veille strat\u00e9gique et de pratique de la Concertation des luttes contre l\u2019exploitation sexuelle (CLES)<strong>\u00a0<\/strong><\/td>\n<\/tr>\n<tr>\n<td width=\"12%\">2015-<\/td>\n<td width=\"87%\">Membre du Comit\u00e9 d\u2019\u00e9valuation des travailleuses d\u2019un CALACS<strong>\u00a0<\/strong><\/td>\n<\/tr>\n<tr>\n<td width=\"12%\">2015-<\/td>\n<td width=\"87%\">Membre du Collectif contre l\u2019exploitation sexuelle du Saguenay (CCESS)<strong>\u00a0<\/strong><\/td>\n<\/tr>\n<tr>\n<td width=\"12%\">2013<\/td>\n<td width=\"87%\">Contributor producer, Lion Ark the movie<strong>\u00a0<\/strong><\/td>\n<\/tr>\n<tr>\n<td width=\"12%\">2013<\/td>\n<td width=\"87%\">Expert rencontr\u00e9 lors des consultations du Comit\u00e9 interminist\u00e9riel sur l\u2019exploitation, sexuelle copr\u00e9sid\u00e9 par le Secr\u00e9tariat \u00e0 la condition f\u00e9minine et le minist\u00e8re de la S\u00e9curit\u00e9 publique (MSP)<\/td>\n<\/tr>\n<tr>\n<td width=\"12%\">2013-2020<\/td>\n<td width=\"87%\">Membre du CA de La Maison ISA (collective), Centre d\u2019aide aux victimes d\u2019actes criminels (CALACS)<\/td>\n<\/tr>\n<tr>\n<td width=\"12%\">2004-<\/td>\n<td width=\"87%\">Consultant et formateur en prostitution et exploitation sexuelle pour des organismes communautaires, sociaux, gouvernementaux et para-gouvernementaux<\/td>\n<\/tr>\n<tr>\n<td width=\"12%\">2010-2012<\/td>\n<td width=\"87%\">Membre du CA du Centre de la Petite Enfance (CPE) Les Mininousses<\/td>\n<\/tr>\n<tr>\n<td width=\"12%\">2002-<\/td>\n<td width=\"87%\">Service d\u2019aide et de r\u00e9f\u00e9rences pour les personnes qui offrent des services sexuels ou qui participent \u00e0 mes projets \u00c9DECS<\/td>\n<\/tr>\n<tr>\n<td width=\"12%\">2000-<\/td>\n<td width=\"87%\">Service d\u2019aide et de r\u00e9f\u00e9rences pour les personnes qui ont \u00e9t\u00e9 adopt\u00e9es ou qui ont particip\u00e9 \u00e0 mon projet EDPPAN<\/td>\n<\/tr>\n<tr>\n<td width=\"12%\">1999-2012<\/td>\n<td width=\"87%\">Mouvement Retrouvailles<strong>\u00a0<\/strong><\/td>\n<\/tr>\n<\/tbody>\n<\/table>\n<p>&nbsp;<\/p>\n<p>&nbsp;<\/p>\n<p>&nbsp;<\/p>\n<p>&nbsp;<\/p>\n","protected":false},"excerpt":{"rendered":"<p>Administration, comit\u00e9s acad\u00e9miques et\u00a0sociaux &nbsp; Postes de direction Institutionnelle\u00a0 2014- Pr\u00e9sident du Comit\u00e9 d\u2019\u00e9lection du Syndicat des professeurs et professeurs, SPPUQAC 2011-2015 Directeur du programme de doctorat en psychologie, D\u00e9partement des sciences de la sant\u00e9 et de psychologie, UQAC (2 autres mandats)\u00a0 2007-2009 Directeur du programme de doctorat et des programmes de ma\u00eetrise en psychologie, &hellip; <a href=\"https:\/\/portfolio.uqac.ca\/karinecote\/administration-et-comites\/\" class=\"more-link\">Continuer la lecture de <span class=\"screen-reader-text\">Administration\/comit\u00e9s<\/span>  <span class=\"meta-nav\">&rarr;<\/span><\/a><\/p>\n","protected":false},"author":157,"featured_media":0,"parent":0,"menu_order":0,"comment_status":"closed","ping_status":"closed","template":"","meta":{"footnotes":""},"tags":[],"_links":{"self":[{"href":"https:\/\/portfolio.uqac.ca\/karinecote\/wp-json\/wp\/v2\/pages\/267"}],"collection":[{"href":"https:\/\/portfolio.uqac.ca\/karinecote\/wp-json\/wp\/v2\/pages"}],"about":[{"href":"https:\/\/portfolio.uqac.ca\/karinecote\/wp-json\/wp\/v2\/types\/page"}],"author":[{"embeddable":true,"href":"https:\/\/portfolio.uqac.ca\/karinecote\/wp-json\/wp\/v2\/users\/157"}],"replies":[{"embeddable":true,"href":"https:\/\/portfolio.uqac.ca\/karinecote\/wp-json\/wp\/v2\/comments?post=267"}],"version-history":[{"count":5,"href":"https:\/\/portfolio.uqac.ca\/karinecote\/wp-json\/wp\/v2\/pages\/267\/revisions"}],"predecessor-version":[{"id":368,"href":"https:\/\/portfolio.uqac.ca\/karinecote\/wp-json\/wp\/v2\/pages\/267\/revisions\/368"}],"wp:attachment":[{"href":"https:\/\/portfolio.uqac.ca\/karinecote\/wp-json\/wp\/v2\/media?parent=267"}],"wp:term":[{"taxonomy":"post_tag","embeddable":true,"href":"https:\/\/portfolio.uqac.ca\/karinecote\/wp-json\/wp\/v2\/tags?post=267"}],"curies":[{"name":"wp","href":"https:\/\/api.w.org\/{rel}","templated":true}]}}