{"id":321,"date":"2021-01-10T12:41:39","date_gmt":"2021-01-10T17:41:39","guid":{"rendered":"http:\/\/portfolio-pre.uqac.ca\/karinecote\/?page_id=321"},"modified":"2026-04-22T23:44:23","modified_gmt":"2026-04-23T03:44:23","slug":"dans-les-medias","status":"publish","type":"page","link":"https:\/\/portfolio.uqac.ca\/karinecote\/dans-les-medias\/","title":{"rendered":"M\u00e9dias"},"content":{"rendered":"<h3><u>M\u00e9dias : presse \u00e9crite, radiophonique et t\u00e9l\u00e9vis\u00e9e\u00a0 (s\u00e9lectionn\u00e9s)<\/u><\/h3>\n<p><u>Presse \u00e9crite (s\u00e9lectionn\u00e9s)<\/u><\/p>\n<p>Louer des \u00ab\u00a0amis\u00a0\u00bb internet, c\u2019est possible. Le Quotidien. 20 septembre 2021. <a href=\"https:\/\/www.lequotidien.com\/actualites\/louer-des-amis-sur-internet-cest-possible-737f2e052aac65882fdfafc1511e306e?utm_campaign=lequotidien&amp;utm_medium=article_share&amp;utm_source=facebook&amp;fbclid=IwAR1G1-cZANheZH2qbVTYKgPAfzXMAqZJEJ2aCU7eD-2EVKZeXKV9OaWnHIo\">https:\/\/www.lequotidien.com\/actualites\/louer-des-amis-sur-internet-cest-possible-737f2e052aac65882fdfafc1511e306e?utm_campaign=lequotidien&amp;utm_medium=article_share&amp;utm_source=facebook&amp;fbclid=IwAR1G1-cZANheZH2qbVTYKgPAfzXMAqZJEJ2aCU7eD-2EVKZeXKV9OaWnHIo<\/a><\/p>\n<p>L\u2019autre \u00e9pid\u00e9mie\u00a0: je suis devenue quelqu\u2019un. La presse. 7 ao\u00fbt 2021. <a href=\"https:\/\/www.lapresse.ca\/actualites\/enquetes\/2021-08-07\/l-autre-epidemie\/je-suis-devenue-quelqu-un.php\">https:\/\/www.lapresse.ca\/actualites\/enquetes\/2021-08-07\/l-autre-epidemie\/je-suis-devenue-quelqu-un.php<\/a><\/p>\n<p>Sexualit\u00e9\u00a0: Le sexto, ill\u00e9gal mais populaire aupr\u00e8s des jeunes bas-laurentiens. ICI Radio Canada. 23 novembre 2020. <a href=\"https:\/\/ici.radio-canada.ca\/amp\/1751693\/sexto-jeunes-pornographie-exploitation-sexuelle-etude-lois\">https:\/\/ici.radio-canada.ca\/amp\/1751693\/sexto-jeunes-pornographie-exploitation-sexuelle-etude-lois<\/a><\/p>\n<p>De la violence amoureuse m\u00eame chez les ados. Le Quotidien par M\u00e9lyssa Gagnon. 10 mai 2018. <a href=\"https:\/\/www.lequotidien.com\/actualites\/de-la-violence-amoureuse-meme-chez-les-ados-dc68dde624817e22ca881d7670045bb8\">https:\/\/www.lequotidien.com\/actualites\/de-la-violence-amoureuse-meme-chez-les-ados-dc68dde624817e22ca881d7670045bb8<\/a><\/p>\n<p>Qui sont les clients de la prostitution au Saguenay\u2013Lac-Saint-Jean? . TVA Nouvelles, par Val\u00e9rie Fortin. 22 mars 2018. <a href=\"https:\/\/www.tvanouvelles.ca\/2018\/03\/22\/qui-sont-les-clients-de-la-prostitution-au-saguenaylac-saint-jean\">https:\/\/www.tvanouvelles.ca\/2018\/03\/22\/qui-sont-les-clients-de-la-prostitution-au-saguenaylac-saint-jean<\/a><\/p>\n<p>Revealing\u00a0and\u00a0concealing:\u00a0How\u00a0objects\u00a0define\u00a0masculinity. UToday-University of Calgary. 7 octobre 2018. Par Jennifer\u00a0Allford. <a href=\"https:\/\/ucalgary.ca\/news\/revealing-and-concealing-how-objects-define-masculinity\">https:\/\/ucalgary.ca\/news\/revealing-and-concealing-how-objects-define-masculinity<\/a><\/p>\n<p>Les gangs de rue impliqu\u00e9s dans la prostitution au Saguenay-Lac-Saint-Jean. TVA Nouvelles, par Val\u00e9rie Fortin. 20 mars 2018. <a href=\"https:\/\/www.tvanouvelles.ca\/2018\/03\/20\/les-gangs-de-rue-impliques-dans-la-prostitution-au-saguenay-lac-saint-jean\">https:\/\/www.tvanouvelles.ca\/2018\/03\/20\/les-gangs-de-rue-impliques-dans-la-prostitution-au-saguenay-lac-saint-jean<\/a><\/p>\n<p>Deux projets d\u2019envergure pour l\u2019avancement de l\u2019\u00c9galit\u00e9 entre les femmes et les hommes.\u00a0N\u00e9oM\u00e9dias Actualit\u00e9s, par Salle des nouvelles. 1 novembre 2017. <a href=\"https:\/\/www.neomedia.com\/saguenay-lac-st-jean\/actualites\/actualites\/323700\/2-projets-denvergure-pour-lavancement-de-legalite-entre-les-femmes-et-les-hommes\">https:\/\/www.neomedia.com\/saguenay-lac-st-jean\/actualites\/actualites\/323700\/2-projets-denvergure-pour-lavancement-de-legalite-entre-les-femmes-et-les-hommes<\/a><\/p>\n<p><a href=\"http:\/\/www.lapresse.ca\/actualites\/201605\/10\/01-4979986-les-danseurs-erotiques-subissent-autant-de-violence-que-les-danseuses.php?utm_categorieinterne=trafficdrivers&amp;utm_contenuinterne=cyberpresse_B13b_national_4572_section_POS1\">Les danseurs \u00e9rotiques subissent autant de violence que les danseuses<\/a>. La Presse par Philippe Mercure. 10 mai 2016. <a href=\"https:\/\/plus.lapresse.ca\/screens\/4d540a9c-ca4f-4441-9ddf-0d2475b7ac7b__7C__tClgUsfuPW78.html\">https:\/\/plus.lapresse.ca\/screens\/4d540a9c-ca4f-4441-9ddf-0d2475b7ac7b__7C__tClgUsfuPW78.html<\/a><\/p>\n<p>70% of male erotic dancers have already experienced violence at work. Reddit. 11 mai 2016.<\/p>\n<p>Taux alarmant de violence conjugale chez les danseuses \u00e9rotiques. Le Soleil par Jean-Fran\u00e7ois Cliche. Le 10 mai 2018. <a href=\"https:\/\/www.lesoleil.com\/actualite\/science\/taux-alarmant-de-violence-conjugale-chez-les-danseuses-erotiques-3e0c6afb832447b5049e52f8b44f18aa\">https:\/\/www.lesoleil.com\/actualite\/science\/taux-alarmant-de-violence-conjugale-chez-les-danseuses-erotiques-3e0c6afb832447b5049e52f8b44f18aa<\/a><\/p>\n<p>Taux alarmant de violence conjugale chez les danseuses \u00e9rotiques. La Voixdel\u2019Est par Jean-Fran\u00e7ois Cliche. Le 10 mai 2018. <a href=\"https:\/\/www.lavoixdelest.ca\/actualites\/le-fil-groupe-capitales-medias\/taux-alarmant-de-violence-conjugale-chez-les-danseuses-erotiques-3e0c6afb832447b5049e52f8b44f18aa\">https:\/\/www.lavoixdelest.ca\/actualites\/le-fil-groupe-capitales-medias\/taux-alarmant-de-violence-conjugale-chez-les-danseuses-erotiques-3e0c6afb832447b5049e52f8b44f18aa<\/a><\/p>\n<p>Les danseuses nues plus violentes que leur conjoint. Le Journal de Montr\u00e9al, par Pierre-Alexandre Maltais. 10 mai 2018. <a href=\"https:\/\/www.journaldemontreal.com\/2018\/05\/10\/congres-de-lacfas-les-danseuses-nues-plus-violentes-que-leur-conjoint\">https:\/\/www.journaldemontreal.com\/2018\/05\/10\/congres-de-lacfas-les-danseuses-nues-plus-violentes-que-leur-conjoint<\/a><\/p>\n<p>Les danseuses \u00e9rotiques plus violentes que leur conjoint. La Presse, par Philippe Mercure. 11 mai 2018. <a href=\"https:\/\/plus.lapresse.ca\/screens\/2730bc2d-4511-4264-a2ff-0e507c892666__7C___0.html\">https:\/\/plus.lapresse.ca\/screens\/2730bc2d-4511-4264-a2ff-0e507c892666__7C___0.html<\/a><\/p>\n<p>Les danseuses nues plus violentes que leur conjoint. TVA Nouvelles, par Pierre-Alexandre Maltais. 10 mai 2018. <a href=\"https:\/\/www.tvanouvelles.ca\/2018\/05\/10\/les-danseuses-nues-plus-violentes-que-leur-conjoint\">https:\/\/www.tvanouvelles.ca\/2018\/05\/10\/les-danseuses-nues-plus-violentes-que-leur-conjoint<\/a><\/p>\n<p>Des danseurs en faveur de la l\u00e9galisation de la prostitution. Le Journal de Qu\u00e9bec. 26 mai 2015<\/p>\n<p>Bas-Saint-Laurent\u00a0: La prostitution sous la loupe. ICI Radio Canada. 12 mars 2013. <a href=\"https:\/\/ici.radio-canada.ca\/nouvelle\/604064\/bsl-prostitution-etude\">https:\/\/ici.radio-canada.ca\/nouvelle\/604064\/bsl-prostitution-etude<\/a><\/p>\n<p>Nos infirmi\u00e8res harcel\u00e9es. Journal de Montr\u00e9al (Manchette) par \u00c9lo\u00efse Archambault. 11 mai 2011. <a href=\"https:\/\/www.journaldemontreal.com\/2012\/05\/11\/infirmieres-harcelees\">https:\/\/www.journaldemontreal.com\/2012\/05\/11\/infirmieres-harcelees<\/a><\/p>\n<p>Nos infirmi\u00e8res harcel\u00e9es. Journal de Montr\u00e9al par Sarah-Maude Lefebvre. Manchette. 9 mai 2011.<\/p>\n<p>Nos infirmi\u00e8res harcel\u00e9es. Le journal de Qu\u00e9bec, par Sarah-Maude Lefebvre. 9 mai 2011. Manchette<\/p>\n<p>Nos infirmi\u00e8res harcel\u00e9es\u00a0: Des \u00abappels \u00e0 l&#8217;aide\u00bb de travailleuses au bout du rouleau. TVA Nouvelles, par Sarah-Maude Lefebvre. 9 mi 2011. <a href=\"https:\/\/www.tvanouvelles.ca\/2011\/05\/09\/nos-infirmieres-harcelees\">https:\/\/www.tvanouvelles.ca\/2011\/05\/09\/nos-infirmieres-harcelees<\/a><\/p>\n<p>&nbsp;<\/p>\n<p><u>Presse radiophonique et t\u00e9l\u00e9vis\u00e9e (s\u00e9lectionn\u00e9s)<\/u><\/p>\n<p>Le tiers des jeunes Bas-Laurentiens a d\u00e9j\u00e0 envoy\u00e9 des sextos. Radio Canada Ici Premi\u00e8re, M\u00eame Fr\u00e9quence avec Maude Rivard. Entrevue 23 novembre 2020. (Dur\u00e9e 13m24). <a href=\"https:\/\/ici.radio-canada.ca\/premiere\/emissions\/meme-frequence\/segments\/entrevue\/210809\/sextos-jeunes-bas-laurentiens-karine-cote-uqac\">https:\/\/ici.radio-canada.ca\/premiere\/emissions\/meme-frequence\/segments\/entrevue\/210809\/sextos-jeunes-bas-laurentiens-karine-cote-uqac<\/a><\/p>\n<p>\u00c9duquer les jeunes sur les lois. Radio Canada, Au c\u0153ur du monde avec Kim Bergeron. 23 novembre 2020. <a href=\"https:\/\/ici.radio-canada.ca\/premiere\/emissions\/au-coeur-du-monde\/segments\/entrevue\/210824\/educaloi-jeunes-droit-\">https:\/\/ici.radio-canada.ca\/premiere\/emissions\/au-coeur-du-monde\/segments\/entrevue\/210824\/educaloi-jeunes-droit-<\/a><\/p>\n<p>Pr\u00e9venir la prostitution chez les jeunes\u00a0: Entrevue avec Karine C\u00f4t\u00e9. Radio Canada ICI Premi\u00e8re, Bon pied, bonne heure\u00a0! Avec Isabelle L\u00e9vesque. Entrevue 23 novembre 2020. (Dur\u00e9e 9m34)<\/p>\n<p><a href=\"https:\/\/ici.radio-canada.ca\/premiere\/emissions\/bon-pied-bonne-heure\/episodes\/495209\/rattrapage-du-lundi-23-novembre-2020\/14?fbclid=IwAR1iiNA0InrUZSxsn1WqWMFXDbuZzjxdOLHRJY3cZEjnF4Zkrn9lI3fwc9Q\">https:\/\/ici.radio-canada.ca\/premiere\/emissions\/bon-pied-bonne-heure\/episodes\/495209\/rattrapage-du-lundi-23-novembre-2020\/14?fbclid=IwAR1iiNA0InrUZSxsn1WqWMFXDbuZzjxdOLHRJY3cZEjnF4Zkrn9lI3fwc9Q<\/a><\/p>\n<p>Calgary professor hopes to explore cowboy culture and stereotypes. Global News Calgary. <a href=\"https:\/\/globalnews.ca\/video\/4332611\/calgary-professor-hopes-to-explore-cowboy-culture-and-stereotypes\">https:\/\/globalnews.ca\/video\/4332611\/calgary-professor-hopes-to-explore-cowboy-culture-and-stereotypes<\/a><\/p>\n<p>Une enseignante de l\u2019UQAC \u00e9value la possibilit\u00e9 d\u2019effectuer une \u00e9tude sur la prostitution au Bas-Saint-Laurent. Radio Canada. 12 mars 2013.<\/p>\n<p>Reportage t\u00e9l\u00e9vis\u00e9 : Une \u00e9tude d\u00e9montre que les clients des prostitu\u00e9es sont plus violents en escorte que sur la rue. TVA Nouvelles, par Allison Ouellet. 19 mai 2006.<\/p>\n<p>La prostitution, un \u00abcancer social qui nous gruge\u00bb. Le fl\u00e9au de la prostitution touche les r\u00e9gions : Avec le s\u00e9nateur conservateur Pierre-Hugues Boisvenu. TVA Nouvelles. 22 mars 2018. <a href=\"https:\/\/www.tvanouvelles.ca\/2018\/03\/22\/la-prostitution-un-cancer-social-qui-nous-gruge\">https:\/\/www.tvanouvelles.ca\/2018\/03\/22\/la-prostitution-un-cancer-social-qui-nous-gruge<\/a><\/p>\n<p>Les danseuses nues qui sont en couple sont violent\u00e9es et violentes dans leur couple. 11 mai 2018.<\/p>\n<p>Reportage t\u00e9l\u00e9vis\u00e9\u00a0: Qui sont les clients de la prostitution au Saguenay\u2013Lac-Saint-Jean? . TVA Nouvelles, par Val\u00e9rie Fortin. 22 mars 2018. <a href=\"https:\/\/www.tvanouvelles.ca\/2018\/03\/22\/qui-sont-les-clients-de-la-prostitution-au-saguenaylac-saint-jean\">https:\/\/www.tvanouvelles.ca\/2018\/03\/22\/qui-sont-les-clients-de-la-prostitution-au-saguenaylac-saint-jean<\/a><\/p>\n<p>Reportage\u00a0t\u00e9l\u00e9vis\u00e9: Les gangs de rue impliqu\u00e9s dans la prostitution au Saguenay-Lac-Saint-Jean. TVA Nouvelles, par Val\u00e9rie Fortin. 20 mars 2018. <a href=\"https:\/\/www.tvanouvelles.ca\/2018\/03\/20\/les-gangs-de-rue-impliques-dans-la-prostitution-au-saguenay-lac-saint-jean\">https:\/\/www.tvanouvelles.ca\/2018\/03\/20\/les-gangs-de-rue-impliques-dans-la-prostitution-au-saguenay-lac-saint-jean<\/a><\/p>\n<p>Portrait de la prostitution au Bas-Saint-Laurent, Radio Canada ICI Premi\u00e8re, Info-R\u00e9veil avec Eric Gagnon. Entrevue 1 novembre 2018. (Dur\u00e9e 8m42). <a href=\"https:\/\/ici.radio-canada.ca\/premiere\/emissions\/info-reveil\/segments\/entrevue\/93122\/prostitution-bas-saint-laurent-etude-uqac?fbclid=IwAR3P07YpYwQkAg7Y06tFXSOtKxE_72sMMFTTnv6I-zlO47lt2ADbxgQZ6Tc\">https:\/\/ici.radio-canada.ca\/premiere\/emissions\/info-reveil\/segments\/entrevue\/93122\/prostitution-bas-saint-laurent-etude-uqac?fbclid=IwAR3P07YpYwQkAg7Y06tFXSOtKxE_72sMMFTTnv6I-zlO47lt2ADbxgQZ6Tc<\/a><\/p>\n<p>\u00c9tude qu\u00e9b\u00e9coise\u00a0: Les escortes plus violent\u00e9es que leurs consoeurs de la rue. TVA Nouvelles-LCN Manchettes en direct. 19 mai 2006. Entrevue en direct, puis rediffus\u00e9e tout au long de la journ\u00e9e. <a href=\"https:\/\/www.tvanouvelles.ca\/2006\/05\/19\/les-escortes-plus-violentees-que-leurs-consoeurs-de-la-rue\">https:\/\/www.tvanouvelles.ca\/2006\/05\/19\/les-escortes-plus-violentees-que-leurs-consoeurs-de-la-rue<\/a><\/p>\n<p>Infirmi\u00e8res: Plus de la moiti\u00e9 auraient \u00e9t\u00e9 harcel\u00e9es psychologiquement, \u00c9mission Mongrain. Jean-Luc Mongrain Manchette. 9 mai 2011.<\/p>\n<p>Infirmi\u00e8res harcel\u00e9es. TVA, Salut Bonjour le matin. 9 mai 2011.<\/p>\n<p>Infirmi\u00e8res victimes d\u2019harc\u00e8lement. TQS, \u00c9mission Gyldor Roy le matin, 9 mai 2011.<\/p>\n<p>Les infirmi\u00e8res victimes de harc\u00e8lement. Radio Canada, Caf\u00e9, Boulot, Dodo. 9 mai 2011.<\/p>\n<p>Infirmi\u00e8res Harcel\u00e9es. TVA t\u00e9t\u00e9 en direct avec Fran\u00e7ois Paradis. 9 mai 2011.<\/p>\n<p>Infirmi\u00e8res victimes. FM 98 avec Michel Cloutier 9 mai 2011.<\/p>\n<p>\/R E P R I S E &#8212; Infirmi\u00e8res harcel\u00e9es &#8211; La FSQ-CSQ presse Yves Bolduc de sortir de sa l\u00e9thargie\/. Canada NewsWire (fran\u00e7ais). 13 mai 2011.<\/p>\n<p>Les infirmi\u00e8res victimes de harc\u00e8lement, avec Paul Arcand. 9 mai 2011.<\/p>\n<p>Les infirmi\u00e8res victimes de harc\u00e8lement, Radio Canada, avec Christiane Larouche et Jean-Pierre Girard. 9 mai 2011<\/p>\n<p>Les infirmi\u00e8res victimes de harc\u00e8lement, KyK FM. 9 mai 2011.<\/p>\n<p>TVA r\u00e9seau avec Sonia Lavoie. 9 mai 2011.<\/p>\n<p>Les infirmi\u00e8res victimes, Entrevue radio avec Beno\u00eet Dutrizac. 9 mai 2011.<\/p>\n<p>&nbsp;<\/p>\n","protected":false},"excerpt":{"rendered":"<p>M\u00e9dias : presse \u00e9crite, radiophonique et t\u00e9l\u00e9vis\u00e9e\u00a0 (s\u00e9lectionn\u00e9s) Presse \u00e9crite (s\u00e9lectionn\u00e9s) Louer des \u00ab\u00a0amis\u00a0\u00bb internet, c\u2019est possible. Le Quotidien. 20 septembre 2021. https:\/\/www.lequotidien.com\/actualites\/louer-des-amis-sur-internet-cest-possible-737f2e052aac65882fdfafc1511e306e?utm_campaign=lequotidien&amp;utm_medium=article_share&amp;utm_source=facebook&amp;fbclid=IwAR1G1-cZANheZH2qbVTYKgPAfzXMAqZJEJ2aCU7eD-2EVKZeXKV9OaWnHIo L\u2019autre \u00e9pid\u00e9mie\u00a0: je suis devenue quelqu\u2019un. La presse. 7 ao\u00fbt 2021. https:\/\/www.lapresse.ca\/actualites\/enquetes\/2021-08-07\/l-autre-epidemie\/je-suis-devenue-quelqu-un.php Sexualit\u00e9\u00a0: Le sexto, ill\u00e9gal mais populaire aupr\u00e8s des jeunes bas-laurentiens. ICI Radio Canada. 23 novembre 2020. https:\/\/ici.radio-canada.ca\/amp\/1751693\/sexto-jeunes-pornographie-exploitation-sexuelle-etude-lois De la violence &hellip; <a href=\"https:\/\/portfolio.uqac.ca\/karinecote\/dans-les-medias\/\" class=\"more-link\">Continuer la lecture de <span class=\"screen-reader-text\">M\u00e9dias<\/span>  <span class=\"meta-nav\">&rarr;<\/span><\/a><\/p>\n","protected":false},"author":157,"featured_media":0,"parent":0,"menu_order":0,"comment_status":"closed","ping_status":"closed","template":"","meta":{"footnotes":""},"tags":[],"_links":{"self":[{"href":"https:\/\/portfolio.uqac.ca\/karinecote\/wp-json\/wp\/v2\/pages\/321"}],"collection":[{"href":"https:\/\/portfolio.uqac.ca\/karinecote\/wp-json\/wp\/v2\/pages"}],"about":[{"href":"https:\/\/portfolio.uqac.ca\/karinecote\/wp-json\/wp\/v2\/types\/page"}],"author":[{"embeddable":true,"href":"https:\/\/portfolio.uqac.ca\/karinecote\/wp-json\/wp\/v2\/users\/157"}],"replies":[{"embeddable":true,"href":"https:\/\/portfolio.uqac.ca\/karinecote\/wp-json\/wp\/v2\/comments?post=321"}],"version-history":[{"count":6,"href":"https:\/\/portfolio.uqac.ca\/karinecote\/wp-json\/wp\/v2\/pages\/321\/revisions"}],"predecessor-version":[{"id":373,"href":"https:\/\/portfolio.uqac.ca\/karinecote\/wp-json\/wp\/v2\/pages\/321\/revisions\/373"}],"wp:attachment":[{"href":"https:\/\/portfolio.uqac.ca\/karinecote\/wp-json\/wp\/v2\/media?parent=321"}],"wp:term":[{"taxonomy":"post_tag","embeddable":true,"href":"https:\/\/portfolio.uqac.ca\/karinecote\/wp-json\/wp\/v2\/tags?post=321"}],"curies":[{"name":"wp","href":"https:\/\/api.w.org\/{rel}","templated":true}]}}