{"id":353,"date":"2026-04-14T08:47:13","date_gmt":"2026-04-14T12:47:13","guid":{"rendered":"https:\/\/portfolio.uqac.ca\/karinecote\/?page_id=353"},"modified":"2026-04-22T22:53:47","modified_gmt":"2026-04-23T02:53:47","slug":"chaire-de-recherche","status":"publish","type":"page","link":"https:\/\/portfolio.uqac.ca\/karinecote\/chaire-de-recherche\/","title":{"rendered":"Chaire de recherche"},"content":{"rendered":"<h2>Chaire de recherche sur l\u2019exploitation sexuelle et la traite des personnes \u2013 IMPACT<br \/>\n(Intervenir, Mobiliser, Pr\u00e9venir, Accompagner, Comprendre, Transformer)<\/h2>\n<p>Titulaire de la Chaire : Dre karine c\u00f4t\u00e9, Ph.D., psychologue, professeure titulaire en psychologie au d\u00e9partement des Sciences de la sant\u00e9<\/p>\n<h4>La Chaire en bref<\/h4>\n<p>La mission de la Chaire IMPACT est de produire des connaissances scientifiques rigoureuses et applicables pour mieux comprendre, pr\u00e9venir et contrer l\u2019exploitation sexuelle et la traite des personnes. Elle agit comme un carrefour interdisciplinaire et intersectoriel, r\u00e9unissant chercheurs, praticiens, d\u00e9cideurs, institutions et communaut\u00e9s afin de d\u00e9velopper des solutions novatrices, ancr\u00e9es dans la r\u00e9alit\u00e9 des milieux, align\u00e9es sur les avanc\u00e9es scientifiques et en dialogue avec les orientations l\u00e9gislatives et politiques.<\/p>\n<p>Elle s\u2019inscrit dans une approche de transformation sociale durable, en favorisant le maillage entre la recherche, la pratique, la formation et le transfert de connaissances. Elle contribue \u00e0 faire \u00e9voluer les pratiques, les politiques publiques et les syst\u00e8mes de soutien, en s\u2019appuyant sur les besoins des milieux, l\u2019expertise des partenaires et les donn\u00e9es probantes, pour renforcer la protection, l\u2019accompagnement et les droits des personnes concern\u00e9es par l\u2019exploitation sexuelle et la traite.<\/p>\n<h4>Les travaux de la Chaire se d\u00e9ploient autour de quatre axes :<\/h4>\n<p>Axe 1: D\u00e9veloppement des connaissances en fonction des besoins des populations et des milieux<\/p>\n<p>Axe2: D\u00e9veloppement, implantation et \u00e9valuation de programmes de sensibilisation, de pr\u00e9vention et d\u2019intervention<\/p>\n<p>Axe 3: D\u00e9veloppement, optimisation et renforcement des partenariats intersectoriels<\/p>\n<p>Axe 4: Formation, mobilisation et transfert des connaissances pour favoriser l\u2019innovation et la transformation sociale<\/p>\n<h4>Publics cibles<\/h4>\n<p>La Chaire s&#8217;int\u00e9resse \u00e0 l&#8217;ensemble des personnes, groupes et syst\u00e8mes concern\u00e9s par l\u2019exploitation sexuelle et la traite des personnes, dont notamment:<\/p>\n<ul>\n<li>les personnes en situation de prostitution, d\u2019exploitation ou de traite;<\/li>\n<li>les personnes achetant des services sexuels, recruteurs, trafiquants et prox\u00e9n\u00e8tes;<\/li>\n<li>les proches, familles, enseignants, intervenants, professionnels et d\u00e9cideurs;<\/li>\n<li>la population g\u00e9n\u00e9rale;<\/li>\n<li>et les syst\u00e8mes de pr\u00e9vention et de justice et m\u00e9canismes de soutien et de protection des victimes<\/li>\n<\/ul>\n<h4>Approches privil\u00e9gi\u00e9es<\/h4>\n<p>La Chaire constitue un lieu :<\/p>\n<ul>\n<li>de recherche, d\u2019observation, de concertation et de coconstruction pour r\u00e9pondre aux besoins et aux enjeux des acteurs du milieu au regard de l\u2019exploitation sexuelle et de la traite des personnes;<\/li>\n<li>de collaborations interdisciplinaires et intersectorielles entre les diff\u00e9rents acteurs de la recherche acad\u00e9mique et les diff\u00e9rents acteurs impliqu\u00e9s dans la lutte contre l\u2019exploitation sexuelle et traite des personnes;<\/li>\n<li>de formation d\u2019une rel\u00e8ve en recherche et en clinique sur les enjeux contemporains li\u00e9s \u00e0 l\u2019exploitation sexuelle et la traite de personnes;<\/li>\n<li>de production et de diffusion des connaissances aupr\u00e8s des milieux, des d\u00e9cideurs et des membres de la population g\u00e9n\u00e9rale;<\/li>\n<li>et d\u2019engagement \u00e0 l\u2019\u00e9gard de l\u2019\u00e9quit\u00e9, de la diversit\u00e9 et de l\u2019inclusion.<\/li>\n<\/ul>\n<h4>Programmation, outils et diffusion<\/h4>\n<p>La programmation ainsi que les outils cr\u00e9\u00e9s seront disponibles sous peu.<\/p>\n<p>Soyez \u00e0 l\u2019aff\u00fbt de l\u2019arriv\u00e9e sur les m\u00e9dias sociaux de la Chaire. Ces espaces de diffusion seront des lieux de partage pertinents pour les diff\u00e9rents partenaires, personnes intervenantes et toutes autres personnes int\u00e9ress\u00e9es par le sujet.<\/p>\n<h4><strong>Pour en savoir plus <\/strong><\/h4>\n<p>Pour obtenir davantage d\u2019informations au sujet de la professeure C\u00f4t\u00e9, veuillez consulter sa pr\u00e9sentation (lien cliquable). Pour toute question relative \u00e0 la Chaire, il est \u00e9galement possible de communiquer avec la titulaire, la professeure Karine C\u00f4t\u00e9, par courriel \u00e0 l\u2019adresse suivante : <a href=\"mailto:karine_cote2@uqac.ca\">karine_cote2@uqac.ca<\/a>.<\/p>\n<p>&nbsp;<\/p>\n","protected":false},"excerpt":{"rendered":"<p>Chaire de recherche sur l\u2019exploitation sexuelle et la traite des personnes \u2013 IMPACT (Intervenir, Mobiliser, Pr\u00e9venir, Accompagner, Comprendre, Transformer) Titulaire de la Chaire : Dre karine c\u00f4t\u00e9, Ph.D., psychologue, professeure titulaire en psychologie au d\u00e9partement des Sciences de la sant\u00e9 La Chaire en bref La mission de la Chaire IMPACT est de produire des connaissances &hellip; <a href=\"https:\/\/portfolio.uqac.ca\/karinecote\/chaire-de-recherche\/\" class=\"more-link\">Continuer la lecture de <span class=\"screen-reader-text\">Chaire de recherche<\/span>  <span class=\"meta-nav\">&rarr;<\/span><\/a><\/p>\n","protected":false},"author":406,"featured_media":0,"parent":0,"menu_order":0,"comment_status":"closed","ping_status":"closed","template":"","meta":{"footnotes":""},"tags":[],"_links":{"self":[{"href":"https:\/\/portfolio.uqac.ca\/karinecote\/wp-json\/wp\/v2\/pages\/353"}],"collection":[{"href":"https:\/\/portfolio.uqac.ca\/karinecote\/wp-json\/wp\/v2\/pages"}],"about":[{"href":"https:\/\/portfolio.uqac.ca\/karinecote\/wp-json\/wp\/v2\/types\/page"}],"author":[{"embeddable":true,"href":"https:\/\/portfolio.uqac.ca\/karinecote\/wp-json\/wp\/v2\/users\/406"}],"replies":[{"embeddable":true,"href":"https:\/\/portfolio.uqac.ca\/karinecote\/wp-json\/wp\/v2\/comments?post=353"}],"version-history":[{"count":8,"href":"https:\/\/portfolio.uqac.ca\/karinecote\/wp-json\/wp\/v2\/pages\/353\/revisions"}],"predecessor-version":[{"id":370,"href":"https:\/\/portfolio.uqac.ca\/karinecote\/wp-json\/wp\/v2\/pages\/353\/revisions\/370"}],"wp:attachment":[{"href":"https:\/\/portfolio.uqac.ca\/karinecote\/wp-json\/wp\/v2\/media?parent=353"}],"wp:term":[{"taxonomy":"post_tag","embeddable":true,"href":"https:\/\/portfolio.uqac.ca\/karinecote\/wp-json\/wp\/v2\/tags?post=353"}],"curies":[{"name":"wp","href":"https:\/\/api.w.org\/{rel}","templated":true}]}}