{"id":18,"date":"2012-07-23T20:05:15","date_gmt":"2012-07-23T20:05:15","guid":{"rendered":"http:\/\/portfolio-pre.uqac.ca\/gabarit\/?page_id=18"},"modified":"2026-04-19T10:01:45","modified_gmt":"2026-04-19T14:01:45","slug":"enseignement","status":"publish","type":"page","link":"https:\/\/portfolio.uqac.ca\/martinsimard\/enseignement\/","title":{"rendered":"Enseignement"},"content":{"rendered":"<h3>Exp\u00e9riences d&#8217;enseignement<\/h3>\n<p>(En cours)\u00a0 PROFESSEUR TITULAIRE DE G\u00c9OGRAPHIE,<br \/>\nUniversit\u00e9 du Qu\u00e9bec \u00e0 Chicoutimi.<\/p>\n<p>2020\u00a0 PROFESSEUR INVIT\u00c9 DE G\u00c9OGRAPHIE,\u00a0 \u00a0 \u00a0 \u00a0 \u00a0 \u00a0 \u00a0 \u00a0 \u00a0 \u00a0 \u00a0 \u00a0 \u00a0 \u00a0 \u00a0 \u00a0 \u00a0 \u00a0 \u00a0 \u00a0 \u00a0 \u00a0 \u00a0 Universit\u00e9 Laval.\u00a0 Qu\u00e9bec.<\/p>\n<p>2016\u00a0 PROFESSEUR INVIT\u00c9 DE G\u00c9OGRAPHIE,\u00a0\u00a0\u00a0\u00a0\u00a0\u00a0\u00a0\u00a0\u00a0\u00a0\u00a0\u00a0\u00a0\u00a0\u00a0\u00a0\u00a0\u00a0\u00a0\u00a0\u00a0\u00a0\u00a0\u00a0\u00a0\u00a0\u00a0\u00a0\u00a0\u00a0\u00a0\u00a0\u00a0\u00a0\u00a0\u00a0\u00a0\u00a0\u00a0\u00a0\u00a0 Universit\u00e9 Blaise-Pascal (Clermont-Auvergne) \u00e0 Clermont-Ferrand.<\/p>\n<p>2006-2010\u00a0 PROFESSEUR AGR\u00c9G\u00c9 DE G\u00c9OGRAPHIE,<br \/>\nUniversit\u00e9 du Qu\u00e9bec \u00e0 Chicoutimi.<\/p>\n<p>2003-2006\u00a0 PROFESSEUR ADJOINT DE G\u00c9OGRAPHIE,<br \/>\nUniversit\u00e9 du Qu\u00e9bec \u00e0 Chicoutimi.<\/p>\n<p>2002-2003\u00a0 PROFESSEUR INVIT\u00c9 DE G\u00c9OGRAPHIE,<br \/>\nUniversit\u00e9 du Qu\u00e9bec \u00e0 Chicoutimi.<\/p>\n<p>1994-2001\u00a0 CHARG\u00c9 DE COURS,<br \/>\nDiverses universit\u00e9s\u00a0qu\u00e9b\u00e9coises (Laval, UQAC et UQTR).<\/p>\n<h3>Cours dispens\u00e9s<\/h3>\n<h5><span style=\"text-decoration: underline\">1<sup>er<\/sup> cycle<\/span><\/h5>\n<p>&#8211;\u00a0\u00a0\u00a0\u00a0\u00a0\u00a0\u00a0\u00a0\u00a0\u00a0 Villes et soci\u00e9t\u00e9 urbaine (4GEO702).<\/p>\n<p>&#8211;\u00a0\u00a0\u00a0\u00a0\u00a0\u00a0\u00a0\u00a0\u00a0\u00a0 Am\u00e9nagement et urbanisme durables (4GEO323).<\/p>\n<p>&#8211;\u00a0\u00a0\u00a0\u00a0\u00a0\u00a0\u00a0\u00a0\u00a0\u00a0 Am\u00e9nagement rural et d\u00e9veloppement territorial (4GEO249).<\/p>\n<h5><span style=\"text-decoration: underline\">2<sup>e<\/sup>-3<sup>e<\/sup> cycles<\/span><\/h5>\n<p>&#8211;\u00a0 \u00a0 \u00a0 \u00a0 \u00a0 \u00a0M\u00e9thodologie en d\u00e9veloppement r\u00e9gional (DDR9022).<\/p>\n<p>&#8211;\u00a0\u00a0\u00a0\u00a0\u00a0\u00a0\u00a0\u00a0\u00a0\u00a0 Ph\u00e9nom\u00e8ne r\u00e9gional\u00a0I : concepts et m\u00e9thodes (4ESR821).<\/p>\n<p>&#8211; \u00a0 \u00a0 \u00a0 \u00a0 \u00a0 Am\u00e9nagement du territoire et environnement (4ESR818).<\/p>\n<p>&#8211; \u00a0 \u00a0 \u00a0 \u00a0 \u00a0 Territoires, urbanisation et d\u00e9veloppement (4ESR837).<\/p>\n<h6><span style=\"text-decoration: underline\">\u00c9tudiants dirig\u00e9s en ma\u00eetrise et au doctorat<\/span><\/h6>\n<p>2026\u00a0\u00a0\u00a0\u00a0 \u00a0\u00a0\u00a0\u00a0\u00a0\u00a0\u00a0\u00a0\u00a0\u00a0\u00a0 Kossi David Ayivi, Ma\u00eetrise (MEIR)\u00a0 \u00a0 \u00a0 \u00a0 \u00a0 \u00a0 \u00a0 \u00a0 \u00a0 \u00a0 \u00a0 \u00a0 \u00a0 \u00a0 \u00a0 \u00a0 \u00a0 \u00a0 \u00a0 Gouvernance territoriale et acc\u00e8s \u00e0 l&#8217;eau potable au Togo.<\/p>\n<p>2025\u00a0\u00a0\u00a0\u00a0 \u00a0\u00a0\u00a0\u00a0\u00a0\u00a0\u00a0\u00a0\u00a0\u00a0\u00a0 Jacques Charles, Ma\u00eetrise (MEIR).\u00a0 \u00a0 \u00a0 \u00a0 \u00a0 \u00a0 \u00a0 \u00a0 \u00a0 \u00a0 \u00a0 \u00a0 \u00a0 \u00a0 \u00a0 \u00a0 \u00a0 \u00a0 \u00a0 \u00a0 \u00a0Migrations internes et quartiers pr\u00e9caires \u00e0 Port-au-Prince.<\/p>\n<p>2024\u00a0 \u00a0 \u00a0 \u00a0 \u00a0 \u00a0 \u00a0 \u00a0Or\u00e9li Simard, Ma\u00eetrise (MEIR)\u00a0 \u00a0 \u00a0 \u00a0 \u00a0 \u00a0 \u00a0 \u00a0 \u00a0 \u00a0 \u00a0 \u00a0 \u00a0 \u00a0 \u00a0 \u00a0 \u00a0 \u00a0 \u00a0 \u00a0 \u00a0 \u00a0 \u00a0 \u00a0 \u00a0 \u00a0 \u00a0 \u00a0 \u00a0 \u00a0 Les effets de la COVID-19 en am\u00e9nagement. Le cas des MRC<\/p>\n<p>2023\u00a0 \u00a0 \u00a0 \u00a0 \u00a0 \u00a0 \u00a0 \u00a0Christine Louise Ntyam, Doctorat (DDR)\u00a0 \u00a0 \u00a0 \u00a0 \u00a0 \u00a0 \u00a0 \u00a0 \u00a0 \u00a0 \u00a0 \u00a0 \u00a0 \u00a0 \u00a0 \u00a0 \u00a0 \u00a0 Les impacts sociaux du port de Kribi au Cameroun.<\/p>\n<p>2021\u00a0 \u00a0 \u00a0 \u00a0 \u00a0 \u00a0 \u00a0 \u00a0 N\u2019Dri Severin Koussi, Doctorat (DDR)\u00a0 \u00a0 \u00a0 \u00a0 \u00a0 \u00a0 \u00a0 \u00a0 \u00a0 \u00a0 \u00a0 \u00a0 \u00a0 \u00a0 \u00a0 \u00a0 \u00a0 \u00a0 \u00a0 \u00a0 \u00a0 La gestion des aires prot\u00e9g\u00e9es en C\u00f4te-D\u2019Ivoire.<\/p>\n<p>2017\u00a0\u00a0\u00a0\u00a0 \u00a0\u00a0\u00a0\u00a0\u00a0\u00a0\u00a0\u00a0\u00a0\u00a0\u00a0 Hilaire Tch\u00e9choupard, Doctorat (DDR)\u00a0\u00a0\u00a0\u00a0\u00a0\u00a0\u00a0\u00a0\u00a0\u00a0\u00a0\u00a0\u00a0\u00a0\u00a0\u00a0\u00a0\u00a0\u00a0\u00a0\u00a0\u00a0\u00a0\u00a0\u00a0\u00a0\u00a0\u00a0\u00a0\u00a0\u00a0\u00a0\u00a0\u00a0 La gestion des aires prot\u00e9g\u00e9es en Centrafrique.<\/p>\n<p>2016\u00a0\u00a0\u00a0\u00a0 \u00a0\u00a0\u00a0\u00a0\u00a0\u00a0\u00a0\u00a0\u00a0\u00a0\u00a0 Olivier Riffon, Doctorat (DDR)\u00a0\u00a0\u00a0\u00a0\u00a0\u00a0\u00a0\u00a0\u00a0\u00a0\u00a0\u00a0\u00a0\u00a0\u00a0\u00a0\u00a0\u00a0\u00a0\u00a0\u00a0\u00a0\u00a0\u00a0\u00a0\u00a0\u00a0\u00a0\u00a0\u00a0\u00a0\u00a0\u00a0\u00a0\u00a0\u00a0\u00a0\u00a0\u00a0\u00a0\u00a0\u00a0\u00a0\u00a0\u00a0\u00a0\u00a0\u00a0\u00a0\u00a0\u00a0 Le d\u00e9veloppement durable et collectivit\u00e9s locales\u00a0: Quels outils?<\/p>\n<p>2014\u00a0\u00a0\u00a0\u00a0 \u00a0\u00a0\u00a0\u00a0\u00a0\u00a0\u00a0\u00a0\u00a0\u00a0\u00a0 Herv\u00e9 Stecq, Doctorat (DDR)\u00a0\u00a0\u00a0\u00a0\u00a0\u00a0\u00a0\u00a0\u00a0\u00a0\u00a0\u00a0\u00a0\u00a0\u00a0\u00a0\u00a0\u00a0\u00a0\u00a0\u00a0\u00a0\u00a0\u00a0\u00a0\u00a0\u00a0\u00a0\u00a0\u00a0\u00a0\u00a0\u00a0\u00a0\u00a0\u00a0\u00a0\u00a0\u00a0\u00a0\u00a0\u00a0\u00a0\u00a0\u00a0\u00a0\u00a0\u00a0\u00a0\u00a0\u00a0\u00a0\u00a0\u00a0\u00a0 Action collective et d\u00e9veloppement r\u00e9gional\u00a0: Le cas <em>MigrAction<\/em>.<\/p>\n<p>2014\u00a0\u00a0\u00a0\u00a0 \u00a0\u00a0\u00a0\u00a0\u00a0\u00a0\u00a0\u00a0\u00a0\u00a0\u00a0 Chantale Munger, Ma\u00eetrise (MEIR)\u00a0\u00a0\u00a0\u00a0\u00a0\u00a0\u00a0\u00a0\u00a0\u00a0\u00a0\u00a0\u00a0\u00a0\u00a0\u00a0\u00a0\u00a0\u00a0\u00a0\u00a0\u00a0\u00a0\u00a0\u00a0\u00a0\u00a0\u00a0\u00a0\u00a0\u00a0 \u00a0\u00a0\u00a0\u00a0\u00a0\u00a0\u00a0\u00a0\u00a0\u00a0\u00a0 Immigration et d\u00e9veloppement au sein des villes moyennes.<\/p>\n<p>2011 \u00a0\u00a0\u00a0\u00a0\u00a0\u00a0\u00a0\u00a0\u00a0\u00a0\u00a0\u00a0\u00a0\u00a0\u00a0 Marie-H\u00e9l\u00e8ne Tremblay, Ma\u00eetrise (MEIR)\u00a0\u00a0\u00a0\u00a0\u00a0\u00a0\u00a0\u00a0\u00a0\u00a0\u00a0\u00a0\u00a0\u00a0\u00a0\u00a0\u00a0\u00a0\u00a0\u00a0\u00a0\u00a0\u00a0\u00a0\u00a0\u00a0\u00a0\u00a0\u00a0 Les effets de la proximit\u00e9 sur les pratiques urbaines.<\/p>\n<p>2009 \u00a0\u00a0\u00a0\u00a0\u00a0\u00a0\u00a0\u00a0\u00a0\u00a0\u00a0\u00a0\u00a0\u00a0\u00a0 Pascal Claveau, Ma\u00eetrise (MEIR)\u00a0\u00a0\u00a0\u00a0\u00a0\u00a0\u00a0\u00a0\u00a0\u00a0\u00a0\u00a0\u00a0\u00a0\u00a0\u00a0\u00a0\u00a0\u00a0\u00a0\u00a0\u00a0\u00a0\u00a0\u00a0\u00a0\u00a0\u00a0\u00a0\u00a0\u00a0\u00a0\u00a0\u00a0\u00a0\u00a0\u00a0\u00a0\u00a0\u00a0\u00a0\u00a0\u00a0\u00a0\u00a0\u00a0\u00a0\u00a0\u00a0\u00a0\u00a0\u00a0 Le sentiment d\u2019appartenance et la rel\u00e8ve entrepreneuriale.<\/p>\n<p>2008 \u00a0\u00a0\u00a0\u00a0\u00a0\u00a0\u00a0\u00a0\u00a0\u00a0\u00a0\u00a0\u00a0\u00a0\u00a0 Val\u00e9rie Fortin, Ma\u00eetrise (MEIR)\u00a0\u00a0\u00a0\u00a0\u00a0\u00a0\u00a0\u00a0\u00a0\u00a0\u00a0\u00a0\u00a0\u00a0\u00a0\u00a0\u00a0\u00a0\u00a0\u00a0\u00a0\u00a0\u00a0\u00a0\u00a0\u00a0\u00a0\u00a0\u00a0\u00a0\u00a0\u00a0\u00a0\u00a0\u00a0\u00a0\u00a0\u00a0\u00a0\u00a0\u00a0\u00a0\u00a0\u00a0\u00a0\u00a0 \u00a0\u00a0\u00a0\u00a0\u00a0 Intentions migratoires chez les jeunes Cegepiens de Saguenay.<\/p>\n<p>2007\u00a0\u00a0\u00a0\u00a0\u00a0\u00a0\u00a0\u00a0\u00a0\u00a0\u00a0\u00a0\u00a0\u00a0\u00a0\u00a0 Simon Ouellet, Ma\u00eetrise (MEIR)\u00a0\u00a0\u00a0\u00a0\u00a0\u00a0\u00a0\u00a0\u00a0\u00a0\u00a0\u00a0\u00a0\u00a0\u00a0\u00a0\u00a0\u00a0\u00a0\u00a0\u00a0\u00a0\u00a0\u00a0\u00a0\u00a0\u00a0\u00a0\u00a0\u00a0\u00a0\u00a0\u00a0\u00a0\u00a0\u00a0\u00a0\u00a0\u00a0\u00a0\u00a0\u00a0\u00a0\u00a0\u00a0\u00a0\u00a0\u00a0\u00a0\u00a0\u00a0\u00a0\u00a0\u00a0 Les d\u00e9coupages g\u00e9ographiques comme outil d\u2019analyse urbaine.<\/p>\n<p>2006\u00a0\u00a0\u00a0\u00a0\u00a0\u00a0\u00a0\u00a0\u00a0\u00a0\u00a0\u00a0\u00a0\u00a0\u00a0\u00a0 Martin Dion, Ma\u00eetrise (MEIR)\u00a0\u00a0\u00a0\u00a0\u00a0\u00a0\u00a0\u00a0\u00a0\u00a0\u00a0\u00a0\u00a0\u00a0\u00a0\u00a0\u00a0\u00a0\u00a0\u00a0\u00a0\u00a0\u00a0\u00a0\u00a0\u00a0\u00a0\u00a0\u00a0\u00a0\u00a0\u00a0\u00a0\u00a0\u00a0\u00a0\u00a0\u00a0\u00a0\u00a0\u00a0\u00a0\u00a0\u00a0\u00a0\u00a0\u00a0\u00a0\u00a0\u00a0\u00a0\u00a0 Transport et d\u00e9veloppement r\u00e9gional\u00a0: L\u2019aluminium et les m\u00e9taux.<\/p>\n<p>2006\u00a0\u00a0\u00a0\u00a0\u00a0\u00a0\u00a0\u00a0\u00a0\u00a0\u00a0\u00a0\u00a0\u00a0\u00a0\u00a0 Emmanuelle Arth, Ma\u00eetrise (MEIR)\u00a0\u00a0\u00a0\u00a0\u00a0\u00a0\u00a0\u00a0\u00a0\u00a0\u00a0\u00a0\u00a0\u00a0\u00a0\u00a0\u00a0\u00a0\u00a0\u00a0\u00a0\u00a0\u00a0\u00a0\u00a0\u00a0\u00a0\u00a0\u00a0\u00a0\u00a0\u00a0\u00a0\u00a0\u00a0\u00a0\u00a0\u00a0\u00a0\u00a0\u00a0\u00a0\u00a0\u00a0 Les villes petites et moyennes du Lac-Saint-Jean.<\/p>\n<p>2005 \u00a0\u00a0\u00a0\u00a0\u00a0\u00a0\u00a0\u00a0\u00a0\u00a0\u00a0\u00a0\u00a0\u00a0\u00a0 Alain Roch, Ma\u00eetrise (MEIR)\u00a0\u00a0\u00a0\u00a0\u00a0\u00a0\u00a0\u00a0\u00a0\u00a0\u00a0\u00a0\u00a0\u00a0\u00a0\u00a0\u00a0\u00a0\u00a0\u00a0\u00a0\u00a0\u00a0\u00a0\u00a0\u00a0\u00a0\u00a0\u00a0\u00a0\u00a0\u00a0\u00a0\u00a0\u00a0\u00a0\u00a0\u00a0\u00a0\u00a0\u00a0\u00a0\u00a0\u00a0\u00a0\u00a0\u00a0\u00a0\u00a0\u00a0\u00a0\u00a0\u00a0\u00a0 Transport et d\u00e9veloppement r\u00e9gional\u00a0: L\u2019industrie foresti\u00e8re.<\/p>\n","protected":false},"excerpt":{"rendered":"<p>Exp\u00e9riences d&#8217;enseignement (En cours)\u00a0 PROFESSEUR TITULAIRE DE G\u00c9OGRAPHIE, Universit\u00e9 du Qu\u00e9bec \u00e0 Chicoutimi. 2020\u00a0 PROFESSEUR INVIT\u00c9 DE G\u00c9OGRAPHIE,\u00a0 \u00a0 \u00a0 \u00a0 \u00a0 \u00a0 \u00a0 \u00a0 \u00a0 \u00a0 \u00a0 \u00a0 \u00a0 \u00a0 \u00a0 \u00a0 \u00a0 \u00a0 \u00a0 \u00a0 \u00a0 \u00a0 \u00a0 Universit\u00e9 Laval.\u00a0 Qu\u00e9bec. 2016\u00a0 PROFESSEUR INVIT\u00c9 DE G\u00c9OGRAPHIE,\u00a0\u00a0\u00a0\u00a0\u00a0\u00a0\u00a0\u00a0\u00a0\u00a0\u00a0\u00a0\u00a0\u00a0\u00a0\u00a0\u00a0\u00a0\u00a0\u00a0\u00a0\u00a0\u00a0\u00a0\u00a0\u00a0\u00a0\u00a0\u00a0\u00a0\u00a0\u00a0\u00a0\u00a0\u00a0\u00a0\u00a0\u00a0\u00a0\u00a0\u00a0 Universit\u00e9 Blaise-Pascal (Clermont-Auvergne) \u00e0 Clermont-Ferrand. 2006-2010\u00a0 PROFESSEUR &hellip; <a href=\"https:\/\/portfolio.uqac.ca\/martinsimard\/enseignement\/\" class=\"more-link\">Continuer la lecture de <span class=\"screen-reader-text\">Enseignement<\/span>  <span class=\"meta-nav\">&rarr;<\/span><\/a><\/p>\n","protected":false},"author":89,"featured_media":0,"parent":0,"menu_order":0,"comment_status":"closed","ping_status":"closed","template":"","meta":{"footnotes":""},"tags":[],"_links":{"self":[{"href":"https:\/\/portfolio.uqac.ca\/martinsimard\/wp-json\/wp\/v2\/pages\/18"}],"collection":[{"href":"https:\/\/portfolio.uqac.ca\/martinsimard\/wp-json\/wp\/v2\/pages"}],"about":[{"href":"https:\/\/portfolio.uqac.ca\/martinsimard\/wp-json\/wp\/v2\/types\/page"}],"author":[{"embeddable":true,"href":"https:\/\/portfolio.uqac.ca\/martinsimard\/wp-json\/wp\/v2\/users\/89"}],"replies":[{"embeddable":true,"href":"https:\/\/portfolio.uqac.ca\/martinsimard\/wp-json\/wp\/v2\/comments?post=18"}],"version-history":[{"count":21,"href":"https:\/\/portfolio.uqac.ca\/martinsimard\/wp-json\/wp\/v2\/pages\/18\/revisions"}],"predecessor-version":[{"id":291,"href":"https:\/\/portfolio.uqac.ca\/martinsimard\/wp-json\/wp\/v2\/pages\/18\/revisions\/291"}],"wp:attachment":[{"href":"https:\/\/portfolio.uqac.ca\/martinsimard\/wp-json\/wp\/v2\/media?parent=18"}],"wp:term":[{"taxonomy":"post_tag","embeddable":true,"href":"https:\/\/portfolio.uqac.ca\/martinsimard\/wp-json\/wp\/v2\/tags?post=18"}],"curies":[{"name":"wp","href":"https:\/\/api.w.org\/{rel}","templated":true}]}}