{"id":20,"date":"2012-07-23T20:20:59","date_gmt":"2012-07-23T20:20:59","guid":{"rendered":"http:\/\/portfolio-pre.uqac.ca\/gabarit\/?page_id=20"},"modified":"2024-12-01T10:12:59","modified_gmt":"2024-12-01T15:12:59","slug":"publications","status":"publish","type":"page","link":"https:\/\/portfolio.uqac.ca\/martinsimard\/publications\/","title":{"rendered":"Publications"},"content":{"rendered":"<h6>Pour obtenir les publications en format pdf, aller sur<\/h6>\n<p><a href=\"https:\/\/www.researchgate.net\/profile\/Martin-Simard-3\/research?ev=prf_act\">ResearchGate<\/a><\/p>\n<h3>Publications \u00e9valu\u00e9es par un comit\u00e9 (RAC)<\/h3>\n<h5><i>Diverses revues hors-Qu\u00e9bec<\/i><\/h5>\n<p>2024\u00a0\u00a0\u00a0\u00a0 <strong>Simard, M.<\/strong>, Pelletier, R., Mercier, G. et D\u00e9ry, C. \u00ab La g\u00e9ographie qu\u00e9b\u00e9coise d\u2019hier \u00e0 aujourd\u2019hui \u00bb, <em>G\u00e9ographies canadiennes<\/em>, <em>68<\/em>(2). https:\/\/doi.org\/10.1111\/cag.12929.<\/p>\n<p>2024\u00a0\u00a0\u00a0\u00a0 <strong>Simard, M.<\/strong>, \u00ab\u00a0La politique nationale de l\u2019architecture et de l\u2019am\u00e9nagement du territoire du Qu\u00e9bec. Une mise en r\u00e9cit mobilisatrice\u00a0?\u00a0\u00bb,<em> \u00a0 G\u00e9ographies canadiennes<\/em>,<em> 68(2). <\/em>https:\/\/doi.org\/10.1111\/cag.12884.<\/p>\n<p>2024\u00a0\u00a0\u00a0\u00a0 Ntyam, C.-L. et <strong>Simard, M.<\/strong>, \u00ab\u00a0Les impacts sociaux li\u00e9s \u00e0 l\u2019am\u00e9nagement du port de Kribi au Cameroun. Le cas du programme de relocalisation\u00a0\u00bb, <em>Revue canadienne des sciences r\u00e9gionales<\/em>, <em>46<\/em>(3). https:\/\/idjs.ca\/images\/rcsr\/archives\/V47N1_3_Simard.pdf<\/p>\n<p>2020\u00a0\u00a0\u00a0\u00a0\u00a0 <strong>Simard, M.<\/strong> \u00ab\u00a0Urbanit\u00e9 et centralit\u00e9\u00a0: le paradoxe des villes moyennes p\u00e9riph\u00e9riques \u00bb, <em>Revue LSGDC<\/em>, vol.\u00a048, no.\u00a01, [en ligne]URL\u00a0:https:\/\/www.seminarcantemir.uaic.ro\/index.php\/ lsgdc\/article\/view\/302<\/p>\n<p>2020\u00a0\u00a0\u00a0\u00a0 <strong>Simard,\u00a0M.<\/strong> et C. Brisson<strong>\u00a0<\/strong>\u00ab<strong>\u00a0<\/strong>Les enjeux et d\u00e9fis de la gouvernance biculturelle. L\u2019exemple du Gouvernement r\u00e9gional\u00a0de l\u2019Eeyou-Istchee \u0336 Baie-James \u00bb, <em>\u00c9tudes canadiennes, <\/em>no.\u00a089<em>, <\/em>p.\u00a0355-379.<\/p>\n<p>2020\u00a0\u00a0\u00a0\u00a0 Mercier, G.et<strong> Simard, M.<\/strong> \u00ab\u00a0Revoir l\u2019am\u00e9nagement du territoire au Qu\u00e9bec\u00a0\u00bb, <em>Revue internationale d\u2019urbanisme<\/em>, 9, [en ligne] URL\u00a0: https:\/\/www.riurba.review\/Revue\/revoir-lamenagement-du-territoire-98\/.<\/p>\n<p>2019\u00a0\u00a0\u00a0\u00a0 <strong>Simard, M.<\/strong>, Maltais, E. et Brisson, C. \u00ab\u00a0Le navettage a\u00e9rien dans le Nord du Qu\u00e9bec. <em>Espace, \u00a0 populations, soci\u00e9t\u00e9s<\/em>, no.\u00a01, [en ligne] URL\u00a0: https:\/\/journals.openedition.org\/eps\/8536.<\/p>\n<p>2018\u00a0\u00a0\u00a0\u00a0 <strong>Simard, M.<\/strong>, \u00ab\u00a0Entre nature et culture : la n\u00e9cessaire reconnaissance des territoires de tr\u00e8s faible densit\u00e9\u00a0 au Qu\u00e9bec et au Canada\u00a0\u00bb, <em>Les travaux du s\u00e9minaire g\u00e9ographique Dimitrie Cantemir<\/em>, vol.\u00a046, no.\u00a01, p.\u00a089-104.<\/p>\n<p>2018\u00a0\u00a0\u00a0\u00a0 <strong>Simard, M.<\/strong>, \u00ab\u00a0L\u2019industrie mini\u00e8re au Qu\u00e9bec\u00a0: situation, tendances et enjeux\u00a0\u00bb, <em>\u00c9tudes canadiennes\u00a0\/ Canadian Studies<\/em>, no.\u00a085, p.\u00a0193-217.<\/p>\n<p>2018\u00a0\u00a0\u00a0\u00a0 <strong>Simard, M.<\/strong> \u00ab\u00a0Il confine tra Qu\u00e9bec e Labrador: Quali effetti sullo sviluppo delle risorse e delle popolazioni del Nord?\u00a0[Les effets de la fronti\u00e8re du Qu\u00e9bec-Labrador]\u00a0\u00bb, <em>Il Polo<\/em>, vol.\u00a073, no.\u00a03, p.\u00a09-29.<\/p>\n<p>2017\u00a0\u00a0\u00a0\u00a0 <strong>Simard, M.<\/strong>, \u00ab\u00a0La r\u00e9silience des petites villes ressources du Moyen-Nord qu\u00e9b\u00e9cois \u00e0 l\u2019\u00e9preuve du navettage a\u00e9rien\u00a0\u00bb, <em>Les travaux du s\u00e9minaire g\u00e9ographique Dimitrie Cantemir<\/em>, vol.\u00a044, no.\u00a01, p.\u00a0175-188.<\/p>\n<p>2016\u00a0\u00a0\u00a0\u00a0 <strong>Simard, M.<\/strong>,\u00a0 \u00ab\u00a0Les\u00a0 d\u00e9coupages\u00a0 territoriaux\u00a0 et\u00a0 la r\u00e9gionalisation au Qu\u00e9bec\u00a0: les enjeux li\u00e9s aux d\u00e9limitations, \u00e0 l\u2019\u00e9chelle et aux pouvoirs\u00a0\u00bb, <em>Revue tunisienne de g\u00e9ographie<\/em>, no.\u00a046, p.125-150.<\/p>\n<p style=\"text-align: justify\">2013\u00a0\u00a0\u00a0\u00a0 <b>Simard,\u00a0M., <\/b>\u00ab\u00a0Les cycles \u00e9conomiques et le d\u00e9veloppement urbain en milieu nordique\u00a0: l\u2019exemple de Fermont au Qu\u00e9bec\u00a0\u00bb<i>, Cybergeo \u2013 Revue europ\u00e9enne de g\u00e9ographie, <\/i>document no. 637, [En ligne], URL\u00a0: https:\/\/cybergeo.revues.org\/25817.<\/p>\n<p style=\"text-align: justify\">2012\u00a0\u00a0\u00a0\u00a0 <b>Simard,\u00a0M., <\/b>Les fronti\u00e8res contemporaines de l\u2019\u00e9coum\u00e8ne qu\u00e9b\u00e9cois\u00a0: de la lutte \u00e0 l\u2019\u00e9talement urbain \u00e0 la mise en \u0153uvre du Plan nord<i>, \u00c9tudes canadiennes<\/i> <i>\/ Canadian Studies,<\/i> no.\u00a073, p.91-114.<\/p>\n<p style=\"text-align: justify\">2009\u00a0\u00a0\u00a0\u00a0 <b>Simard, M.<\/b> et Ouellet, S. \u00ab\u00a0Les intentions migratoires et les repr\u00e9sentations spatiales chez les jeunes de Saguenay\u00a0\u00bb, <i>Revue d\u2019\u00e9conomie r\u00e9gionale et urbaine<\/i>, no.5, p.957 -974.<\/p>\n<p style=\"text-align: justify\">2009\u00a0\u00a0\u00a0\u00a0 <b>Simard, M.<\/b> et Mercier, G. \u00ab\u00a0Trente ans d\u2019am\u00e9nagement institutionnalis\u00e9 au Qu\u00e9bec. Une contribution au mod\u00e8le qu\u00e9b\u00e9cois?\u00a0\u00bb, <i>\u00c9tudes canadiennes \/ Canadian Studies<\/i>, no.\u00a066, p.139-151.<\/p>\n<p style=\"text-align: justify\"><span style=\"background-color: transparent;color: #2b2b2b;float: none;font-family: Lato,sans-serif;font-size: 16px;font-style: normal;font-variant: normal;font-weight: 400;letter-spacing: normal;text-align: justify;text-decoration: none;text-indent: 0px\">2008\u00a0\u00a0\u00a0\u00a0 Molgat, M., Leblanc, P. et <\/span><b style=\"background-color: transparent;color: #2b2b2b;font-family: Lato,sans-serif;font-size: 16px;font-style: normal;font-variant: normal;font-weight: bold;letter-spacing: normal;text-align: justify;text-decoration: none;text-indent: 0px\">Simard, M.<\/b><span style=\"background-color: transparent;color: #2b2b2b;float: none;font-family: Lato,sans-serif;font-size: 16px;font-style: normal;font-variant: normal;font-weight: 400;letter-spacing: normal;text-align: justify;text-decoration: none;text-indent: 0px\"> \u00ab\u00a0Are Urban Youth More Modern? Social Differentiations, Home Leaving and Transition Outcomes\u00a0\u00bb, <\/span><i style=\"background-color: transparent;color: #2b2b2b;font-family: Lato,sans-serif;font-size: 16px;font-style: italic;font-variant: normal;font-weight: 400;letter-spacing: normal;text-align: justify;text-decoration: none;text-indent: 0px\">Journal of Rural and Community Development<\/i><span style=\"background-color: transparent;color: #2b2b2b;float: none;font-family: Lato,sans-serif;font-size: 16px;font-style: normal;font-variant: normal;font-weight: 400;letter-spacing: normal;text-align: justify;text-decoration: none;text-indent: 0px\">, vol.3, no.3, p.1-22.<\/span><\/p>\n<p style=\"text-align: justify\">2008\u00a0\u00a0\u00a0\u00a0 <b>Simard, M.<\/b> et Brisson, C. \u00ab\u00a0Le tourisme de croisi\u00e8res \u00e0 Saguenay. Un exemple de gouvernance urbaine en contexte de crise\u00a0?\u00a0\u00bb, <i>\u00c9tudes canadiennes \/ Canadian Studies<\/i>, no.\u00a064, p.33-49.<\/p>\n<p style=\"text-align: justify\"><span style=\"background-color: transparent;color: #2b2b2b;float: none;font-family: Lato,sans-serif;font-size: 16px;font-style: normal;font-variant: normal;font-weight: 400;letter-spacing: normal;text-align: justify;text-decoration: none;text-indent: 0px\">2008\u00a0\u00a0\u00a0\u00a0 <\/span><b style=\"background-color: transparent;color: #2b2b2b;font-family: Lato,sans-serif;font-size: 16px;font-style: normal;font-variant: normal;font-weight: bold;letter-spacing: normal;text-align: justify;text-decoration: none;text-indent: 0px\">Simard, M.<\/b><span style=\"background-color: transparent;color: #2b2b2b;float: none;font-family: Lato,sans-serif;font-size: 16px;font-style: normal;font-variant: normal;font-weight: 400;letter-spacing: normal;text-align: justify;text-decoration: none;text-indent: 0px\"> et Brisson, C. \u00ab\u00a0Entre industrie et tourisme. L\u2019\u00e9volution du paysage baieriverain \u00e0 Saguenay, Qu\u00e9bec\u00a0\u00bb,<\/span><i style=\"background-color: transparent;color: #2b2b2b;font-family: Lato,sans-serif;font-size: 16px;font-style: italic;font-variant: normal;font-weight: 400;letter-spacing: normal;text-align: justify;text-decoration: none;text-indent: 0px\"> Le\u00a0g\u00e9ographe canadien \/ The Canadian Geographer<\/i><span style=\"background-color: transparent;color: #2b2b2b;float: none;font-family: Lato,sans-serif;font-size: 16px;font-style: normal;font-variant: normal;font-weight: 400;letter-spacing: normal;text-align: justify;text-decoration: none;text-indent: 0px\">, vol. 52, no.4, p.505-513.<\/span><\/p>\n<p style=\"text-align: justify\"><b style=\"background-color: transparent;color: #2b2b2b;font-family: Lato,sans-serif;font-size: 16px;font-style: normal;font-variant: normal;font-weight: bold;letter-spacing: normal;text-align: justify;text-decoration: none;text-indent: 0px\">2<\/b>006\u00a0\u00a0\u00a0\u00a0 <b>Sima<\/b><b>rd, M. <\/b>\u201cSpatial Dimensions of Social Diversity in Canada. Youth Migration in Quebec\u201d, <i>USA<\/i><i> and Canada.\u00a0Economics, Politics, Culture <\/i>(Russian Academy of Science), vol.434, no.2, p.89-99.<\/p>\n<p style=\"text-align: justify\">2006 \u00a0\u00a0\u00a0 <b>Simard, M.<\/b> \u00ab\u00a0La r\u00e9forme de la gouvernance qu\u00e9b\u00e9coise \u00e0 l\u2019\u00e9preuve des probl\u00e8mes d\u2019am\u00e9nagement et de d\u00e9veloppement\u00bb, <i>Revue canadienne des sciences r\u00e9gionales<\/i>, vol.29, no.2, p.257-275.<\/p>\n<p style=\"text-align: justify\">2005 \u00a0\u00a0\u00a0 <b>Simard, M.<\/b> et Simard, C. \u201cToward a Culturalist City. A Planning Agenda for Peripheral Mid-size Cities\u201d, <i>Canadian Journal of Urban Research<\/i>, vol.\u00a014, Supplement no.1, p.38-56.<\/p>\n<p style=\"text-align: justify\">2001\u00a0\u00a0\u00a0\u00a0 <b>Simard, M.<\/b> et Mercier, G. \u201cPlanning, Participation and Identity in Quebec City. Community Building Through Urban Revitalization\u201d, <i>Canadian Journal of Urban Research<\/i>, vol. 10, no. 1, p.23-45.<\/p>\n<p style=\"text-align: justify\">2000 \u00a0\u00a0\u00a0 <strong>Simard, M.,<\/strong> \u00ab\u00a0Les communaut\u00e9s locales et l\u2019espace monde. Les processus identitaires de la postmodernit\u00e9\u00a0\u00bb, <em>G\u00e9ographie et cultures<\/em>, no.\u00a036,\u00a0p.3-21.<\/p>\n<h5><i>Diverses revues qu\u00e9b\u00e9coises<\/i><\/h5>\n<p>2024 \u00a0\u00a0\u00a0 <strong>Simard, M<\/strong>., \u00ab\u00a0La requalification de centres commerciaux de banlieue en Am\u00e9rique du Nord. Le cas de la <em>Place Fleur de Lys<\/em> \u00e0 Qu\u00e9bec\u00a0\u00bb, <em>Organisations et territoires, 33<\/em>(3) : 21-27.<\/p>\n<p>2024 \u00a0\u00a0\u00a0 Simard, O. et <strong>Simard, M.<\/strong>, \u00ab\u00a0L\u2019am\u00e9nagement et l\u2019urbanisme \u00e0 l\u2019\u00e9preuve de la COVID-19 : les perceptions des professionnels \u0153uvrant en MRC au Qu\u00e9bec\u00a0\u00bb, <em>Organisations et territoires<\/em>, <em>33<\/em>(3) : 27-34.<\/p>\n<p>2022<strong>\u00a0 \u00a0 Simard<\/strong>,\u00a0<strong>M<\/strong>.<strong>,\u00a0<\/strong>\u00ab\u00a0La controverse sur la densification au Qu\u00e9bec. Un choc des valeurs sur la forme de l\u2019habitat et des milieux de vie\u00bb,\u00a0<em>Organisations et territoires,<\/em>\u00a0 vol. 31, no. 3 , p. 11-24.<\/p>\n<p>2021<strong>\u00a0 \u00a0 \u00a0Simard<\/strong>,\u00a0<strong>M<\/strong>.<strong>,\u00a0<\/strong>\u00ab Ville intelligente, d\u00e9mocratie et durabilit\u00e9 : l&#8217;improbable quadrature du cercle \u00bb,\u00a0<em>Organisations et territoires,<\/em>\u00a0 \u00a0 \u00a0 \u00a0 vol. 30, no. 3 , p. 39-51.<\/p>\n<p>2020<strong> \u00a0\u00a0\u00a0 Simard<\/strong>,\u00a0<strong>M<\/strong>.<strong>,\u00a0<\/strong>\u00ab\u00a0La pand\u00e9mie de COVID19 et le d\u00e9bat sur l\u2019\u00e9talement urbain: tournant majeur ou accident de parcours ?\u00a0\u00bb, <em>Organisations et territoires,<\/em> vol. 29, no.\u00a02, p.\u00a0175-183.<\/p>\n<p>2019<strong>\u00a0\u00a0\u00a0\u00a0 Simard<\/strong>,\u00a0<strong>M<\/strong>.<strong>,\u00a0<\/strong>\u00ab\u00a0Qu\u00e9bec et ses dilemmes urbanistiques\u00a0: Les enseignements du terrain et des d\u00e9bats m\u00e9diatiques<strong>\u00a0<\/strong>\u00bb,\u00a0<em>Organisations et territoires,<\/em>\u00a0vol. 28, no.\u00a02, p. 9-28.<\/p>\n<p>2019<strong>\u00a0\u00a0\u00a0\u00a0 Simard<\/strong>,\u00a0<strong>M<\/strong>.<strong>,\u00a0<\/strong>\u00ab<strong>\u00a0<\/strong>Les villes moyennes p\u00e9riph\u00e9riques \u00e0 l\u2019\u00e9preuve des tendances \u00e9conomiques et d\u00e9mographiques. L\u2019exemple de Saguenay\u00a0\u00bb<strong>,\u00a0<\/strong><em>Organisations et territoires,\u00a0<\/em>vol. 28, no.\u00a01, p. 81-90.<\/p>\n<p>2019\u00a0\u00a0\u00a0\u00a0 <strong>Simard, M.<\/strong> et Gauthier, M.-J., \u00ab\u00a0La g\u00e9ographie et l\u2019am\u00e9nagement \u00e0 l\u2019UQAC\u00a0: 50 ans au service des collectivit\u00e9s locales et r\u00e9gionales\u00a0\u00bb, <em>Saguenayensia<\/em>, vol. 61, no. 3, p. 48-51.<\/p>\n<p>2019<strong> \u00a0\u00a0\u00a0 Simard<\/strong>,\u00a0<strong>M<\/strong>.<strong>,\u00a0<\/strong>\u00ab<strong>\u00a0<\/strong>Les villes moyennes p\u00e9riph\u00e9riques \u00e0 l\u2019\u00e9preuve des tendances \u00e9conomiques et d\u00e9mographiques. L\u2019exemple de Saguenay\u00a0\u00bb<strong>, <\/strong><em>Organisations et territoires, <\/em>vol. 28, no.\u00a01 (\u00e0 para\u00eetre).<\/p>\n<p>2017\u00a0\u00a0\u00a0\u00a0 B\u00e9dard, M., Gilbert, A. et <strong>Simard, M<\/strong>., \u00ab\u00a0La g\u00e9ographie qu\u00e9b\u00e9coise\u00a0: un regard particulier\u00a0?\u00a0\u00bb, <em>Cahiers de g\u00e9ographie du Qu\u00e9bec, <\/em>vol. 61, no. 173, p.\u00a0187-201.<em>\u00a0 <\/em><\/p>\n<p>2017\u00a0\u00a0\u00a0\u00a0\u00a0 <strong>Simard, M<\/strong>., \u00ab Les repr\u00e9sentations du Nord chez les g\u00e9ographes qu\u00e9b\u00e9cois. Analyse compar\u00e9e de quelques auteurs cl\u00e9s\u00bb, <em>Cahiers de g\u00e9ographie du Qu\u00e9bec, <\/em>vol. 61, no. 173, p.\u00a0253-272.<em>\u00a0 <\/em><\/p>\n<p>2017\u00a0\u00a0\u00a0\u00a0 <strong>Simard, M.<\/strong>, \u00ab\u00a0La fronti\u00e8re Qu\u00e9bec-Labrador\u00a0: Quels effets sur le d\u00e9veloppement des ressources et des populations du Nord\u00a0?\u00a0\u00bb, <em>Vertigo<\/em>, vol. 17, no. 2 [En ligne] https:\/\/vertigo.revues.org\/18646 .<\/p>\n<p>2017\u00a0\u00a0\u00a0\u00a0 <strong>Simard, M.<\/strong>, Guimond, L. et Rivard, \u00c9., \u00ab\u00a0Les recherches sur le Qu\u00e9bec du Nord. Un instrument d\u2019appropriation territoriale pour quels acteurs\u00a0?\u00a0\u00bb, <em>Recherches sociographiques<\/em>, vol.\u00a058, no.2, p.251-262.<\/p>\n<p>2017\u00a0\u00a0\u00a0\u00a0 <strong>Simard, M.<\/strong>, \u00ab\u00a0Le nord qu\u00e9b\u00e9cois\u00a0: un plan, trois r\u00e9gions et neuf d\u00e9fis \u00bb, <em>Recherches sociographiques<\/em>, vol.\u00a058, no.2, p.263-295.<\/p>\n<p>2017\u00a0\u00a0\u00a0\u00a0 B\u00e9dard, M., Gilbert, A. et <strong>Simard, M<\/strong>., \u00ab\u00a0La g\u00e9ographie qu\u00e9b\u00e9coise\u00a0: un regard particulier\u00a0?\u00a0\u00bb, <em>Cahiers de g\u00e9ographie du Qu\u00e9bec, <\/em>vol. 61, no. 173 (\u00e0 para\u00eetre).<em>\u00a0 <\/em><\/p>\n<p><span style=\"background-color: transparent;color: #2b2b2b;float: none;font-family: Lato,sans-serif;font-size: 16px;font-style: normal;font-variant: normal;font-weight: 400;letter-spacing: normal;text-align: left;text-decoration: none;text-indent: 0px\">2017\u00a0\u00a0\u00a0\u00a0 <\/span><strong style=\"background-color: transparent;color: #2b2b2b;font-family: Lato,sans-serif;font-size: 16px;font-style: normal;font-variant: normal;font-weight: bold;letter-spacing: normal;text-align: left;text-decoration: none;text-indent: 0px\">Simard, M<\/strong><span style=\"background-color: transparent;color: #2b2b2b;float: none;font-family: Lato,sans-serif;font-size: 16px;font-style: normal;font-variant: normal;font-weight: 400;letter-spacing: normal;text-align: left;text-decoration: none;text-indent: 0px\">., <\/span><em style=\"background-color: transparent;color: #2b2b2b;font-family: Lato,sans-serif;font-size: 16px;font-style: italic;font-variant: normal;font-weight: 400;letter-spacing: normal;text-align: left;text-decoration: none;text-indent: 0px\">Les repr\u00e9sentations du Nord chez les g\u00e9ographes qu\u00e9b\u00e9cois. Analyse compar\u00e9e de quelques auteurs cl\u00e9s<\/em><span style=\"background-color: transparent;color: #2b2b2b;float: none;font-family: Lato,sans-serif;font-size: 16px;font-style: normal;font-variant: normal;font-weight: 400;letter-spacing: normal;text-align: left;text-decoration: none;text-indent: 0px\">, <\/span><em style=\"background-color: transparent;color: #2b2b2b;font-family: Lato,sans-serif;font-size: 16px;font-style: italic;font-variant: normal;font-weight: 400;letter-spacing: normal;text-align: left;text-decoration: none;text-indent: 0px\">Cahiers de g\u00e9ographie du Qu\u00e9bec, <\/em><span style=\"background-color: transparent;color: #2b2b2b;float: none;font-family: Lato,sans-serif;font-size: 16px;font-style: normal;font-variant: normal;font-weight: 400;letter-spacing: normal;text-align: left;text-decoration: none;text-indent: 0px\">vol. 61, no. 173 (\u00e0 para\u00eetre).<\/span><em style=\"background-color: transparent;color: #2b2b2b;font-family: Lato,sans-serif;font-size: 16px;font-style: italic;font-variant: normal;font-weight: 400;letter-spacing: normal;text-align: left;text-decoration: none;text-indent: 0px\">\u00a0 <\/em><\/p>\n<p>2016<strong> \u00a0\u00a0\u00a0 Simard<\/strong>, M.<strong>, \u00ab\u00a0<\/strong>R\u00e9gions, r\u00e9gionalisation et d\u00e9veloppement au Qu\u00e9bec : Quel bilan 50 ans apr\u00e8s les premiers d\u00e9coupages administratifs\u00a0\u00bb<strong>, <\/strong><em>Organisations et territoires, <\/em>vol. 25, no.\u00a02, p.5-17.<\/p>\n<p>2016\u00a0\u00a0\u00a0\u00a0 <strong>Simard, M.<\/strong> et Brisson, C., \u00ab\u00a0Les vuln\u00e9rabilit\u00e9s des villes mini\u00e8res nordiques. Le cas de Schefferville au Qu\u00e9bec\u00a0\u00bb, <em>Organisations et territoires<\/em>, vol. 25, no.1, p.37-49.<\/p>\n<p>2015\u00a0\u00a0\u00a0\u00a0 Stecq, H. et <strong>Simard, M.,<\/strong> \u00ab\u00a0Le <em>leadership<\/em> et le discours dans la mobilisation d\u2019acteurs du d\u00e9veloppement: Le cas de la strat\u00e9gie MigrAction\u00a0\u00bb, <em>Recherches sociographiques<\/em>, vol.\u00a056 no.1, p.171-194.<\/p>\n<p>2014 \u00a0\u00a0\u00a0 <b>Simard, M., <\/b>\u00c9talement urbain, empreinte \u00e9cologique et ville durable. Y a-t-il une solution de rechange \u00e0 la densification\u00a0?<em>, <\/em><i>Cahiers de g\u00e9ographie du Qu\u00e9bec, <\/i>vol. 58, no. 165, p.331-352.<em>\u00a0\u00a0<\/em><i><\/i><\/p>\n<p style=\"text-align: justify\">2014\u00a0\u00a0\u00a0\u00a0 <b>Simard, M.<\/b>, Tremblay, S. et Diallo, T., \u00ab\u00a0Th\u00e9ories et pratiques en d\u00e9veloppement territorial : des grands projets aux initiatives locales et vice versa\u00a0\u00bb, <i>Organisations et territoires<\/i>, vol. 23, no.3, p.5-14.<\/p>\n<p style=\"text-align: justify\">2013\u00a0\u00a0\u00a0\u00a0 <b>Simard, M.<\/b> \u00ab\u00a0L\u2019urbanisme durable au Qu\u00e9bec\u00a0: Plaidoyer en faveur d\u2019un cadre l\u00e9gislatif incitatif\u00a0\u00bb, <i>Organisations et territoires,<\/i> vol. 22, no.3, p.61-69.<\/p>\n<p style=\"text-align: justify\"><span style=\"float: none;background-color: transparent;color: #2b2b2b;font-family: Lato,sans-serif;font-size: 16px;font-style: normal;font-variant: normal;font-weight: 400;letter-spacing: normal;text-align: justify;text-decoration: none;text-indent: 0px\">2012\u00a0\u00a0\u00a0\u00a0 <\/span><b style=\"background-color: transparent;color: #2b2b2b;font-family: Lato,sans-serif;font-size: 16px;font-style: normal;font-variant: normal;font-weight: bold;letter-spacing: normal;text-align: justify;text-decoration: none;text-indent: 0px\">Simard, M.<\/b><span style=\"float: none;background-color: transparent;color: #2b2b2b;font-family: Lato,sans-serif;font-size: 16px;font-style: normal;font-variant: normal;font-weight: 400;letter-spacing: normal;text-align: justify;text-decoration: none;text-indent: 0px\"> \u00ab\u00a0<\/span><em style=\"background-color: transparent;color: #2b2b2b;font-family: Lato,sans-serif;font-size: 16px;font-style: italic;font-variant: normal;font-weight: 400;letter-spacing: normal;text-align: justify;text-decoration: none;text-indent: 0px\">Urbain, rural et milieux transitionnels. Les cat\u00e9gories g\u00e9ographiques de la ville diffuse<\/em><span style=\"float: none;background-color: transparent;color: #2b2b2b;font-family: Lato,sans-serif;font-size: 16px;font-style: normal;font-variant: normal;font-weight: 400;letter-spacing: normal;text-align: justify;text-decoration: none;text-indent: 0px\">\u00a0\u00bb,<\/span><i style=\"background-color: transparent;color: #2b2b2b;font-family: Lato,sans-serif;font-size: 16px;font-style: italic;font-variant: normal;font-weight: 400;letter-spacing: normal;text-align: justify;text-decoration: none;text-indent: 0px\"> Cahiers de g\u00e9ographie du Qu\u00e9bec<\/i><span style=\"float: none;background-color: transparent;color: #2b2b2b;font-family: Lato,sans-serif;font-size: 16px;font-style: normal;font-variant: normal;font-weight: 400;letter-spacing: normal;text-align: justify;text-decoration: none;text-indent: 0px\">, vol. 56, no. 157, p.109-124.<\/span><\/p>\n<p style=\"text-align: justify\">2012\u00a0\u00a0\u00a0\u00a0 <b>Simard, M.<\/b>,<b> <\/b>Chiricota Y., Brisson, C. et Queyroi, F. \u00ab\u00a0La ruralit\u00e9 \u00e0 l\u2019\u00e9preuve du navettage. La recomposition de l\u2019espace au Saguenay\u00a0\u00bb, <i>Organisations et territoires,<\/i> vol. 21, no.2, p.27-37.<\/p>\n<p style=\"text-align: justify\">2011\u00a0\u00a0\u00a0\u00a0 Tremblay, M.-H. et <b>Simard, M. <\/b>\u00ab\u00a0La part des effets de proximit\u00e9 dans l\u2019appropriation collective d\u2019un grand parc paysager\u00a0\u00e0 Saguenay\u00a0\u00bb,\u00a0<i>Vertigo<\/i>,\u00a0vol.\u00a011,\u00a0no.\u00a02\u00a0\u00a0[En\u00a0ligne] https:\/\/vertigo.revues.org\/11098.<\/p>\n<p style=\"text-align: justify\">2011<b> \u00a0\u00a0\u00a0 Simard, M., <\/b>Tremblay, S. et Brisson, C., De ville mod\u00e8le \u00e0 quartier d\u00e9favoris\u00e9\u00a0: La trajectoire de d\u00e9veloppement de K\u00e9nogami, <i>Organisations et territoires<\/i>, vol.\u00a020, no. 2-3, p.75-87.<\/p>\n<p style=\"text-align: justify\"><span style=\"float: none;background-color: transparent;color: #2b2b2b;font-family: Lato,sans-serif;font-size: 16px;font-style: normal;font-variant: normal;font-weight: 400;letter-spacing: normal;text-align: justify;text-decoration: none;text-indent: 0px\">2009 \u00a0\u00a0\u00a0 <\/span><b style=\"background-color: transparent;color: #2b2b2b;font-family: Lato,sans-serif;font-size: 16px;font-style: normal;font-variant: normal;font-weight: bold;letter-spacing: normal;text-align: justify;text-decoration: none;text-indent: 0px\">Simard, M.<\/b><span style=\"float: none;background-color: transparent;color: #2b2b2b;font-family: Lato,sans-serif;font-size: 16px;font-style: normal;font-variant: normal;font-weight: 400;letter-spacing: normal;text-align: justify;text-decoration: none;text-indent: 0px\">, Fortin, M.-J. et Tremblay, M.-H. \u00ab\u00a0L\u2019appropriation des sites et paysages requalifi\u00e9s. Regard sur le Vieux-Port de Chicoutimi\u00a0\u00bb, <\/span><i style=\"background-color: transparent;color: #2b2b2b;font-family: Lato,sans-serif;font-size: 16px;font-style: italic;font-variant: normal;font-weight: 400;letter-spacing: normal;text-align: justify;text-decoration: none;text-indent: 0px\">Environnement Urbain \/ Urban Environment<\/i><span style=\"float: none;background-color: transparent;color: #2b2b2b;font-family: Lato,sans-serif;font-size: 16px;font-style: normal;font-variant: normal;font-weight: 400;letter-spacing: normal;text-align: justify;text-decoration: none;text-indent: 0px\">, vol. 3, a-1 \u00e0 a-19.<\/span><\/p>\n<p style=\"text-align: justify\">2009\u00a0\u00a0\u00a0\u00a0 Fortin, V. et <b>Simard, M.<\/b> \u00ab\u00a0Qu\u00e9bec l\u2019id\u00e9ale, Montr\u00e9al l\u2019insoutenable. Les repr\u00e9sentations de la ville chez les jeunes\u00a0\u00bb, <i>Organisations et territoires<\/i>, vol. 18, no.2, p.39-47.<\/p>\n<p style=\"text-align: justify\">2008\u00a0\u00a0\u00a0\u00a0 Arth, E. et <b>Simard, M.<\/b> \u00ab\u00a0L\u2019organisation spatiale des territoires p\u00e9riph\u00e9riques. Une analyse d\u2019\u00e9cologie\u00a0sociale dans la r\u00e9gion du Lac-Saint-Jean\u00a0\u00bb, <i>Organisations et territoires<\/i>, vol.17, no.2, p.15-25.<\/p>\n<p style=\"text-align: justify\"><span style=\"float: none;background-color: transparent;color: #2b2b2b;font-family: Lato,sans-serif;font-size: 16px;font-style: normal;font-variant: normal;font-weight: 400;letter-spacing: normal;text-align: justify;text-decoration: none;text-indent: 0px\">2007\u00a0\u00a0\u00a0\u00a0 <\/span><b style=\"background-color: transparent;color: #2b2b2b;font-family: Lato,sans-serif;font-size: 16px;font-style: normal;font-variant: normal;font-weight: bold;letter-spacing: normal;text-align: justify;text-decoration: none;text-indent: 0px\">Simard, M.<\/b><span style=\"float: none;background-color: transparent;color: #2b2b2b;font-family: Lato,sans-serif;font-size: 16px;font-style: normal;font-variant: normal;font-weight: 400;letter-spacing: normal;text-align: justify;text-decoration: none;text-indent: 0px\"> et Brisson, C. \u00ab\u00a0L\u2019\u00e9conomie sociale au Saguenay\u2013Lac-Saint-Jean. Profil g\u00e9ographique et apport au d\u00e9veloppement\u00a0\u00bb, <\/span><i style=\"background-color: transparent;color: #2b2b2b;font-family: Lato,sans-serif;font-size: 16px;font-style: italic;font-variant: normal;font-weight: 400;letter-spacing: normal;text-align: justify;text-decoration: none;text-indent: 0px\">\u00c9conomie et Solidarit\u00e9s<\/i><span style=\"float: none;background-color: transparent;color: #2b2b2b;font-family: Lato,sans-serif;font-size: 16px;font-style: normal;font-variant: normal;font-weight: 400;letter-spacing: normal;text-align: justify;text-decoration: none;text-indent: 0px\">, vol. 38, no.1, p.168-181.<\/span><\/p>\n<p style=\"text-align: justify\">2007\u00a0\u00a0\u00a0\u00a0 <b>Simard, M.<\/b> et Brisson, C. \u00ab\u00a0Planification urbaine et mutations \u00e9conomiques. L\u2019arrondissement de La Baie \u00e0 la crois\u00e9e des chemins\u00a0\u00bb, <i>Organisations et territoires<\/i>, vol.16, no.2-3, p.21-27.<\/p>\n<p style=\"text-align: justify\"><span style=\"float: none;background-color: transparent;color: #2b2b2b;font-family: Lato,sans-serif;font-size: 16px;font-style: normal;font-variant: normal;font-weight: 400;letter-spacing: normal;text-align: justify;text-decoration: none;text-indent: 0px\">2006\u00a0\u00a0\u00a0\u00a0 <\/span><b style=\"background-color: transparent;color: #2b2b2b;font-family: Lato,sans-serif;font-size: 16px;font-style: normal;font-variant: normal;font-weight: bold;letter-spacing: normal;text-align: justify;text-decoration: none;text-indent: 0px\">Simard, M.<\/b><span style=\"float: none;background-color: transparent;color: #2b2b2b;font-family: Lato,sans-serif;font-size: 16px;font-style: normal;font-variant: normal;font-weight: 400;letter-spacing: normal;text-align: justify;text-decoration: none;text-indent: 0px\"> \u00ab\u00a0Hi\u00e9rarchisation des territoires et dynamiques migratoires\u00a0chez les jeunes. Un ph\u00e9nom\u00e8ne g\u00e9ographique aux effets multiples\u00a0\u00bb,<\/span><i style=\"background-color: transparent;color: #2b2b2b;font-family: Lato,sans-serif;font-size: 16px;font-style: italic;font-variant: normal;font-weight: 400;letter-spacing: normal;text-align: justify;text-decoration: none;text-indent: 0px\"> Cahiers de g\u00e9ographie du Qu\u00e9bec<\/i><span style=\"float: none;background-color: transparent;color: #2b2b2b;font-family: Lato,sans-serif;font-size: 16px;font-style: normal;font-variant: normal;font-weight: 400;letter-spacing: normal;text-align: justify;text-decoration: none;text-indent: 0px\">, vol. 50, no. 141, p.434-441.<\/span><\/p>\n<p style=\"text-align: justify\">2005\u00a0\u00a0\u00a0\u00a0 <b>Simard, M.<\/b> et Goulet, A., \u201c\u00a0La question identitaire lors des d\u00e9bats sur les regroupements municipaux de 1975-1976 au Saguenay\u00a0\u201d, <i>Saguenayensia<\/i>, vol. 47, no. 1, p.143-149.<\/p>\n<p style=\"text-align: justify\">2005 \u00a0\u00a0\u00a0 <b>Simard<\/b><b>, M.<\/b> et Ouellet, S. \u00ab\u00a0La revitalisation urbaine au sein des villes petites et moyennes. Quelques projets dans la r\u00e9gion du Lac-Saint-Jean\u00a0\u00bb, <i>Organisations et territoires<\/i>, vol. 14, no. 3, p.65-75.<\/p>\n<p style=\"text-align: justify\">2004\u00a0\u00a0\u00a0\u00a0 <b>Simard, M.<\/b> et Maltais, N. \u00ab\u00a0Le croissant culturel et touristique de Chicoutimi. Une d\u00e9marche de revitalisation par le biais des arts et de la culture \u00bb, <i>Organisations et territoires<\/i>, vol. 13, no. 2, p.93-101.<\/p>\n<p style=\"text-align: justify\"><span style=\"float: none;background-color: transparent;color: #2b2b2b;font-family: Lato,sans-serif;font-size: 16px;font-style: normal;font-variant: normal;font-weight: 400;letter-spacing: normal;text-align: left;text-decoration: none;text-indent: 0px\">2004 \u00a0\u00a0\u00a0 <\/span><b style=\"background-color: transparent;color: #2b2b2b;font-family: Lato,sans-serif;font-size: 16px;font-style: normal;font-variant: normal;font-weight: bold;letter-spacing: normal;text-align: left;text-decoration: none;text-indent: 0px\">Simard, M.<\/b><span style=\"float: none;background-color: transparent;color: #2b2b2b;font-family: Lato,sans-serif;font-size: 16px;font-style: normal;font-variant: normal;font-weight: 400;letter-spacing: normal;text-align: left;text-decoration: none;text-indent: 0px\"> et Gauthier, M.-J. \u00ab\u00a0Les enjeux territoriaux associ\u00e9s \u00e0 la r\u00e9forme municipale. Le cas de Saguenay\u00a0\u00bb, <\/span><i style=\"background-color: transparent;color: #2b2b2b;font-family: Lato,sans-serif;font-size: 16px;font-style: italic;font-variant: normal;font-weight: 400;letter-spacing: normal;text-align: left;text-decoration: none;text-indent: 0px\">Cahiers de g\u00e9ographie du Qu\u00e9bec<\/i><span style=\"float: none;background-color: transparent;color: #2b2b2b;font-family: Lato,sans-serif;font-size: 16px;font-style: normal;font-variant: normal;font-weight: 400;letter-spacing: normal;text-align: left;text-decoration: none;text-indent: 0px\">, vol. 48, no. 134, p.191-207.<\/span><\/p>\n<p style=\"text-align: justify\">2003\u00a0\u00a0\u00a0\u00a0 <b>Simard, M.<\/b> et Landry, M. \u00ab\u00a0D\u00e9veloppement local et qualit\u00e9 de vie. L\u2019exp\u00e9rience des conseils de quartier de Qu\u00e9bec\u00a0\u00bb, <i>Organisations et territoires<\/i>, vol. 12, no. 1, p.11-17.<\/p>\n<p style=\"text-align: justify\"><span style=\"background-color: transparent;color: #2b2b2b;float: none;font-family: Lato,sans-serif;font-size: 16px;font-style: normal;font-variant: normal;font-weight: 400;letter-spacing: normal;text-align: justify;text-decoration: none;text-indent: 0px\">2001\u00a0\u00a0\u00a0\u00a0 <\/span><b style=\"background-color: transparent;color: #2b2b2b;font-family: Lato,sans-serif;font-size: 16px;font-style: normal;font-variant: normal;font-weight: bold;letter-spacing: normal;text-align: justify;text-decoration: none;text-indent: 0px\">Simard, M.<\/b><span style=\"background-color: transparent;color: #2b2b2b;float: none;font-family: Lato,sans-serif;font-size: 16px;font-style: normal;font-variant: normal;font-weight: 400;letter-spacing: normal;text-align: justify;text-decoration: none;text-indent: 0px\"> \u00ab\u00a0L\u2019urbanisme communautaire \u00e0 Qu\u00e9bec\u00a0: utopie ou r\u00e9alit\u00e9\u00a0?\u00a0\u00bb, <\/span><i style=\"background-color: transparent;color: #2b2b2b;font-family: Lato,sans-serif;font-size: 16px;font-style: italic;font-variant: normal;font-weight: 400;letter-spacing: normal;text-align: justify;text-decoration: none;text-indent: 0px\">Organisations et territoires<\/i><span style=\"background-color: transparent;color: #2b2b2b;float: none;font-family: Lato,sans-serif;font-size: 16px;font-style: normal;font-variant: normal;font-weight: 400;letter-spacing: normal;text-align: justify;text-decoration: none;text-indent: 0px\">, vol. 10, no. 2, p.81-89.<\/span><b><\/b><\/p>\n<p style=\"text-align: justify\">2000\u00a0\u00a0\u00a0\u00a0 <b>Simard, M.<\/b> \u00ab\u00a0D\u00e9veloppement local et identit\u00e9 commu-nautaire : l\u2019exemple du quartier Saint-Roch \u00e0 Qu\u00e9bec\u00a0\u00bb, <i>Cahiers de G\u00e9ographie du Qu\u00e9bec<\/i>, vol. 45, no. 122, p.167-188.<\/p>\n<h5 style=\"text-align: justify\">Ouvrage collectif (COC) ou actes de colloque<\/h5>\n<p>2019\u00a0\u00a0\u00a0\u00a0 <strong>Simard, M.<\/strong> \u00ab\u00a0Les villes du Saguenay de L.-M. Bouchard. Une contribution significative \u00e0 la g\u00e9ographie du SLSJ\u00a0\u00bb, <em>dans <\/em>Gauthier, M.-J. et <em>al.<\/em> (dir.) <em>Des g\u00e9ographes \u00e0 l\u2019\u0153uvre<\/em>, Saguenay, GRIR, p. 57-65.<\/p>\n<p>2019\u00a0\u00a0\u00a0\u00a0 <strong>Simard, M.<\/strong>, \u00ab\u00a0Le navettage a\u00e9rien vers le Nord du Qu\u00e9bec\u00a0: Une innovation \u00e0 incidences sociales\u00a0?\u00a0\u00bb, <em>Actes du colloque <\/em>AISLF, CRDT et GRIDEQ Rimouski [En ligne] URL\u00a0: https:\/\/semaphore.uqar.ca\/1454\/<\/p>\n<p style=\"text-align: justify\">2018 \u00a0\u00a0\u00a0 <strong>Simard, M<\/strong>., E. Maltais et C. Brisson, \u00ab\u00a0Le navettage a\u00e9rien dans le Nord du Qu\u00e9bec et les repr\u00e9sentations spatiales des travailleurs\u00a0\u00bb, <em>Actes du 4<sup>e<\/sup> colloque du CIST\u00a0: Repr\u00e9senter les territoires<\/em>, vol.\u00a04, Rouen, France, p.552-558 [En ligne] URL\u00a0: https:\/\/cist2018.sciencesconf.org\/166717<\/p>\n<p style=\"text-align: justify\">2011 \u00a0\u00a0\u00a0 <b>Simard, M. <\/b>et Bergeron, G., \u00ab\u00a0L\u2019administration du maire Tremblay \u00e0 Saguenay ou le populisme fiscal \u00e0 l\u2019\u00e9preuve de la gouvernance\u00a0\u00bb, in Breux, S., B\u00e9hrer, L. et Collin, J.-P. <i>Portraits de la d\u00e9mocratie urbaine au Qu\u00e9bec\u00a0: les \u00e9lections municipales de 2009<\/i>, Qu\u00e9bec,\u00a0PUL, p.209-232.<\/p>\n<p style=\"text-align: justify\">2010 \u00a0\u00a0\u00a0 <b>Simard, M. <\/b>et Mercier, G., \u00ab\u00a0Trente ans d\u2019am\u00e9nagement du territoire au Qu\u00e9bec. Bilan et perspectives\u00a0\u00bb, in Augustin, J.-P. in <i>Villes qu\u00e9b\u00e9coises et renouvellement urbain depuis la R\u00e9volution<br \/>\ntranquille<\/i>, Bordeaux, Maison des Sciences de l&#8217;Homme d&#8217;Aquitaine, p.213-224.<\/p>\n<p style=\"text-align: justify\">2006\u00a0\u00a0\u00a0\u00a0 <b>Simard, M.<\/b> \u201c\u00a0Migration des jeunes adultes et dynamiques socioterritoriales. Facteur de diversit\u00e9 ou d\u2019in\u00e9galit\u00e9\u00a0\u201d, in Simard, M., Lafontaine et al. (dir.) <i>In\u00e9galit\u00e9s, d\u00e9mocratie et d\u00e9veloppement. Des enjeux pour la gouvernance des territoires locaux et r\u00e9gionaux<\/i>, Rimouski, \u00c9d. du CRDT et GRIDEQ, p.55-66.<\/p>\n<p style=\"text-align: justify\">2005\u00a0\u00a0\u00a0\u00a0 <b>Simard, M.<\/b> et Mercier, G., \u201c\u00a0D\u00e9veloppement territorial et gouvernance au Qu\u00e9bec. L\u2019approche par domaines g\u00e9ographiques\u00a0\u201d, in Lafontaine, D. et Jean, B. (dir.) <i>Territoires et fonctions \u2013 Tome 1. Des politiques aux th\u00e9ories\u00a0<\/i>Rimouski, \u00c9d. du CRDT et du GRIDEQ, p.111-130.<\/p>\n<p style=\"text-align: justify\">2004\u00a0\u00a0\u00a0\u00a0 <b>Simard, M.<\/b>, \u201c\u00a0Cadre de vie, identit\u00e9 et migration des jeunes. L\u2019hypoth\u00e8se du nouvel urbanisme\u00a0\u201d,\u00a0 in Boudreault, P.W. et Parazelli, M. (dir.) <i>L\u2019imaginaire urbain et les jeunes<\/i>, Qu\u00e9bec, PUQ, p.91-116.<\/p>\n<p style=\"text-align: justify\">2003\u00a0\u00a0\u00a0\u00a0 <b>Simard, M.<\/b> et Gagnon, C., \u201c\u00a0Urban Quality of Life and Industrial Project Management. The Case of Alcan Aluminium Smelter in Alma, Quebec, Canada\u00a0\u201d, in Brown, P., Ferch, R., and L\u00e9tourneau, C. (dir.) <i>Public Confidence in the Management of Radioactive Waste in Canada<\/i>, Paris, OECD, NEA, p.138-143.<\/p>\n<p style=\"text-align: justify\">2003 \u00a0\u00a0\u00a0 <b>Simard, M.<\/b>, \u201cL\u2019espace social des villes moyennes au Qu\u00e9bec. Quelques constats\u201d, in Charbonneau, F., Lewis, P. et Manzagol, C. (dir.) <i>Villes moyennes et mondialisation. <\/i>Montr\u00e9al, Trames, p.100-110.<\/p>\n<p style=\"text-align: justify\">2003 \u00a0\u00a0\u00a0 <b>Simard, M.<\/b> et Mercier, G., \u201c\u00a0N\u00e9gociation identitaire et forme urbaine. La revitalisation du quartier Saint-Roch \u00e0 Qu\u00e9bec\u00a0\u201d, in Morisset, L.K., Dieudonn\u00e9, P. et Simon, J.-F. (dir.) <i>R\u00e9inventer Pays et paysages\u00a0: Bretagne-Qu\u00e9bec<\/i>, Rennes, Presses Universitaires de Rennes, p.39-56.<\/p>\n<p style=\"text-align: justify\">2003\u00a0 \u00a0\u00a0 <b>Simard, M.<\/b>, \u201c\u00a0La participation \u00e0 l\u2019am\u00e9nagement ou le difficile exercice de la d\u00e9mocratie locale\u00a0\u201d, in D\u00e9sy et J., Dufour et al. (dir.) <i>Le GRIR. 20 ans de recherche et d\u2019intervention, <\/i>Saguenay, GRIR, p.415-441.<\/p>\n<p style=\"text-align: justify\">2001\u00a0\u00a0\u00a0\u00a0 <b>Simard, M.<\/b>, \u201c\u00a0L\u2019intervention g\u00e9ographique.\u00a0Les dilemmes \u00e9thiques et politiques du d\u00e9veloppement local\u00a0\u201d, in Klein, J.-L. et Laurin, S. (dir.)<i> G\u00e9ographie et soci\u00e9t\u00e9<\/i>, Qu\u00e9bec, PUQ, p.147-170.<\/p>\n<p style=\"text-align: justify\">1999\u00a0\u00a0\u00a0\u00a0 <b>Simard, M.<\/b>, \u201c\u00a0La question urbaine\u00a0: d\u00e9veloppement local et processus identitaires\u00a0\u201d, in Morisset, L.K., Noppen, L. et Saint-Jacques, D. (dir.) <i>Ville imaginaire\/Ville identitaire<\/i>, Qu\u00e9bec, Nota Bene, p.229-252.<\/p>\n<p style=\"text-align: justify\">1999\u00a0\u00a0\u00a0\u00a0 <b>Simard, M.<\/b>, \u201c\u00a0Communaut\u00e9, identit\u00e9 et d\u00e9veloppement\u00a0: pour un nouveau cadre d\u2019analyse\u00a0\u201d, in Lafontaine, D. et Thivierge, N. (dir.)<i> Les r\u00e9gions face \u00e0 la mondialisation<\/i>, Rimouski, GRIDEQ, p.23-38.<\/p>\n<h5>Rapports de recherches<\/h5>\n<p><u>2016 \u00a0\u00a0\u00a0 Tranquard, M., Morin, P., Simard, M., Brisson, C. et al., Le G\u00e9oparc du Saguenay\u00a0: Analyse scientifique du potentiel g\u00e9otouristique du territoire du Saguenay \u00e0 des fins de reconnaissance internationale et d\u2019attribution du statut de G\u00e9oparc, Laboratoire LERPA, Saguenay, UQAC, 471 pages.<\/u><\/p>\n<p>2010\u00a0\u00a0\u00a0\u00a0 Tremblay, S., Tremblay, M., Tremblay, P.-A. et <b>Simard, M.<\/b>, <i>Le Portrait de l\u2019\u00e9conomie sociale au Saguenay-Lac-Saint-Jean<\/i>, Saguenay, GRIR, Coll. Innovation sociale, 92 p. (ISBN 978-2-923095-46-2).<\/p>\n<p style=\"text-align: justify\">2006\u00a0\u00a0\u00a0\u00a0 Girard, C., <b>Simard, M.<\/b> et Fortin, V., <i>La migration des jeunes\u00a0du Saguenay-Lac-Saint-Jean\u00a0: R\u00e9sultats d\u2019un sondage 2004-05 aupr\u00e8s des 20-34 ans<\/i>, Qu\u00e9bec, INRS-UCS, 139\u00a0p. (ISBN 2-9802991-4-6).<\/p>\n<p style=\"text-align: justify\">2002\u00a0\u00a0\u00a0\u00a0 <b>Simard, M. <\/b>et Gagnon, C., <i>La qualit\u00e9 de vie \u00e0 Alma\u00a0: \u00e9tude longitudinale des perceptions des citoyens<\/i>,<i> <\/i>Programme MSIAA, Chicoutimi, GRIR, Notes et rapports de recherche, 98 p. (ISBN 2-920730-88-6).<\/p>\n<p style=\"text-align: justify\">2001\u00a0\u00a0\u00a0\u00a0 Caron, N. et <b>Simard, M.<\/b>, <i>Transport lourd lors de la construction du complexe industriel Alma<\/i>,<i> <\/i>Programme MSIAA, Chicoutimi, GRIR, Notes et rapports de recherche, 94 p. (ISBN 2-921760-09-6).<\/p>\n<h3>Documents p\u00e9dagogiques<\/h3>\n<p>2016\u00a0\u00a0\u00a0\u00a0 Mass\u00e9, L.,<strong> Simard, M.<\/strong> et Harvey, M., <em>G\u00e9ographie r\u00e9gionale du Qu\u00e9bec<\/em>, Minist\u00e8re de l\u2019\u00e9ducation, de l\u2019enseignement sup\u00e9rieur et de la recherche, \u00c9ducation des adultes et action communautaire.<\/p>\n<p style=\"text-align: justify\">2001\u00a0\u00a0\u00a0\u00a0 <b>Simard, M.<\/b>, Mercier, G. et Brisson, C., <i>Dynamiques urbaines et r\u00e9gionales<\/i>, Notes et documents no. 21, D\u00e9partement de g\u00e9ographie, Universit\u00e9 Laval, Qu\u00e9bec, 134 p. (ISBN 2-921760-09-6).<\/p>\n<p style=\"text-align: justify\">2001\u00a0\u00a0\u00a0\u00a0 <b>Simard, M.<\/b> et Mercier, G., <i>G\u00e9ographie Urbaine. Villes, urbanisation et syst\u00e8mes urbains<\/i>, Notes et documents no. 20, D\u00e9partement de g\u00e9ographie, Universit\u00e9 Laval, Qu\u00e9bec, 82 p. (ISBN 2-921760-08-8).<\/p>\n<h3>Comptes rendus de livres (CR)<\/h3>\n<p>2019\u00a0 \u00a0 \u00a0<strong>Simard, M.<\/strong>, \u00ab\u00a0Bone, R.\u00a0M. (2018) The Regional Geography of Canada (7<sup>e<\/sup> \u00e9d.)\u00a0\u00bb<strong>, <\/strong><em>Le g\u00e9ographe canadien<\/em> <em>\/ The Canadian Geographer<\/em>, vol. 63, no.\u00a03, p. e22-e23.<\/p>\n<p>2018 \u00a0\u00a0\u00a0 <strong>Simard, M.<\/strong>, \u00ab\u00a0Miossec, J.-M. (2016) Le conteneur et la nouvelle g\u00e9ographie des oc\u00e9ans et des rivages de la mer\u00a0\u00bb<strong>, <\/strong><em>Organisations et territoires<\/em>, vol. 27, no.\u00a03, p. 117-118.<\/p>\n<p>2018 \u00a0\u00a0\u00a0 <strong>Simard, M.<\/strong>, \u00ab\u00a0Girard, R. et Perron, N. (2016) Le Nord-du-Qu\u00e9bec \u2013 Histoire en bref\u00a0\u00bb, <em>Recherches\u00a0 sociographiques<\/em>, vol.\u00a059, no.\u00a03, p. 488-489.<\/p>\n<p>2017\u00a0\u00a0\u00a0\u00a0 <strong>Simard, M.<\/strong>, \u00ab\u00a0Burgel, G. et Grondeau, A. (2015)\u00a0G\u00e9ographie urbaine\u00a0\u00bb, <em>Cahiers de g\u00e9ographie du Qu\u00e9bec<\/em>, vol.\u00a060, no.172 (\u00e0 para\u00eetre).<\/p>\n<p>2014\u00a0\u00a0\u00a0\u00a0 <strong>Simard, M.<\/strong>, \u00ab\u00a0Breux, S., Collin, J.-P. et Gingras, C. (dir.) (2014) <em>Repr\u00e9senter l\u2019urbain\u00a0: apports et m\u00e9thodes<\/em>. Qu\u00e9bec\u00a0\u00bb, <em>Cahiers de g\u00e9ographie du Qu\u00e9bec<\/em>, vol.\u00a058, no.165, p.512\u2013514.<\/p>\n<p>2014\u00a0\u00a0\u00a0\u00a0 <strong>Simard, M.<\/strong>, \u00ab\u00a0Bertrand, N. (dir.) (2013) <em>Terres agricoles p\u00e9riurbaines. Une gouvernance fonci\u00e8re en construction<\/em>\u00a0\u00bb, <em>Cahiers de g\u00e9ographie du Qu\u00e9bec<\/em>, vol.\u00a058, no.163, p.133-134.<\/p>\n<p style=\"text-align: justify\">2011\u00a0\u00a0\u00a0\u00a0 <b>Simard, M.<\/b>, \u00ab\u00a0Claval, P. (2011) Ennoblir et embellir. De l\u2019architecture \u00e0 l\u2019urbanisme<i>\u00a0<\/i>\u00bb, <i>Cahiers de g\u00e9ographie du Qu\u00e9bec<\/i>, vol.56, no.156, p.627-628.<\/p>\n<p style=\"text-align: justify\">2010\u00a0\u00a0\u00a0\u00a0 <b>Simard, M.<\/b>, \u00ab\u00a0Gauthier, M., Gari\u00e9py, M. et Tr\u00e9panier, M.-O. (dir.) (2008) <i>Renouveler l\u2019am\u00e9nagement et l\u2019urbanisme\u00a0<\/i>\u00bb, <i>Cahiers de g\u00e9ographie du Qu\u00e9bec<\/i>, vol.54, no.153, p.543-544.<\/p>\n<p>2010\u00a0\u00a0\u00a0\u00a0 <strong>Simard, M.<\/strong>, \u00ab\u00a0M\u00e9vellec, A. (2008) <em>La construction politique des agglom\u00e9rations au Qu\u00e9bec et en France\u00a0\u00bb, Cahiers de g\u00e9ographie du Qu\u00e9bec<\/em>, vol.\u00a054, no.151, p.234-235.<\/p>\n<p style=\"text-align: justify\">2007\u00a0\u00a0\u00a0\u00a0 <b>Simard, M.<\/b>, \u00ab\u00a0Bunting, T. et Filion, P. (2006) <i>Canadian Cities in Transition 3<sup>rd<\/sup> ed.<\/i>\u00a0\u00bb, <i>Cahiers de g\u00e9ographie du Qu\u00e9bec<\/i>, vol.51, no.142, p.107-108.<\/p>\n<p style=\"text-align: justify\">2003\u00a0\u00a0\u00a0\u00a0 <b>Simard, M.<\/b>, \u00ab\u00a0Fortin, A., Despr\u00e9s, C. et Vachon, G. (2002) La banlieue revisit\u00e9e\u00a0\u00bb, <i>Anthropologie et soci\u00e9t\u00e9s<\/i>, vol. 27, no.3, p.213-214.<\/p>\n<p style=\"text-align: justify\">2002\u00a0\u00a0\u00a0\u00a0 <b>Simard, M.<\/b>, \u00ab\u00a0Paulet, J.-P. (2000) G\u00e9ographie urbaine\u00a0\u00bb, <i>Cahiers de g\u00e9ographie du Qu\u00e9bec<\/i>, vol.46, no.127, p.118-119.<\/p>\n<p style=\"text-align: justify\">2000\u00a0\u00a0\u00a0\u00a0 <b>Simard, M.<\/b>, \u00ab\u00a0Billard, J. (1999) Citoyennet\u00e9, planification et gouvernements urbains aux \u00c9tats-Unis\u00a0\u00bb, <i>Cahiers de g\u00e9ographie du Qu\u00e9bec<\/i>, vol.44, no.123, p.345-346.<\/p>\n<p>1999\u00a0\u00a0\u00a0\u00a0 <strong>Simard, M.<\/strong>, \u00ab\u00a0Ferrier, J.-P. (1998) Le contrat g\u00e9ographique ou l&#8217;habitation durable des territoires\u00a0\u00bb, <em>Cahiers de g\u00e9ographie du Qu\u00e9bec<\/em>, vol.\u00a043, no.120, p.640-641.<\/p>\n<p style=\"text-align: justify\">1999\u00a0\u00a0\u00a0\u00a0 <b>Simard, M.<\/b>, \u00ab\u00a0Julien, P.-A. (1998) Le d\u00e9veloppement r\u00e9gional\u00a0: comment multiplier les Beauce au Qu\u00e9bec\u00a0\u00bb, <i>Cahiers de g\u00e9ographie du Qu\u00e9bec<\/i>, vol.43, no.118, p.158-160.<\/p>\n<p style=\"text-align: justify\">1997\u00a0\u00a0\u00a0\u00a0 <b>Simard, M.<\/b>, \u00ab\u00a0L\u00e9veill\u00e9, J. (1995) \u00c0 la crois\u00e9e des chemins : le d\u00e9veloppement r\u00e9gional et l\u2019am\u00e9nagement urbain\u00a0\u00bb, <i>Cahiers de g\u00e9ographie du Qu\u00e9bec<\/i>, vol. 41, no. 112, p.93-94.<\/p>\n<h3>M\u00e9moires et th\u00e8se<\/h3>\n<p style=\"text-align: justify\">2000\u00a0\u00a0\u00a0\u00a0 <b>Simard, M.<\/b>, <i>Le r\u00f4le du d\u00e9veloppement local dans la consolidation de l\u2019identit\u00e9 communautaire\u00a0: l\u2019exemple du quartier Saint-Roch \u00e0 Qu\u00e9bec<\/i>,\u00a0th\u00e8se de doctorat en g\u00e9ographie, Universit\u00e9 Laval, 260 p.<\/p>\n<p style=\"text-align: justify\">1991\u00a0\u00a0\u00a0\u00a0 <b>Simard, M.<\/b>, <i>La revitalisation urbaine dans Hochelaga-Maisonneuve\u00a0: un axe pour relier le Parc olympique et le march\u00e9 Maisonneuve<\/i>,\u00a0m\u00e9moire de ma\u00eetrise en urbanisme, Universit\u00e9 McGill, 116 p.<\/p>\n","protected":false},"excerpt":{"rendered":"<p>Pour obtenir les publications en format pdf, aller sur ResearchGate Publications \u00e9valu\u00e9es par un comit\u00e9 (RAC) Diverses revues hors-Qu\u00e9bec 2024\u00a0\u00a0\u00a0\u00a0 Simard, M., Pelletier, R., Mercier, G. et D\u00e9ry, C. \u00ab La g\u00e9ographie qu\u00e9b\u00e9coise d\u2019hier \u00e0 aujourd\u2019hui \u00bb, G\u00e9ographies canadiennes, 68(2). https:\/\/doi.org\/10.1111\/cag.12929. 2024\u00a0\u00a0\u00a0\u00a0 Simard, M., \u00ab\u00a0La politique nationale de l\u2019architecture et de l\u2019am\u00e9nagement du territoire du &hellip; <a href=\"https:\/\/portfolio.uqac.ca\/martinsimard\/publications\/\" class=\"more-link\">Continuer la lecture de <span class=\"screen-reader-text\">Publications<\/span>  <span class=\"meta-nav\">&rarr;<\/span><\/a><\/p>\n","protected":false},"author":89,"featured_media":0,"parent":0,"menu_order":0,"comment_status":"closed","ping_status":"closed","template":"","meta":{"footnotes":""},"tags":[],"_links":{"self":[{"href":"https:\/\/portfolio.uqac.ca\/martinsimard\/wp-json\/wp\/v2\/pages\/20"}],"collection":[{"href":"https:\/\/portfolio.uqac.ca\/martinsimard\/wp-json\/wp\/v2\/pages"}],"about":[{"href":"https:\/\/portfolio.uqac.ca\/martinsimard\/wp-json\/wp\/v2\/types\/page"}],"author":[{"embeddable":true,"href":"https:\/\/portfolio.uqac.ca\/martinsimard\/wp-json\/wp\/v2\/users\/89"}],"replies":[{"embeddable":true,"href":"https:\/\/portfolio.uqac.ca\/martinsimard\/wp-json\/wp\/v2\/comments?post=20"}],"version-history":[{"count":32,"href":"https:\/\/portfolio.uqac.ca\/martinsimard\/wp-json\/wp\/v2\/pages\/20\/revisions"}],"predecessor-version":[{"id":283,"href":"https:\/\/portfolio.uqac.ca\/martinsimard\/wp-json\/wp\/v2\/pages\/20\/revisions\/283"}],"wp:attachment":[{"href":"https:\/\/portfolio.uqac.ca\/martinsimard\/wp-json\/wp\/v2\/media?parent=20"}],"wp:term":[{"taxonomy":"post_tag","embeddable":true,"href":"https:\/\/portfolio.uqac.ca\/martinsimard\/wp-json\/wp\/v2\/tags?post=20"}],"curies":[{"name":"wp","href":"https:\/\/api.w.org\/{rel}","templated":true}]}}