{"id":25,"date":"2012-07-24T12:43:40","date_gmt":"2012-07-24T12:43:40","guid":{"rendered":"http:\/\/portfolio-pre.uqac.ca\/gabarit\/?page_id=25"},"modified":"2026-04-19T10:09:32","modified_gmt":"2026-04-19T14:09:32","slug":"communications","status":"publish","type":"page","link":"https:\/\/portfolio.uqac.ca\/martinsimard\/communications\/","title":{"rendered":"Communications"},"content":{"rendered":"<h3>Colloques nationaux et internationaux<\/h3>\n<p>2026\u00a0\u00a0\u00a0\u00a0 <strong>Simard, M.<\/strong>, <em>L\u2019urbanisme au Qu\u00e9bec : Un r\u00e9gime distinct ? Des pratiques innovantes ?<\/em> Colloque de l&#8217;Association fran\u00e7aise d\u2019\u00e9tudes canadiennes (AFEC), Avignon \u2013 France (12 juin).<\/p>\n<p>2025\u00a0\u00a0\u00a0\u00a0 <strong>Simard, M<em>.<\/em><\/strong><em>,<\/em> <em>La requalification des centres commerciaux de banlieue : une contribution \u00e0 l\u2019urbanisme <\/em><em>durable ?<\/em>, Association des sciences r\u00e9gionales de langue fran\u00e7aise (ASRDLF), Qu\u00e9bec (26 juin).<\/p>\n<p>2025\u00a0\u00a0\u00a0\u00a0 <strong>Simard, M<em>.<\/em><\/strong><em>, Ville intelligente, surveillance et contr\u00f4le<\/em>, Colloque du GREP-MD, Foules et d\u00e9mocratie, Toulouse, France (5 avril).<\/p>\n<p>2024\u00a0\u00a0\u00a0\u00a0 <strong>Simard, M<em>.<\/em><\/strong><em>,<\/em> <em>Suburban shopping centers redevelopment in North America<\/em>. <em>The case of Quebec City<\/em>, International Geographical Union Conference<em>, Dublin \u2013 Irlande (29 ao\u00fbt).<\/em><\/p>\n<p>2024\u00a0\u00a0\u00a0\u00a0 Simard, O. et <strong>Simard, M<em>.<\/em><\/strong><em>,<\/em> L<em>\u2019am\u00e9nagement et l\u2019urbanisme \u00e0 l\u2019\u00e9preuve de la COVID-19 : les perceptions des professionnels \u0153uvrant en MRC<\/em>, Colloque international de l\u2019APERAU, Qu\u00e9bec (6 juin).<\/p>\n<p>2023\u00a0\u00a0\u00a0\u00a0 <strong>Simard, M<em>.<\/em><\/strong><em>, La COVID-19 et ses effets territoriaux au Qu\u00e9bec. \u00c0 propos de la th\u00e8se du grand d\u00e9m\u00e9na<\/em><em>gement<\/em>, Colloque du CRDT, Dynamique territoriales et monde en transition, Qu\u00e9bec (15 mai).<\/p>\n<p>2022\u00a0 \u00a0 <strong>Simard, M. <\/strong><em>La politique nationale de l\u2019architecture et de l\u2019am\u00e9nagement du territoire\u00a0du Qu\u00e9bec : Les d\u00e9fis de <\/em><em>\u00a0l\u2019exemplarit\u00e9 et d\u2019une application englobante<\/em>,\u00a0Colloque du regroupement des g\u00e9ographes du Qu\u00e9bec\u00a0(RGQ), Montr\u00e9al (UQAM) &#8211; Qu\u00e9bec (18 novembre).<\/p>\n<p>2021\u00a0\u00a0\u00a0\u00a0 <strong>Simard,\u00a0M<\/strong>.,<strong> \u00a0<\/strong><em>La gouvernance biculturelle. L\u2019exemple du Gouvernement r\u00e9gional de l\u2019Eeyou-Istchee \u0336 Baie-James<\/em>,\u00a0 Association fran\u00e7aise d\u2019\u00e9tudes canadiennes (visioconf\u00e9rence), Caen \u2013 Fr. (11 juin).<\/p>\n<p>2020\u00a0\u00a0\u00a0\u00a0 <strong>Simard, M<\/strong>., <em>Urbanit\u00e9 et centralit\u00e9\u00a0: le paradoxe des villes moyennes p\u00e9riph\u00e9riques<\/em>, S\u00e9minaire g\u00e9ographique international <em>Dimitrie Cantemir <\/em>(visioconf\u00e9rence), Iasi \u2013 Roumanie (24\u00a0octobre).<\/p>\n<p>2019\u00a0\u00a0\u00a0\u00a0 <strong>Simard,\u00a0M.<\/strong>, <em>Mining in Quebec. Something to foster, to cope with or resist to?<\/em>, Canadian Association of Geographers Annual Meeting (CAG<em>\/<\/em>ACG), Winnipeg \u2013 Manitoba (28 mai).<\/p>\n<p>2019\u00a0\u00a0\u00a0\u00a0 <strong>Simard, M.<\/strong>, \u00ab\u00a0Le navettage a\u00e9rien des travailleurs vers le Nord du Qu\u00e9bec\u00a0: Une innovation sociale\u00a0?\u00a0\u00bb, <em>Colloque de l\u2019Association Internationale des sociologues <\/em>(AISLF), Rimouski &#8211; Qu\u00e9bec (23 mai).<\/p>\n<p>2018\u00a0\u00a0\u00a0\u00a0 <strong>Simard, M<\/strong>., <em>Entre nature et culture : la n\u00e9cessaire reconnaissance des territoires de tr\u00e8s faible densit\u00e9 au Qu\u00e9bec et au Canada<\/em>, S\u00e9minaire g\u00e9ographique international <em>Dimitrie Cantemir<\/em>, Iasi \u2013 Roumanie (19\u00a0octobre).<\/p>\n<p>2018\u00a0\u00a0\u00a0\u00a0 <strong>Simard, M<\/strong>., <em>Le Qu\u00e9bec minier. Un joueur clef <\/em><em>\u00e0\u00a0l\u2019\u00e9chelle internationale ?, <\/em>Colloque sur les impacts sociaux et environnementaux des mines (TRAMIN), Chamb\u00e9ry \u2013 France (15 octobre).<\/p>\n<p>2018\u00a0\u00a0\u00a0\u00a0 <strong>Simard, M<\/strong>., <em>Revoir le concept d\u2019\u00e9coum\u00e8ne \u00e0 l\u2019aune des particularit\u00e9s des espaces nordiques<\/em>, Journ\u00e9e d\u2019\u00e9tude du Groupe EMMA, Universit\u00e9 de Montpellier 3 (Paul Val\u00e9ry), Montpellier &#8211; France (12 octobre).<\/p>\n<p>2018\u00a0\u00a0\u00a0\u00a0 <strong>Simard, M<\/strong>., <em>Le Nord qu\u00e9b\u00e9cois et l\u2019industrie mini\u00e8re\u00a0: enjeux sociaux et environnementaux<\/em>, Conf\u00e9rence du GRED, Universit\u00e9 de Montpellier 3 (Paul Val\u00e9ry), Montpellier &#8211; France (9 octobre)<\/p>\n<p>2018\u00a0\u00a0\u00a0\u00a0 <strong>Simard, M<\/strong>., <em>Les repr\u00e9sentations du Nord chez les g\u00e9ographes qu\u00e9b\u00e9cois. Une analyse compar\u00e9e \u00e0 l&#8217;aide de quelques auteurs cl\u00e9s<\/em>, Congr\u00e8s de l\u2019Union g\u00e9ographique internationale, Qu\u00e9bec \u2013 Qu\u00e9bec (7 ao\u00fbt)<\/p>\n<p>2018 \u00a0\u00a0\u00a0 <strong>Simard, M<\/strong>., E. Maltais et C. Brisson, <em>Le navettage a\u00e9rien dans le Nord du Qu\u00e9bec et les repr\u00e9sentations spatiales des travailleurs<\/em>, &lt;4<sup>e<\/sup> colloque des sciences du territoire&gt;, Rouen \u2013 Fr. (23 mars).<\/p>\n<p>2017\u00a0\u00a0\u00a0\u00a0 <strong>Simard, M.<\/strong>, <em>La r\u00e9silience des petites villes ressources du Moyen-Nord qu\u00e9b\u00e9cois \u00e0 l\u2019\u00e9preuve du navettage a\u00e9rien<\/em>, Colloque international <em>Dimitrie Cantemir<\/em>, Iasi \u2013 Roumanie (13 octobre).<\/p>\n<p>2017\u00a0\u00a0\u00a0\u00a0 <strong>Simard, M.<\/strong>, <em>The Scope and Effects of fly-in \/ fly-out phenomenon in northern Quebec<\/em>, Canadian Association of Geographers Annual Meeting (CAG), Toronto \u2013 Ontario (1 juin).<\/p>\n<p>2017\u00a0\u00a0\u00a0\u00a0 <strong>Simard, M.<\/strong>, <em>Les villes petites et moyennes\u00a0: la difficile transition vers la durabilit\u00e9<\/em>, Journ\u00e9es de l\u2019Institut des sciences de l\u2019environnement \u2013 ISE-UQAM, Montr\u00e9al \u2013 Qu\u00e9bec (3 avril).<\/p>\n<p>2016\u00a0\u00a0\u00a0\u00a0 <strong>Simard, M.<\/strong>, <em>Les d\u00e9fis d\u2019am\u00e9nagement et de d\u00e9veloppement des villes petites et moyennes<\/em>, S\u00e9minaire de l\u2019Institut d\u2019Auvergne de d\u00e9veloppement des territoires (IADT), Clermont-Ferrand &#8211; Fr. (10 octobre).<\/p>\n<p>2016\u00a0\u00a0\u00a0\u00a0 <strong>Simard, M.<\/strong>, <em>The<\/em> <em>Quebec\u2019s Plan Nord: A first assessment five years after the announcement<\/em>, Canadian Association of Geographers Annual Meeting (CAG), Halifax \u2013 Nova Scotia (2 juin).<\/p>\n<p>2015\u00a0\u00a0\u00a0\u00a0 <strong>Simard, M.<\/strong>, <em>Les d\u00e9coupages territoriaux et la r\u00e9gionalisation au Qu\u00e9bec\u00a0: les enjeux li\u00e9s aux d\u00e9limitations, \u00e0 l\u2019\u00e9chelle et aux pouvoirs<\/em>, Colloque &lt;Les d\u00e9coupages territoriaux&gt;, Tunis (12 novembre).<\/p>\n<p style=\"text-align: justify\">2014\u00a0\u00a0\u00a0\u00a0 <b>Simard, M.<\/b>, <i>Opposite Destinies: Mining Towns development in Northern Quebec at the age of globalization<\/i>, International Geographical Union (IGU) Conference, Cracovie \u2013 Pologne, 19 ao\u00fbt.<\/p>\n<p style=\"text-align: justify\">2014\u00a0\u00a0\u00a0\u00a0 <b>Simard, M.<\/b>, Les enjeux et d\u00e9fis des villes mini\u00e8res isol\u00e9es : L\u2019exemple de Schefferville au Qu\u00e9bec, Association des sciences r\u00e9gionales de langue fran\u00e7aise (ASRDLF), Marne-la-Vall\u00e9e &#8211; France, 8 juillet.<\/p>\n<p style=\"text-align: justify\">2013<b> \u00a0\u00a0\u00a0 Simard, M.,<\/b> <i>M\u00e9gaprojets et communaut\u00e9s locales\u00a0en milieu nordique\u00a0: les effets du boom minier sur les r\u00e9sidants de Fermont<\/i>, CRDT Colloque &lt;Le retour des m\u00e9gaprojets&gt;, UQAC, Saguenay (11 octobre).<\/p>\n<p style=\"text-align: justify\">2013\u00a0\u00a0\u00a0\u00a0 <b>Simard, M. <\/b>et Brisson, C., <i>The<\/i> <i>Mining Industry and Urban Development in the North: The Case of Fermont in Quebec<\/i>, Canadian Association of Geographers Annual Meeting (CAG), St.\u00a0John\u2019s (12 ao\u00fbt).<\/p>\n<p style=\"text-align: justify\">2012\u00a0\u00a0\u00a0\u00a0 <b>Simard,\u00a0M., <\/b><i>Les cycles \u00e9conomiques et le d\u00e9veloppement urbain en milieu nordique. L\u2019exemple de Fermont au Qu\u00e9bec, <\/i>Association fran\u00e7aise d\u2019\u00e9tudes canadiennes (AFEC), Nice \u2013 France (15 juin).<\/p>\n<p style=\"text-align: justify\">2012\u00a0\u00a0\u00a0\u00a0 <b>Simard, M.<\/b>, <i>Urban settlements and regional studies in Quebec, from misunderstanding to renewed interest, <\/i>Urban Affairs Association, \u00a042<sup>nd<\/sup> Annual Meeting \u2013 Pittsburgh (USA) (24 avril).<\/p>\n<p style=\"text-align: justify\">2011\u00a0\u00a0\u00a0\u00a0 <b>Simard, M. <\/b>et G. Mercier<b>, <\/b><i>Quebec City as a Capital City. Planning in a Subnational Political Center<\/i>, Association of Canadian Studies in the United States (ACSUS), Ottawa, Canada (18 novembre).<\/p>\n<p style=\"text-align: justify\">2011\u00a0\u00a0\u00a0\u00a0 <b>Simard,\u00a0M., <\/b><i>Les fronti\u00e8res de l\u2019\u00e9coum\u00e8ne qu\u00e9b\u00e9cois\u00a0: entre la lutte \u00e0 l\u2019\u00e9talement urbain et l\u2019occupation des territoires, <\/i>Association fran\u00e7aise d\u2019\u00e9tudes canadiennes (AFEC), Montpellier\u2013 France (15 juin).<\/p>\n<p style=\"text-align: justify\">2011\u00a0\u00a0\u00a0\u00a0 Chiricota, Y., McGuffin, M.J. <b>Simard, M., <\/b><i>Using Camera State Transforms for Commuter Network Visualization<\/i>, Geovisualization, Spatial Analysis and Modeling, Hambourg \u2013 Allemagne (11 mars).<\/p>\n<p style=\"text-align: justify\">2010\u00a0\u00a0\u00a0\u00a0 <b>Simard, M. <\/b>et Chiricota, Y., <i>La m\u00e9tropolisation et le navettage au sein des r\u00e9gions p\u00e9riph\u00e9riques<\/i>, Association des sciences r\u00e9gionales de langue fran\u00e7aise (ASRDLF), Aosta \u2013 Italie (20 septembre).<\/p>\n<p style=\"text-align: justify\">2010\u00a0\u00a0\u00a0\u00a0 <b>Simard, M. <\/b>et Chiricota, Y., <i>Metropolitanization and Urban Fields in Midsized Cities. Geovisualization of Commuting Flows<\/i>, Canadian Association of Geographers Annual Meeting (CAG), Regina, Sas.. (3 juin).<\/p>\n<p style=\"text-align: justify\">2010\u00a0\u00a0\u00a0\u00a0 <b>Simard, M.,<\/b><b> <\/b><i>Is Local Democracy Weak in Canadian Peripheral Areas?<\/i>, British Association of Canadian Studies\u00a0 35<sup>th<\/sup> Annual Conference, University of Cambridge, Cambridge &#8211; UK (8 avril).<\/p>\n<p style=\"text-align: justify\">2009\u00a0\u00a0\u00a0\u00a0 <b>Simard, M., <\/b>C<i>ruising North of the 49<sup>th<\/sup> Parallel: Alaska or Quebec?<\/i>, Association of Canadian Studies in the United States (ACSUS), San Diego, USA (21 novembre).<\/p>\n<p style=\"text-align: justify\">2008\u00a0\u00a0\u00a0\u00a0 <b>Simard, M. <\/b>et Stecq, H., <i>Politiques publiques et repr\u00e9sentations spatiales chez les jeunes<\/i>, Association des sciences r\u00e9gionales de langue fran\u00e7aise (ASRDLF), Rimouski \u2013 Qu\u00e9bec (26 ao\u00fbt).<\/p>\n<p style=\"text-align: justify\">2008\u00a0\u00a0\u00a0\u00a0 <b>Simard,\u00a0M. <\/b>et Mercier, G., <i>Trente ans d\u2019am\u00e9nagement au Qu\u00e9bec. Une contribution au mod\u00e8le qu\u00e9b\u00e9cois?, <\/i>Association fran\u00e7aise d\u2019\u00e9tudes canadiennes (AFEC), Bordeaux\u2013 France (20 juin).<\/p>\n<p style=\"text-align: justify\">2008\u00a0\u00a0\u00a0\u00a0 <b>Simard, M. <\/b>et Fortin, M.-J.., <i>L<\/i><i>\u2019am\u00e9nagement r\u00e9cr\u00e9o-touristique du vieux-port de Chicoutimi<\/i>, colloque\u00a0de l\u2019association pour la promotion de l\u2019am\u00e9nagement et de l\u2019urbanisme (APERAU), Qu\u00e9bec (6 juin).<\/p>\n<p style=\"text-align: justify\">2008\u00a0\u00a0\u00a0\u00a0 <b>Simard, M.<\/b>, <i>Fifteen Years of Research on Youth Migration in Quebec. Contributions and Policy Issues<\/i>, American Association of Geographers, Annual Meeting \u2013 Boston (USA) (15 avril).<\/p>\n<p style=\"text-align: justify\">2007\u00a0\u00a0\u00a0\u00a0 <b>Simard, M. <\/b>et Brisson, C., <i>Le tourisme de croisi\u00e8res \u00e0 Saguenay. Un exemple de gouvernance en contexte de crise\u00a0?<\/i>, Association fran\u00e7aise d\u2019\u00e9tudes canadiennes (AFEC), Marseille \u2013 France (14 juin).<\/p>\n<p style=\"text-align: justify\">2007\u00a0\u00a0\u00a0\u00a0 <b>Simard, M. <\/b>et Ouellet, S., <i>The Internal Distribution of Migratory Intentions among Youth in Saguenay, <\/i>Urban Affairs Association, \u00a037<sup>TH<\/sup> Annual Meeting \u2013 Seattle (USA) (28 avril).<\/p>\n<p style=\"text-align: justify\">2006\u00a0\u00a0\u00a0\u00a0 <b>Simard, M.<\/b>, <i>Perception de l\u2019espace et flux migratoires. Vers une sch\u00e9matisation fond\u00e9e sur le cycle de vie<\/i>, colloque\u00a0Les 50 ans des Cahiers de g\u00e9ographie du Qu\u00e9bec, Qu\u00e9bec (29 avril).<\/p>\n<p style=\"text-align: justify\">2005\u00a0\u00a0\u00a0\u00a0 <b>Simard, M.<\/b>, <i>Cadre de vie et intentions migratoires des jeunes \u00e0 Saguenay<\/i>, colloque &lt;Jeunes et dynamiques territoriales. Migrations, participation et insertion&gt;, Qu\u00e9bec (19 octobre).<\/p>\n<p style=\"text-align: justify\">2005\u00a0\u00a0\u00a0\u00a0 <b>Simard, M.<\/b>, <i>Territoires et diversit\u00e9 sociale au Canada. Les effets de la migration des jeunes<\/i>, 8<sup>e<\/sup> conf\u00e9rence de l\u2019Association russe d\u2019\u00e9tudes canadiennes, Saint-P\u00e9tersbourg \u2013 Russie (29 septembre).<\/p>\n<p style=\"text-align: justify\">2004 \u00a0\u00a0\u00a0 <b>Simard, M.<\/b>, <i>Youth Migration Patterns and Their Effects on the Urban System in Quebec<\/i>, Canadian Association of Geographers Annual Meeting (CAG), Moncton University, N.B. (27 mai).<\/p>\n<p style=\"text-align: justify\">2003\u00a0\u00a0\u00a0\u00a0 <b>Simard, M.<\/b>, <i>La place des jeunes dans le Qu\u00e9bec urbain d\u2019aujourd\u2019hui, <\/i>Colloque &lt;L\u2019imaginaire urbain et les jeunes&gt;, UQAC, Chicoutimi \u2013 Qu\u00e9bec (19 mars).<\/p>\n<p style=\"text-align: justify\">2002\u00a0\u00a0\u00a0\u00a0 <b>Simard, M. <\/b>et Gagnon, C., <i>Urban Quality of Life and Industrial Project Management. The Case of Alcan Aluminium Smelter in Alma (Canada)<\/i>, OECD Nuclear Energy Agency, Ottawa (18 octobre).<\/p>\n<p style=\"text-align: justify\">2002\u00a0\u00a0\u00a0\u00a0 <b>Simard, M.<\/b>, <i>L\u2019organisation intra-urbaine des villes moyennes au Qu\u00e9bec<\/i>, colloque &lt; Villes moyennes et mondialisation &gt;, Universit\u00e9 de Montr\u00e9al, Montr\u00e9al (19 septembre).<\/p>\n<p style=\"text-align: justify\">2002\u00a0\u00a0\u00a0\u00a0 <b>Simard, M. <\/b>et Gauthier, M.-J., <i>Les enjeux territoriaux des villes regroup\u00e9es. L\u2019exemple de Saguenay<\/i>, Association des sciences r\u00e9gionales de langue fran\u00e7aise, Trois-Rivi\u00e8res &#8211; Qu\u00e9bec (22 ao\u00fbt).<\/p>\n<p style=\"text-align: justify\">2002\u00a0\u00a0\u00a0\u00a0 <b>Simard, M. <\/b>et Roch, A., <i>Les enjeux de la gouvernance territoriale au Qu\u00e9bec<\/i>, colloque de l\u2019APGQ &lt;Le Qu\u00e9bec\u00a0: restructurations territoriales et m\u00e9tamorphoses des discours&gt;, UQAM, Montr\u00e9al (9 novembre).<\/p>\n<p style=\"text-align: justify\">2002\u00a0\u00a0\u00a0<b>Simard, M., <\/b><i>La g\u00e9opolitique des communaut\u00e9s locales au Qu\u00e9bec<\/i>, colloque &lt;Arrondissements et quartiers\u00a0: nouveaux territoires de gestion et d\u2019action&gt;, UQAC, Chicoutimi &#8211; Qu\u00e9bec (21 mars).<\/p>\n<p style=\"text-align: justify\">2001\u00a0\u00a0\u00a0<b>Simard, M. <\/b>et Mercier, G., <i>Paysages et identit\u00e9s en milieu urbain. L\u2019exemple du quartier Saint-Roch \u00e0 Qu\u00e9bec<\/i>, colloque &lt;Pays et paysages&gt;, Universit\u00e9 de Bretagne Occidentale, Brest &#8211; France (14 juin).<\/p>\n<p style=\"text-align: justify\">2001\u00a0<b>Simard, M.,<\/b><b> <\/b><i>L\u2019urbanisme communautaire et la vitalit\u00e9 des communaut\u00e9s de quartiers \u00e0 Qu\u00e9bec<\/i>, Association canadienne de sciences r\u00e9gionales, INRS-UCS, Montr\u00e9al (2 juin).<\/p>\n<p style=\"text-align: justify\">2001\u00a0\u00a0\u00a0\u00a0<b>Simard, M., <\/b><i>Urban Quality of Life in the Inner City: A Community Perspective<\/i>, Canadian Association of Geographers Annual Meeting, McGill University, Montr\u00e9al (31 mai).<\/p>\n<p style=\"text-align: justify\">2000\u00a0 \u00a0 <strong>Si<\/strong><b>mard, M., <\/b><i>Urban Revitalization and Postmodernity: The Case of Quebec City<\/i>, Canadian Association of Geographers Annual Meeting, Brock University, Sainte-Catherines &#8211; Ontario (2 juin).<\/p>\n<p style=\"text-align: justify\">2000\u00a0\u00a0<b>Simard, M., <\/b><i>L\u2019\u00e9thique du d\u00e9veloppement local<\/i>, colloque &lt;La soci\u00e9t\u00e9 en red\u00e9finition\u00a0: la place de la g\u00e9ographie&gt;, UQAM, Montr\u00e9al (7 avril).<\/p>\n<p style=\"text-align: justify\">1999\u00a0<b>Simard, M., <\/b><i>Local Development and Community Identity: The Case of Saint.-Roch in Quebec City<\/i>, Regional Sciences International Meeting, Montreal \u2013 Quebec (14 novembre).<\/p>\n<p style=\"text-align: justify\">1998\u00a0\u00a0<b>Simard, M., <\/b><i>Les communaut\u00e9s locales et la ville postmoderne<\/i>, colloque &lt;Ville imaginaire\/ville identitaire&gt;, Universit\u00e9 Laval, Qu\u00e9bec (10 octobre).<\/p>\n<h4 style=\"text-align: justify\"><strong>Colloques de l&#8217;Association francophone pour le savoir (ACFAS)<\/strong><\/h4>\n<p>2023\u00a0\u00a0\u00a0\u00a0 <strong>Simard, M.,<\/strong> <em>La densification douce de la banlieue : une contribution de l\u2019am\u00e9nagement \u00e0 la lutte aux changements climatiques<\/em> ? Colloque villes et changements climatiques, Universit\u00e9 de Montr\u00e9al (9 mai).<\/p>\n<p>2022\u00a0 \u00a0 \u00a0<strong>Simard, M.<\/strong>, <em>La transition vers la ville intelligente : une n\u00e9cessit\u00e9 pour les villes petites et moyennes ?,\u00a0<\/em>&lt;Des territoires en transition. Les multiples facettes du d\u00e9veloppement territoirial&gt;,\u00a0 <em>Universit\u00e9 Laval (10 mai).<\/em><\/p>\n<p>2018\u00a0\u00a0\u00a0\u00a0 <strong>Simard, M., <\/strong>E. Maltais et C. Brisson, <em>Le navettage a\u00e9rien vers le Nord-du-Qu\u00e9bec\u00a0: Un instrument de d\u00e9veloppement pour quelles r\u00e9gions, <\/em>&lt;Cinq d\u00e9cennies de politique territoriale au Qu\u00e9bec&gt;, UQAC &#8211; Saguenay (9 mai).<\/p>\n<p>2015\u00a0\u00a0<strong>Simard, M., <\/strong><em>Les communaut\u00e9s mini\u00e8res nordiques. Le d\u00e9fi d\u2019occupation de l\u2019\u00e9coum\u00e8ne discontinu au Qu\u00e9bec, <\/em>Colloque &lt;Le nord qu\u00e9b\u00e9cois. Un milieu aux multiples visages&gt;, UQAR &#8211; Rimouski (28 mai).<\/p>\n<p>2015\u00a0\u00a0<strong>Simard, M., <\/strong><em>Le nord qu\u00e9b\u00e9cois comme milieu g\u00e9ographique\u00a0: contexte, enjeux et d\u00e9fis<\/em>, colloque &lt;Le nord qu\u00e9b\u00e9cois. Un milieu aux multiples visages&gt;, UQAR &#8211; Rimouski (27 mai).<\/p>\n<p style=\"text-align: justify\">2014 \u00a0\u00a0\u00a0 Stecq, H. et <b>Simard, M.<\/b>, <i>La mobilisation des r\u00e9seaux d\u2019acteurs et le d\u00e9veloppement r\u00e9gional : le cas de la strat\u00e9gie migraction au Saguenay \u2013 Lac-Saint-Jean<\/i>, Universit\u00e9 Concordia (14 mai)<\/p>\n<p style=\"text-align: justify\">2013\u00a0<b>Simard, M., <\/b><i>L\u2019\u00e9talement urbain\u00a0: grandeurs et mis\u00e8res d\u2019un concept<\/i><em>, <\/em>Colloque &lt;<em>L\u2019urbanisation diffuse \u00e0 l\u2019aune du d\u00e9veloppement durable<\/em>&gt;<em>, Universit\u00e9 Laval (10 mai).<\/em><i><\/i><\/p>\n<p style=\"text-align: justify\">2011 \u00a0<b>Simard, M., <\/b><em>Urbain et rural : d\u00e9fis de d\u00e9finition et de d\u00e9limitation \u00e0 l&#8217;\u00e8re de la m\u00e9tropolisation<\/em><em>, <\/em>Colloque &lt;<em>Urbanit\u00e9, ruralit\u00e9 et milieux transitionnels<\/em>&gt;<em>, Universit\u00e9 de Sherbrooke (10 mai).<\/em><i><\/i><\/p>\n<p style=\"text-align: justify\">2011 \u00a0\u00a0\u00a0 Tremblay, M.-H. et <b>Simard, M<i>., <\/i><\/b><i>La part des effets de proximit\u00e9 dans l\u2019appropriation d\u2019un parc paysager\u00a0\u00e0 Saguenay<\/i><em>, <\/em>Colloque &lt;L\u2019horizon paysager de la ville contemporaine&gt;<em>, Universit\u00e9 de Sherbrooke (10 mai).<\/em><\/p>\n<p style=\"text-align: justify\">2011 Gauthier, D., Villeneuve, C., <b>Simard, M.<\/b>, Robertson, A., Collard-Fortin, U., et Rath\u00e9, N., <i>Les principes de l\u2019\u00c9ducation relative \u00e0 l\u2019environnement au secondaire<\/i><em>, Universit\u00e9 de Sherbrooke (10 mai).<\/em><\/p>\n<p style=\"text-align: justify\">2011 <b>Simard, M., <\/b><em>Les r\u00e9sultats des \u00e9lections municipales de 2009 au Qu\u00e9bec. Un indicateur du clivage urbain-rural ?<\/em><em>, <\/em>Colloque &lt;<em>Urbanit\u00e9, ruralit\u00e9 et milieux transitionnels<\/em>&gt;<em>, Universit\u00e9 de Sherbrooke (11 mai).<\/em><\/p>\n<p style=\"text-align: justify\">2010 <b>Simard, M. <\/b>et Leblanc, P., D\u00e9centralisation, gouvernance int\u00e9gr\u00e9e et d\u00e9mocratie locale\u00a0: L\u2019exp\u00e9rience des villes regroup\u00e9es, Colloque &lt;Gouvernance int\u00e9gr\u00e9e &gt;, Universit\u00e9 de Montr\u00e9al (12 mai).<\/p>\n<p style=\"text-align: justify\">2010\u00a0<b>Simard, M. <\/b>et Bergeron, G.<b>,<\/b> <i>L\u2019\u00e9lection municipale de 2009 \u00e0 Saguenay. Bilan et perspectives<\/i>, Colloque &lt;Urbanit\u00e9 et politique\u00a0: portrait politique des villes qu\u00e9b\u00e9coises&gt;, Universit\u00e9 de Montr\u00e9al (12 mai).<\/p>\n<p style=\"text-align: justify\">2009 \u00a0<b>Simard, M.,<\/b> <i>De l\u2019\u00e9talement urbain \u00e0 l\u2019occupation des territoires ou les paradoxes conceptuels en \u00e9tudes urbaines et r\u00e9gionales<\/i>, ACFAS, Colloque CRDT &lt;Habiter les territoires&gt;, Universit\u00e9 d\u2019Ottawa (12 mai).<\/p>\n<p style=\"text-align: justify\">2009 \u00a0\u00a0<b>Simard, M.<\/b>, Fortin, M.-J. et Tremblay, M.-H. <i>L\u2019appropriation des espaces portuaires requalifi\u00e9s. Regard sur le Vieux-Port de Chicoutimi<\/i>, ACFAS, Universit\u00e9 d\u2019Ottawa (10 mai).<\/p>\n<p style=\"text-align: justify\">2008\u00a0\u00a0<b>Simard, M. <\/b>et Fortin, V.,<b> <\/b><i>Qu\u00e9bec l\u2019id\u00e9ale, Montr\u00e9al l\u2019insoutenable. Les repr\u00e9sentations de la ville chez les jeunes r\u00e9gionaux<\/i>, ACFAS, Colloque &lt;Des outils pour saisir la jeunesse&gt;, INRS, Qu\u00e9bec (8 mai).<\/p>\n<p style=\"text-align: justify\">2006\u00a0\u00a0<b>Simard, M. <\/b>et Ouellet, S., Les <i>intentions migratoires des jeunes \u00e0 Saguenay. Analyse des variations intra-urbaines<\/i>, ACFAS, colloque &lt;D\u00e9mographie urbaine\u00a0: enjeux et d\u00e9fis&gt;, \u00a0McGill, Montr\u00e9al (18 mai).<\/p>\n<p style=\"text-align: justify\">2006\u00a0<b>Simard, M., <\/b><i>Zonage et autres classifications g\u00e9ographiques. Instruments ou contraintes\u00a0?<\/i>, ACFAS, colloque &lt;R\u00e9gions et territoires\u00a0: Sp\u00e9cificit\u00e9s, usages et multifonctionnalit\u00e9&gt;, \u00a0McGill, Montr\u00e9al (16 mai).<\/p>\n<p style=\"text-align: justify\">2005 \u00a0\u00a0\u00a0<b>Simard<\/b><b>, M.<\/b>, La <i>contribution des g\u00e9ographes \u00e0 l\u2019am\u00e9nagement au Qu\u00e9bec. Bilan et perspectives<\/i>, ACFAS, colloque &lt;Un demi-si\u00e8cle de g\u00e9ographie appliqu\u00e9e au Qu\u00e9bec&gt;, UQAC, Saguenay (9 mai).<\/p>\n<p style=\"text-align: justify\">2005 \u00a0\u00a0\u00a0 <b>Simard<\/b><b>, M. <\/b>et Arth, E., <i>Les in\u00e9galit\u00e9s sociales au sein des villes petites et moyennes du Lac-Saint-Jean<\/i>, ACFAS, colloque &lt;In\u00e9galit\u00e9s et recomposition des territoires&gt;, \u00a0UQAC, Saguenay (11 mai).<\/p>\n<p style=\"text-align: justify\">2003\u00a0<b>Simard, M.<\/b>, <i>La gouvernance territoriale au Qu\u00e9bec. Forces et limites<\/i>, ACFAS, colloque &lt;Territoires et fonctions. Quels mod\u00e8les de gouvernance pour le XXI<sup>e<\/sup> si\u00e8cle&gt;, UQAR, Rimouski (21 mai).<\/p>\n<p style=\"text-align: justify\">2001\u00a0<b>Simard, M.<\/b>, <i>Les villes moyennes au Qu\u00e9bec : continuit\u00e9 ou recomposition<\/i>, ACFAS, colloque &lt;Les dynamiques spatiales au Qu\u00e9bec&gt;, Universit\u00e9 de Sherbrooke, Sherbrooke &#8211; Qu\u00e9bec (17 mai).<\/p>\n<p style=\"text-align: justify\">2000\u00a0\u00a0<b>Simard, M.<\/b>, <i>Espace v\u00e9cu et identit\u00e9\u00a0: le cas du quartier Saint-Roch \u00e0 Qu\u00e9bec<\/i>, ACFAS &#8211; section g\u00e9ographie, Universit\u00e9 de Montr\u00e9al, Montr\u00e9al (16 mai).<\/p>\n<p style=\"text-align: justify\">1999\u00a0\u00a0<b>Simard, M.<\/b>, <i>La communaut\u00e9 : du territoire \u00e0 Internet<\/i>, ACFAS &#8211; section d\u00e9veloppement r\u00e9gional, Universit\u00e9 d\u2019Ottawa, Ottawa (11 mai).<\/p>\n<h4 style=\"text-align: justify\">Communications en milieu universitaire<\/h4>\n<p>2025\u00a0\u00a0\u00a0\u00a0 <strong>Simard, M.<\/strong>, <em>Le CEGEP de Jonqui\u00e8re : un campus moderne au sein d\u2019une ville moyenne<\/em>, Colloque : Le\u00a0CEGEP de Jonqui\u00e8re et l\u2019architecture moderne, Saguenay, Qu\u00e9bec (21 novembre).<\/p>\n<p>2021\u00a0\u00a0<strong>Simard, M., <\/strong><em>R\u00e9flexions sur l\u2019am\u00e9nagement et le d\u00e9veloppement territorial au Qu\u00e9bec (animation et propos introductifs)<\/em><strong>, <\/strong>Colloque du Regroupement des g\u00e9ographes du Qu\u00e9bec, visioconf\u00e9rence (26 mai).<\/p>\n<p>2020\u00a0\u00a0\u00a0<strong>Simard, M., <\/strong><em>Les effets territoriaux de la COVID19 vus sous l\u2019angle du d\u00e9bat sur l\u2019\u00e9talement urbain<\/em>, Webinaire du Regroupement des g\u00e9ographes du Qu\u00e9bec, visioconf\u00e9rence (17 novembre).<\/p>\n<p>2019\u00a0\u00a0\u00a0\u00a0 <strong>Simard, M., <\/strong><em>L\u2019industrie mini\u00e8re au Qu\u00e9bec\u00a0: situation, tendances et enjeux<\/em>, \u00c9cole de l\u2019environnement et \u00c9cole de mines Goodman, Universit\u00e9 Laurentienne, Sudbury &#8211; Ontario (21 mars).<\/p>\n<p>2018\u00a0\u00a0\u00a0<strong>Simard, M<\/strong>., <em>Le navettage a\u00e9rien vers le Nord du Qu\u00e9bec\u00a0: le v\u00e9cu des travailleurs miniers<\/em>, S\u00e9minaire du Centre de recherche en am\u00e9nagement et d\u00e9veloppement, Universit\u00e9 Laval \u2013 Qu\u00e9bec (15 novembre).<\/p>\n<p>2018<strong>\u00a0 \u00a0Simard<\/strong>,\u00a0<strong>M<\/strong>.<strong>,\u00a0<\/strong>\u00ab<strong>\u00a0<\/strong>Les villes moyennes p\u00e9riph\u00e9riques \u00e0 l\u2019\u00e9preuve des tendances d\u00e9mographiques. L\u2019exemple de Saguenay\u00a0\u00bb<strong>, <\/strong>Colloque de l\u2019Ordre des urbanistes du Qu\u00e9bec, Saguenay (20 septembre).<\/p>\n<p>2017\u00a0\u00a0\u00a0\u00a0<strong>Simard, M., <\/strong>Gobeil, A.<strong>, <\/strong>Tesson, B. et <em>al.<\/em><strong>,<\/strong> <em>La r\u00e9forme des r\u00e9gions en France\u00a0: exemple ou contre-exemple pour le Qu\u00e9bec ?<\/em>,\u00a0 Colloque du GRIR, UQAC, Saguenay \u2013 Qu\u00e9bec (30 mars).<\/p>\n<p>2017\u00a0\u00a0\u00a0<strong>Simard<\/strong>, M., <em>Les d\u00e9fis de gestion et d\u2019intervention sur les paysages<\/em>, Journ\u00e9es de r\u00e9flexion sur les Parcs nationaux au Saguenay\u2015Lac-Saint-Jean, Saguenay et Alma &#8211; Qu\u00e9bec (22 et 24 mars).<\/p>\n<p>2016\u00a0\u00a0<strong>Simard, M.,<\/strong> <em>Les villes durables\u00a0: une perspective qu\u00e9b\u00e9coise<\/em>, Caf\u00e9 g\u00e9ographique du d\u00e9partement de g\u00e9ographie de l\u2019Universit\u00e9 Blaise-Pascal, Clermont-Ferrand \u2013 France (12 octobre).<\/p>\n<p>2016<strong> \u00a0\u00a0\u00a0 Simard, M.,<\/strong> <em>Les vuln\u00e9rabilit\u00e9s des villes mini\u00e8res nordiques.\u00a0\u00a0 Le cas de Schefferville au Qu\u00e9bec<\/em>, S\u00e9minaire du CRDT, UQAR-UQAC, Qu\u00e9bec \u2013 Qu\u00e9bec (11 mars).<\/p>\n<p style=\"text-align: justify\">2013<b>\u00a0 Simard, M.,<\/b> <i>Du local au durable. Le r\u00f4le des utopies dans le champ du d\u00e9veloppement territorial<\/i>, Colloque du GRIR, UQAC, Chicoutimi \u2013 Qu\u00e9bec (1 mai).<\/p>\n<p style=\"text-align: justify\">2013<b>\u00a0Simard, M.,<\/b> <i>Le virage vers la durabilit\u00e9 en am\u00e9nagement et en urbanisme : effet de mode ou changement profond ?<\/i>, S\u00e9minaire du CRDT, UQAR-UQAC, Qu\u00e9bec \u2013 Qu\u00e9bec (15 mars).<\/p>\n<p style=\"text-align: justify\">2011<b>\u00a0 Simard, M., <\/b>S. Tremblay et C. Brisson, <i>De ville mod\u00e8le \u00e0 quartier d\u00e9favoris\u00e9\u00a0: La difficile trajectoire de d\u00e9veloppement de K\u00e9nogami<\/i>, Colloque du GRIR, UQAC, Chicoutimi \u2013 Qu\u00e9bec (5 mai).<\/p>\n<p style=\"text-align: justify\">2011\u00a0\u00a0<b>Simard, M.<\/b>, <i>Le r\u00e9am\u00e9nagement du Vieux-Port de Chicoutimi vingt ans plus tard<\/i>, CEGEP de Jonqui\u00e8re, D\u00e9partement d\u2019am\u00e9nagement et d\u2019urbanisme (9 mars).<\/p>\n<p style=\"text-align: justify\">2011\u00a0\u00a0<b>Simard, M.<\/b>, <i>La d\u00e9mocratie locale au Qu\u00e9bec et \u00e0 Saguenay\u00a0; regard g\u00e9ographique sur les \u00e9lections municipales de 2009<\/i>, Semaine des sciences humaines, UQAC, Chicoutimi \u2013 Qu\u00e9bec (14 f\u00e9vrier).<\/p>\n<p style=\"text-align: justify\">2010<b>\u00a0 Simard, M.<\/b>,<b> <\/b><i>La revitalisation urbaine\u00a0: bilan des approches des derni\u00e8res d\u00e9cennies et <\/i><i>d\u00e9fis pour les villes polycentriques<\/i>, Colloque &lt;Les espaces centraux des villes moyennes&gt;, Saguenay (19 novembre).<\/p>\n<p style=\"text-align: justify\">2010<b>\u00a0 Simard, M.<\/b>, <i>Le ph\u00e9nom\u00e8ne d&#8217;\u00e9talement urbain en contexte nord-am\u00e9ricain : L&#8217;exemple du Qu\u00e9bec,<\/i> UFR\u00a0Espace et culture, Universit\u00e9 Sophia-Antipolis, Nice (19 avril).<\/p>\n<p style=\"text-align: justify\">2010<b>\u00a0 Simard, M.<\/b>, <i>Tourisme de croisi\u00e8res sur le Saint-Laurent : enjeux d&#8217;am\u00e9nagement et de d\u00e9veloppement,<\/i> Centre interuniversitaire de recherche en am\u00e9nagement et d\u00e9veloppement (CRAD), Qu\u00e9bec (10 mars).<\/p>\n<p style=\"text-align: justify\">2009 \u00a0\u00a0<b>Simard, M.,<\/b> <i>L\u2019administration du maire Tremblay \u00e0 Saguenay ou le populisme fiscal en milieu p\u00e9riph\u00e9rique<\/i>, Colloque &lt;Urbanit\u00e9 et politique I&gt;, Institut d\u2019urbanisme, Universit\u00e9 de Montr\u00e9al (20 mai).<\/p>\n<p style=\"text-align: justify\">2009\u00a0\u00a0<strong>Si<\/strong><b>mard, M.<\/b>, <i>La migration des jeunes. Un ph\u00e9nom\u00e8ne \u00e0 comprendre pour b\u00e2tir des communaut\u00e9s viables<\/i>, Universit\u00e9 rurale du Qu\u00e9bec au Lac St.-Jean, Dolbeau-Mistassini \u2013 Qu\u00e9bec (15 septembre).<\/p>\n<p style=\"text-align: justify\">2007\u00a0\u00a0\u00a0\u00a0 <b>Simard, M.<\/b>, <i>L\u2019arrondissement de La Baie \u00e0 la crois\u00e9e des chemins<\/i>, Midi-conf\u00e9rence du GRIR et du CRDT, UQAC, Chicoutimi \u2013 Qu\u00e9bec (14 novembre).<\/p>\n<p style=\"text-align: justify\">2007\u00a0\u00a0<b>Simard, M.<\/b>, <i>Les d\u00e9fis des inventaires et portraits territoriaux en \u00e9conomie sociale. L\u2019exemple du Saguenay-Lac-Saint-Jean, <\/i>S\u00e9minaire de l\u2019ARUC-\u00c9conomie sociale, UQAM (30 mai).<\/p>\n<p style=\"text-align: justify\">2006\u00a0\u00a0\u00a0<b>Simard, M.<\/b>, <i>La revitalisation des centres-villes au Saguenay-Lac-Saint-Jean. Tendances, dilemmes et d\u00e9fis<\/i>, Midi-conf\u00e9rence du GRIR et du CRDT, UQAC, Chicoutimi \u2013 Qu\u00e9bec (29 mars).<\/p>\n<p style=\"text-align: justify\">2004\u00a0<b>Simard, M.<\/b>, <i>Revitalisation urbaine et \u00e9conomie sociale. Un maillage \u00e0 promouvoir<\/i>, Colloque Le d\u00e9veloppement des communaut\u00e9s et l\u2019\u00e9conomie sociale, UQAC, Chicoutimi \u2013 Qu\u00e9bec (29 novembre).<\/p>\n<p style=\"text-align: justify\">2004\u00a0<b>Simard, M.<\/b>, <i>La consolidation de la cit\u00e9 de Saguenay. De l\u2019am\u00e9nagement \u00e0 la dynamique communautaire, <\/i>S\u00e9minaire de Vision Saguenay 2025, UQAC, Chicoutimi \u2013 Qu\u00e9bec (10 septembre).<\/p>\n<p style=\"text-align: justify\">2004 <b>Simard, M.<\/b>, <i>La migration des jeunes comme ph\u00e9nom\u00e8ne de soci\u00e9t\u00e9<\/i>, Salon des \u00e9tudes de 2<sup>e<\/sup> et 3<sup>e<\/sup> cycles, UQAC, Chicoutimi \u2013 Qu\u00e9bec (18 f\u00e9vrier).<\/p>\n<p style=\"text-align: justify\">2004\u00a0<b>Simard, M.<\/b>, <i>Centralit\u00e9 et d\u00e9veloppement urbain \u00e0 Saguenay. Enjeux et perspectives, <\/i>S\u00e9minaire de Vision 2025 &lt;L\u2019enjeu de l\u2019am\u00e9nagement du territoire&gt;, UQAC, Chicoutimi \u2013 Qu\u00e9bec (13 f\u00e9vrier).<\/p>\n<p style=\"text-align: justify\">2004\u00a0\u00a0<b>Simard, M.<\/b>, <i>Revitalisation urbaine et d\u00e9veloppement culturel. Le croissant culturel de Chicoutimi<\/i>, Centre interuniversitaire d\u2019\u00e9tudes sur les lettres, les arts et les traditions (C\u00c9LAT), Qu\u00e9bec (28 janvier).<\/p>\n<p style=\"text-align: justify\">2003\u00a0\u00a0<b>Simard, M.<\/b>, <i>La participation \u00e0 l\u2019am\u00e9nagement du territoire. Enjeux et d\u00e9fis<\/i>, Colloque &lt;Les vingt ans du GRIR &#8211; Groupe de recherche en interventions r\u00e9gionales&gt;, UQAC, Chicoutimi \u2013 Qu\u00e9bec (6 novembre).<\/p>\n<p style=\"text-align: justify\">2003\u00a0<b>Simard, M. <\/b>et Gagnon, C., <i>Construction du savoir et d\u00e9veloppement durable. L\u2019exemple des impacts sociaux de l\u2019aluminerie d\u2019Alma<\/i>, &lt;Journ\u00e9es-R\u00e9seau&gt;, UQAC, Chicoutimi \u2013 Qu\u00e9bec (25 septembre).<\/p>\n<p style=\"text-align: justify\">2003\u00a0\u00a0\u00a0\u00a0<b>Simard, M., <\/b><i>La dynamique sociale des villes moyennes au Qu\u00e9bec : effets de localisation et de base \u00e9conomique, <\/i>Vision 2025 &lt;Les politiques d\u2019armature urbaine&gt;, UQAC, Chicoutimi \u2013 Qu\u00e9bec (12 mars).<\/p>\n<p style=\"text-align: justify\">2002\u00a0\u00a0\u00a0\u00a0 <b>Simard, M. <\/b>et Gagnon, C., <i>La Mod\u00e9lisation des impacts sociaux<\/i>, S\u00e9minaire d\u2019\u00e9tudes du programme de Mod\u00e9lisation des impacts sociaux de l\u2019aluminerie d\u2019Alma, UQAC, Chicoutimi \u2013 Qu\u00e9bec (22 f\u00e9vrier).<\/p>\n<p style=\"text-align: justify\">2002\u00a0<b>Simard, M., <\/b><i>La revitalisation urbaine en perspective<\/i>, Midi-conf\u00e9rence du Groupe de recherche et d\u2019intervention r\u00e9gionales (GRIR), UQAC, Chicoutimi \u2013 Qu\u00e9bec (30 janvier).<\/p>\n<p style=\"text-align: justify\">2001\u00a0<b>Simard, M., <\/b><i>The Urban Ecology of Quebec\u2019s mid-sized cities<\/i>, Urban Studies Program, Concordia University, Montreal \u2013 Quebec (6 mars).<\/p>\n","protected":false},"excerpt":{"rendered":"<p>Colloques nationaux et internationaux 2026\u00a0\u00a0\u00a0\u00a0 Simard, M., L\u2019urbanisme au Qu\u00e9bec : Un r\u00e9gime distinct ? Des pratiques innovantes ? Colloque de l&#8217;Association fran\u00e7aise d\u2019\u00e9tudes canadiennes (AFEC), Avignon \u2013 France (12 juin). 2025\u00a0\u00a0\u00a0\u00a0 Simard, M., La requalification des centres commerciaux de banlieue : une contribution \u00e0 l\u2019urbanisme durable ?, Association des sciences r\u00e9gionales de langue fran\u00e7aise &hellip; <a href=\"https:\/\/portfolio.uqac.ca\/martinsimard\/communications\/\" class=\"more-link\">Continuer la lecture de <span class=\"screen-reader-text\">Communications<\/span>  <span class=\"meta-nav\">&rarr;<\/span><\/a><\/p>\n","protected":false},"author":89,"featured_media":0,"parent":0,"menu_order":0,"comment_status":"closed","ping_status":"closed","template":"","meta":{"footnotes":""},"tags":[],"_links":{"self":[{"href":"https:\/\/portfolio.uqac.ca\/martinsimard\/wp-json\/wp\/v2\/pages\/25"}],"collection":[{"href":"https:\/\/portfolio.uqac.ca\/martinsimard\/wp-json\/wp\/v2\/pages"}],"about":[{"href":"https:\/\/portfolio.uqac.ca\/martinsimard\/wp-json\/wp\/v2\/types\/page"}],"author":[{"embeddable":true,"href":"https:\/\/portfolio.uqac.ca\/martinsimard\/wp-json\/wp\/v2\/users\/89"}],"replies":[{"embeddable":true,"href":"https:\/\/portfolio.uqac.ca\/martinsimard\/wp-json\/wp\/v2\/comments?post=25"}],"version-history":[{"count":25,"href":"https:\/\/portfolio.uqac.ca\/martinsimard\/wp-json\/wp\/v2\/pages\/25\/revisions"}],"predecessor-version":[{"id":292,"href":"https:\/\/portfolio.uqac.ca\/martinsimard\/wp-json\/wp\/v2\/pages\/25\/revisions\/292"}],"wp:attachment":[{"href":"https:\/\/portfolio.uqac.ca\/martinsimard\/wp-json\/wp\/v2\/media?parent=25"}],"wp:term":[{"taxonomy":"post_tag","embeddable":true,"href":"https:\/\/portfolio.uqac.ca\/martinsimard\/wp-json\/wp\/v2\/tags?post=25"}],"curies":[{"name":"wp","href":"https:\/\/api.w.org\/{rel}","templated":true}]}}