{"id":20,"date":"2012-07-23T20:20:59","date_gmt":"2012-07-23T20:20:59","guid":{"rendered":"http:\/\/portfolio-pre.uqac.ca\/gabarit\/?page_id=20"},"modified":"2017-12-02T12:53:55","modified_gmt":"2017-12-02T17:53:55","slug":"publications","status":"publish","type":"page","link":"https:\/\/portfolio.uqac.ca\/michelroche\/publications\/","title":{"rendered":"Publications"},"content":{"rendered":"<h4 style=\"text-align: justify\"><strong>Ouvrages :<\/strong><\/h4>\n<p style=\"text-align: justify\"><em>Th\u00e9rapie de choc et autoritarisme en Russie: La d\u00e9mocratie confisqu\u00e9e,<\/em> Paris, L\u2019Harmattan,\u00a0 2000, 250 pages.<\/p>\n<p>Michel Roche (dir.), Capitalisme, n\u00e9olib\u00e9ralisme et mouvements sociaux en Russie, St-Joseph-du-Lac,\u00a0 M \u00c9diteur, Paris, Syllepse, , 2015, 296 pages.<\/p>\n<p style=\"text-align: justify\">Tremblay, Pierre-Andr\u00e9, Tremblay, Sabrina et Roche, Michel (dir.), <em>Le Printemps \u00e9rable<\/em>, Actes du colloque \u00abLe Printemps \u00e9rable, un an apr\u00e8s\u00bb tenu \u00e0 l\u2019UQAC le 12 avril 2013, Presses de l\u2019Universit\u00e9 du Qu\u00e9bec, 2015, 230 pages.<\/p>\n<h4 style=\"text-align: justify\"><strong>Chapitres de livres :<\/strong><\/h4>\n<p style=\"text-align: justify\">\u00a0\u00abLes fondements sociaux de la dynamique politique en Russie\u00bb, in\u00a0Michel Roche (dir.), Capitalisme, n\u00e9olib\u00e9ralisme et mouvements sociaux en Russie, St-Joseph-du-Lac,\u00a0 M \u00c9diteur, Paris, Syllepse, 2015, p. 13-35.<\/p>\n<p style=\"text-align: justify\">\u00abD\u00e9veloppement des rapports marchands et autoritarisme sous Poutine et Medvedev\u00bb, in Tremblay, Pierre-Andr\u00e9 et Tremblay, Suzanne (dir.), <em>Penser le d\u00e9veloppement<\/em>, Groupe de recherche et d\u2019intervention r\u00e9gionales, 2013, p. 113-124.<\/p>\n<p style=\"text-align: justify\">\u00ab The G-7 and \u2018Market Reform\u2019 in Russia: \u2018Shock Therapy Against Democracy\u2019\u00bb, in <em>The Former \u2018State Socialist\u2019 World: Views From the Left<\/em>, Montr\u00e9al\/New York\/London: Black Rose Books, 1996, p. 122-136.<\/p>\n<p style=\"text-align: justify\">\u00a0\u00a0 \u00abL\u2019URSS et l\u2019Europe de l\u2019Est : de 1953 \u00e0 nos jours\u00bb, in <em>Id\u00e9ologies et r\u00e9gimes politiques<\/em>, Ottawa, \u00c9ditions MGL, 1992, p. 719-797.<\/p>\n<h4 style=\"text-align: justify\"><strong>Articles\u00a0publi\u00e9s dans des revues avec comit\u00e9 de lecture :<\/strong><\/h4>\n<p>&nbsp;<\/p>\n<p>Pierre Beaudet, St\u00e9phane Chalifour, Donald Cuccioletta, Michel Roche et Judith Trudeau \u00abD\u00e9mocratie\u00a0: entre d\u00e9rives et recomposition\u00bb (Introduction au dossier), <em>Nouveaux Cahiers du socialisme<\/em>, no. 17, hiver 2017, p. 8-14.<\/p>\n<p>Michel Roche, \u00abLa Russie de Poutine\u00a0: le miroir grossissant d\u2019une d\u00e9rive\u00bb, <em>Nouveaux Cahiers du socialisme<\/em>, no. 17, hiver 2017, p. 48-57.<\/p>\n<p style=\"text-align: justify\">\u00abL\u2019\u00e9conomie de la F\u00e9d\u00e9ration de Russie\u00a0: 20 ans de transition au capitalisme (1991-2011)\u00bb, <em>Organisations et territoires<\/em>, Vol. 20, no. 1, 2011, p. 53-65.<\/p>\n<p style=\"text-align: justify\">\u00abLa question nationale au Qu\u00e9bec et l\u2019\u00e9clatement des f\u00e9d\u00e9rations sovi\u00e9tique, tch\u00e9coslovaque et yougoslave\u00a0: les limites de la comparaison\u00bb, <em>Bulletin d&#8217;histoire politique<\/em>, vol.16, no.3, 2008. p. 133-160.<\/p>\n<p style=\"text-align: justify\">\u00a0\u00abLes trous de m\u00e9moire de la Russie postsovi\u00e9tique\u00bb (en colla-boration avec Louis Gill), <em>Bulletin d\u2019histoire politique<\/em>, vol. 15, num\u00e9ro 2, hiver 2007, p. 165-170.<\/p>\n<p style=\"text-align: justify\">\u00abL\u2019\u00e9clatement des f\u00e9d\u00e9rations sovi\u00e9tique, yougoslave et tch\u00e9coslovaque dans le d\u00e9bat sur la question nationale au Qu\u00e9bec : de l\u2019\u00e9chec de Meech au r\u00e9f\u00e9rendum de 1995\u00bb, <em>Bulletin d\u2019histoire politique<\/em>, Vol. 14, no. 3, printemps 2006, p. 171-192.<\/p>\n<p style=\"text-align: justify\">\u00abLe 11 septembre de Vladimir Poutine\u00bb, <em>Asym\u00e9tries<\/em>.\u00a0 <em>Analyses de l&#8217;actualit\u00e9 internationale<\/em>, no. 1, Ath\u00e9na \u00e9ditions, 2005, p. 94-97.<\/p>\n<p style=\"text-align: justify\">\u00abL\u2019adh\u00e9sion de la Russie \u00e0 l\u2019OMC : les causes du retard \u00e0 la fin de 2003\u00bb, <em>Revue d\u2019\u00e9tudes comparatives Est-Ouest<\/em>, Vol. 34, No. 2, juin 2003, p. 31-52.<\/p>\n<h4 style=\"text-align: justify\"><strong>Traductions de chapitres de livre<\/strong>\u00a0:<\/h4>\n<p style=\"text-align: justify\"><strong>Du russe au fran\u00e7ais<\/strong> (avec la collaboration de Ludmilla Proujanska\u00efa)\u00a0<strong>:<\/strong><\/p>\n<p>Kagarlitsky, Boris, \u00ab La fin de la stabilit\u00e9 \u00bb, in Roche, Michel (dir.), Capitalisme, n\u00e9olib\u00e9ralisme et mouvements sociaux en Russie, St-Joseph du Lac\u00a0 M \u00c9diteur, Paris, Syllepse, , 2015, p. 37-46.<\/p>\n<p>Bouzgaline, Alexandre V., \u00abLe capitalisme du Jurassique : march\u00e9 et capital dans la Russie des ann\u00e9es 2000, in Roche, Michel (dir.), Capitalisme, n\u00e9olib\u00e9ralisme et mouvements sociaux en Russie, St-Joseph du Lac\u00a0 M \u00c9diteur, Paris, Syllepse, , 2015, p. 87-115.<\/p>\n<p>Kolganov, Andre\u00ef I., \u00abL\u2019\u00e9conomie de la Russie des ann\u00e9es 2000 : la dynamique \u00e9conomique et ses \u2018\u00e9checs\u2019 li\u00e9s aux institutions et aux ressources\u00bb, in Roche, Michel (dir.), Capitalisme, n\u00e9olib\u00e9ralisme et mouvements sociaux en Russie, St-Joseph du Lac\u00a0 M \u00c9diteur, Paris, Syllepse,\u00a0 2015, p. 117-142.<\/p>\n<p>Koltachov, Vassili, \u00abLe capitalisme russe et la crise mondiale\u00bb, in Roche, Michel (dir.), Capitalisme, n\u00e9olib\u00e9ralisme et mouvements sociaux en Russie, St-Joseph du Lac\u00a0 M \u00c9diteur, Paris, Syllepse, , 2015, p. 143-157.<\/p>\n<p>Otchkina, Anna, \u00abUne di\u00e8te de cannibale\u00bb, Roche, Michel (dir.), Capitalisme, n\u00e9olib\u00e9ralisme et mouvements sociaux en Russie, St-Joseph du Lac\u00a0 M \u00c9diteur, Paris, Syllepse, , 2015, p. 159-170.<\/p>\n<p style=\"text-align: justify\">\n<p style=\"text-align: justify\"><strong>De l\u2019anglais au fran\u00e7ais<\/strong>\u00a0<strong>:<\/strong><\/p>\n<p>Dzarassov, Rouslan, \u00abLe capitalisme russe \u00e9mergent dans la perspective de la th\u00e9orie de la plus-value\u00bb, in Roche, Michel (dir.), Capitalisme, n\u00e9olib\u00e9ralisme et mouvements sociaux en Russie, St-Joseph du Lac\u00a0 M \u00c9diteur, Paris, Syllepse, , 2015, p. 49-86.<\/p>\n<p style=\"text-align: justify\"><strong>Autres articles\u00a0:<\/strong><\/p>\n<p>\u00abLa Russie de Vladimir Poutine \u00e0 l\u2019horizon de l\u2019\u00e9lection de pr\u00e9sidentielle de 2018\u00bb, <em>Diplomatie<\/em>, Russie\u00a0: une puissance incontournable? Les grands dossiers No. 40, ao\u00fbt-septembre 2017, p. 8-11.<\/p>\n<p>\u00abLes lib\u00e9raux de la R\u00e9volution tranquille\u00bb, <em>L\u2019Action nationale<\/em> (num\u00e9ro sp\u00e9cial pour le centi\u00e8me anniversaire de la revue), Vol. CVII, nos. 1-2, janvier-f\u00e9vrier 2017, p. 91-99.<\/p>\n<p>\u00abSur les causes fondamentales de l\u2019\u00e9clatement du mouvement ind\u00e9pendantiste\u00bb, <em>L\u2019Action nationale<\/em>, Vol. CVI, no 2, f\u00e9vrier 2016, p. 35-46.<\/p>\n<p style=\"text-align: justify\">\u00abLa culture politique p\u00e9quiste\u00a0: les le\u00e7ons d\u2019un \u00e9chec\u00bb, <em>L\u2019Action nationale<\/em>, Vol. CIV, nos. 4-5, avril-mai 2014, p. 144-160.<\/p>\n<p style=\"text-align: justify\">\u00abLes r\u00e9sultats des \u00e9lections du 4 septembre et la question nationale\u00bb, <em>L\u2019Action nationale<\/em>, septembre-octobre 2012, p. 52-58.<\/p>\n<p style=\"text-align: justify\">\u00abLa restructuration politique au Qu\u00e9bec et la question nationale,<em> L\u2019Action nationale<\/em>, Vol. CI, nos. 9-10, novembre-d\u00e9cembre 2011, p. 68-78.<\/p>\n<p style=\"text-align: justify\">\u00a0\u00abLes lunettes russes\u00bb, <em>Alternatives<\/em>, octobre 2008, p. 3.<\/p>\n<p style=\"text-align: justify\">\u00abPoutine\u00a0: succ\u00e9der \u00e0 son propre successeur\u00bb, <em>Alternatives<\/em>, mars 2008.<\/p>\n<p style=\"text-align: justify\">\u00abL\u2019effet Boisclair\u00bb, <em>L\u2019Action nationale<\/em>, Vol. XCVI, no. 10, d\u00e9cembre 2006, p. 66-70.<\/p>\n<p style=\"text-align: justify\">\u00a0\u00abLa mont\u00e9e r\u00e9cente de l\u2019option souverainiste dans l\u2019opinion publique\u00a0: un simple feu de paille?\u00bb, <em>L\u2019Action nationale<\/em>, Vol. XCV, nos. 9 et 10, novembre-d\u00e9cembre 2005, p. 42-46.<\/p>\n<p style=\"text-align: justify\">\u00a0\u00abL\u2019impasse du \u2018Bon gouvernement\u2019\u00bb, <em>L\u2019Action nationale<\/em>, Vol. XCV, no. 2, f\u00e9vrier 2005, p. 36-42.<\/p>\n<p style=\"text-align: justify\">\u00abLa \u2018d\u00e9mocrature\u2019 de Vladimir Poutine\u00bb, <em>La Presse<\/em>, 12 mars 2004, p. A15.<\/p>\n<p style=\"text-align: justify\">\u00abUn scrutin jou\u00e9 d\u2019avance\u00bb, <em>Alternatives<\/em>, Vol. 10, No. 6, mars 2004, p. 1.<\/p>\n<p style=\"text-align: justify\">\u00abUne \u2018d\u00e9mocratie dirig\u00e9e\u2019\u00bb, <em>Le Devoir<\/em>, 10 d\u00e9cembre 2003, p. A9.<\/p>\n<p style=\"text-align: justify\">\u00abLa Russie et l\u2019OMC\u00bb, <em>Perspectives internationales<\/em> (Centre \u00c9tudes internationales et Mondialisation), Vol. 3, No. 1, hiver 2003, p. 4-5.<\/p>\n<p style=\"text-align: justify\">Collaboration aux textes du recueil de photos de Heidi Hollinger, <em>Heidi chez les Soviets<\/em>, Montr\u00e9al, \u00c9ditions Les Intouchables, 1999, 109 pages.<\/p>\n<h4 style=\"text-align: justify\"><strong>Recensions\u00a0:<\/strong><\/h4>\n<p>Gilles Vandal, Obama face \u00e0 Poutine. Deux visions r\u00e9alistes du monde (Ath\u00e9na, Montr\u00e9al, 2015, 281 pages), <em>Canadian Journal of Political Science<\/em>\/<em>Revue canadienne de science politique<\/em>, Vol. 49, no. 2, mai 2016, p. 403-404.<\/p>\n<p style=\"text-align: justify\">Louis Gill, <em>La crise financi\u00e8re et mon\u00e9taire mondiale. Endettement, sp\u00e9culation, aust\u00e9rit\u00e9<\/em> (Montr\u00e9al, M \u00c9diteur, 2011, 141 pages), <em>Bulletin d\u2019histoire politique<\/em>, volume 20, num\u00e9ro 3, juin 2012, p. 213-215.<\/p>\n<p style=\"text-align: justify\">Fr\u00e9d\u00e9ric Boily, <em>Mario Dumont et l\u2019Action d\u00e9mocratique du Qu\u00e9bec\u00a0: entre populisme et d\u00e9mocratie<\/em> (Qu\u00e9bec, Presses de l\u2019Universit\u00e9 Laval, 2008, 176 pages), <em>L\u2019Action nationale<\/em>, janvier 2009.<\/p>\n<p style=\"text-align: justify\">Denis Lessard, <em>L\u2019instinct Dumont<\/em> (Montr\u00e9al, Les \u00e9ditions Voix parall\u00e8les, 2007, 464 pages), \u00e0 para\u00eetre dans <em>Les Cahiers de lecture de L\u2019Action nationale<\/em>, automne 2008.<\/p>\n<p style=\"text-align: justify\">\u00c9tienne Berthold, <em>Le Qu\u00e9bec vu de la Russie. Regards de l\u2019historien Vadim Koleneko<\/em> (Qu\u00e9bec, Les Presses de l\u2019Universit\u00e9 Laval, 2007, 165 pages), <em>L\u2019Action nationale<\/em>, janvier 2008.<\/p>\n<p style=\"text-align: justify\">Lilly Marcou, <em>Les d\u00e9fis de Gorbatchev<\/em> (Paris, Plon, 1989, 275 pages), <em>Politique<\/em>, no. 15, hiver 1989, p. 128-132.<\/p>\n<h4 style=\"text-align: justify\"><strong>Autres publications<\/strong><strong>\u00a0:<\/strong><\/h4>\n<p>\u00ab<a href=\"https:\/\/www.mauvaiseherbe.ca\/2017\/10\/19\/le-npd-et-le-quebec-replique-a-alexandre-boulerice-et-critique-de-la-gauche-federaliste\/\">Le NPD et le Qu\u00e9bec : r\u00e9plique \u00e0 Alexandre Boulerice et critique de la gauche f\u00e9d\u00e9raliste<\/a>\u00bb, <em>Mauvaise herbe<\/em> (journal en ligne), 19 octobre 2017, <a href=\"https:\/\/www.mauvaiseherbe.ca\/2017\/10\/19\/le-npd-et-le-quebec-replique-a-alexandre-boulerice-et-critique-de-la-gauche-federaliste\/\">https:\/\/www.mauvaiseherbe.ca\/2017\/10\/19\/le-npd-et-le-quebec-replique-a-alexandre-boulerice-et-critique-de-la-gauche-federaliste\/<\/a><\/p>\n<p>\u00abLes fondements de la crise politique \u00e0 Ville de Saguenay\u00bb, <em>Mauvaise herbe<\/em> (journal en ligne), 17 ao\u00fbt 2017, <a href=\"https:\/\/www.mauvaiseherbe.ca\/2017\/08\/17\/les-fondements-de-la-crise-politique-a-ville-de-saguenay\/\">https:\/\/www.mauvaiseherbe.ca\/2017\/08\/17\/les-fondements-de-la-crise-politique-a-ville-de-saguenay\/<\/a><\/p>\n<p>\u00abLe 150<sup>e<\/sup> anniversaire de la Conf\u00e9d\u00e9ration\u00a0: une occasion de r\u00e9fl\u00e9chir au pass\u00e9 et \u00e0 l\u2019avenir\u00bb, <em>Mauvaise herbe<\/em> (journal en ligne), 9 ao\u00fbt 2017, <a href=\"https:\/\/www.mauvaiseherbe.ca\/2017\/08\/09\/le-150e-anniversaire-de-la-confederation-une-occasion-de-reflechir-au-passe-et-a-laveniri\/\">https:\/\/www.mauvaiseherbe.ca\/2017\/08\/09\/le-150e-anniversaire-de-la-confederation-une-occasion-de-reflechir-au-passe-et-a-laveniri\/<\/a><\/p>\n<p>\u00abR\u00e9plique \u00e0 l\u2019\u00e9ditorial de Marc St-Hilaire\u00bb, <em>Mauvaise herbe<\/em> (journal en ligne), 9 f\u00e9vrier 2017, <a href=\"https:\/\/www.mauvaiseherbe.ca\/2017\/02\/09\/replique-a-leditorial-de-marc-st-hilaire\/\">https:\/\/www.mauvaiseherbe.ca\/2017\/02\/09\/replique-a-leditorial-de-marc-st-hilaire\/<\/a><\/p>\n<p>\u00abLa troisi\u00e8me p\u00e9riode du mouvement ind\u00e9pendantiste\u00bb, <em>Mauvaise herbe<\/em> (journal en ligne), 2 ao\u00fbt 2016, <a href=\"https:\/\/www.mauvaiseherbe.ca\/2016\/08\/02\/la-troisieme-periode-du-mouvement-independantiste\/\">https:\/\/www.mauvaiseherbe.ca\/2016\/08\/02\/la-troisieme-periode-du-mouvement-independantiste\/<\/a><\/p>\n<p>\u00abLe Brexit\u00a0: un orage dans un ciel bleu?\u00bb, <em>Mauvaise herbe<\/em> (journal en ligne), 29 juin 2016, <a href=\"https:\/\/www.mauvaiseherbe.ca\/2016\/06\/29\/le-brexit-un-orage-dans-un-ciel-bleu\/\">https:\/\/www.mauvaiseherbe.ca\/2016\/06\/29\/le-brexit-un-orage-dans-un-ciel-bleu\/<\/a><\/p>\n<p>\u00abL\u2019islamisme djihadiste et le malaise d\u2019une certaine gauche\u00bb, <em>Mauvaise herbe<\/em> (journal en ligne), 12 janvier 2016, <a href=\"https:\/\/www.mauvaiseherbe.ca\/2016\/01\/12\/lislamisme-djihadiste-et-le-malaise-dune-certaine-gauche\/\">https:\/\/www.mauvaiseherbe.ca\/2016\/01\/12\/lislamisme-djihadiste-et-le-malaise-dune-certaine-gauche\/<\/a><\/p>\n<p>\u00abLes h\u00e9misph\u00e8res de Magdebourg et les promesses du gouvernement de Justin Trudeau\u00bb, <em>Mauvaise herbe<\/em> (journal en ligne), 24 octobre 2015, <a href=\"https:\/\/www.mauvaiseherbe.ca\/2015\/10\/24\/les-hemispheres-de-magdebourg-et-les-promesses-du-gouvernement-de-justin-trudeau\/\">https:\/\/www.mauvaiseherbe.ca\/2015\/10\/24\/les-hemispheres-de-magdebourg-et-les-promesses-du-gouvernement-de-justin-trudeau\/<\/a><\/p>\n<p>\u00abLa propagande am\u00e9ricano-europ\u00e9enne au sujet du conflit en Ukraine\u00bb, <em>Mauvaise herbe<\/em> (journal en ligne), 8 juin 2015, <a href=\"https:\/\/www.mauvaiseherbe.ca\/2015\/06\/08\/la-propagande-americano-europeenne-au-sujet-du-conflit-en-ukraine\/\">https:\/\/www.mauvaiseherbe.ca\/2015\/06\/08\/la-propagande-americano-europeenne-au-sujet-du-conflit-en-ukraine\/<\/a><\/p>\n<p>\u00abLes compressions politiques, <em>Mauvaise herbe<\/em> (journal en ligne), 7 octobre 2014, <a href=\"https:\/\/www.mauvaiseherbe.ca\/2014\/10\/07\/les-compressions-politiques\/\">https:\/\/www.mauvaiseherbe.ca\/2014\/10\/07\/les-compressions-politiques\/<\/a><\/p>\n<p style=\"text-align: justify\">Roche, Michel, \u00abVers une troisi\u00e8me guerre mondiale?, <em>Mauvaise herbe\u00a0<\/em>(journal\u00a0en\u00a0ligne),\u00a04\u00a0ao\u00fbt\u00a02014,<br \/>\nhttps:\/\/www.mauvaiseherbe.ca\/2014\/08\/04\/vers-une-troisieme-guerre-mondiale\/<\/p>\n<p style=\"text-align: justify\">Roche, Michel, \u00abLe r\u00e9sultat des \u00e9lections du 7 avril\u00a0: le visible et l\u2019invisible\u00bb, <em>Mauvaise herbe<\/em> (journal en ligne), 10 avril 2014, https:\/\/www.mauvaiseherbe.ca\/2014\/04\/10\/le-resultat-des-elections-du-7-avril-2014-le-visible-et-linvisible\/<\/p>\n<p style=\"text-align: justify\">Roche, Michel, \u00abCrise en Ukraine\u00bb, revue \u00c0 babord!, no. 54, avril-mai 2014.<\/p>\n<p style=\"text-align: justify\">Roche, Michel, \u00abNarcisse Tremblay\u00bb, <em>Mauvaise herbe<\/em> (journal en ligne),\u00a017\u00a0f\u00e9vrier\u00a02014,<br \/>\n<a href=\"https:\/\/www.mauvaiseherbe.ca\/2014\/02\/17\/narcisse-tremblay-1\/\"><strong>https:\/\/www.mauvaiseherbe.ca\/2014\/02\/17\/narcisse-tremblay-1\/<\/strong><\/a><\/p>\n<p style=\"text-align: justify\">Roche, Michel, \u00abLa gauche et l\u2019ind\u00e9pendance du Qu\u00e9bec\u00bb, <em>Mauvaise herbe\u00a0<\/em>(journal\u00a0en\u00a0ligne),\u00a0d\u00e9cembre\u00a02013,<br \/>\n<a href=\"https:\/\/www.mauvaiseherbe.ca\/2013\/12\/31\/la-gauche-et-lindependance-du-quebec\/\"><strong>https:\/\/www.mauvaiseherbe.ca\/2013\/12\/31\/la-gauche-et-lindependance-du-quebec\/<\/strong><\/a><\/p>\n<p style=\"text-align: justify\">Roche, Michel, \u00abCrise multidimensionnelle et ali\u00e9nation\u00bb, <em>Mauvaise herbe\u00a0<\/em>(journal\u00a0en\u00a0ligne),\u00a019\u00a0novembre\u00a02013, <a href=\"https:\/\/www.mauvaiseherbe.ca\/2013\/11\/19\/crise-multidimensionnelle-et-alienation\/\"><strong>https:\/\/www.mauvaiseherbe.ca\/2013\/11\/19\/crise-multidimensionnelle-et-alienation\/<\/strong><\/a><\/p>\n<p style=\"text-align: justify\">Roche, Michel, Seymour, Michel et Daniel Turp, \u00abContestation de la loi 99 par Ottawa &#8211; La \u00ab guerre \u00bb contre l\u2019autod\u00e9termination du peuple qu\u00e9b\u00e9cois se poursuit\u00bb, <em>Le Devoir<\/em>, 28 octobre 2013.<\/p>\n<p style=\"text-align: justify\">Roche, Michel, \u00abLa gauche postmoderne et le d\u00e9bat sur la Charte\u00bb, <em>Mauvaise\u00a0herbe\u00a0<\/em>(journal\u00a0en\u00a0ligne),\u00a014\u00a0octobre\u00a02013, <a href=\"https:\/\/www.mauvaiseherbe.ca\/2013\/10\/14\/la-gauche-postmoderne-et-le-debat-sur-la-charte\/\"><strong>https:\/\/www.mauvaiseherbe.ca\/2013\/10\/14\/la-gauche-postmoderne-et-le-debat-sur-la-charte\/<\/strong><\/a><\/p>\n<p style=\"text-align: justify\">Roche, Michel, \u00abDe l\u2019int\u00e9r\u00eat d\u2019un vieux bouquin pour comprendre le pr\u00e9sent\u00bb, <em>Mauvaise herbe<\/em> (journal en ligne), 10 septembre 2013, <a href=\"https:\/\/www.mauvaiseherbe.ca\/2013\/09\/10\/de-linteret-dun-vieux-bouquin-pour-comprendre-le-present\/\"><strong>https:\/\/www.mauvaiseherbe.ca\/2013\/09\/10\/de-linteret-dun-vieux-bouquin-pour-comprendre-le-present\/<\/strong><\/a><\/p>\n<p style=\"text-align: justify\">Roche, Michel, \u00abLa Russie, son histoire, et sa loi anti-gais\u00bb, <em>Le Devoir<\/em>, 6 septembre 2013.<\/p>\n<p style=\"text-align: justify\">Roche, Michel, \u00abLes \u00e9lections du 4 septembre et la question nationale\u00bb, <em>L\u2019Action nationale<\/em>, septembre-octobre 2012, p. 52-58.<\/p>\n<p style=\"text-align: justify\">Roche, Michel, \u00abUne nouvelle strat\u00e9gie pour le mouvement ind\u00e9pendantiste\u00bb, M\u00e9moire pr\u00e9sent\u00e9 aux \u00c9tats g\u00e9n\u00e9raux sur la souverainet\u00e9, Chicoutimi, le 13 juin 2012, 9 pages.<\/p>\n","protected":false},"excerpt":{"rendered":"<p>Ouvrages : Th\u00e9rapie de choc et autoritarisme en Russie: La d\u00e9mocratie confisqu\u00e9e, Paris, L\u2019Harmattan,\u00a0 2000, 250 pages. Michel Roche (dir.), Capitalisme, n\u00e9olib\u00e9ralisme et mouvements sociaux en Russie, St-Joseph-du-Lac,\u00a0 M \u00c9diteur, Paris, Syllepse, , 2015, 296 pages. Tremblay, Pierre-Andr\u00e9, Tremblay, Sabrina et Roche, Michel (dir.), Le Printemps \u00e9rable, Actes du colloque \u00abLe Printemps \u00e9rable, un an &hellip; <a href=\"https:\/\/portfolio.uqac.ca\/michelroche\/publications\/\" class=\"more-link\">Continuer la lecture de <span class=\"screen-reader-text\">Publications<\/span>  <span class=\"meta-nav\">&rarr;<\/span><\/a><\/p>\n","protected":false},"author":37,"featured_media":0,"parent":0,"menu_order":0,"comment_status":"closed","ping_status":"closed","template":"","meta":{"footnotes":""},"tags":[],"_links":{"self":[{"href":"https:\/\/portfolio.uqac.ca\/michelroche\/wp-json\/wp\/v2\/pages\/20"}],"collection":[{"href":"https:\/\/portfolio.uqac.ca\/michelroche\/wp-json\/wp\/v2\/pages"}],"about":[{"href":"https:\/\/portfolio.uqac.ca\/michelroche\/wp-json\/wp\/v2\/types\/page"}],"author":[{"embeddable":true,"href":"https:\/\/portfolio.uqac.ca\/michelroche\/wp-json\/wp\/v2\/users\/37"}],"replies":[{"embeddable":true,"href":"https:\/\/portfolio.uqac.ca\/michelroche\/wp-json\/wp\/v2\/comments?post=20"}],"version-history":[{"count":17,"href":"https:\/\/portfolio.uqac.ca\/michelroche\/wp-json\/wp\/v2\/pages\/20\/revisions"}],"predecessor-version":[{"id":121,"href":"https:\/\/portfolio.uqac.ca\/michelroche\/wp-json\/wp\/v2\/pages\/20\/revisions\/121"}],"wp:attachment":[{"href":"https:\/\/portfolio.uqac.ca\/michelroche\/wp-json\/wp\/v2\/media?parent=20"}],"wp:term":[{"taxonomy":"post_tag","embeddable":true,"href":"https:\/\/portfolio.uqac.ca\/michelroche\/wp-json\/wp\/v2\/tags?post=20"}],"curies":[{"name":"wp","href":"https:\/\/api.w.org\/{rel}","templated":true}]}}