{"id":25,"date":"2012-07-24T12:43:40","date_gmt":"2012-07-24T12:43:40","guid":{"rendered":"http:\/\/portfolio-pre.uqac.ca\/gabarit\/?page_id=25"},"modified":"2017-12-02T12:56:00","modified_gmt":"2017-12-02T17:56:00","slug":"communications","status":"publish","type":"page","link":"https:\/\/portfolio.uqac.ca\/michelroche\/communications\/","title":{"rendered":"Conf\u00e9rences"},"content":{"rendered":"<h4 style=\"text-align: justify\"><strong>Sur invitation\u00a0: <\/strong><\/h4>\n<p>\u00abLa R\u00e9volution d\u2019Octobre dans les enqu\u00eates d&#8217;opinion au gr\u00e9 de la conjoncture (1992-2017)\u00bb, Colloque interdisciplinaire \u00abLa Grande R\u00e9volution d\u2019Octobre 100 ans plus tard\u00bb, Observatoire de l\u2019Eurasie et Centre d\u2019\u00c9tudes sur l\u2019int\u00e9gration et la mondialisation, Universit\u00e9 du Qu\u00e9bec \u00e0 Montr\u00e9al, 14-15 novembre 2017.<\/p>\n<p style=\"text-align: justify\">\u00abL\u2019assembl\u00e9e\u00a0constituante\u00a0comme processus d\u00e9mocratique\u00a0dans diff\u00e9rents pays : les le\u00e7ons de l\u2019exp\u00e9rience\u00a0et des propositions pour le Qu\u00e9bec\u00bb, Chicoutimi, Groupe de recherche et d\u2019intervention r\u00e9gionale, 26 mars 2014.<\/p>\n<p style=\"text-align: justify\">\u00abLe socialisme sovi\u00e9tique et la Russie postsovi\u00e9tique\u00a0: continuit\u00e9 et changements\u00bb, Universit\u00e9 Laval, 18 septembre 2013.<\/p>\n<p style=\"text-align: justify\">\u00abL\u2019\u00e9conomie\u00a0: une science des rapports sociaux\u00bb, Coll\u00e8ge d\u2019Alma (Dans le cadre de la \u00abSemaine citoyenne\u00bb), 12 novembre 2012.<\/p>\n<p style=\"text-align: justify\">\u00abL\u2019\u00e9mergence de la question nationale dans les ann\u00e9es 1960\u00bb, UQAC (dans le cadre d\u2019un s\u00e9minaire de 2<sup>e<\/sup> cycle), 17 octobre 2012.<\/p>\n<p style=\"text-align: justify\">\u00ab\u00c0 l\u2019origine des mouvements sociaux des ann\u00e9es 2000\u00a0: l\u2019\u00e9chec des politiques n\u00e9olib\u00e9rales\u00bb, Forum social r\u00e9gional 02, c\u00e9gep de Jonqui\u00e8re, 12 octobre 2012.<\/p>\n<p style=\"text-align: justify\">\u00abNeoliberalism in Canada and Quebec and its political effects\u00bb, VIIe Conf\u00e9rence internationale de sciences appliqu\u00e9es, Guelendjik, Russie, 17 mai 2012.<\/p>\n<p style=\"text-align: justify\">\u00abPolitical restructuring in Quebec and the national question\u00bb, Institut du Canada et des \u00c9tats-Unis, Acad\u00e9mie des Sciences de Russie\u00bb, Moscou, 15 mai 2012.<\/p>\n<p style=\"text-align: justify\">\u00abVers les \u00e9lections pr\u00e9sidentielles russes\u00a0: le combat de Vladimir Poutine\u00bb, UQAC (dans le cadre de la \u00abSemaine des sciences humaines\u00bb), 2 f\u00e9vrier 2012.<\/p>\n<p style=\"text-align: justify\">\u00abSur l\u2019exp\u00e9rience sovi\u00e9tique et postsovi\u00e9tique\u00bb, Universit\u00e9 Laval, 20 janvier 2012.<\/p>\n<p style=\"text-align: justify\">\u00a0\u00abUn bref essai sur la conjoncture\u00bb, Chicoutimi, 27 octobre 2011.<\/p>\n<p style=\"text-align: justify\">\u00abD\u00e9veloppement des rapports marchands et autoritarisme sous Poutine et Medvedev\u00bb, dans le cadre du colloque du Groupe de recherche et d\u2019intervention r\u00e9gionales (GRIR), 5 mai 2011.<\/p>\n<p style=\"text-align: justify\">\u00a0\u00abLib\u00e9ralisme \u00e9conomique et opinion publique en Russie\u00a0: 1991-2011\u00bb, Centre d\u2019\u00e9tudes sur l\u2019int\u00e9gration et la mondialisation (C\u00c9IM), UQAM, 15 avril 2011.<\/p>\n<p style=\"text-align: justify\">\u00a0\u00abL\u2019\u00e9clatement de l\u2019URSS, de la Yougoslavie et de la Tch\u00e9coslovaquie et la dynamique nationaliste qu\u00e9b\u00e9coise\u00a0: une perspective compar\u00e9e\u00a0\u00bb, Groupe de recherche et d\u2019intervention r\u00e9gionales (GRIR), UQAC, 29 mars 2011.<\/p>\n<p style=\"text-align: justify\">\u00abLe marxisme\u00a0: une rupture avec l\u2019id\u00e9ologie dominante\u00bb, Universit\u00e9 du Qu\u00e9bec \u00e0 Chicoutimi, 28 mars 2011.<\/p>\n<p style=\"text-align: justify\">\u00a0\u00abSur l\u2019exp\u00e9rience sovi\u00e9tique et postsovi\u00e9tique\u00a0: structure sociale et r\u00e9gime politique en URSS et en Russie\u00bb, dans le cadre du cours \u00abAnthropologie des soci\u00e9t\u00e9s socialistes et postsocialistes\u00bb de la professeure Isabelle Henrion-Dourcy, Universit\u00e9 Laval, 4 f\u00e9vrier 2011.<\/p>\n<p style=\"text-align: justify\">\u00abMouvements sociaux, d\u00e9veloppement des rapports marchands et nationalismes en URSS, en Yougoslavie et en Tch\u00e9coslovaquie : comparaisons avec le cas qu\u00e9b\u00e9cois\u00bb, Institut d\u2019\u00e9tudes de la globalisation, Moscou, 20 mai 2009.<\/p>\n<p style=\"text-align: justify\">\u00abLe nationalisme russe\u00bb, conf\u00e9rence prononc\u00e9e dans le cadre du cours \u00abNations et nationalismes\u00bb de la professeure Genevi\u00e8ve Nootens, UQAC, 11 mars 2009.<\/p>\n<p style=\"text-align: justify\">\u00abAnalyse compar\u00e9e des facteurs ayant men\u00e9 \u00e0 l\u2019\u00e9clatement des f\u00e9d\u00e9rations de l\u2019Est et de ceux qui animent le mouvement ind\u00e9pendantiste qu\u00e9b\u00e9cois\u00bb, Moscou, Institut des \u00c9tats-Unis et du Canada, Acad\u00e9mie des sciences de Russie, 16 mai 2008.<\/p>\n<p style=\"text-align: justify\">\u00abDmitri Medvedev, successeur de Vladimir Poutine : la continuit\u00e9 annonc\u00e9e\u00bb, UQAC, 10 avril 2008.<\/p>\n<p style=\"text-align: justify\">\u00abLa Russie de Vladimir Poutine\u00a0: un retour \u00e0 la guerre froide?\u00bb, sur invitation du Groupe de recherche et d\u2019intervention r\u00e9gionales (GRIR) et du Centre de recherche sur le d\u00e9veloppement territorial (CRDT), Universit\u00e9 du Qu\u00e9bec \u00e0 Chicoutimi, 17 octobre 2007.<\/p>\n<p style=\"text-align: justify\">\u00abLe concept d\u2019<em>imp\u00e9rialisme <\/em>\u00e0 la lumi\u00e8re de l\u2019exp\u00e9rience sovi\u00e9tique et postsovi\u00e9tique\u00bb, UQAM, 31 janvier 2005.<\/p>\n<p>\u00abLes \u00e9lections pr\u00e9sidentielles en Russie\u00bb, UQAM, Institut d\u2019\u00e9tudes internationales de Montr\u00e9al (IEIM), 11 mars 2004.<\/p>\n<p>\u00abThe political situation in Russia under Putin\u00bb, CIDA (ACDI \u2013 Agence canadienne de d\u00e9veloppement international, gouvernement du Canada), Gatineau, 3 d\u00e9cembre 2002.<\/p>\n<h4><strong>Avec arbitrage\u00a0:<\/strong><\/h4>\n<p style=\"text-align: justify\">\u00abGouvernance n\u00e9olib\u00e9rale et participation citoyenne : le taux de participation \u00e9lectorale dans les pays d\u00e9velopp\u00e9s\u00bb, s\u00e9minaire th\u00e9matique \u00abD\u00e9mocratie, gouvernance et participation citoyenne\u00bb, Groupe de recherche et d\u2019intervention r\u00e9gionales, Chicoutimi, 28 mars 2014.<\/p>\n<p style=\"text-align: justify\">\u00abD\u00e9veloppement des rapports marchands et autoritarisme sous Poutine et Medvedev\u00bb, colloque du GRIR, UQAC, 5 mai 2011.<\/p>\n<p style=\"text-align: justify\">\u00abSur les causes de la persistance d\u2019une certaine forme d\u2019autoritarisme en Russie : comparaison avec la Pologne\u00bb, Quatri\u00e8me Congr\u00e8s international des Associations francophones de Science politique, Bruxelles, 21 avril 2011.<\/p>\n","protected":false},"excerpt":{"rendered":"<p>Sur invitation\u00a0: \u00abLa R\u00e9volution d\u2019Octobre dans les enqu\u00eates d&#8217;opinion au gr\u00e9 de la conjoncture (1992-2017)\u00bb, Colloque interdisciplinaire \u00abLa Grande R\u00e9volution d\u2019Octobre 100 ans plus tard\u00bb, Observatoire de l\u2019Eurasie et Centre d\u2019\u00c9tudes sur l\u2019int\u00e9gration et la mondialisation, Universit\u00e9 du Qu\u00e9bec \u00e0 Montr\u00e9al, 14-15 novembre 2017. \u00abL\u2019assembl\u00e9e\u00a0constituante\u00a0comme processus d\u00e9mocratique\u00a0dans diff\u00e9rents pays : les le\u00e7ons de l\u2019exp\u00e9rience\u00a0et des &hellip; <a href=\"https:\/\/portfolio.uqac.ca\/michelroche\/communications\/\" class=\"more-link\">Continuer la lecture de <span class=\"screen-reader-text\">Conf\u00e9rences<\/span>  <span class=\"meta-nav\">&rarr;<\/span><\/a><\/p>\n","protected":false},"author":37,"featured_media":0,"parent":0,"menu_order":0,"comment_status":"closed","ping_status":"closed","template":"","meta":{"footnotes":""},"tags":[],"_links":{"self":[{"href":"https:\/\/portfolio.uqac.ca\/michelroche\/wp-json\/wp\/v2\/pages\/25"}],"collection":[{"href":"https:\/\/portfolio.uqac.ca\/michelroche\/wp-json\/wp\/v2\/pages"}],"about":[{"href":"https:\/\/portfolio.uqac.ca\/michelroche\/wp-json\/wp\/v2\/types\/page"}],"author":[{"embeddable":true,"href":"https:\/\/portfolio.uqac.ca\/michelroche\/wp-json\/wp\/v2\/users\/37"}],"replies":[{"embeddable":true,"href":"https:\/\/portfolio.uqac.ca\/michelroche\/wp-json\/wp\/v2\/comments?post=25"}],"version-history":[{"count":10,"href":"https:\/\/portfolio.uqac.ca\/michelroche\/wp-json\/wp\/v2\/pages\/25\/revisions"}],"predecessor-version":[{"id":122,"href":"https:\/\/portfolio.uqac.ca\/michelroche\/wp-json\/wp\/v2\/pages\/25\/revisions\/122"}],"wp:attachment":[{"href":"https:\/\/portfolio.uqac.ca\/michelroche\/wp-json\/wp\/v2\/media?parent=25"}],"wp:term":[{"taxonomy":"post_tag","embeddable":true,"href":"https:\/\/portfolio.uqac.ca\/michelroche\/wp-json\/wp\/v2\/tags?post=25"}],"curies":[{"name":"wp","href":"https:\/\/api.w.org\/{rel}","templated":true}]}}