{"id":402,"date":"2023-06-08T16:54:19","date_gmt":"2023-06-08T20:54:19","guid":{"rendered":"http:\/\/portfolio-pre.uqac.ca\/sarahjanebarnes\/?page_id=402"},"modified":"2025-03-28T16:54:56","modified_gmt":"2025-03-28T20:54:56","slug":"cv-francaise","status":"publish","type":"page","link":"https:\/\/portfolio.uqac.ca\/sarahjanebarnes\/cv-francaise\/","title":{"rendered":"CV Fran\u00e7aise"},"content":{"rendered":"<p><a href=\"https:\/\/portfolio.uqac.ca\/sarahjanebarnes\/files\/2022\/11\/francais.gif\"><img loading=\"lazy\" decoding=\"async\" class=\"alignnone size-full wp-image-256\" src=\"https:\/\/portfolio.uqac.ca\/sarahjanebarnes\/files\/2022\/11\/francais.gif\" alt=\"\" width=\"37\" height=\"23\" \/><\/a><\/p>\n<table border=\"0\">\n<tbody>\n<tr align=\"center\">\n<td colspan=\"2\"><big>C.V. Sarah-Jane Barnes, Professeure \u00e9m\u00e9rite Universit\u00e9 du Qu\u00e9bec a Chicoutimi<\/big><\/td>\n<\/tr>\n<tr>\n<td>06\/2017-09\/2020<\/td>\n<td>Professeur titulaire sp\u00e9cialis\u00e9 en p\u00e9trologie ign\u00e9e et en g\u00e9ologie \u00e9conomique. UQAC<\/td>\n<\/tr>\n<tr>\n<td>06\/2003-06\/2017<\/td>\n<td>Chaire de recherche du Canada en m\u00e9tallog\u00e9nie magmatique<\/td>\n<\/tr>\n<tr>\n<td valign=\"top\">07\/1995-06\/2003<\/td>\n<td>\u00a0Professeur titulaire sp\u00e9cialis\u00e9 en p\u00e9trologie ign\u00e9e et en g\u00e9ologie \u00e9conomique. UQAC<\/td>\n<\/tr>\n<tr>\n<td valign=\"top\">06\/1992-06\/1995<\/td>\n<td>Professeur\u00a0sp\u00e9cialis\u00e9 en p\u00e9trologie ign\u00e9e et en g\u00e9ologie \u00e9conomique. UQAC<\/td>\n<\/tr>\n<tr>\n<td>08\/1986-06\/1992<\/td>\n<td>Assistant professeur\u00a0 sp\u00e9cialis\u00e9 en p\u00e9trologie ign\u00e9e et en g\u00e9ologie \u00e9conomique. UQAC<\/td>\n<\/tr>\n<tr>\n<td>07\/1984-07\/1986<\/td>\n<td>Post-doctorat avec le Conseil Norv\u00e9gien de l&#8217;industrie et de la recherche scientifique, bas\u00e9 au &#8220;Geological Survey of Norway&#8221;, Trondheim : \u00e9tude de l&#8217;intrusion lit\u00e9e Caladonide Rana pour un d\u00e9p\u00f4t de platine.<\/td>\n<\/tr>\n<tr>\n<td>08\/1983-07\/1984<\/td>\n<td>Assistant professeur \u00e0 l&#8217;Universit\u00e9 de Toronto (remplacement d&#8217;une ann\u00e9e sabbatique), enseignement de la p\u00e9trologie ign\u00e9e, s\u00e9dimentaire et m\u00e9tamorphique \u00e0 des \u00e9tudiants de troisi\u00e8me ann\u00e9e.<\/td>\n<\/tr>\n<tr>\n<td valign=\"top\">01\/1976-04\/1979<\/td>\n<td>G\u00e9ologue pour le &#8220;Geological Survey of South West Africa&#8221;.<\/td>\n<\/tr>\n<\/tbody>\n<\/table>\n<table border=\"0\">\n<tbody>\n<tr>\n<th colspan=\"2\"><span class=\"titre\">Sabbatiques<\/span><\/th>\n<\/tr>\n<tr>\n<td valign=\"top\">08\/2002 &#8211; 08\/2003<\/td>\n<td>CNRS, Nancy, France<\/td>\n<\/tr>\n<tr>\n<td valign=\"top\">02\/1994 &#8211; 07\/1994<\/td>\n<td>Monash University, Australie<\/td>\n<\/tr>\n<tr>\n<td valign=\"top\">08\/1993 &#8211; 02\/1994<\/td>\n<td>University of Copenhagen<\/td>\n<\/tr>\n<\/tbody>\n<\/table>\n<table border=\"0\">\n<tbody>\n<tr>\n<th colspan=\"2\">\u00a0<span class=\"titre\">Formation<\/span><\/th>\n<\/tr>\n<tr>\n<td valign=\"top\">1983<\/td>\n<td>Doctorat \u00e0 l&#8217;Universit\u00e9 de Toronto dont le sujet de la th\u00e8se \u00e9tait : L&#8217;Origine de la fractionation des EGP dans les komatiites arch\u00e9ennes de la ceinture d&#8217;Abitibi, Nord de l&#8217;Ontario.<\/td>\n<\/tr>\n<tr>\n<td>1979<\/td>\n<td>Ma\u00eetrise \u00e0 l&#8217;Universit\u00e9 de Cape Town dont le sujet de m\u00e9moire \u00e9tait : Les serpentinites en Afrique centrale du sud-ouest\/ Namibie.<\/td>\n<\/tr>\n<tr>\n<td valign=\"top\">1978<\/td>\n<td>Dipl\u00f4me d&#8217;\u00e9tudes sup\u00e9rieures en sciences de l&#8217;Universit\u00e9 d&#8217;Afrique du Sud, apr\u00e8s 3 ans de cours par correspondance.<\/td>\n<\/tr>\n<tr>\n<td valign=\"top\">1975<\/td>\n<td>Baccalaur\u00e9at sp\u00e9cialis\u00e9 en g\u00e9ologie et en chimie de l&#8217;Universit\u00e9 de Witwatersrand \u00e0 Johannesburg.<\/td>\n<\/tr>\n<tr>\n<td valign=\"top\">1971<\/td>\n<td>\u00c9tudes secondaires au &#8220;High School for Young Ladies&#8221;, Potchefsroom.<\/td>\n<\/tr>\n<\/tbody>\n<\/table>\n<table border=\"0\">\n<tbody>\n<tr>\n<th colspan=\"2\">\u00a0<span class=\"titre\">R\u00e9compenses<\/span><\/th>\n<\/tr>\n<tr>\n<td align=\"left\" valign=\"top\">2025<\/td>\n<td align=\"left\" valign=\"top\">\u00a0RAF Penrose medal Society of Economic Geologists <a href=\"https:\/\/portfolio.uqac.ca\/sarahjanebarnes\/files\/2025\/03\/Penrose.pdf\">Penrose<\/a><\/td>\n<\/tr>\n<tr>\n<td align=\"left\" valign=\"top\">2025<\/td>\n<td align=\"left\" valign=\"top\">\u00a0Fellow of European Association of Geochemistry <a href=\"https:\/\/portfolio.uqac.ca\/sarahjanebarnes\/files\/2025\/03\/2025-Geochemistry-Fellows.pdf\">2025 Geochemistry Fellows<\/a><\/td>\n<\/tr>\n<tr>\n<td align=\"left\" valign=\"top\">2020<\/td>\n<td align=\"left\" valign=\"top\">\u00a0Membre Soci\u00e9t\u00e9 Royale du Canada<\/td>\n<\/tr>\n<tr>\n<td align=\"left\" valign=\"top\">2020<\/td>\n<td align=\"left\" valign=\"top\">M\u00e9daille Duncan Derry\u00a0 MDD &#8211; l&#8217;Association G\u00e9ologique du Canada &#8211;\u00a0pour la contribution au d\u00e9veloppement de la mod\u00e9lisation de gisements au Canada \u00a0<a href=\"https:\/\/portfolio.uqac.ca\/sarahjanebarnes\/files\/2022\/11\/duncan.pdf\">Derry medaille<\/a><\/td>\n<\/tr>\n<tr>\n<td align=\"left\" valign=\"top\">2018<\/td>\n<td align=\"left\" valign=\"top\"><span lang=\"EN-US\">13th International Platinum Symposium \u2013 Award for outstanding contribution to research on PGE-Cu-Ni deposits.<\/span><\/td>\n<\/tr>\n<tr>\n<td align=\"left\" valign=\"top\">2016<\/td>\n<td align=\"left\" valign=\"top\">Prix Jean Descarreaux \u2013 AEMQ <span class=\"textenormal\">L&#8217;Association\u00a0de l&#8217;exploration mini\u00e8re du Qu\u00e9bec <a href=\"https:\/\/portfolio.uqac.ca\/sarahjanebarnes\/prix-jean\/\">Prix JD<\/a>\u00a0<\/span><\/td>\n<\/tr>\n<tr>\n<td valign=\"top\">2015<\/td>\n<td>Conferiencier distingu\u00e9 (Society of economic geologists) \u00a0<a href=\"https:\/\/portfolio.uqac.ca\/sarahjanebarnes\/seg-distinguished-lecturer\/\">SEG<\/a><\/td>\n<\/tr>\n<tr>\n<td align=\"left\" valign=\"top\">2013<\/td>\n<td align=\"left\" valign=\"top\">\u00a0Best paper Mineralium Deposita \u00a0<a href=\"https:\/\/portfolio.uqac.ca\/sarahjanebarnes\/files\/2022\/11\/SGA-MD-Prize.jpg\">Award<\/a><\/td>\n<\/tr>\n<tr>\n<td valign=\"top\">2007<\/td>\n<td>M\u00e9daille des Anciens Pr\u00e9sidents (Association Min\u00e9ralogique du Canada) <a href=\"https:\/\/portfolio.uqac.ca\/sarahjanebarnes\/past-presidents-medal-fr\/\">AMC<\/a><\/td>\n<\/tr>\n<tr>\n<td valign=\"top\">1994<\/td>\n<td>M\u00e9daille Gross octroy\u00e9e par l&#8217;Association G\u00e9ologique du Canada pour la contribution au d\u00e9veloppement de la mod\u00e9lisation de gisements au Canada \u00a0<a href=\"https:\/\/portfolio.uqac.ca\/sarahjanebarnes\/gross-medal-gangue45\/\">Medaille Gross<\/a><\/td>\n<\/tr>\n<\/tbody>\n<\/table>\n<table border=\"0\">\n<tbody>\n<tr>\n<th><\/th>\n<th><span class=\"titre\">Autres activit\u00e9s<\/span><\/th>\n<\/tr>\n<tr>\n<td>1997 &#8211; aujourd&#8217;hui<\/td>\n<td>Mise en place d&#8217;une liste d&#8217;envoi par internet pour les g\u00e9ologues qui \u00e9tudient les gisements dans les roches mafiques et ultramafiques. Il y a pr\u00e8s de 200 adh\u00e9rants.<\/td>\n<\/tr>\n<tr>\n<td align=\"left\" valign=\"top\">2022<\/td>\n<td align=\"left\" valign=\"top\"><span id=\"result_box\" class=\"\" lang=\"fr\"><span class=\"\">Membre du comit\u00e9 organisateur du &#8220;14&#8217;th International Pt Symposium&#8221;<\/span><\/span><\/td>\n<\/tr>\n<tr>\n<td align=\"left\" valign=\"top\">2021<\/td>\n<td align=\"left\" valign=\"top\">Co-editrice pour l&#8217;\u00e9dition sp\u00e9ciale du &#8220;Economic Geology&#8221; dans lequel nous avons publi\u00e9 les papiers de 14 th International Nickel Symposium.<\/td>\n<\/tr>\n<tr>\n<td align=\"left\" valign=\"top\">2020<\/td>\n<td align=\"left\" valign=\"top\">Co-organiser &#8220;14&#8217;th International Nickel Symposium&#8221;<\/td>\n<\/tr>\n<tr>\n<td valign=\"top\">2000 &#8211; 2017<\/td>\n<td>Membre du comittee DIVEX (Diversification de l&#8217;exploration min\u00e9rale au Qu\u00e9bec). Ceci consiste en 5 projets r\u00e9partis dans chacune des institutions suivantes: Chicoutimi, McGill, Universit\u00e9 Laval, INRS et CGQ.<\/td>\n<\/tr>\n<tr>\n<td valign=\"top\">2014<\/td>\n<td><span id=\"result_box\" class=\"\" lang=\"fr\"><span class=\"\">Membre du comit\u00e9 organisateur du &#8220;12&#8217;th International Pt Symposium&#8221; en Russie \u00a0<\/span><\/span><a href=\"https:\/\/12ips.uran.ru\/\">https:\/\/12ips.uran.ru<\/a><span id=\"result_box\" class=\"\" lang=\"fr\"><\/span><\/td>\n<\/tr>\n<tr>\n<td valign=\"top\">2012<\/td>\n<td>Co-editrice pour l&#8217;\u00e9dition sp\u00e9ciale du Chemical Geology dans lequel nous avons publi\u00e9 les papiers de 11 th International Platinum Symposium.<\/td>\n<\/tr>\n<tr>\n<td valign=\"top\">2006-2009<\/td>\n<td>Conseill\u00e8re pour &#8220;Soceity of Economic Geologists&#8221;<\/td>\n<\/tr>\n<tr>\n<td valign=\"top\">1998-2002<\/td>\n<td>Co-dirigeante du projet IGCP-project 427 avec Mike Lesher (Universit\u00e9 Laurentienne) &#8211; Dynamique des syst\u00e8mes de min\u00e9ralisations magmatiques. Ce projet a une dur\u00e9e de 5 ans et est d&#8217;envergure internationale. Il a pour but de promouvoir la tenue de rencontres, d&#8217;excursions et de collaboration entre les g\u00e9ologues ayant une expertise dans les gisements de nickel et de platine.<\/td>\n<\/tr>\n<tr>\n<td valign=\"top\">1998-2002<\/td>\n<td>\u00c9ditrice du p\u00e9riodique Economic Geology.<\/td>\n<\/tr>\n<tr>\n<td valign=\"top\">2002<\/td>\n<td>\u00c9ditrice pour l&#8217;\u00e9dition sp\u00e9ciale du Canadian Mineralogist dans lequel nous avons publi\u00e9 les papiers de la rencontre de Rouyn.<\/td>\n<\/tr>\n<tr>\n<td valign=\"top\">2001<\/td>\n<td>Instigatrice d&#8217;une excursion g\u00e9ologique de 12 jours \u00e0 l&#8217;intrusion de Skaergaard au Groenland en septembre 2001. Cette excursion \u00e9tait men\u00e9e par Jens Andersen (\u00c9cole des mines de Cambourne) et Neil Irvine (Institut Carneige).<\/td>\n<\/tr>\n<tr>\n<td valign=\"top\">1999<\/td>\n<td>Organisation d&#8217;une rencontre \u00e0 Rouyn-Noranda, o\u00f9 il y a eu environ une cinquantaine de personnes provenant de 12 pays diff\u00e9rents. En plus de la rencontre, il y a eu 10 jours d&#8217;excursion de la ceinture de roches vertes de l&#8217;Abitibi ainsi que du gisement de sulfure-nickel Raglan dans le nord du Qu\u00e9bec.<\/td>\n<\/tr>\n<tr>\n<td valign=\"top\">1999<\/td>\n<td>Membre du comit\u00e9 FCAR pour les nouveaux chercheurs.<\/td>\n<\/tr>\n<tr>\n<td valign=\"top\">1995-1998<\/td>\n<td>Membre du comit\u00e9 du CRSNG 08.<\/td>\n<\/tr>\n<tr>\n<td valign=\"top\">1992-1994<\/td>\n<td>Conseill\u00e8re pour l&#8217;Assocation min\u00e9ralogique du Canada.<\/td>\n<\/tr>\n<tr>\n<td valign=\"top\">1991-1993<\/td>\n<td>Membre du comit\u00e9 pour &#8220;Forages continentaux profonds du Canada&#8221;.<\/td>\n<\/tr>\n<tr>\n<td valign=\"top\">1990<\/td>\n<td>\u00c9ditrice invit\u00e9e pour l&#8217;\u00e9dition sp\u00e9ciale du Canadian Mineralogist sur les progr\u00e8s r\u00e9alis\u00e9s dans l&#8217;\u00e9tude des EGP.<\/td>\n<\/tr>\n<\/tbody>\n<\/table>\n<table>\n<tbody>\n<tr align=\"left\">\n<td><\/td>\n<\/tr>\n<tr>\n<td>\n<table>\n<tbody>\n<tr>\n<th colspan=\"2\" width=\"80\"><\/th>\n<\/tr>\n<tr>\n<td><\/td>\n<td><\/td>\n<\/tr>\n<tr>\n<td align=\"left\" valign=\"top\"><\/td>\n<td><\/td>\n<\/tr>\n<tr>\n<td align=\"left\" valign=\"top\"><\/td>\n<td align=\"left\" valign=\"top\"><\/td>\n<\/tr>\n<\/tbody>\n<\/table>\n<\/td>\n<\/tr>\n<\/tbody>\n<\/table>\n","protected":false},"excerpt":{"rendered":"<p>C.V. Sarah-Jane Barnes, Professeure \u00e9m\u00e9rite Universit\u00e9 du Qu\u00e9bec a Chicoutimi 06\/2017-09\/2020 Professeur titulaire sp\u00e9cialis\u00e9 en p\u00e9trologie ign\u00e9e et en g\u00e9ologie \u00e9conomique. UQAC 06\/2003-06\/2017 Chaire de recherche du Canada en m\u00e9tallog\u00e9nie magmatique 07\/1995-06\/2003 \u00a0Professeur titulaire sp\u00e9cialis\u00e9 en p\u00e9trologie ign\u00e9e et en g\u00e9ologie \u00e9conomique. UQAC 06\/1992-06\/1995 Professeur\u00a0sp\u00e9cialis\u00e9 en p\u00e9trologie ign\u00e9e et en g\u00e9ologie \u00e9conomique. UQAC 08\/1986-06\/1992 Assistant &hellip; <a href=\"https:\/\/portfolio.uqac.ca\/sarahjanebarnes\/cv-francaise\/\" class=\"more-link\">Continuer la lecture de <span class=\"screen-reader-text\">CV Fran\u00e7aise<\/span>  <span class=\"meta-nav\">&rarr;<\/span><\/a><\/p>\n","protected":false},"author":358,"featured_media":0,"parent":0,"menu_order":0,"comment_status":"closed","ping_status":"closed","template":"","meta":{"footnotes":""},"tags":[],"_links":{"self":[{"href":"https:\/\/portfolio.uqac.ca\/sarahjanebarnes\/wp-json\/wp\/v2\/pages\/402"}],"collection":[{"href":"https:\/\/portfolio.uqac.ca\/sarahjanebarnes\/wp-json\/wp\/v2\/pages"}],"about":[{"href":"https:\/\/portfolio.uqac.ca\/sarahjanebarnes\/wp-json\/wp\/v2\/types\/page"}],"author":[{"embeddable":true,"href":"https:\/\/portfolio.uqac.ca\/sarahjanebarnes\/wp-json\/wp\/v2\/users\/358"}],"replies":[{"embeddable":true,"href":"https:\/\/portfolio.uqac.ca\/sarahjanebarnes\/wp-json\/wp\/v2\/comments?post=402"}],"version-history":[{"count":5,"href":"https:\/\/portfolio.uqac.ca\/sarahjanebarnes\/wp-json\/wp\/v2\/pages\/402\/revisions"}],"predecessor-version":[{"id":483,"href":"https:\/\/portfolio.uqac.ca\/sarahjanebarnes\/wp-json\/wp\/v2\/pages\/402\/revisions\/483"}],"wp:attachment":[{"href":"https:\/\/portfolio.uqac.ca\/sarahjanebarnes\/wp-json\/wp\/v2\/media?parent=402"}],"wp:term":[{"taxonomy":"post_tag","embeddable":true,"href":"https:\/\/portfolio.uqac.ca\/sarahjanebarnes\/wp-json\/wp\/v2\/tags?post=402"}],"curies":[{"name":"wp","href":"https:\/\/api.w.org\/{rel}","templated":true}]}}