{"id":176,"date":"2019-04-16T10:24:19","date_gmt":"2019-04-16T14:24:19","guid":{"rendered":"http:\/\/portfolio-pre.uqac.ca\/sebastiendufresne\/?page_id=176"},"modified":"2022-05-17T13:40:54","modified_gmt":"2022-05-17T17:40:54","slug":"maitrisea-professionnelles","status":"publish","type":"page","link":"https:\/\/portfolio.uqac.ca\/sebastiendufresne\/maitrisea-professionnelles\/","title":{"rendered":"Ma\u00eetrises (professionnelles)"},"content":{"rendered":"<p><strong>En cours<\/strong><\/p>\n<p>Nicolas B\u00e9lair (2020- ) , Universit\u00e9 du qu\u00e9bec \u00e0 Chicoutimi<\/p>\n<p>Moi-Yan B\u00e9rub\u00e9 (2020- ) , Universit\u00e9 du qu\u00e9bec \u00e0 Chicoutimi<\/p>\n<p>\u00c9milie Caouette (2020- ) , Universit\u00e9 du qu\u00e9bec \u00e0 Chicoutimi<\/p>\n<p>Davide Laplante-Dub\u00e9 (2020- ) , Universit\u00e9 du qu\u00e9bec \u00e0 Chicoutimi<\/p>\n<p>Sophia Lavall\u00e9e (2020- ) , Universit\u00e9 du qu\u00e9bec \u00e0 Chicoutimi<\/p>\n<p>Fr\u00e9d\u00e9ric Lefebvre (2020- ) , Universit\u00e9 du qu\u00e9bec \u00e0 Chicoutimi<\/p>\n<p>Laurence Lemoine-St-Andr\u00e9 (2020- ) , Universit\u00e9 du qu\u00e9bec \u00e0 Chicoutimi<\/p>\n<p>No\u00eblle-Alexandra Morin (2020- ) , Universit\u00e9 du qu\u00e9bec \u00e0 Chicoutimi<\/p>\n<p>Emile Normand (2020- ) , Universit\u00e9 du qu\u00e9bec \u00e0 Chicoutimi<\/p>\n<p>Anick Paquette (2020- ) , Universit\u00e9 du qu\u00e9bec \u00e0 Chicoutimi<\/p>\n<p>\u00c8ve Vaillancourt (2020- ) , Universit\u00e9 du qu\u00e9bec \u00e0 Chicoutimi<\/p>\n<p><strong>Compl\u00e9t\u00e9es<\/strong><\/p>\n<p>Gauthier, Marie-Danielle. (2020). Influence de la r\u00e9silience sur les d\u00e9terminants psychosociaux des d\u00e9ficiences physiques exp\u00e9riment\u00e9es par les enfants atteints d\u2019un cancer \u00e0 travers le continuum des soins. Ma\u00eetrise professionnelle, Universit\u00e9 du Qu\u00e9bec \u00e0 Chicoutimi, QC.<\/p>\n<p>Gauvin, Marie-Pier. (2020). Influence de la r\u00e9silience sur les d\u00e9terminants psychosociaux des d\u00e9ficiences physiques exp\u00e9riment\u00e9es par les enfants atteints d\u2019un cancer \u00e0 travers le continuum des soins. Ma\u00eetrise professionnelle, Universit\u00e9 du Qu\u00e9bec \u00e0 Chicoutimi, QC.<\/p>\n<p>L\u00e9gar\u00e9, Vicky. (2020). Influence de la r\u00e9silience sur les d\u00e9terminants psychosociaux des d\u00e9ficiences physiques exp\u00e9riment\u00e9es par les enfants atteints d\u2019un cancer \u00e0 travers le continuum des soins. Ma\u00eetrise professionnelle, Universit\u00e9 du Qu\u00e9bec \u00e0 Chicoutimi, QC.<\/p>\n<p>Rudko, Lauren. (2020). Influence de la r\u00e9silience sur les d\u00e9terminants psychosociaux des d\u00e9ficiences physiques exp\u00e9riment\u00e9es par les enfants atteints d\u2019un cancer \u00e0 travers le continuum des soins. Ma\u00eetrise professionnelle, Universit\u00e9 du Qu\u00e9bec \u00e0 Chicoutimi, QC.<\/p>\n<p>Tse, Carol. (2020). Influence de la r\u00e9silience sur les d\u00e9terminants psychosociaux des d\u00e9ficiences physiques exp\u00e9riment\u00e9es par les enfants atteints d\u2019un cancer \u00e0 travers le continuum des soins. Ma\u00eetrise professionnelle, Universit\u00e9 du Qu\u00e9bec \u00e0 Chicoutimi, QC.<\/p>\n<hr>\n<p>C\u00f4t\u00e9-Gasse, Clo\u00e9. (2019). Efficacit\u00e9 de la r\u00e9adaptation pour pr\u00e9server la sant\u00e9 physique chez l\u2019usager atteint d&#8217;un cancer durant les traitements m\u00e9dicaux : Revue syst\u00e9matique. Ma\u00eetrise professionnelle, Universit\u00e9 du Qu\u00e9bec \u00e0 Chicoutimi, QC.<\/p>\n<p>Martel, \u00c9milie. (2019). Efficacit\u00e9 de la r\u00e9adaptation pour pr\u00e9server la sant\u00e9 physique chez l\u2019usager atteint d&#8217;un cancer durant les traitements m\u00e9dicaux : Revue syst\u00e9matique. Ma\u00eetrise professionnelle, Universit\u00e9 du Qu\u00e9bec \u00e0 Chicoutimi, QC.<\/p>\n<p>Perron, \u00c9milie. (2019). Efficacit\u00e9 de la r\u00e9adaptation pour pr\u00e9server la sant\u00e9 physique chez l\u2019usager atteint d&#8217;un cancer durant les traitements m\u00e9dicaux : Revue syst\u00e9matique. Ma\u00eetrise professionnelle, Universit\u00e9 du Qu\u00e9bec \u00e0 Chicoutimi, QC.<\/p>\n<p>Tremblay, Marianne. (2019). Efficacit\u00e9 de la r\u00e9adaptation pour pr\u00e9server la sant\u00e9 physique chez l\u2019usager atteint d&#8217;un cancer durant les traitements m\u00e9dicaux : Revue syst\u00e9matique. Ma\u00eetrise professionnelle, Universit\u00e9 du Qu\u00e9bec \u00e0 Chicoutimi, QC.<\/p>\n<hr>\n<p>Darveau, Gabrielle. (2018). Rehabilitation for children with Duchenne Muscular Dystrophy: A systematic Review. Ma\u00eetrise professionnelle, Universit\u00e9 du Qu\u00e9bec \u00e0 Chicoutimi, QC.<\/p>\n<p>Dubois, Maryane. (2018). Rehabilitation for children with Duchenne Muscular Dystrophy: A systematic Review. Ma\u00eetrise professionnelle, Universit\u00e9 du Qu\u00e9bec \u00e0 Chicoutimi, QC.<\/p>\n<p>Fisette-Paulhus, Isabelle. (2018).Rehabilitation for children with Duchenne Muscular Dystrophy: A systematic Review. Ma\u00eetrise professionnelle, Universit\u00e9 du Qu\u00e9bec \u00e0 Chicoutimi, QC.<\/p>\n<p>Lachance, Sandra. (2018). Rehabilitation for children with Duchenne Muscular Dystrophy: A systematic Review. Ma\u00eetrise professionnelle, Universit\u00e9 du Qu\u00e9bec \u00e0 Chicoutimi, QC.<\/p>\n<p>Leduc, Alexandre. (2018). Rehabilitation for children with Duchenne Muscular Dystrophy: A systematic Review. Ma\u00eetrise professionnelle, Universit\u00e9 du Qu\u00e9bec \u00e0 Chicoutimi, QC.<\/p>\n<hr>\n<p>Gagnon, Pierre-Olivier. (2017). \u00c9volution histologique naturelle des patients atteints de la dystrophie myotonique de type 1 (DM1). Ma\u00eetrise professionnelle, Universit\u00e9 du Qu\u00e9bec \u00e0 Chicoutimi, QC.<\/p>\n<p>Gilbert, Sarah. (2017). \u00c9volution histologique naturelle des patients atteints de la dystrophie myotonique de type 1 (DM1). Ma\u00eetrise professionnelle, Universit\u00e9 du Qu\u00e9bec \u00e0 Chicoutimi, QC.<\/p>\n<p>Jorg, Marylie. (2017). \u00c9volution histologique naturelle des patients atteints de la dystrophie myotonique de type 1 (DM1). Ma\u00eetrise professionnelle, Universit\u00e9 du Qu\u00e9bec \u00e0 Chicoutimi, QC.<\/p>\n<p>Morin, Marika. (2017). \u00c9volution histologique naturelle des patients atteints de la dystrophie myotonique de type 1 (DM1). Ma\u00eetrise professionnelle, Universit\u00e9 du Qu\u00e9bec \u00e0 Chicoutimi, QC.<\/p>\n<p>Provencher, Debby. (2017). \u00c9volution histologique naturelle des patients atteints de la dystrophie myotonique de type 1 (DM1). Ma\u00eetrise professionnelle, Universit\u00e9 du Qu\u00e9bec \u00e0 Chicoutimi, QC.<\/p>\n<p>Tremblay, Marie-Helen. (2017). \u00c9volution histologique naturelle des patients atteints de la dystrophie myotonique de type 1 (DM1). Ma\u00eetrise professionnelle, Universit\u00e9 du Qu\u00e9bec \u00e0 Chicoutimi, QC.<\/p>\n","protected":false},"excerpt":{"rendered":"<p>En cours Nicolas B\u00e9lair (2020- ) , Universit\u00e9 du qu\u00e9bec \u00e0 Chicoutimi Moi-Yan B\u00e9rub\u00e9 (2020- ) , Universit\u00e9 du qu\u00e9bec \u00e0 Chicoutimi \u00c9milie Caouette (2020- ) , Universit\u00e9 du qu\u00e9bec \u00e0 Chicoutimi Davide Laplante-Dub\u00e9 (2020- ) , Universit\u00e9 du qu\u00e9bec \u00e0 Chicoutimi Sophia Lavall\u00e9e (2020- ) , Universit\u00e9 du qu\u00e9bec \u00e0 Chicoutimi Fr\u00e9d\u00e9ric Lefebvre (2020- &hellip; <a href=\"https:\/\/portfolio.uqac.ca\/sebastiendufresne\/maitrisea-professionnelles\/\" class=\"more-link\">Continuer la lecture de <span class=\"screen-reader-text\">Ma\u00eetrises (professionnelles)<\/span>  <span class=\"meta-nav\">&rarr;<\/span><\/a><\/p>\n","protected":false},"author":147,"featured_media":0,"parent":0,"menu_order":0,"comment_status":"closed","ping_status":"closed","template":"","meta":{"footnotes":""},"tags":[],"_links":{"self":[{"href":"https:\/\/portfolio.uqac.ca\/sebastiendufresne\/wp-json\/wp\/v2\/pages\/176"}],"collection":[{"href":"https:\/\/portfolio.uqac.ca\/sebastiendufresne\/wp-json\/wp\/v2\/pages"}],"about":[{"href":"https:\/\/portfolio.uqac.ca\/sebastiendufresne\/wp-json\/wp\/v2\/types\/page"}],"author":[{"embeddable":true,"href":"https:\/\/portfolio.uqac.ca\/sebastiendufresne\/wp-json\/wp\/v2\/users\/147"}],"replies":[{"embeddable":true,"href":"https:\/\/portfolio.uqac.ca\/sebastiendufresne\/wp-json\/wp\/v2\/comments?post=176"}],"version-history":[{"count":6,"href":"https:\/\/portfolio.uqac.ca\/sebastiendufresne\/wp-json\/wp\/v2\/pages\/176\/revisions"}],"predecessor-version":[{"id":212,"href":"https:\/\/portfolio.uqac.ca\/sebastiendufresne\/wp-json\/wp\/v2\/pages\/176\/revisions\/212"}],"wp:attachment":[{"href":"https:\/\/portfolio.uqac.ca\/sebastiendufresne\/wp-json\/wp\/v2\/media?parent=176"}],"wp:term":[{"taxonomy":"post_tag","embeddable":true,"href":"https:\/\/portfolio.uqac.ca\/sebastiendufresne\/wp-json\/wp\/v2\/tags?post=176"}],"curies":[{"name":"wp","href":"https:\/\/api.w.org\/{rel}","templated":true}]}}