{"id":155,"date":"2021-03-04T15:08:53","date_gmt":"2021-03-04T20:08:53","guid":{"rendered":"http:\/\/portfolio-pre.uqac.ca\/sebastiensimard\/?page_id=155"},"modified":"2025-12-10T20:42:46","modified_gmt":"2025-12-11T01:42:46","slug":"encadrementsupervision","status":"publish","type":"page","link":"https:\/\/portfolio.uqac.ca\/sebastiensimard\/encadrementsupervision\/","title":{"rendered":"Encadrement\/Supervision"},"content":{"rendered":"<h5>\u00c9tudiants actuels<\/h5>\n<h6>\u00c9tudiants au troisi\u00e8me cycle<\/h6>\n<p>2021 &#8211; en cours &#8211; \u00c9loise Claveau (Essai doctoral, D.Ps.)\u2014 <i>\u00a0 Analyse des besoins en mati\u00e8re de sant\u00e9 mentale des jeunes de 12 \u00e0 25 ans du r\u00e9seau local de services de Jonqui\u00e8re<\/i><\/p>\n<p>2022 &#8211; en cours &#8211; Benjamin Pr\u00e9vost (Essai doctoral, D.Ps.)\u2014 <i>\u00a0Explorer les enjeux psychosociaux dans la d<\/i>ystrophie musculaire oculopharyng\u00e9e (DMOP)<\/p>\n<p>2023 &#8211; en cours &#8211; Marco Schenk (Essai doctoral, D.Ps.)\u2014 <i>La relation entre la stigmatisation du cancer pulmonaire et la perception de la maladie<\/i>.<\/p>\n<p>2024 &#8211; en cours Philippe Bergeron (Essai doctoral, D.Ps.)\u2014 <i>La peur de la r\u00e9cidive des patients atteints d&#8217;une maladie cardiaque<\/i>.<\/p>\n<p>2024 &#8211; en cours &#8211; Pascale Houde (Essai doctoral, D.Ps.)\u2014 <em>Adaptation de t\u00e2ches cognitives afin d\u2019\u00e9valuer les biais attentionnels selon le niveau de s\u00e9v\u00e9rit\u00e9 de la peur de la r\u00e9cidive du cancer.<\/em><\/p>\n<p>2024 &#8211; en cours &#8211;<span style=\"font-weight: 400\">Andr\u00e9anne Gu\u00e9rin (Essai doctoral, D.Ps.)\u2014<\/span><i><span style=\"font-weight: 400\">La fragilit\u00e9 biopsychosociale et la satisfaction dans la <\/span><\/i> <i><span style=\"font-weight: 400\">r\u00e9alisation des r\u00f4les sociaux chez les personnes vivant avec la dystrophie musculaire <\/span><\/i> <i><span style=\"font-weight: 400\">oculo-pharyng\u00e9e<\/span><\/i><\/p>\n<p>2024 &#8211; en cours -Marie-Jeanne B\u00e9langer (Essai doctoral, D.Ps.) \u2014 <i>Facteurs de r\u00e9silience et peur de la r\u00e9cidive du cancer chez les survivants\u00a0<\/i><\/p>\n<p>2025 &#8211; en cours &#8211; \u00c8ve Perreault (Essai doctoral, D.Ps.)\u2014 <i>L\u2019exp\u00e9rience des enfants vivant avec un parent atteint de cancer.<\/i><\/p>\n<p><span data-olk-copy-source=\"MessageBody\">2025- en cours &#8211; \u00c9mily Bolduc (Essai doctoral, D.Ps.)\u2014<em> Exploration de l\u2019exp\u00e9rience des professionnels face \u00e0 l\u2019\u00e9valuation de la souffrance des patients qui demandent l\u2019aide m\u00e9dicale \u00e0 mourir et l\u2019exp\u00e9rience des patients qui retirent leur demande.<\/em><\/span><\/p>\n<h6>\u00c9tudiants au premier cycle<\/h6>\n<p>L\u00e9onie B\u00e9rub\u00e9<\/p>\n<p>\u00c9lizabeth Tremblay<\/p>\n<p>Benjamin Tremblay<\/p>\n<h5>Compl\u00e9t\u00e9es<\/h5>\n<h6>\u00c9tudiants au troisi\u00e8me cycle<\/h6>\n<p><span data-olk-copy-source=\"MessageBody\">2022-2025 &#8211; Anne Anthoine Milhomme Baumgartner <\/span>(Essai doctoral, D.Ps.) \u2014\u00a0<i> <\/i><em>L\u2019influence du soutien social sur la peur de la r\u00e9cidive des survivants d\u2019un cancer du sein, de la prostate, du poumon ou colorectal\u00a0<\/em><\/p>\n<p><span data-olk-copy-source=\"MessageBody\">2017-2024 &#8211; Inaam Watfa Beiruthy, B.A. (Th\u00e8se, Ph.D.) \u2014 <\/span><em>\u00c9valuer et mieux comprendre les perceptions de la maladie, les besoins biopsychosociaux et la d\u00e9tresse psychologique des personnes libanaises atteintes d\u2019un cancer du sein ou de la prostate lors de la transition du diagnostic au traitement par chimioth\u00e9rapie : une \u00e9tude mixte \u00e0 devis convergent. <\/em>Ulaval.\u00a0 \u00a0 \u00a0 \u00a0 \u00a0 \u00a0 <a href=\"https:\/\/corpus.ulaval.ca\/entities\/publication\/5e3901e9-19b2-4885-a791-eb9960c2d9fc\">https:\/\/corpus.ulaval.ca\/entities\/publication\/5e3901e9-19b2-4885-a791-eb9960c2d9fc<\/a><\/p>\n<p>2011-2014\u00a0 &#8211; Renaud Pettersen, B.A. (Essai doctoral, D.Ps). <em>Test empirique de l\u2019application du mod\u00e8le de l\u2019inqui\u00e9tude excessive \u00e0 la peur de la r\u00e9cidive du cancer. <\/em>UQTR.<br \/>\n<a href=\"https:\/\/depot-e.uqtr.ca\/id\/eprint\/7369\">https:\/\/depot-e.uqtr.ca\/id\/eprint\/7369<\/a><\/p>\n<h6>\u00c9tudiants au deuxi\u00e8me cycle<\/h6>\n<p>2021-2022 &#8211; Anne Anthoine-Milhomme-Baumgarther (m\u00e9moire de maitrise).<em> Le soutien social comme mod\u00e9rateur de la peur de la r\u00e9cidive du cancer.<\/em> UQAC<\/p>\n<p>2009-2011 &#8211; Brigitte Fournier, inf. (Ma\u00eetrise). <em>La fonction \u00e9valuation de l\u2019infirmi\u00e8re pivot en oncologie. <\/em>Universit\u00e9 Laval.<br \/>\n<a href=\"https:\/\/hdl.handle.net\/20.500.11794\/23064\">https:\/\/hdl.handle.net\/20.500.11794\/23064<\/a><\/p>\n<h6>\u00c9tudiants au premier cycle<\/h6>\n<p>2025 &#8211; \u00c9lisabeth Tremblay (projet individuel). <em>Propri\u00e9t\u00e9s psychom\u00e9triques de l\u2019\u00e9chelle de stigmatisation du cancer du poumon de Cataldo (CLCSS).<\/em> UQAC<\/p>\n<p>2025 &#8211; L\u00e9onie B\u00e9rub\u00e9 (projet individuel). <em>Exploration des biais attentionnels dans la peur de la r\u00e9cidive du cancer \u00e0 travers la modalit\u00e9 auditive. <\/em>UQAC<\/p>\n<p>2022-2023 &#8211; Marco Daniel Schenk Quesada (projet individuel). <em>Explorer et promouvoir des strat\u00e9gies d\u2019\u00e9tude appuy\u00e9es sur les donn\u00e9es probantes chez les \u00e9tudiants universitaires<\/em>. UQAC<\/p>\n<p>2022-2023 &#8211; Alicia Ouellet &amp; Pier-Luc Langlais. (cours d\u2019initiation \u00e0 la recherche, l\u2019\u00e9quivalent d\u2019une th\u00e8se d\u2019honneur).<em> Le d\u00e9pistage de la d\u00e9tresse psychologique et des besoins psychosociaux en oncologie en tant de pand\u00e9mie.<\/em> UQAC<\/p>\n<p>2018-2019 &#8211;\u00a0Catherine Lemay (cours d\u2019initiation \u00e0 la recherche, l\u2019\u00e9quivalent d\u2019une th\u00e8se d\u2019honneur). <em>L\u2019insomnie chez les patients atteints d\u2019un cancer pulmonaire<\/em>. UQAC.<\/p>\n<p>2018-2019 &#8211; Pascal Gauthier, (cours d\u2019initiation \u00e0 la recherche, l\u2019\u00e9quivalent d\u2019une th\u00e8se d\u2019honneur). <em>Validation transculturel du Cataldo Lung Cancer Stigma Scale<\/em>. UQAC.<\/p>\n<p>2010-2011\u00a0&#8211; Isabelle Fafard (Th\u00e8se d\u2019honneur). <em>Les strat\u00e9gies de gestion des intrusions face \u00e0 la sant\u00e9\u00a0: comparaison des inqui\u00e9tudes des individus pr\u00e9sentant ou non un cancer. <\/em>UQTR.<\/p>\n<p>2010-2011\u00a0 &#8211;\u00a0V\u00e9ronique Massicote (Th\u00e8se d\u2019honneur).\u00a0<em>Les caract\u00e9ristiques des intrusions face \u00e0 la sant\u00e9\u00a0: comparaison des inqui\u00e9tudes des individus pr\u00e9sentant ou non un cancer. <\/em>UQTR.<\/p>\n","protected":false},"excerpt":{"rendered":"<p>\u00c9tudiants actuels \u00c9tudiants au troisi\u00e8me cycle 2021 &#8211; en cours &#8211; \u00c9loise Claveau (Essai doctoral, D.Ps.)\u2014 \u00a0 Analyse des besoins en mati\u00e8re de sant\u00e9 mentale des jeunes de 12 \u00e0 25 ans du r\u00e9seau local de services de Jonqui\u00e8re 2022 &#8211; en cours &#8211; Benjamin Pr\u00e9vost (Essai doctoral, D.Ps.)\u2014 \u00a0Explorer les enjeux psychosociaux dans la &hellip; <a href=\"https:\/\/portfolio.uqac.ca\/sebastiensimard\/encadrementsupervision\/\" class=\"more-link\">Continuer la lecture de <span class=\"screen-reader-text\">Encadrement\/Supervision<\/span>  <span class=\"meta-nav\">&rarr;<\/span><\/a><\/p>\n","protected":false},"author":147,"featured_media":0,"parent":0,"menu_order":0,"comment_status":"closed","ping_status":"closed","template":"","meta":{"footnotes":""},"tags":[],"_links":{"self":[{"href":"https:\/\/portfolio.uqac.ca\/sebastiensimard\/wp-json\/wp\/v2\/pages\/155"}],"collection":[{"href":"https:\/\/portfolio.uqac.ca\/sebastiensimard\/wp-json\/wp\/v2\/pages"}],"about":[{"href":"https:\/\/portfolio.uqac.ca\/sebastiensimard\/wp-json\/wp\/v2\/types\/page"}],"author":[{"embeddable":true,"href":"https:\/\/portfolio.uqac.ca\/sebastiensimard\/wp-json\/wp\/v2\/users\/147"}],"replies":[{"embeddable":true,"href":"https:\/\/portfolio.uqac.ca\/sebastiensimard\/wp-json\/wp\/v2\/comments?post=155"}],"version-history":[{"count":21,"href":"https:\/\/portfolio.uqac.ca\/sebastiensimard\/wp-json\/wp\/v2\/pages\/155\/revisions"}],"predecessor-version":[{"id":259,"href":"https:\/\/portfolio.uqac.ca\/sebastiensimard\/wp-json\/wp\/v2\/pages\/155\/revisions\/259"}],"wp:attachment":[{"href":"https:\/\/portfolio.uqac.ca\/sebastiensimard\/wp-json\/wp\/v2\/media?parent=155"}],"wp:term":[{"taxonomy":"post_tag","embeddable":true,"href":"https:\/\/portfolio.uqac.ca\/sebastiensimard\/wp-json\/wp\/v2\/tags?post=155"}],"curies":[{"name":"wp","href":"https:\/\/api.w.org\/{rel}","templated":true}]}}